{"id":99,"date":"2024-05-31T11:06:47","date_gmt":"2024-05-31T14:06:47","guid":{"rendered":"https:\/\/www.ufpb.br\/animaiscomunitariosufpb\/?page_id=99"},"modified":"2026-01-04T19:55:36","modified_gmt":"2026-01-04T22:55:36","slug":"saude","status":"publish","type":"page","link":"https:\/\/www.ufpb.br\/animaiscomunitariosufpb\/materiais-educativos\/saude\/","title":{"rendered":"Sa\u00fade"},"content":{"rendered":"\n<div class=\"wp-block-cover has-custom-content-position is-position-bottom-center wp-duotone-unset-1\" style=\"min-height:300px;aspect-ratio:unset;\"><span aria-hidden=\"true\" class=\"wp-block-cover__background has-background-dim\" style=\"background-color:#746863\"><\/span><img loading=\"lazy\" decoding=\"async\" width=\"1518\" height=\"695\" class=\"wp-block-cover__image-background wp-image-1098\" alt=\"\" src=\"http:\/\/www.ufpb.br\/animaiscomunitariosufpb\/wp-content\/uploads\/sites\/79\/sites\/167\/2024\/11\/IMG_20241015_161228238-scaled-e1731265166460.jpg\" data-object-fit=\"cover\" srcset=\"https:\/\/www.ufpb.br\/animaiscomunitariosufpb\/wp-content\/uploads\/sites\/79\/sites\/167\/2024\/11\/IMG_20241015_161228238-scaled-e1731265166460.jpg 1518w, https:\/\/www.ufpb.br\/animaiscomunitariosufpb\/wp-content\/uploads\/sites\/79\/sites\/167\/2024\/11\/IMG_20241015_161228238-scaled-e1731265166460-300x137.jpg 300w, https:\/\/www.ufpb.br\/animaiscomunitariosufpb\/wp-content\/uploads\/sites\/79\/sites\/167\/2024\/11\/IMG_20241015_161228238-scaled-e1731265166460-1024x469.jpg 1024w, https:\/\/www.ufpb.br\/animaiscomunitariosufpb\/wp-content\/uploads\/sites\/79\/sites\/167\/2024\/11\/IMG_20241015_161228238-scaled-e1731265166460-768x352.jpg 768w\" sizes=\"auto, (max-width: 1518px) 100vw, 1518px\" \/><div class=\"wp-block-cover__inner-container is-layout-constrained wp-block-cover-is-layout-constrained\">\n<p class=\"has-text-align-center has-white-color has-text-color has-link-color has-large-font-size wp-elements-8fa452a54b304a7d6d18cee9713e0448\"><strong>Vacina\u00e7\u00e3o em dia: Protegendo seu pet e a comunidade<\/strong><\/p>\n<\/div><\/div>\n\n\n\n<div style=\"height:23px\" aria-hidden=\"true\" class=\"wp-block-spacer\"><\/div>\n\n\n\n<details class=\"wp-block-details is-layout-flow wp-block-details-is-layout-flow\"><summary>Clique aqui e saiba mais!<\/summary>\n<div style=\"height:16px\" aria-hidden=\"true\" class=\"wp-block-spacer\"><\/div>\n\n\n\n<p><b>Vacinar seu animal<\/b> de estima\u00e7\u00e3o \u00e9 uma das formas mais eficazes de proteg\u00ea-lo contra uma s\u00e9rie de doen\u00e7as graves e at\u00e9 fatais. As vacinas estimulam o sistema imunol\u00f3gico do seu pet a reconhecer e <b>combater agentes patog\u00eanicos<\/b>, como v\u00edrus e bact\u00e9rias, prevenindo infec\u00e7\u00f5es futuras. Muitas dessas doen\u00e7as podem ser transmitidas entre animais ou at\u00e9 para os humanos, portanto, manter as vacinas em dia \u00e9 uma medida importante para a <b>sa\u00fade p\u00fablica<\/b>.<\/p>\n\n\n\n<div style=\"height:40px\" aria-hidden=\"true\" class=\"wp-block-spacer\"><\/div>\n\n\n\n<p><strong>Calend\u00e1rio de vacinas recomendado<\/strong><\/p>\n\n\n\n<p>Al\u00e9m de proteger contra doen\u00e7as comuns, como a cinomose, parvovirose, raiva e leptospirose, a vacina\u00e7\u00e3o tamb\u00e9m ajuda a diminuir a circula\u00e7\u00e3o desses agentes patog\u00eanicos na comunidade animal. Isso reduz o risco de surtos e infec\u00e7\u00f5es em locais p\u00fablicos como parques, cl\u00ednicas veterin\u00e1rias e outros espa\u00e7os frequentados por animais.<\/p>\n\n\n\n<div style=\"height:40px\" aria-hidden=\"true\" class=\"wp-block-spacer\"><\/div>\n\n\n\n<p><strong>Calend\u00e1rio de Vacina\u00e7\u00e3o<\/strong><\/p>\n\n\n\n<p>O calend\u00e1rio de vacina\u00e7\u00e3o para c\u00e3es e gatos pode variar de acordo com a idade, o estilo de vida e o risco de exposi\u00e7\u00e3o de cada animal. \u00c9 essencial que voc\u00ea siga as orienta\u00e7\u00f5es do veterin\u00e1rio, que indicar\u00e1 as vacinas obrigat\u00f3rias e tamb\u00e9m as complementares, dependendo da regi\u00e3o onde voc\u00ea mora e do ambiente que seu pet frequenta. A vacina\u00e7\u00e3o inicial geralmente ocorre nas primeiras semanas de vida, seguida por refor\u00e7os anuais.<\/p>\n\n\n\n<div style=\"height:40px\" aria-hidden=\"true\" class=\"wp-block-spacer\"><\/div>\n\n\n\n<p>Texto: Emyle Lucena &#8211; discente em Ci\u00eancia da Computa\u00e7\u00e3o (UFPB)<\/p>\n\n\n\n<p>Publicado por: Animais Comunit\u00e1rios UFPB<\/p>\n\n\n\n<div style=\"height:25px\" aria-hidden=\"true\" class=\"wp-block-spacer\"><\/div>\n\n\n\n<div class=\"wp-block-media-text is-stacked-on-mobile is-vertically-aligned-top\" style=\"grid-template-columns:20% auto\"><figure class=\"wp-block-media-text__media\"><img loading=\"lazy\" decoding=\"async\" width=\"1024\" height=\"942\" src=\"http:\/\/www.ufpb.br\/animaiscomunitariosufpb\/wp-content\/uploads\/sites\/79\/sites\/167\/2024\/08\/cropped-Logo-1024x942-1-1.jpeg\" alt=\"\" class=\"wp-image-766 size-full\" srcset=\"https:\/\/www.ufpb.br\/animaiscomunitariosufpb\/wp-content\/uploads\/sites\/79\/sites\/167\/2024\/08\/cropped-Logo-1024x942-1-1.jpeg 1024w, https:\/\/www.ufpb.br\/animaiscomunitariosufpb\/wp-content\/uploads\/sites\/79\/sites\/167\/2024\/08\/cropped-Logo-1024x942-1-1-300x276.jpeg 300w, https:\/\/www.ufpb.br\/animaiscomunitariosufpb\/wp-content\/uploads\/sites\/79\/sites\/167\/2024\/08\/cropped-Logo-1024x942-1-1-768x707.jpeg 768w\" sizes=\"auto, (max-width: 1024px) 100vw, 1024px\" \/><\/figure><div class=\"wp-block-media-text__content\">\n<p>O Animais Comunit\u00e1rios \u00e9 um projeto de&nbsp;extens\u00e3o na&nbsp;<strong>Universidade Federal da Para\u00edba (UFPB), Campus I<\/strong>, em Jo\u00e3o Pessoa \u2013 PB, reconhecido oficialmente desde 2020 e em&nbsp;<em>opera\u00e7\u00e3o desde 2014<\/em>. Clique em <a href=\"https:\/\/www.ufpb.br\/animaiscomunitariosufpb\/quem-somos\/\">Quem somos?<\/a>&nbsp;e saiba mais.<\/p><br>\n<\/div><\/div>\n<\/details>\n\n\n\n<div style=\"height:90px\" aria-hidden=\"true\" class=\"wp-block-spacer\"><\/div>\n\n\n\n<div class=\"wp-block-cover has-custom-content-position is-position-bottom-center\" style=\"min-height:300px;aspect-ratio:unset;\"><span aria-hidden=\"true\" class=\"wp-block-cover__background has-background-dim\" style=\"background-color:#405a4f\"><\/span><img loading=\"lazy\" decoding=\"async\" width=\"2560\" height=\"1707\" class=\"wp-block-cover__image-background wp-image-528\" alt=\"\" src=\"http:\/\/www.ufpb.br\/animaiscomunitariosufpb\/wp-content\/uploads\/sites\/79\/sites\/167\/2024\/08\/DSC_0132-scaled.jpg\" data-object-fit=\"cover\" srcset=\"https:\/\/www.ufpb.br\/animaiscomunitariosufpb\/wp-content\/uploads\/sites\/79\/sites\/167\/2024\/08\/DSC_0132-scaled.jpg 2560w, https:\/\/www.ufpb.br\/animaiscomunitariosufpb\/wp-content\/uploads\/sites\/79\/sites\/167\/2024\/08\/DSC_0132-300x200.jpg 300w, https:\/\/www.ufpb.br\/animaiscomunitariosufpb\/wp-content\/uploads\/sites\/79\/sites\/167\/2024\/08\/DSC_0132-1024x683.jpg 1024w, https:\/\/www.ufpb.br\/animaiscomunitariosufpb\/wp-content\/uploads\/sites\/79\/sites\/167\/2024\/08\/DSC_0132-768x512.jpg 768w, https:\/\/www.ufpb.br\/animaiscomunitariosufpb\/wp-content\/uploads\/sites\/79\/sites\/167\/2024\/08\/DSC_0132-1536x1024.jpg 1536w, https:\/\/www.ufpb.br\/animaiscomunitariosufpb\/wp-content\/uploads\/sites\/79\/sites\/167\/2024\/08\/DSC_0132-2048x1365.jpg 2048w, https:\/\/www.ufpb.br\/animaiscomunitariosufpb\/wp-content\/uploads\/sites\/79\/sites\/167\/2024\/08\/DSC_0132-272x182.jpg 272w\" sizes=\"auto, (max-width: 2560px) 100vw, 2560px\" \/><div class=\"wp-block-cover__inner-container is-layout-constrained wp-block-cover-is-layout-constrained\">\n<p class=\"has-text-align-center has-white-color has-text-color has-link-color has-large-font-size wp-elements-5cb5ce5128293eb0d99b72d688ec957a\"><strong>Plantas seguras e t\u00f3xicas para seu pet<\/strong><\/p>\n<\/div><\/div>\n\n\n\n<details class=\"wp-block-details is-layout-flow wp-block-details-is-layout-flow\"><summary>Clique aqui e saiba mais!<\/summary>\n<div style=\"height:16px\" aria-hidden=\"true\" class=\"wp-block-spacer\"><\/div>\n\n\n\n<p>Al\u00e9m de purificar o ar, as plantas nos trazem sensa\u00e7\u00e3o de bem-estar e reduzem o estresse, sendo ben\u00e9ficas tanto para a sa\u00fade humana, quanto a sa\u00fade animal. O problema \u00e9 que, <i>algumas plantas s\u00e3o t\u00f3xicas para c\u00e3es e gatos, podendo causar problemas digestivos, neurol\u00f3gicos e at\u00e9 a morte se ingeridas<\/i>. Animais s\u00e3o curiosos por natureza e podem interagir com plantas por t\u00e9dio, curiosidade, instinto natural (alguns pets usam plantas para regular a digest\u00e3o) ou falta de nutrientes, por esse mesmo motivo colocam quase tudo na boca e essa curiosidade pode ser um problema. Sabemos que h\u00e1 plantas t\u00f3xicas aos pets, mas ent\u00e3o quais s\u00e3o as plantas seguras para eles? Vejamos abaixo algumas dicas.<\/p>\n\n\n\n<div style=\"height:40px\" aria-hidden=\"true\" class=\"wp-block-spacer\"><\/div>\n\n\n\n<p><strong>Plantas seguras para casas com pets:<\/strong><\/p>\n\n\n\n<ul class=\"wp-block-list\">\n<li>Alecrim<\/li>\n\n\n\n<li>Bambu da Sorte<\/li>\n\n\n\n<li>Brom\u00e9lia<\/li>\n\n\n\n<li>Camomila<\/li>\n\n\n\n<li>Erva-Gateira (catnip)<\/li>\n\n\n\n<li>Grama para gatos<\/li>\n\n\n\n<li>Hortel\u00e3<\/li>\n\n\n\n<li>Manjeric\u00e3o<\/li>\n\n\n\n<li>Orqu\u00eddeas<\/li>\n\n\n\n<li>Planta Aranha<\/li>\n\n\n\n<li>Samambaia de Boston<\/li>\n\n\n\n<li>Violeta Africana<\/li>\n<\/ul>\n\n\n\n<div style=\"height:40px\" aria-hidden=\"true\" class=\"wp-block-spacer\"><\/div>\n\n\n\n<p>Mas e as <b>plantas t\u00f3xicas<\/b>? listamos abaixo algumas das plantas mais comuns em resid\u00eancias e que podem afetar a sa\u00fade do deu pet. Lembre-se: <b>em caso de intoxica\u00e7\u00e3o, leve seu amigo rapidamente ao veterin\u00e1rio.<\/b><\/p>\n\n\n\n<div style=\"height:40px\" aria-hidden=\"true\" class=\"wp-block-spacer\"><\/div>\n\n\n\n<p><strong>Plantas T\u00f3xicas para pets<\/strong>:<\/p>\n\n\n\n<ul class=\"wp-block-list\">\n<li>L\u00edrios &#8211; uma pequena quantidade pode causar insufici\u00eancia renal em gatos;<\/li>\n\n\n\n<li>Costela-de-ad\u00e3o &#8211; Irrita a boca, l\u00e1bios e garganta, causando dor e dificuldade de engolir;<\/li>\n\n\n\n<li>Espada-de-S\u00e3o-Jorge &#8211; Pode causar n\u00e1usea, v\u00f4mito e diarreia;<\/li>\n\n\n\n<li>Comigo-ningu\u00e9m-pode &#8211; Provoca irrita\u00e7\u00e3o severa na boca e garganta, saliva\u00e7\u00e3o e dificuldades respirat\u00f3rias.<\/li>\n<\/ul>\n\n\n\n<div style=\"height:40px\" aria-hidden=\"true\" class=\"wp-block-spacer\"><\/div>\n\n\n\n<p>Manter essas plantas fora do alcance dos gatos ou optar por esp\u00e9cies seguras \u00e9 crucial para evitar riscos \u00e0 sa\u00fade deles. Com essas dicas voc\u00ea pode ter um espa\u00e7o seguro e confort\u00e1vel para voc\u00ea e seus pets.<\/p>\n\n\n\n<p><\/p>\n\n\n\n<div style=\"height:25px\" aria-hidden=\"true\" class=\"wp-block-spacer\"><\/div>\n\n\n\n<div class=\"wp-block-media-text is-stacked-on-mobile is-vertically-aligned-top\" style=\"grid-template-columns:19% auto\"><figure class=\"wp-block-media-text__media\"><img loading=\"lazy\" decoding=\"async\" width=\"1024\" height=\"942\" src=\"http:\/\/www.ufpb.br\/animaiscomunitariosufpb\/wp-content\/uploads\/sites\/79\/sites\/167\/2024\/08\/cropped-Logo-1024x942-1-1.jpeg\" alt=\"\" class=\"wp-image-766 size-full\" srcset=\"https:\/\/www.ufpb.br\/animaiscomunitariosufpb\/wp-content\/uploads\/sites\/79\/sites\/167\/2024\/08\/cropped-Logo-1024x942-1-1.jpeg 1024w, https:\/\/www.ufpb.br\/animaiscomunitariosufpb\/wp-content\/uploads\/sites\/79\/sites\/167\/2024\/08\/cropped-Logo-1024x942-1-1-300x276.jpeg 300w, https:\/\/www.ufpb.br\/animaiscomunitariosufpb\/wp-content\/uploads\/sites\/79\/sites\/167\/2024\/08\/cropped-Logo-1024x942-1-1-768x707.jpeg 768w\" sizes=\"auto, (max-width: 1024px) 100vw, 1024px\" \/><\/figure><div class=\"wp-block-media-text__content\">\n<p>O Animais Comunit\u00e1rios \u00e9 um projeto de&nbsp;extens\u00e3o na&nbsp;<strong>Universidade Federal da Para\u00edba (UFPB), Campus I<\/strong>, em Jo\u00e3o Pessoa \u2013 PB, reconhecido oficialmente desde 2020 e em&nbsp;<em>opera\u00e7\u00e3o desde 2014<\/em>. Clique em <a href=\"https:\/\/www.ufpb.br\/animaiscomunitariosufpb\/quem-somos\/\">Quem somos?<\/a>&nbsp;e saiba mais.<\/p><br>\n<\/div><\/div>\n<\/details>\n\n\n\n<div style=\"height:90px\" aria-hidden=\"true\" class=\"wp-block-spacer\"><\/div>\n\n\n\n<div class=\"wp-block-cover has-custom-content-position is-position-bottom-center\" style=\"min-height:300px;aspect-ratio:unset;\"><span aria-hidden=\"true\" class=\"wp-block-cover__background has-background-dim\" style=\"background-color:#7b7b79\"><\/span><img loading=\"lazy\" decoding=\"async\" width=\"2560\" height=\"1707\" class=\"wp-block-cover__image-background wp-image-606\" alt=\"\" src=\"http:\/\/www.ufpb.br\/animaiscomunitariosufpb\/wp-content\/uploads\/sites\/79\/sites\/167\/2024\/08\/DSC_2032-1-scaled.jpg\" data-object-fit=\"cover\" srcset=\"https:\/\/www.ufpb.br\/animaiscomunitariosufpb\/wp-content\/uploads\/sites\/79\/sites\/167\/2024\/08\/DSC_2032-1-scaled.jpg 2560w, https:\/\/www.ufpb.br\/animaiscomunitariosufpb\/wp-content\/uploads\/sites\/79\/sites\/167\/2024\/08\/DSC_2032-1-300x200.jpg 300w, https:\/\/www.ufpb.br\/animaiscomunitariosufpb\/wp-content\/uploads\/sites\/79\/sites\/167\/2024\/08\/DSC_2032-1-1024x683.jpg 1024w, https:\/\/www.ufpb.br\/animaiscomunitariosufpb\/wp-content\/uploads\/sites\/79\/sites\/167\/2024\/08\/DSC_2032-1-768x512.jpg 768w, https:\/\/www.ufpb.br\/animaiscomunitariosufpb\/wp-content\/uploads\/sites\/79\/sites\/167\/2024\/08\/DSC_2032-1-1536x1024.jpg 1536w, https:\/\/www.ufpb.br\/animaiscomunitariosufpb\/wp-content\/uploads\/sites\/79\/sites\/167\/2024\/08\/DSC_2032-1-2048x1365.jpg 2048w, https:\/\/www.ufpb.br\/animaiscomunitariosufpb\/wp-content\/uploads\/sites\/79\/sites\/167\/2024\/08\/DSC_2032-1-272x182.jpg 272w\" sizes=\"auto, (max-width: 2560px) 100vw, 2560px\" \/><div class=\"wp-block-cover__inner-container is-layout-constrained wp-block-cover-is-layout-constrained\">\n<p class=\"has-text-align-center has-white-color has-text-color has-link-color has-large-font-size wp-elements-cf93010574312b69334855218b57dc69\"><strong>O que \u00e9 bem-estar animal?<\/strong><\/p>\n<\/div><\/div>\n\n\n\n<div style=\"height:23px\" aria-hidden=\"true\" class=\"wp-block-spacer\"><\/div>\n\n\n\n<details class=\"wp-block-details is-layout-flow wp-block-details-is-layout-flow\"><summary>Clique aqui e saiba mais!<\/summary>\n<div style=\"height:16px\" aria-hidden=\"true\" class=\"wp-block-spacer\"><\/div>\n\n\n\n<p>Reconhecendo que os animais t\u00eam direitos b\u00e1sicos e se baseando na ideia de que os animais, sendo seres sencientes, merecem tratamento \u00e9tico e digno, livre de sofrimento&#8230; Isso significa que, ao ter sobre nossos cuidados um animal, devemos oferecer ao mesmo alimenta\u00e7\u00e3o equilibrada, \u00e1gua fresca, abrigo seguro, ambiente limpo, e cuidados veterin\u00e1rios regulares. Al\u00e9m disso, \u00e9 importante promover atividades que estimulem a intera\u00e7\u00e3o, o exerc\u00edcio e o enriquecimento mental, respeitando os comportamentos naturais, evitando assim o estresse que pode ser provocado pela falta de estimulo ambiental.<\/p>\n\n\n\n<div style=\"height:40px\" aria-hidden=\"true\" class=\"wp-block-spacer\"><\/div>\n\n\n\n<p><strong>Para garantir o bem-estar animal, devem ser atendidos cinco princ\u00edpios b\u00e1sicos:<\/strong><\/p>\n\n\n\n<ul class=\"wp-block-list\">\n<li>Acesso a alimentos e \u00e1gua de qualidade;<\/li>\n\n\n\n<li>Ambiente adequado com abrigo e condi\u00e7\u00f5es confort\u00e1veis;<\/li>\n\n\n\n<li>Preven\u00e7\u00e3o e tratamento veterin\u00e1rio;<\/li>\n\n\n\n<li>Condi\u00e7\u00f5es que minimizem o estresse mental e f\u00edsico;<\/li>\n\n\n\n<li>Espa\u00e7o e condi\u00e7\u00f5es adequadas para que o animal exer\u00e7a seu comportamento natural.<\/li>\n<\/ul>\n\n\n\n<div style=\"height:40px\" aria-hidden=\"true\" class=\"wp-block-spacer\"><\/div>\n\n\n\n<p><\/p>\n\n\n\n<div class=\"wp-block-media-text is-stacked-on-mobile is-vertically-aligned-top\" style=\"grid-template-columns:20% auto\"><figure class=\"wp-block-media-text__media\"><img loading=\"lazy\" decoding=\"async\" width=\"1024\" height=\"942\" src=\"http:\/\/www.ufpb.br\/animaiscomunitariosufpb\/wp-content\/uploads\/sites\/79\/sites\/167\/2024\/08\/cropped-Logo-1024x942-1-1.jpeg\" alt=\"\" class=\"wp-image-766 size-full\" srcset=\"https:\/\/www.ufpb.br\/animaiscomunitariosufpb\/wp-content\/uploads\/sites\/79\/sites\/167\/2024\/08\/cropped-Logo-1024x942-1-1.jpeg 1024w, https:\/\/www.ufpb.br\/animaiscomunitariosufpb\/wp-content\/uploads\/sites\/79\/sites\/167\/2024\/08\/cropped-Logo-1024x942-1-1-300x276.jpeg 300w, https:\/\/www.ufpb.br\/animaiscomunitariosufpb\/wp-content\/uploads\/sites\/79\/sites\/167\/2024\/08\/cropped-Logo-1024x942-1-1-768x707.jpeg 768w\" sizes=\"auto, (max-width: 1024px) 100vw, 1024px\" \/><\/figure><div class=\"wp-block-media-text__content\">\n<p>O Animais Comunit\u00e1rios \u00e9 um projeto de extens\u00e3o na&nbsp;<strong>Universidade Federal da Para\u00edba (UFPB), Campus I<\/strong>, em Jo\u00e3o Pessoa \u2013 PB, reconhecido oficialmente desde 2020 e em&nbsp;<em>opera\u00e7\u00e3o desde 2014<\/em>. Clique em <a href=\"https:\/\/www.ufpb.br\/animaiscomunitariosufpb\/quem-somos\/\">Quem somos?<\/a>&nbsp;e saiba mais.<\/p><br>\n<\/div><\/div>\n<\/details>\n\n\n\n<div style=\"height:90px\" aria-hidden=\"true\" class=\"wp-block-spacer\"><\/div>\n\n\n\n<div class=\"wp-block-cover has-custom-content-position is-position-bottom-center wp-duotone-unset-2\" style=\"min-height:300px;aspect-ratio:unset;\"><span aria-hidden=\"true\" class=\"wp-block-cover__background has-background-dim\" style=\"background-color:#746863\"><\/span><img loading=\"lazy\" decoding=\"async\" width=\"2560\" height=\"1707\" class=\"wp-block-cover__image-background wp-image-592\" alt=\"\" src=\"http:\/\/www.ufpb.br\/animaiscomunitariosufpb\/wp-content\/uploads\/sites\/79\/sites\/167\/2024\/08\/DSC_1548-2-scaled.jpg\" data-object-fit=\"cover\" srcset=\"https:\/\/www.ufpb.br\/animaiscomunitariosufpb\/wp-content\/uploads\/sites\/79\/sites\/167\/2024\/08\/DSC_1548-2-scaled.jpg 2560w, https:\/\/www.ufpb.br\/animaiscomunitariosufpb\/wp-content\/uploads\/sites\/79\/sites\/167\/2024\/08\/DSC_1548-2-300x200.jpg 300w, https:\/\/www.ufpb.br\/animaiscomunitariosufpb\/wp-content\/uploads\/sites\/79\/sites\/167\/2024\/08\/DSC_1548-2-1024x683.jpg 1024w, https:\/\/www.ufpb.br\/animaiscomunitariosufpb\/wp-content\/uploads\/sites\/79\/sites\/167\/2024\/08\/DSC_1548-2-768x512.jpg 768w, https:\/\/www.ufpb.br\/animaiscomunitariosufpb\/wp-content\/uploads\/sites\/79\/sites\/167\/2024\/08\/DSC_1548-2-1536x1024.jpg 1536w, https:\/\/www.ufpb.br\/animaiscomunitariosufpb\/wp-content\/uploads\/sites\/79\/sites\/167\/2024\/08\/DSC_1548-2-2048x1365.jpg 2048w, https:\/\/www.ufpb.br\/animaiscomunitariosufpb\/wp-content\/uploads\/sites\/79\/sites\/167\/2024\/08\/DSC_1548-2-272x182.jpg 272w\" sizes=\"auto, (max-width: 2560px) 100vw, 2560px\" \/><div class=\"wp-block-cover__inner-container is-layout-constrained wp-block-cover-is-layout-constrained\">\n<p class=\"has-text-align-center has-white-color has-text-color has-link-color has-large-font-size wp-elements-2e83c50a4d50c6ecc4892291f925a51d\"><strong>Alimentos Proibidos para C\u00e3os e Gatos<\/strong><\/p>\n<\/div><\/div>\n\n\n\n<div style=\"height:20px\" aria-hidden=\"true\" class=\"wp-block-spacer\"><\/div>\n\n\n\n<p><\/p>\n\n\n\n<details class=\"wp-block-details is-layout-flow wp-block-details-is-layout-flow\"><summary>Clique aqui e saiba mais!<br><br><\/summary>\n<div style=\"height:20px\" aria-hidden=\"true\" class=\"wp-block-spacer\"><\/div>\n\n\n\n<div style=\"height:10px\" aria-hidden=\"true\" class=\"wp-block-spacer\"><\/div>\n\n\n\n<ul style=\"padding-left: 3rem\">\n<li><b>Chocolate<\/b><\/li>\n<p>Contendo subst\u00e2ncias t\u00f3xicas para os pets, como teobromina e a cafe\u00edna. O chocolate pode causar diarreia, v\u00f4mito, convuls\u00f5es e aumento da frequ\u00eancia card\u00edaca e respirat\u00f3ria do bichano, podendo lev\u00e1-lo \u00e0 norte.<\/p>\n<\/ul>\n\n<div style=\"height:30px\" aria-hidden=\"true\" class=\"wp-block-spacer\"><\/div>\n\n<ul style=\"padding-left: 3rem\">\n<li><b>Uva<\/b><\/li>\n<p style=\"text-align:justify\">Uvas ou uvas passas, ainda n\u00e3o se sabe se \u00e9 a casca, a semente ou a fruta como um todo, todavia \u00e9 comprovado que atacam os rins dos peludos, podendo causar falha renal e at\u00e9 morte.<\/p>\n<\/ul>\n\n<div style=\"height:30px\" aria-hidden=\"true\" class=\"wp-block-spacer\"><\/div>\n\n<ul style=\"padding-left: 3rem\">\n<li><b>Cebola e Alho<\/b><\/li>\n<p style=\"text-align:justify\">Podendo causar anemia e gastrite, cabelos e alhos est\u00e3o na lista dos alimentos proibidos.<\/p>\n<\/ul>\n\n<div style=\"height:30px\" aria-hidden=\"true\" class=\"wp-block-spacer\"><\/div>\n\n<ul style=\"padding-left: 3rem\">\n<li><b>Caf\u00e9<\/b><\/li>\n<p style=\"text-align:justify\">A presen\u00e7a da cafe\u00edna pode causar hiperatividade, assim causando aumento da frequ\u00eancia card\u00edaca e convuls\u00f5es no animal.<\/p><\/ul>\n\n<div style=\"height:30px\" aria-hidden=\"true\"><\/div>\n\n<ul style=\"padding-left: 3rem\">\n<li><b>Comidas Processadas<\/b><\/li>\n<p style=\"text-align:justify\">Alimentos a\u00e7ucarados, salgadinhos ou embutidos podem ser ricos em carboidratos, gorduras e a\u00e7ucares, podendo levar a obesidade, hipertens\u00e3o e diabetes.<\/p>\n<\/ul>\n\n\n\n<div style=\"height:30px\" aria-hidden=\"true\" class=\"wp-block-spacer\"><\/div>\n\n\n\n<div class=\"wp-block-media-text is-stacked-on-mobile\" style=\"grid-template-columns:24% auto\"><figure class=\"wp-block-media-text__media\"><img loading=\"lazy\" decoding=\"async\" width=\"1024\" height=\"942\" src=\"http:\/\/www.ufpb.br\/animaiscomunitariosufpb\/wp-content\/uploads\/sites\/79\/sites\/167\/2024\/08\/cropped-Logo-1024x942-1-1.jpeg\" alt=\"\" class=\"wp-image-766 size-full\" srcset=\"https:\/\/www.ufpb.br\/animaiscomunitariosufpb\/wp-content\/uploads\/sites\/79\/sites\/167\/2024\/08\/cropped-Logo-1024x942-1-1.jpeg 1024w, https:\/\/www.ufpb.br\/animaiscomunitariosufpb\/wp-content\/uploads\/sites\/79\/sites\/167\/2024\/08\/cropped-Logo-1024x942-1-1-300x276.jpeg 300w, https:\/\/www.ufpb.br\/animaiscomunitariosufpb\/wp-content\/uploads\/sites\/79\/sites\/167\/2024\/08\/cropped-Logo-1024x942-1-1-768x707.jpeg 768w\" sizes=\"auto, (max-width: 1024px) 100vw, 1024px\" \/><\/figure><div class=\"wp-block-media-text__content\">\n<p><\/p>\n\n\n\n<p>O Animais Comunit\u00e1rios \u00e9 um projeto de&nbsp;extens\u00e3o na&nbsp;<strong>Universidade Federal da Para\u00edba (UFPB), Campus I<\/strong>, em Jo\u00e3o Pessoa \u2013 PB, reconhecido oficialmente desde 2020 e em&nbsp;<em>opera\u00e7\u00e3o desde 2014<\/em>. Clique em <a href=\"https:\/\/www.ufpb.br\/animaiscomunitariosufpb\/quem-somos\/\">Quem somos?<\/a>&nbsp;e saiba mais.<\/p><br>\n<\/div><\/div>\n\n\n\n<div style=\"height:30px\" aria-hidden=\"true\" class=\"wp-block-spacer\"><\/div>\n\n\n\n<p><span style=\"font-size: 14px\"> Texto: Aline Santos &#8211; discente em bioligia (UFPB)<\/span><\/p>\n<p><span style=\"font-size: 14px\"> Publicado por: Animais Comunit\u00e1rios UFPB<\/span><\/p>\n<\/details>\n","protected":false},"excerpt":{"rendered":"","protected":false},"author":119,"featured_media":0,"parent":43,"menu_order":0,"comment_status":"closed","ping_status":"closed","template":"","meta":{"footnotes":""},"class_list":["post-99","page","type-page","status-publish","hentry"],"_links":{"self":[{"href":"https:\/\/www.ufpb.br\/animaiscomunitariosufpb\/wp-json\/wp\/v2\/pages\/99","targetHints":{"allow":["GET"]}}],"collection":[{"href":"https:\/\/www.ufpb.br\/animaiscomunitariosufpb\/wp-json\/wp\/v2\/pages"}],"about":[{"href":"https:\/\/www.ufpb.br\/animaiscomunitariosufpb\/wp-json\/wp\/v2\/types\/page"}],"author":[{"embeddable":true,"href":"https:\/\/www.ufpb.br\/animaiscomunitariosufpb\/wp-json\/wp\/v2\/users\/119"}],"replies":[{"embeddable":true,"href":"https:\/\/www.ufpb.br\/animaiscomunitariosufpb\/wp-json\/wp\/v2\/comments?post=99"}],"version-history":[{"count":35,"href":"https:\/\/www.ufpb.br\/animaiscomunitariosufpb\/wp-json\/wp\/v2\/pages\/99\/revisions"}],"predecessor-version":[{"id":1122,"href":"https:\/\/www.ufpb.br\/animaiscomunitariosufpb\/wp-json\/wp\/v2\/pages\/99\/revisions\/1122"}],"up":[{"embeddable":true,"href":"https:\/\/www.ufpb.br\/animaiscomunitariosufpb\/wp-json\/wp\/v2\/pages\/43"}],"wp:attachment":[{"href":"https:\/\/www.ufpb.br\/animaiscomunitariosufpb\/wp-json\/wp\/v2\/media?parent=99"}],"curies":[{"name":"wp","href":"https:\/\/api.w.org\/{rel}","templated":true}]}}