{"id":58,"date":"2025-09-08T18:51:30","date_gmt":"2025-09-08T21:51:30","guid":{"rendered":"https:\/\/www.ufpb.br\/cga\/?page_id=58"},"modified":"2026-04-23T16:06:13","modified_gmt":"2026-04-23T19:06:13","slug":"residuos-quimicos-e-da-saude","status":"publish","type":"page","link":"https:\/\/www.ufpb.br\/cga\/residuos-quimicos-e-da-saude\/","title":{"rendered":"Res\u00edduos Perigosos: qu\u00edmicos e da sa\u00fade"},"content":{"rendered":"<div class=\"wp-block-image\">\n<figure class=\"aligncenter size-full is-resized\"><img loading=\"lazy\" decoding=\"async\" width=\"1024\" height=\"1024\" src=\"https:\/\/www.ufpb.br\/cga\/wp-content\/uploads\/sites\/79\/sites\/365\/2025\/09\/image-2.png\" alt=\"\" class=\"wp-image-425\" style=\"width:387px;height:auto\" srcset=\"https:\/\/www.ufpb.br\/cga\/wp-content\/uploads\/sites\/79\/sites\/365\/2025\/09\/image-2.png 1024w, https:\/\/www.ufpb.br\/cga\/wp-content\/uploads\/sites\/79\/sites\/365\/2025\/09\/image-2-300x300.png 300w, https:\/\/www.ufpb.br\/cga\/wp-content\/uploads\/sites\/79\/sites\/365\/2025\/09\/image-2-150x150.png 150w, https:\/\/www.ufpb.br\/cga\/wp-content\/uploads\/sites\/79\/sites\/365\/2025\/09\/image-2-768x768.png 768w\" sizes=\"auto, (max-width: 1024px) 100vw, 1024px\" \/><\/figure>\n<\/div>\n\n\n<p>Fonte: criada em IA<\/p>\n\n\n\n<p class=\"has-black-color has-white-background-color has-text-color has-background has-link-color has-medium-font-size wp-elements-39cc1c53fb221a828ed4ad2982dbed07\">Res\u00edduos perigosos, em grande parte, res\u00edduos qu\u00edmicos e materiais da sa\u00fade gerados em ambientes de laborat\u00f3rios, com potencial de causar danos ambientais e \u00e0 sa\u00fade humana se n\u00e3o forem descartados corretamente.\u00a0Diante disso, \u00e9 essencial que, nas atividades de ensino e pesquisa, o descarte de reagentes e demais res\u00edduos seja a medida final, aplicada somente ap\u00f3s esgotar todas as possibilidades de <strong>recupera\u00e7\u00e3o, reutiliza\u00e7\u00e3o ou reciclagem<\/strong> do material.<\/p>\n\n\n\n<p class=\"has-black-color has-white-background-color has-text-color has-background has-link-color has-medium-font-size wp-elements-619a7136448d5bd614729bca4ce895fd\">Para um gerenciamento de res\u00edduos eficaz, \u00e9 fundamental adotar uma vis\u00e3o <strong>multidisciplinar<\/strong> e dar prefer\u00eancia a <strong>a\u00e7\u00f5es preventivas<\/strong> em detrimento das corretivas, garantindo um ciclo de vida mais seguro e sustent\u00e1vel para os produtos qu\u00edmicos.<\/p>\n\n\n\n<p class=\"has-black-color has-white-background-color has-text-color has-background has-link-color has-medium-font-size wp-elements-5b039d735bc8916a7f7eaadc3c9237f4\">O descarte de res\u00edduos qu\u00edmicos \u00e9 uma atividade que exige grande cautela, visto que a maioria dos procedimentos pode agredir o meio ambiente ou expor a sa\u00fade dos operadores a riscos, problemas respirat\u00f3rios e doen\u00e7as cr\u00f4nicas.&nbsp;A classifica\u00e7\u00e3o e o descarte seguem normas espec\u00edficas, como as da RDC 222\/2018 da Anvisa, que divide os res\u00edduos em grupos, como os qu\u00edmicos (Grupo B) e os infectantes (Grupo A).&nbsp;<\/p>\n\n\n\n<p class=\"has-white-background-color has-background has-medium-font-size\">A Universidade Federal da Para\u00edba, atrav\u00e9s da Comiss\u00e3o de Gest\u00e3o Ambiental, implantou um programa de gerenciamento de&nbsp;<strong>Res\u00edduos Qu\u00edmicos<\/strong>&nbsp;<strong>e da Sa\u00fade (RQS)<\/strong>, em abril de 2016. Na atualidade, a Ger\u00eancia de Meio Ambiente (GMA) da Superintend\u00eancia de Infraestrutura (SINFRA) \u00e9 respons\u00e1vel pelo gerenciamento do contrato dos servi\u00e7os de coleta, transporte, tratamento e destina\u00e7\u00e3o final de res\u00edduos dos grupos A, B e E, executados pela empresa B-Green gest\u00e3o ambiental LTDA (CNPJ: 01.568.077\/0002-06), em conformidade com o Contrato UFPB\/SOF no 009\/2022 e seus aditivos.<\/p>\n\n\n\n<figure class=\"wp-block-image size-full\"><img loading=\"lazy\" decoding=\"async\" width=\"960\" height=\"270\" src=\"https:\/\/www.ufpb.br\/cga\/wp-content\/uploads\/sites\/79\/sites\/365\/2025\/10\/image-18.png\" alt=\"\" class=\"wp-image-803\" srcset=\"https:\/\/www.ufpb.br\/cga\/wp-content\/uploads\/sites\/79\/sites\/365\/2025\/10\/image-18.png 960w, https:\/\/www.ufpb.br\/cga\/wp-content\/uploads\/sites\/79\/sites\/365\/2025\/10\/image-18-300x84.png 300w, https:\/\/www.ufpb.br\/cga\/wp-content\/uploads\/sites\/79\/sites\/365\/2025\/10\/image-18-768x216.png 768w\" sizes=\"auto, (max-width: 960px) 100vw, 960px\" \/><figcaption class=\"wp-element-caption\">Fonte da imagem: Fabiano Queiroga<\/figcaption><\/figure>\n\n\n\n<p class=\"has-black-color has-white-background-color has-text-color has-background has-link-color has-medium-font-size wp-elements-c1d88788c3ad919521b3438e97fbc457\"><strong>Rotulagem dos recipientes para res\u00edduos (bombonas)<\/strong><\/p>\n\n\n\n<p class=\"has-black-color has-white-background-color has-text-color has-background has-link-color has-medium-font-size wp-elements-79c9341da49baf0fe6eaabe36a69a587\">Segundo a ABNT NBR 16725: 2023, o gerador do res\u00edduo qu\u00edmico deve tornar dispon\u00edvel ao receptor e usu\u00e1rio um r\u00f3tulo e uma FDSR completos, nos quais devem ser relatadas informa\u00e7\u00f5es pertinentes \u00e0 sa\u00fade, seguran\u00e7a e meio ambiente.<\/p>\n\n\n\n<p class=\"has-black-color has-white-background-color has-text-color has-background has-link-color has-medium-font-size wp-elements-74d0efaf3b19c19fd47e08f49b358851\">A Ficha de Seguran\u00e7a de Res\u00edduos Qu\u00edmicos &#8211; <a href=\"https:\/\/www.ufpb.br\/cga\/wp-content\/uploads\/sites\/79\/sites\/365\/2025\/11\/anexo-b-ficha-de-seguranca-fdsrq-exemplo_formaldeido-a-4-1.docx\" target=\"_blank\" rel=\"noreferrer noopener\">FDSR<\/a> \u00e9 um documento de suma import\u00e2ncia para a prote\u00e7\u00e3o dos trabalhadores que manuseiam res\u00edduos qu\u00edmicos, pois, al\u00e9m de fornecer informa\u00e7\u00f5es para implementa\u00e7\u00e3o de medidas de seguran\u00e7a no manuseio destes res\u00edduos, contribui para a&nbsp;redu\u00e7\u00e3o dos riscos associados aos res\u00edduos gerados.<\/p>\n\n\n<div class=\"wp-block-image\">\n<figure class=\"aligncenter size-full is-resized\"><img loading=\"lazy\" decoding=\"async\" width=\"689\" height=\"782\" src=\"https:\/\/www.ufpb.br\/cga\/wp-content\/uploads\/sites\/79\/sites\/365\/2025\/10\/image-19.png\" alt=\"\" class=\"wp-image-804\" style=\"width:339px;height:auto\" srcset=\"https:\/\/www.ufpb.br\/cga\/wp-content\/uploads\/sites\/79\/sites\/365\/2025\/10\/image-19.png 689w, https:\/\/www.ufpb.br\/cga\/wp-content\/uploads\/sites\/79\/sites\/365\/2025\/10\/image-19-264x300.png 264w\" sizes=\"auto, (max-width: 689px) 100vw, 689px\" \/><figcaption class=\"wp-element-caption\">Fonte da imagem: Ambipar<\/figcaption><\/figure>\n<\/div>\n\n\n<p class=\"has-black-color has-white-background-color has-text-color has-background has-link-color has-medium-font-size wp-elements-6629ad2ba23810b213aa39d15514d14a\">O r\u00f3tulo dos recipientes deve ser elaborado de forma que contenha informa\u00e7\u00f5es que identificassem os riscos relativos \u00e0 sa\u00fade, inflamabilidade, reatividade e outros riscos especiais de acordo com as cores azul, vermelho, amarelo e branco, respectivamente (diagrama de Hommel). Para as cores azul, amarelo e vermelho, deve-se preencher os espa\u00e7os, de acordo com o grau de risco listado abaixo:<\/p>\n\n\n\n<ul class=\"wp-block-list\">\n<li>0 para subst\u00e2ncias que apresentam risco m\u00ednimo;<\/li>\n\n\n\n<li>1 para subst\u00e2ncias que t\u00eam um risco pequeno;<\/li>\n\n\n\n<li>2 para aqueles produtos de risco moderado;<\/li>\n\n\n\n<li>3 para res\u00edduos que tenham risco alto;<\/li>\n\n\n\n<li>4 para aqueles que apresentam risco extremo.<br><strong>Os riscos especiais, representados pela cor branca, devem ser classificados de acordo com o tipo de res\u00edduo, devendo ser utilizada a nomenclatura abaixo:<\/strong><\/li>\n\n\n\n<li>W \u00e9 utilizado quando o produto reage com \u00e1gua;<\/li>\n\n\n\n<li>Air para aquele que reage com o ar;<\/li>\n\n\n\n<li>Oxy para os produtos que s\u00e3o oxidantes;<\/li>\n\n\n\n<li>P para aqueles res\u00edduos que s\u00e3o polimeriz\u00e1veis;<\/li>\n\n\n\n<li>PO para as subst\u00e2ncias peroxid\u00e1veis.<\/li>\n<\/ul>\n\n\n\n<h2 class=\"wp-block-heading\"><div class=\"linha-header\"><strong>Fundamentos<\/strong><\/div><\/h2>\n\n\n\n<p class=\"has-medium-font-size\">A Lei Federal N\u00ba 12305\/2010 estabeleceu a Pol\u00edtica Nacional de Res\u00edduos S\u00f3lidos (PNRS), enfatizando a import\u00e2ncia da gest\u00e3o apropriada de Res\u00edduos Qu\u00edmicos e da Sa\u00fade (RQS) para evitar impactos ambientais adversos. A incinera\u00e7\u00e3o e a reciclagem se destacam como solu\u00e7\u00f5es vitais para o tratamento seguro desses res\u00edduos, dadas as subst\u00e2ncias perigosas frequentemente presentes. Na Universidade Federal da Para\u00edba (UFPB), programas educacionais promovem a conscientiza\u00e7\u00e3o entre professores e alunos das \u00e1reas relevantes, incentivando pr\u00e1ticas sustent\u00e1veis. A UFPB reconhece a necessidade de um plano eficaz de gerenciamento de RQS para proteger a sa\u00fade p\u00fablica e o meio ambiente, demonstrando  o seu compromisso com a sustentabilidade.<\/p>\n\n\n\n<h2 class=\"wp-block-heading\"><div class=\"linha-header\">Publica\u00e7\u00f5es<\/div><\/h2>\n\n\n\n<p class=\"has-medium-font-size\"><a href=\"https:\/\/www.ufpb.br\/cga\/wp-content\/uploads\/sites\/79\/sites\/365\/2025\/11\/Relatorio-quantitavo-residuos_perigosos-2024-2025-1.pdf\" target=\"_blank\" rel=\"noreferrer noopener\">Relat\u00f3rio quantitavo Res\u00edduos Perigosos &#8211; Campus I<\/a><\/p>\n\n\n\n<p class=\"has-medium-font-size\"><a href=\"https:\/\/www.ufpb.br\/cga\/wp-content\/uploads\/sites\/79\/sites\/365\/2025\/11\/Campus-III_Residuos-perigosos_2024_2025.pdf\" target=\"_blank\" rel=\"noreferrer noopener\">Relat\u00f3rio Res\u00edduos perigosos &#8211; Campus III<\/a><\/p>\n\n\n\n<h2 class=\"wp-block-heading\"><div class=\"linha-header\">Para maiores informa\u00e7\u00f5es sobre procedimentos e descarte correto dos res\u00edduos:<\/div><\/h2>\n\n\n\n<p class=\"has-medium-font-size\"><a href=\"https:\/\/antigo.mma.gov.br\/seguranca-quimica\/gestao-das-substancias-quimicas\/ods-e-gest%C3%A3o-de-subst%C3%A2ncias-qu%C3%ADmicas.html\" target=\"_blank\" rel=\"noreferrer noopener\">ODS e gest\u00e3o de subst\u00e2ncias qu\u00edmicas<\/a><\/p>\n\n\n\n<p class=\"has-medium-font-size\"><a href=\"http:\/\/plone.ufpb.br\/sinfra\/contents\/paginas\/meio-ambiente-gma\/cartilhas-e-manuais\/cartilha-de-apoio-a-seguranca-e-sustentabilidade-em-laboratorios-e-clinicas-escola-da-ufpb\" target=\"_blank\" rel=\"noreferrer noopener\"><strong>Cartilha GMA:&nbsp;Seguran\u00e7a e Sustentabilidade em Laborat\u00f3rios e Clinicas da UFPB<\/strong><\/a><\/p>\n\n\n\n<p><\/p>\n\n\n\n<p class=\"has-medium-font-size\"><strong>Entre em contato com a  GMA &#8211; SINFRA<\/strong><\/p>\n\n\n\n<p class=\"has-medium-font-size\">Respons\u00e1vel: Kenny Rogers <\/p>\n\n\n\n<p class=\"has-medium-font-size\"> (83)998806131<\/p>\n\n\n\n<p class=\"has-medium-font-size\">gma@sinfra.ufpb.br<\/p>\n\n\n\n<hr class=\"wp-block-separator has-alpha-channel-opacity\" \/>\n\n\n\n<p><\/p>\n\n\n\n<p class=\"has-text-align-center has-large-font-size\"><strong>&#8220;A natureza \u00e9 um laborat\u00f3rio perfeito; o homem deve ser seu colaborador, n\u00e3o seu destruidor.&#8221;\u00a0<\/strong><\/p>\n\n\n<div class=\"wp-block-image\">\n<figure class=\"aligncenter size-full is-resized\"><img loading=\"lazy\" decoding=\"async\" width=\"82\" height=\"103\" src=\"http:\/\/www.ufpb.br\/cga\/wp-content\/uploads\/sites\/79\/sites\/365\/2026\/04\/Icone-verde.png\" alt=\"\" class=\"wp-image-1909\" style=\"width:208px;height:auto\" \/><\/figure>\n<\/div>\n\n\n<p><\/p>\n","protected":false},"excerpt":{"rendered":"<p>Fonte: criada em IA Res\u00edduos perigosos, em grande parte, res\u00edduos qu\u00edmicos e materiais da sa\u00fade [&hellip;]<\/p>\n","protected":false},"author":47,"featured_media":0,"parent":0,"menu_order":0,"comment_status":"closed","ping_status":"closed","template":"","meta":{"footnotes":""},"class_list":["post-58","page","type-page","status-publish","hentry"],"_links":{"self":[{"href":"https:\/\/www.ufpb.br\/cga\/wp-json\/wp\/v2\/pages\/58","targetHints":{"allow":["GET"]}}],"collection":[{"href":"https:\/\/www.ufpb.br\/cga\/wp-json\/wp\/v2\/pages"}],"about":[{"href":"https:\/\/www.ufpb.br\/cga\/wp-json\/wp\/v2\/types\/page"}],"author":[{"embeddable":true,"href":"https:\/\/www.ufpb.br\/cga\/wp-json\/wp\/v2\/users\/47"}],"replies":[{"embeddable":true,"href":"https:\/\/www.ufpb.br\/cga\/wp-json\/wp\/v2\/comments?post=58"}],"version-history":[{"count":18,"href":"https:\/\/www.ufpb.br\/cga\/wp-json\/wp\/v2\/pages\/58\/revisions"}],"predecessor-version":[{"id":1978,"href":"https:\/\/www.ufpb.br\/cga\/wp-json\/wp\/v2\/pages\/58\/revisions\/1978"}],"wp:attachment":[{"href":"https:\/\/www.ufpb.br\/cga\/wp-json\/wp\/v2\/media?parent=58"}],"curies":[{"name":"wp","href":"https:\/\/api.w.org\/{rel}","templated":true}]}}