{"id":828,"date":"2025-10-22T18:04:34","date_gmt":"2025-10-22T21:04:34","guid":{"rendered":"https:\/\/www.ufpb.br\/cga\/?page_id=828"},"modified":"2025-10-22T18:50:11","modified_gmt":"2025-10-22T21:50:11","slug":"rede-unissustentavel","status":"publish","type":"page","link":"https:\/\/www.ufpb.br\/cga\/rede-unissustentavel\/","title":{"rendered":"Rede Unissustent\u00e1vel"},"content":{"rendered":"\n<figure class=\"wp-block-image size-large\"><img loading=\"lazy\" decoding=\"async\" width=\"1024\" height=\"576\" src=\"https:\/\/www.ufpb.br\/cga\/wp-content\/uploads\/sites\/79\/sites\/365\/2025\/10\/image-24-1024x576.png\" alt=\"\" class=\"wp-image-829\" srcset=\"https:\/\/www.ufpb.br\/cga\/wp-content\/uploads\/sites\/79\/sites\/365\/2025\/10\/image-24-1024x576.png 1024w, https:\/\/www.ufpb.br\/cga\/wp-content\/uploads\/sites\/79\/sites\/365\/2025\/10\/image-24-300x169.png 300w, https:\/\/www.ufpb.br\/cga\/wp-content\/uploads\/sites\/79\/sites\/365\/2025\/10\/image-24-768x432.png 768w, https:\/\/www.ufpb.br\/cga\/wp-content\/uploads\/sites\/79\/sites\/365\/2025\/10\/image-24-1536x864.png 1536w, https:\/\/www.ufpb.br\/cga\/wp-content\/uploads\/sites\/79\/sites\/365\/2025\/10\/image-24.png 1920w\" sizes=\"auto, (max-width: 1024px) 100vw, 1024px\" \/><\/figure>\n\n\n\n<p><\/p>\n\n\n\n<p class=\"has-medium-font-size\"><strong>UFPB adere \u00e0 Rede UniSustent\u00e1vel em conson\u00e2ncia ao seu compromisso com pol\u00edticas de sustentabilidade<\/strong><\/p>\n\n\n\n<p>A Universidade Federal da Para\u00edba (UFPB) oficializou sua ades\u00e3o \u00e0&nbsp;<a href=\"https:\/\/redeunisustentavel.com.br\/a-rede\/\" target=\"_blank\" rel=\"noreferrer noopener\">Rede Brasileira de Institui\u00e7\u00f5es de Ensino Superior para o Desenvolvimento Sustent\u00e1vel<\/a>&nbsp;(UniSustent\u00e1vel), iniciativa que re\u00fane universidades de todo o pa\u00eds em prol da constru\u00e7\u00e3o de uma sociedade mais sustent\u00e1vel.<\/p>\n\n\n\n<p>A UFPB \u00e9 representada na Rede pela Professora Angeluce Barbotin e tendo como suplente a t\u00e9cnica-administrativa Rafaele Brito. Segundo a Reitora Terezinha Domiciano, a participa\u00e7\u00e3o da Universidade tem como objetivo estreitar la\u00e7os com outras Institui\u00e7\u00f5es de Ensino Superior do Brasil, promovendo a troca de boas pr\u00e1ticas e experi\u00eancias voltadas \u00e0 sustentabilidade.<\/p>\n\n\n\n<p>As representantes da UFPB tamb\u00e9m assumiram o compromisso, junto \u00e0 Reitora, de elaborar uma pol\u00edtica institucional de sustentabilidade no pr\u00f3ximo ano, abrangendo os tr\u00eas eixos centrais do tema: social, ambiental e governan\u00e7a. A iniciativa busca difundir pr\u00e1ticas sustent\u00e1veis em todos os campi da Universidade, ampliando o impacto positivo das a\u00e7\u00f5es desenvolvidas.<\/p>\n\n\n\n<figure class=\"wp-block-image\"><img decoding=\"async\" src=\"https:\/\/www.ufpb.br\/ufpb\/contents\/noticias\/ufpb-adere-a-rede-unisustentavel-em-consonancia-ao-seu-compromisso-com-politicas-de-sustentabilidade\/WhatsAppImage20250912at11.32.16.jpeg\" alt=\"\" title=\"\" \/><\/figure>\n\n\n\n<p>Criada em 2023, durante evento realizado na Universidade Federal de Mato Grosso do Sul (UFMS), em Campo Grande\/MS, a Rede UniSustent\u00e1vel tem como prop\u00f3sito promover coopera\u00e7\u00e3o, interc\u00e2mbio e comunica\u00e7\u00e3o entre Institui\u00e7\u00f5es de Ensino Superior, fortalecendo a implementa\u00e7\u00e3o dos Objetivos de Desenvolvimento Sustent\u00e1vel (ODS).<\/p>\n\n\n\n<p>* * *<\/p>\n\n\n\n<p>Texto: Marcel Vieira<\/p>\n\n\n\n<p>Imagem: Rede UniSustent\u00e1vel&nbsp;<\/p>\n\n\n\n<p>Foto: Marta Fran\u00e7a<\/p>\n","protected":false},"excerpt":{"rendered":"<p>UFPB adere \u00e0 Rede UniSustent\u00e1vel em conson\u00e2ncia ao seu compromisso com pol\u00edticas de sustentabilidade A [&hellip;]<\/p>\n","protected":false},"author":397,"featured_media":0,"parent":0,"menu_order":0,"comment_status":"closed","ping_status":"closed","template":"","meta":{"footnotes":""},"class_list":["post-828","page","type-page","status-publish","hentry"],"_links":{"self":[{"href":"https:\/\/www.ufpb.br\/cga\/wp-json\/wp\/v2\/pages\/828","targetHints":{"allow":["GET"]}}],"collection":[{"href":"https:\/\/www.ufpb.br\/cga\/wp-json\/wp\/v2\/pages"}],"about":[{"href":"https:\/\/www.ufpb.br\/cga\/wp-json\/wp\/v2\/types\/page"}],"author":[{"embeddable":true,"href":"https:\/\/www.ufpb.br\/cga\/wp-json\/wp\/v2\/users\/397"}],"replies":[{"embeddable":true,"href":"https:\/\/www.ufpb.br\/cga\/wp-json\/wp\/v2\/comments?post=828"}],"version-history":[{"count":2,"href":"https:\/\/www.ufpb.br\/cga\/wp-json\/wp\/v2\/pages\/828\/revisions"}],"predecessor-version":[{"id":832,"href":"https:\/\/www.ufpb.br\/cga\/wp-json\/wp\/v2\/pages\/828\/revisions\/832"}],"wp:attachment":[{"href":"https:\/\/www.ufpb.br\/cga\/wp-json\/wp\/v2\/media?parent=828"}],"curies":[{"name":"wp","href":"https:\/\/api.w.org\/{rel}","templated":true}]}}