{"id":214,"date":"2025-08-18T16:06:46","date_gmt":"2025-08-18T19:06:46","guid":{"rendered":"https:\/\/www.ufpb.br\/comu\/?page_id=214"},"modified":"2026-03-29T20:01:04","modified_gmt":"2026-03-29T23:01:04","slug":"projetos-de-extensao","status":"publish","type":"page","link":"https:\/\/www.ufpb.br\/comu\/projetos-de-extensao\/","title":{"rendered":"Projetos de Extens\u00e3o"},"content":{"rendered":"\n<details class=\"wp-block-details has-black-color has-text-color has-link-color wp-elements-d31e622e565c14e09f93bd27f06004d4 is-layout-flow wp-block-details-is-layout-flow\"><summary>2026 &#8211; Em execu\u00e7\u00e3o <\/summary>\n<p><\/p>\n\n\n\n<figure class=\"wp-block-table\"><table class=\"has-fixed-layout\"><tbody><tr><td><\/td><td><strong>Projetos de Extens\u00e3o CoMu<\/strong><\/td><td><strong>Coordenadoras<\/strong><\/td><td><strong>Extensionistas<\/strong><\/td><\/tr><tr><td>Mar \/2026 a Fev \/2027<\/td><td><strong><em>CoMu: A\u00e7\u00f5es de Preven\u00e7\u00e3o \u00e0s Viol\u00eancias contra as Mulheres da UFPB&nbsp;<\/em><\/strong>(EDITAL PROEX N\u00ba 04\/2026 &#8211; REGISTRO DO PROGRAMA DE A\u00c7\u00d5ES ESTRAT\u00c9GICAS DA PROEX)<\/td><td><strong>Coords.:<\/strong><br>&#8211; Maria de Lourdes Teixeira<br>&#8211; Val\u00e9ria Machado Rufino<br><strong>Orientadora.:<\/strong>Ana G\u00e9lica Alves Gomes<br><br><strong>Equipe: <\/strong><a href=\"https:\/\/sigaa.ufpb.br\/sigaa\/public\/docente\/extensao.jsf\">https:\/\/sigaa.ufpb.br\/sigaa\/public\/docente\/extensao.jsf<\/a>\u00a0<\/td><td><strong>Extensionista Bolsista\u00a0<\/strong><br>&#8211; Isabele Enes Ribeiro (mar\u00e7o-2026 &#8211; atual)<br>&#8211; Odara Sade Alves Moraes (mar\u00e7o-2026 &#8211; atual)<br><br><strong>Extensionistas Volunt\u00e1rias<\/strong><\/td><\/tr><tr><td>Nov 2025&nbsp;a&nbsp; Out 2026<\/td><td><strong><em>CoMu: A\u00e7\u00f5es psicossociais de preven\u00e7\u00e3o \u00e0s viol\u00eancias contra as mulheres na universidade<\/em><\/strong>(EDITAL PROEX N\u00ba 14\/2025 &#8211; PROBEX 2025-2026)<br><\/td><td><strong>Coords.:<\/strong><br>&#8211; Val\u00e9ria Machado Rufino<br>&#8211; Maria de Lourdes Teixeira<br>\u00a0<br><strong>Equipe: <\/strong><a href=\"https:\/\/sigaa.ufpb.br\/sigaa\/public\/docente\/extensao.jsf\">https:\/\/sigaa.ufpb.br\/sigaa\/public\/docente\/extensao.jsf<\/a>\u00a0<\/td><td><strong>Extensionista Bolsista<\/strong>&#8211; Laura Batista Ferreira\u00a0 (nov 2025.- atual) <br><strong>Extensionistas Volunt\u00e1rias<\/strong> <br>&#8211; Maria Eduarda Santos Maranh\u00e3o \u00a0\u00a0(nov 2025.- atual)<br>&#8211; Maria Geovanna Mendes de Andrade \u00a0\u00a0(nov 2025.- atual)<br> &#8211; Michele da Silva Bispo \u00a0\u00a0(nov 2025.- atual)<br>&#8211; Rayanne Maria de Andrade Pessoa \u00a0\u00a0(nov 2025.- atual)<br>&#8211; Rebeka Cavalcante dos Santos \u00a0\u00a0(nov 2025.- atual)<br>&#8211; Sofia de Sousa Jord\u00e3o \u00a0\u00a0(nov 2025.- atual)\u00a0<\/td><\/tr><\/tbody><\/table><\/figure>\n\n\n\n<figure class=\"wp-block-table\"><table class=\"has-fixed-layout\"><tbody><tr><td>Nov 2025&nbsp;a&nbsp; Out 2026<\/td><td><strong><em>Acolhimento e Orienta\u00e7\u00e3o: a\u00e7\u00f5es da CoMu para o enfrentamento \u00e0s viol\u00eancias contra as mulheres \u2013 Ano VI&nbsp;<\/em><\/strong>EDITAL PROEX N\u00ba 14\/2025 &#8211; PROBEX 2025-2026)<\/td><td><strong>Coords.:<\/strong><br>&#8211; Joseane da Silva Leite<br><strong>Equipe:<\/strong><br><a href=\"https:\/\/sigaa.ufpb.br\/sigaa\/public\/docente\/extensao.jsf\">https:\/\/sigaa.ufpb.br\/sigaa\/public\/docente\/extensao.jsf<\/a>\u00a0<\/td><td><strong>Extensionistas Volunt\u00e1rias<\/strong><br>&#8211; Maria Beatriz Acioli De Azevedo \u00a0\u00a0(nov 2025.- atual)<br>&#8211; Samia Luiza Ponciano Alves\u00a0 (nov 2025.- atual)<\/td><\/tr><\/tbody><\/table><\/figure>\n\n\n\n<p><\/p>\n<\/details>\n\n\n\n<details class=\"wp-block-details is-layout-flow wp-block-details-is-layout-flow\"><summary>Per\u00edodo de Execu\u00e7\u00e3o \/2025 <\/summary>\n<figure class=\"wp-block-table\"><table class=\"has-fixed-layout\"><tbody><tr><td><\/td><td><strong>Projetos de Extens\u00e3o CoMu<\/strong><\/td><td><strong>Coordenadoras<\/strong><\/td><td><strong>Extensionistas<\/strong><\/td><\/tr><tr><td>Fev.-Dez.\/<strong>2025<\/strong><\/td><td><strong><em>CoMu: A\u00e7\u00f5es de enfrentamento e preven\u00e7\u00e3o \u00e0 viol\u00eancia contra as mulheres da UFPB<\/em><\/strong> [Edital PROEX 02\/2025 \u2013 Programa de a\u00e7\u00f5es Estrat\u00e9gicas da PROEX 2025]<\/td><td><strong>Coords.:<\/strong> <br>&#8211; Val\u00e9ria Machado Rufino<br>&#8211; Maria de Lourdes Teixeira&nbsp;<br><br><strong>Equipe:<\/strong> <br><br><a href=\"https:\/\/sigaa.ufpb.br\/sigaa\/link\/public\/extensao\/visualizacaoAcaoExtensao\/13091\" target=\"_blank\" rel=\"noreferrer noopener\">https:\/\/sigaa.ufpb.br\/sigaa\/link\/public\/extensao\/visualizacaoAcaoExtensao\/13091<\/a><strong>&nbsp;<\/strong> <br><\/td><td><strong>Extensionista Bolsista<\/strong><br>&#8211; Alice Ferraz Maia&nbsp; (fev.-dez.2025)<br>&#8211; Vitoria Maria de Q. Lisboa (fev.-out..2025)<br>&#8211; Isabele Enes Ribeiro&nbsp; (nov.-dez.2025)<br><br><strong>Extensionistas Volunt\u00e1rias<\/strong><br>&#8211; Maria Clara Teixeira da Silva (fev.-dez.2025)<br>&#8211; Thais de Franca Carlos (fev.-ago.2025)<\/td><\/tr><\/tbody><\/table><\/figure>\n\n\n\n<p><\/p>\n<\/details>\n\n\n\n<details class=\"wp-block-details has-white-background-color has-background is-layout-flow wp-block-details-is-layout-flow\"><summary>Per\u00edodo de Execu\u00e7\u00e3o\/2024-2025 <\/summary>\n<figure class=\"wp-block-table\"><table class=\"has-fixed-layout\"><tbody><tr><td>Ago.\/<strong>2024 a<\/strong> Jul.\/<strong>2025<\/strong><\/td><td><br><strong><em>Acolhimento e Orienta\u00e7\u00e3o: a\u00e7\u00f5es da CoMu para o enfrentamento a viol\u00eancia contra as mulheres \u2013 Ano V<\/em><\/strong> [Edital PROEX 13\/2024 &#8211; PROBEX 2024\/2025]<\/td><td><strong>Coord.:<\/strong> <br>&#8211; Joseane da Silva Leite <br><br><strong>Equipe:<\/strong><br><br><a href=\"https:\/\/sigaa.ufpb.br\/sigaa\/link\/public\/extensao\/visualizacaoAcaoExtensao\/12389\" target=\"_blank\" rel=\"noreferrer noopener\">https:\/\/sigaa.ufpb.br\/sigaa\/link\/public\/extensao\/visualizacaoAcaoExtensao\/12389<\/a>&nbsp;<\/td><td><strong>Extensionista Bolsista<\/strong> <br>&#8211; Maria Isabel A. de Sousa&nbsp;<br><br><strong>Extensionistas Volunt\u00e1rias<\/strong> <br>&#8211; Gabriela Fernandes Amaral&nbsp;<\/td><\/tr><\/tbody><\/table><\/figure>\n\n\n\n<figure class=\"wp-block-table\"><table class=\"has-fixed-layout\"><tbody><tr><td>Jan.\/<strong>2024 a<\/strong> Jan.\/<strong>2025<\/strong><\/td><td><br><strong><em>CoMu &#8211; Comunica\u00e7\u00e3o como estrat\u00e9gia de preven\u00e7\u00e3o \u00e0 viol\u00eancia contra as mulheres da UFPB<\/em><\/strong>[Edital PROEX 03\/2024 \u2013 Programa de a\u00e7\u00f5es Estrat\u00e9gicas da PROEX]<\/td><td><strong>Coord.:<\/strong><br>&#8211; Lis Carolinne Lemos<br><br><strong>Equipe:<\/strong><br><br><a href=\"https:\/\/sigaa.ufpb.br\/sigaa\/link\/public\/extensao\/visualizacaoAcaoExtensao\/11125\" target=\"_blank\" rel=\"noreferrer noopener\">https:\/\/sigaa.ufpb.br\/sigaa\/link\/public\/extensao\/visualizacaoAcaoExtensao\/11125<\/a>&nbsp;<\/td><td><strong>Extensionista Bolsista<\/strong>: Isadora Palhano Fonseca<\/td><\/tr><\/tbody><\/table><\/figure>\n\n\n\n<p><\/p>\n<\/details>\n\n\n\n<details class=\"wp-block-details has-white-background-color has-background is-layout-flow wp-block-details-is-layout-flow\"><summary>Periodo de Execu\u00e7\u00e3o\/2023-2024<\/summary>\n<figure class=\"wp-block-table\"><table class=\"has-fixed-layout\"><tbody><tr><td>ago.\/<strong>2023 a<\/strong> jul.\/<strong>2024<\/strong><\/td><td><br><strong><em>Acolhimento e Orienta\u00e7\u00e3o: a\u00e7\u00f5es do CoMu para o enfrentamento \u00e0 viol\u00eancia contra as mulheres<\/em><\/strong>[Edital PROEX 12\/2023 &#8211; PROBEX 2023-2024]<\/td><td><strong>Coord.:<\/strong><br>&#8211; Joseane da Silva Leite<br><br><strong>Equipe:<\/strong><a href=\"https:\/\/sigaa.ufpb.br\/sigaa\/link\/public\/extensao\/visualizacaoAcaoExtensao\/10583\"><\/a><br><br><a href=\"https:\/\/sigaa.ufpb.br\/sigaa\/link\/public\/extensao\/visualizacaoAcaoExtensao\/10583\" target=\"_blank\" rel=\"noreferrer noopener\">https:\/\/sigaa.ufpb.br\/sigaa\/link\/public\/extensao\/visualizacaoAcaoExtensao<\/a><a href=\"https:\/\/sigaa.ufpb.br\/sigaa\/link\/public\/extensao\/visualizacaoAcaoExtensao\/10583\">\/10583<\/a>&nbsp;<\/td><td><strong>Extensionista Bolsista<\/strong> <br>&#8211; Carolina Martins do Vale&nbsp;<br><strong>Extensionistas Volunt\u00e1rias<\/strong><br>&#8211; Camila Freitas Farias (ago.-nov.2023)<br>&#8211; Gabriella Kollontai J. da Silva (out.2023-mai.2024)<br>&#8211; Maria Isabel A. de Sousa (mar.-mai.2024)<\/td><\/tr><\/tbody><\/table><\/figure>\n\n\n\n<p><\/p>\n<\/details>\n\n\n\n<details class=\"wp-block-details has-white-background-color has-background is-layout-flow wp-block-details-is-layout-flow\"><summary>Per\u00edodo de Execu\u00e7\u00e3o\/2023 <\/summary>\n<figure class=\"wp-block-table\"><table class=\"has-fixed-layout\"><tbody><tr><td>ago.-dez.\/<strong>2023<\/strong><\/td><td><br><strong><em>CoMu &#8211; Comunica\u00e7\u00e3o como estrat\u00e9gia de preven\u00e7\u00e3o \u00e0 viol\u00eancia contra as mulheres da UFPB<\/em><\/strong>[Edital PROEX 13\/2023 \u2013 Programa de a\u00e7\u00f5es Estrat\u00e9gicas da PROEX]<\/td><td><strong>Coord.:<\/strong><br>&#8211; Lis Carolinne Lemos<br><br><strong>Equipe:<\/strong><br><br><a href=\"https:\/\/sigaa.ufpb.br\/sigaa\/public\/extensao\/viewDadosCursoEvento.jsf\" target=\"_blank\" rel=\"noreferrer noopener\">https:\/\/sigaa.ufpb.br\/sigaa\/public\/extensao\/viewDadosCursoEvento.jsf<\/a>&nbsp;<\/td><td><strong>Extensionista Bolsista<\/strong><br>&#8211; Isadora Palhano Fonseca&nbsp;<\/td><\/tr><\/tbody><\/table><\/figure>\n\n\n\n<p><\/p>\n<\/details>\n\n\n\n<details class=\"wp-block-details has-white-background-color has-background is-layout-flow wp-block-details-is-layout-flow\"><summary>Per\u00edodo de Execu\u00e7\u00e3o\/2022-2023<\/summary>\n<figure class=\"wp-block-table\"><table class=\"has-fixed-layout\"><tbody><tr><td>ago.\/<strong>2022 <\/strong>a jul.\/<strong>2023<\/strong><\/td><td><strong><em>Acolhimento e Orienta\u00e7\u00e3o: a\u00e7\u00f5es do CoMu para o enfrentamento \u00e0 viol\u00eancia contra as mulheres<\/em><\/strong>[Edital PROBEX 2022\/2023]<\/td><td><strong>Coord.:<\/strong><br>&#8211; Joseane da Silva Leite<br><br><strong>Equipe:<\/strong>&nbsp;<br><br><a href=\"https:\/\/sigaa.ufpb.br\/sigaa\/link\/public\/extensao\/visualizacaoAcaoExtensao\/8554\" target=\"_blank\" rel=\"noreferrer noopener\">https:\/\/sigaa.ufpb.br\/sigaa\/link\/public\/extensao\/visualizacaoAcaoExtensao\/8554<\/a><\/td><td><strong>Extensionista Bolsista<\/strong><br>&#8211; Carolina M. do V. Guedes&nbsp;<br><strong>Discente Colaboradora<\/strong><br>&#8211; Maria Raiane S. de Mendon\u00e7a&nbsp;<\/td><\/tr><\/tbody><\/table><\/figure>\n<\/details>\n\n\n\n<details class=\"wp-block-details has-white-background-color has-background is-layout-flow wp-block-details-is-layout-flow\"><summary>Periodo de Execu\u00e7\u00e3o\/2021-2022<\/summary>\n<figure class=\"wp-block-table\"><table class=\"has-fixed-layout\"><tbody><tr><td>mai.\/<strong>2021 a <\/strong>abr.\/<strong>2022<\/strong><\/td><td><br><strong><em>CoMu &#8211; Comunica\u00e7\u00e3o como estrat\u00e9gia de preven\u00e7\u00e3o \u00e0 viol\u00eancia contra as mulheres da UFPB<\/em><\/strong>[Edital PROBEX 2021\/2022]<\/td><td><strong>Coord.:<\/strong><br>&#8211; Lis Carolinne Lemos&nbsp;<br><br><strong>Equipe:<\/strong><br><br><a href=\"https:\/\/sigaa.ufpb.br\/sigaa\/link\/public\/extensao\/visualizacaoAcaoExtensao\/6735\" target=\"_blank\" rel=\"noreferrer noopener\">https:\/\/sigaa.ufpb.br\/sigaa\/link\/public\/extensao\/visualizacaoAcaoExtensao\/6735<\/a>&nbsp;<\/td><td><strong>Extensionista Bolsista<\/strong><br>&#8211; Crislaine da Costa Honorio&nbsp;<br>&#8211; Liryel Araujo Dos Santos (set.2021 \u2013 abr.2022)<br><br><strong>Extensionistas Volunt\u00e1rias<\/strong><br>&#8211; Al\u00e9ssia Celine C. Guedes<br>&#8211; Grace Kelly C. V. Santos&nbsp;<\/td><\/tr><\/tbody><\/table><\/figure>\n\n\n\n<figure class=\"wp-block-table\"><table class=\"has-fixed-layout\"><tbody><tr><td>mai.\/<strong>2021 a <\/strong>abr.\/<strong>2022<\/strong><\/td><td><br><strong><em>CoMu: Articula\u00e7\u00e3o de estrat\u00e9gias de enfrentamento e interven\u00e7\u00e3o frente \u00e0 viol\u00eancia contra as mulheres e a\u00e7\u00f5es de promo\u00e7\u00e3o de pol\u00edtica institucional de g\u00eanero nas universidades<\/em><\/strong>[Edital PROBEX 2021\/2022]<\/td><td><strong>Coord.:<\/strong><br>&#8211; Val\u00e9ria Machado Rufino<br><br><strong>Equipe:<\/strong><br><a href=\"https:\/\/sigaa.ufpb.br\/sigaa\/link\/public\/extensao\/visualizacaoAcaoExtensao\/7367\" target=\"_blank\" rel=\"noreferrer noopener\">https:\/\/sigaa.ufpb.br\/sigaa\/link\/public\/extensao\/visualizacaoAcaoExtensao\/7367<\/a>&nbsp;<\/td><td><strong>Extensionista Bolsista<\/strong><br>&#8211; Alyne Christine C. Rezende&nbsp;<br><br><strong>Extensionistas Volunt\u00e1rias<\/strong><br>&#8211; Anna Leticia de L. Silva&nbsp;<br>&#8211; J\u00e9ssica O. Galv\u00e3o&nbsp;<br>&#8211; La\u00eds Alves de Almeida&nbsp;<br>&#8211; Tatianne S. Ferreira&nbsp;<\/td><\/tr><tr><td>mai.\/<strong>2021 a <\/strong>abr.\/<strong>2022<\/strong><\/td><td><br><strong><em>Acolhimento e Orienta\u00e7\u00e3o: a\u00e7\u00f5es do CoMu para as a\u00e7\u00f5es de enfrentamento \u00e0 viol\u00eancia contra as mulheres<\/em><\/strong>[Edital PROBEX 2021\/2022]<\/td><td><strong>Coord.:<\/strong><br>&#8211; Joseane da Silva Leite<br><br><strong>Equipe:<\/strong><br><br><a href=\"https:\/\/sigaa.ufpb.br\/sigaa\/link\/public\/extensao\/visualizacaoAcaoExtensao\/7001\" target=\"_blank\" rel=\"noreferrer noopener\">https:\/\/sigaa.ufpb.br\/sigaa\/link\/public\/extensao\/visualizacaoAcaoExtensao\/7001<\/a>&nbsp;<\/td><td><strong>Extensionista Bolsista<\/strong><br>&#8211; Bianca Valeska Marques Da Silva&nbsp;<\/td><\/tr><\/tbody><\/table><\/figure>\n\n\n\n<p><\/p>\n<\/details>\n\n\n\n<details class=\"wp-block-details has-white-background-color has-background is-layout-flow wp-block-details-is-layout-flow\"><summary>Per\u00edodo de Execu\u00e7\u00e3o\/2020<\/summary>\n<figure class=\"wp-block-table\"><table class=\"has-fixed-layout\"><tbody><tr><td>abr.-dez.\/<strong>2020<\/strong><\/td><td><br><strong><em>CoMu \u2013 Participa\u00e7\u00e3o pol\u00edtica e forma\u00e7\u00e3o jur\u00eddica cr\u00edtica no enfrentamento a viol\u00eancia contra as mulheres na UFPB<\/em><\/strong>[Edital PROEX 02\/2020 \u2013 PROBEX 2020]<\/td><td><strong>Coord.:<\/strong><br>&#8211; Tatyane Guimar\u00e3es Oliveira&nbsp;<br><br><strong>Equipe:<\/strong><br><br><a href=\"https:\/\/sigaa.ufpb.br\/sigaa\/link\/public\/extensao\/visualizacaoAcaoExtensao\/5737\" target=\"_blank\" rel=\"noreferrer noopener\">https:\/\/sigaa.ufpb.br\/sigaa\/link\/public\/extensao\/visualizacaoAcaoExtensao\/5737<\/a>&nbsp;<\/td><td><strong>Extensionista Bolsista<\/strong> <br>&#8211; Samila Suely Rosendo de Melo<\/td><\/tr><tr><td>abr.-dez.\/<strong>2020<\/strong><\/td><td><br><strong><em>CoMu &#8211; Comunica\u00e7\u00e3o como estrat\u00e9gia de preven\u00e7\u00e3o \u00e0 viol\u00eancia contra as mulheres da UFPB&nbsp;<\/em><\/strong>[Edital PROEX 02\/2020 \u2013 PROBEX 2020]<\/td><td><strong>Coord.:<\/strong><br>&#8211; Lis Carolinne Lemos&nbsp;<br><br><strong>Equipe:<\/strong><br><br><a href=\"https:\/\/sigaa.ufpb.br\/sigaa\/link\/public\/extensao\/visualizacaoAcaoExtensao\/5728\" target=\"_blank\" rel=\"noreferrer noopener\">https:\/\/sigaa.ufpb.br\/sigaa\/link\/public\/extensao\/visualizacaoAcaoExtensao\/5728<\/a>&nbsp;<\/td><td><strong>Extensionistas Bolsistas<\/strong><br>&#8211; Michelly dos S. Silva&nbsp;<br>&#8211; Larissa Maia Lima&nbsp;<br><br><strong>Extensionistas Volunt\u00e1rias<\/strong><br>&#8211; Heloisa Helena N. Holanda&nbsp;<br>&#8211; Ana Livia M. da Costa&nbsp;<br>&#8211; Gleyce Kelly da S. Marques <br>&#8211; Grace Kelly C. V. Santos<\/td><\/tr><tr><td>abr.-dez.\/<strong>2020<\/strong><\/td><td><br><strong><em>CoMu &#8211; Acolhimento e Orienta\u00e7\u00e3o como estrat\u00e9gia para o enfrentamento da viol\u00eancia contra as mulheres da UFPB<\/em><\/strong>[Edital PROEX 02\/2020 \u2013 PROBEX 2020]<\/td><td><strong>Coord.:<\/strong><br>&#8211; Joseane da Silva Leite&nbsp;<br><br><strong>Equipe:<\/strong><br><br><a href=\"https:\/\/sigaa.ufpb.br\/sigaa\/link\/public\/extensao\/visualizacaoAcaoExtensao\/5764\" target=\"_blank\" rel=\"noreferrer noopener\">https:\/\/sigaa.ufpb.br\/sigaa\/link\/public\/extensao\/visualizacaoAcaoExtensao\/5764<\/a>&nbsp;&nbsp;<\/td><td><strong>Extensionista Bolsista<\/strong> <br>&#8211; Bianca Valeska Marques Da Silva<\/td><\/tr><\/tbody><\/table><\/figure>\n\n\n\n<p><\/p>\n<\/details>\n\n\n\n<details class=\"wp-block-details has-white-background-color has-background is-layout-flow wp-block-details-is-layout-flow\"><summary>Per\u00edodo de Execu\u00e7\u00e3o\/2019 <\/summary>\n<figure class=\"wp-block-table\"><table class=\"has-fixed-layout\"><tbody><tr><td>mar.-dez.\/<strong>2019<\/strong><\/td><td><br><strong><em>Comunica\u00e7\u00e3o numa perspectiva feminista no Comit\u00ea de Pol\u00edticas de Preven\u00e7\u00e3o e Enfrentamento \u00e0 Viol\u00eancia contra as Mulheres na UFPB (CoMu)<\/em><\/strong>[Edital PROEX 01\/2019 \u2013 PROBEX 2019]<\/td><td><strong>Coord.:<\/strong><br>&#8211; Lis Carolinne Lemos<br><br><strong>Equipe:<\/strong><br><br><a href=\"https:\/\/sigaa.ufpb.br\/sigaa\/link\/public\/extensao\/visualizacaoAcaoExtensao\/3423\" target=\"_blank\" rel=\"noreferrer noopener\">https:\/\/sigaa.ufpb.br\/sigaa\/link\/public\/extensao\/visualizacaoAcaoExtensao\/3423<\/a>&nbsp;<\/td><td><strong>Extensionista Bolsista<\/strong><br>&#8211; Maria Iasmin da Costa Soares<br><br><strong>Extensionistas <\/strong><br><strong>Volunt\u00e1rias<\/strong><br>&#8211; Emma Dantas Medeiros (mar.-maio\/2019)<br>&#8211; Cristall Hannah R. da C. B. Boaventura (mar.-maio\/2019)<\/td><\/tr><\/tbody><\/table><\/figure>\n\n\n\n<p><\/p>\n<\/details>\n\n\n\n<p><\/p>\n","protected":false},"excerpt":{"rendered":"","protected":false},"author":236,"featured_media":0,"parent":0,"menu_order":0,"comment_status":"closed","ping_status":"closed","template":"","meta":{"footnotes":""},"class_list":["post-214","page","type-page","status-publish","hentry"],"_links":{"self":[{"href":"https:\/\/www.ufpb.br\/comu\/wp-json\/wp\/v2\/pages\/214","targetHints":{"allow":["GET"]}}],"collection":[{"href":"https:\/\/www.ufpb.br\/comu\/wp-json\/wp\/v2\/pages"}],"about":[{"href":"https:\/\/www.ufpb.br\/comu\/wp-json\/wp\/v2\/types\/page"}],"author":[{"embeddable":true,"href":"https:\/\/www.ufpb.br\/comu\/wp-json\/wp\/v2\/users\/236"}],"replies":[{"embeddable":true,"href":"https:\/\/www.ufpb.br\/comu\/wp-json\/wp\/v2\/comments?post=214"}],"version-history":[{"count":50,"href":"https:\/\/www.ufpb.br\/comu\/wp-json\/wp\/v2\/pages\/214\/revisions"}],"predecessor-version":[{"id":1380,"href":"https:\/\/www.ufpb.br\/comu\/wp-json\/wp\/v2\/pages\/214\/revisions\/1380"}],"wp:attachment":[{"href":"https:\/\/www.ufpb.br\/comu\/wp-json\/wp\/v2\/media?parent=214"}],"curies":[{"name":"wp","href":"https:\/\/api.w.org\/{rel}","templated":true}]}}