{"id":290,"date":"2025-09-08T16:47:08","date_gmt":"2025-09-08T19:47:08","guid":{"rendered":"https:\/\/www.ufpb.br\/comu\/?page_id=290"},"modified":"2025-12-18T11:14:38","modified_gmt":"2025-12-18T14:14:38","slug":"composicoes-anteriores-da-cg-comu","status":"publish","type":"page","link":"https:\/\/www.ufpb.br\/comu\/cg-comu\/composicoes-anteriores-da-cg-comu\/","title":{"rendered":"Composi\u00e7\u00f5es anteriores da CG-CoMu"},"content":{"rendered":"\n<figure class=\"wp-block-image size-full\"><img loading=\"lazy\" decoding=\"async\" width=\"759\" height=\"57\" src=\"http:\/\/www.ufpb.br\/comu\/wp-content\/uploads\/sites\/79\/sites\/269\/2025\/12\/Captura-de-tela-2025-12-17-002201.png\" alt=\"\" class=\"wp-image-903\" srcset=\"https:\/\/www.ufpb.br\/comu\/wp-content\/uploads\/sites\/79\/sites\/269\/2025\/12\/Captura-de-tela-2025-12-17-002201.png 759w, https:\/\/www.ufpb.br\/comu\/wp-content\/uploads\/sites\/79\/sites\/269\/2025\/12\/Captura-de-tela-2025-12-17-002201-300x23.png 300w\" sizes=\"auto, (max-width: 759px) 100vw, 759px\" \/><\/figure>\n\n\n\n<p><strong>Presidenta da CG-CoMu (Coordena\u00e7\u00e3o da CoMu)<\/strong>:<\/p>\n\n\n\n<p><strong>(Jan.-dez\/2025)<\/strong><\/p>\n\n\n\n<p><strong>Titular: <\/strong>Val\u00e9ria Machado Rufino (jan.2025 \u2013 nov.2025)&nbsp;<\/p>\n\n\n\n<p><strong>Suplente: <\/strong>Maria Lourdes Teixeira da Silva (jan.2025 \u2013 nov.2025)<\/p>\n\n\n\n<p><strong>(no.\/2025 a janz\/2025)<\/strong><\/p>\n\n\n\n<p><strong>Titular:<\/strong> Lis Carolinne Lemos (nov.2023 \u2013 jan.2025)<\/p>\n\n\n\n<p><strong>Suplente: <\/strong>N\u00edvia Cristiane Pereira da Silva: (nov.2023 \u2013 jan.2025)<\/p>\n\n\n\n<p><strong>Representante eleita das discentes da UFPB<\/strong>:<\/p>\n\n\n\n<p><strong>Titular:<\/strong> Camila Freitas Farias (nov.2023 \u2013 nov.2025)<\/p>\n\n\n\n<p><strong>Suplente:<\/strong> Maria Izabel Galdino dos Santos (nov.2023 \u2013 nov.2025)<\/p>\n\n\n\n<p><strong>Representante eleita das docentes da UFPB:<\/strong><\/p>\n\n\n\n<p><strong>Titular:<\/strong> Josineide da Silva Bezerra (nov.2023 \u2013 nov.2025)<\/p>\n\n\n\n<p><strong>Suplente: <\/strong>Michele Guerreiro Ferreira (nov.2023 \u2013 nov.2025)<\/p>\n\n\n\n<p><strong>Representante das servidoras t\u00e9cnico-administrativas da UFPB<\/strong>:<\/p>\n\n\n\n<p><strong>Titular:<\/strong> Tain\u00e1 Amaral Barreto (nov.2023 \u2013 nov.2025)<\/p>\n\n\n\n<p><strong>Suplente:<\/strong> Camylla Ten\u00f3rio Barros (nov.2023 \u2013 nov.2025)<\/p>\n\n\n\n<p><strong>Representante do F\u00f3rum de Mulheres em Luta da UFPB:<\/strong><\/p>\n\n\n\n<p><strong>Titular:<\/strong> Sheila Costa de Farias (mar\u00e7o \u2013 nov.2025)<\/p>\n\n\n\n<p><strong>Suplente: <\/strong>N\u00edvia Cristiane Pereira da Silva (mar\u00e7o \u2013 nov.2025)<\/p>\n\n\n\n<p><strong>(anterior)<\/strong>&nbsp;<\/p>\n\n\n\n<p><strong>Titular:<\/strong> Tatyane Guimar\u00e3es Oliveira (nov.2023 \u2013 ago.2024)<\/p>\n\n\n\n<p><strong>Suplente: <\/strong>Val\u00e9ria Machado Rufino (nov.2023 \u2013 dez.2024)<\/p>\n\n\n\n<p><strong>Representante do F\u00f3rum de Mulheres em Luta da UFPB<\/strong>:<\/p>\n\n\n\n<p><strong>Titular:<\/strong> Gisele De Castro Menezes (nov.2023 \u2013 nov.2025)<\/p>\n\n\n\n<p><strong>Suplente:<\/strong> Janielle Silva Carneiro (nov.2023 \u2013 nov.2025)<\/p>\n\n\n\n<p><strong>Representante da PRAPE<\/strong>:<\/p>\n\n\n\n<p><strong>Titular:<\/strong> Natalia Lins Pequeno de Assis (nov.2023 \u2013 nov.2025)<\/p>\n\n\n\n<p><strong>Suplente:<\/strong> Eliane Menezes Serafim (nov.2023 \u2013 nov.2025)<\/p>\n\n\n\n<p><strong>Representante da PROGEP<\/strong>:<\/p>\n\n\n\n<p><strong>Titular:<\/strong> Jannine Jolanda Ara\u00fajo Diniz (nov.2023 \u2013 nov.2025)<\/p>\n\n\n\n<p><strong>Suplente:<\/strong> Helena Cristina Nunes de Andrade (nov.2023 \u2013 nov.2025)<\/p>\n\n\n\n<p><strong>Representante da Corregedoria:<\/strong><\/p>\n\n\n\n<p><strong>Titular: <\/strong>Nayanna Morais Dias&nbsp; (nov.2023 \u2013 ago.2025)<\/p>\n\n\n\n<p><strong>Suplente:<\/strong> &#8212;&#8212;&nbsp;<\/p>\n\n\n\n<p><\/p>\n\n\n\n<p><\/p>\n\n\n\n<figure class=\"wp-block-image size-full\"><img loading=\"lazy\" decoding=\"async\" width=\"762\" height=\"57\" src=\"http:\/\/www.ufpb.br\/comu\/wp-content\/uploads\/sites\/79\/sites\/269\/2025\/12\/Captura-de-tela-2025-12-17-002530.png\" alt=\"\" class=\"wp-image-904\" srcset=\"https:\/\/www.ufpb.br\/comu\/wp-content\/uploads\/sites\/79\/sites\/269\/2025\/12\/Captura-de-tela-2025-12-17-002530.png 762w, https:\/\/www.ufpb.br\/comu\/wp-content\/uploads\/sites\/79\/sites\/269\/2025\/12\/Captura-de-tela-2025-12-17-002530-300x22.png 300w\" sizes=\"auto, (max-width: 762px) 100vw, 762px\" \/><\/figure>\n\n\n\n<p><\/p>\n\n\n\n<p><strong>Presidenta da \/CG-CoMu (Coordena\u00e7\u00e3o da CoMu)<\/strong>:<\/p>\n\n\n\n<p><strong><mark style=\"background-color:#ffffff\" class=\"has-inline-color has-vivid-cyan-blue-color\">(nov.2021 \u2013 jan.2023)<\/mark><\/strong><\/p>\n\n\n\n<p><strong>Titular: <\/strong>Val\u00e9ria Machado Rufino (nov.2021 \u2013 jan.2023)&nbsp;<\/p>\n\n\n\n<p><strong>Suplente: <\/strong>Lis Carolinne Lemos (nov.2021 \u2013 jan.2023)<\/p>\n\n\n\n<p><strong><mark style=\"background-color:#ffffff\" class=\"has-inline-color has-vivid-cyan-blue-color\">(jan.2023 \u2013 nov.2023)&nbsp;<\/mark><\/strong><\/p>\n\n\n\n<p><strong>Titular: <\/strong>Lis Carolinne Lemos (jan.2023 \u2013 nov.2023)&nbsp;<\/p>\n\n\n\n<p><strong>Suplente: <\/strong>N\u00edvia Cristiane Pereira da Silva (jan.2023 \u2013 nov.2023)<\/p>\n\n\n\n<p><strong>Representante eleita das discentes da UFPB<\/strong>:<\/p>\n\n\n\n<p><strong>Titular:<\/strong> Jade Mariam Carvalho Silva Vaccar (nov.2021 \u2013 nov.2023)<\/p>\n\n\n\n<p><strong>Suplente:<\/strong> Anna Carolina Porto Gomes (nov.2021 \u2013 nov.2023)<\/p>\n\n\n\n<p><strong>Representante eleita das docentes da UFPB:<\/strong><\/p>\n\n\n\n<p><strong>Titular:<\/strong> Josineide da Silva Bezerra (nov.2021 \u2013 nov.2023)<\/p>\n\n\n\n<p><strong>Suplente: <\/strong>Sheila Costa de Farias (nov.2021 \u2013 nov.2023)<\/p>\n\n\n\n<p><strong>Representante das servidoras t\u00e9cnico-administrativas da UFPB<\/strong>:<\/p>\n\n\n\n<p><strong>Titular:<\/strong> Maria de Lourdes Teixeira da Silva (nov.2021 \u2013 nov.2023)<\/p>\n\n\n\n<p><strong>Suplente:<\/strong> Cleyciane Cassia Moreira Pereira (nov.2021 \u2013 nov.2023)<\/p>\n\n\n\n<p><strong>Representante do F\u00f3rum de Mulheres em Luta da UFPB:<\/strong><\/p>\n\n\n\n<p><strong>Titular:<\/strong> Franciane Concei\u00e7\u00e3o da Silva (nov.2021 \u2013 nov.2023)<\/p>\n\n\n\n<p><strong>Suplente: <\/strong>Margarete Almeida Nepomuceno (nov.2021 \u2013 nov.2023)<\/p>\n\n\n\n<p><strong>Representante do F\u00f3rum de Mulheres em Luta da UFPB<\/strong>:<\/p>\n\n\n\n<p><strong>Titular:<\/strong> Maria Raiane Silva de Mendon\u00e7a (nov.2021 \u2013 nov.2023)<\/p>\n\n\n\n<p><strong>Suplente:<\/strong> N\u00edvia Cristiane Pereira da Silva (nov.2021 \u2013 jan.2023)<\/p>\n\n\n\n<p><strong>Representante da PRAPE<\/strong>:<\/p>\n\n\n\n<p><strong>Titular:<\/strong> Amanda de Aquino Sousa (nov.2021 \u2013 nov.2023)<\/p>\n\n\n\n<p><strong>Suplente:<\/strong> Gabrielly Belmont de Brito Lima Arag\u00e3o (nov.2021 \u2013 nov.2023)<\/p>\n\n\n\n<p><strong>Representante da PROGEP<\/strong>:<\/p>\n\n\n\n<p><strong>Titular:<\/strong> Valqu\u00edria Villas Franco da Silva (nov.2021 \u2013 nov.2023)<\/p>\n\n\n\n<p><strong>Suplente:<\/strong> Tatiana Adriano de Oliveira Reitz (nov.2021 \u2013 nov.2023)<\/p>\n\n\n\n<p><strong>Representante da Corregedoria:<\/strong><\/p>\n\n\n\n<p><strong>Titular:<\/strong> Luiza Rosa Barbosa de Lima &nbsp;(nov.2021 \u2013 nov.2023)<\/p>\n\n\n\n<p><strong>Suplente:<\/strong> Rhaysa de P\u00e1dua Barbosa Falc\u00e3o de Albuquerque (nov.2021 \u2013 nov.2023)<\/p>\n\n\n\n<p><\/p>\n\n\n\n<p><\/p>\n\n\n\n<p><\/p>\n\n\n\n<p><\/p>\n\n\n\n<p><\/p>\n\n\n\n<h2 class=\"wp-block-heading\"><div class=\"linha-header\"><\/div><\/h2>\n\n\n\n<figure class=\"wp-block-image size-full\"><img loading=\"lazy\" decoding=\"async\" width=\"767\" height=\"62\" src=\"http:\/\/www.ufpb.br\/comu\/wp-content\/uploads\/sites\/79\/sites\/269\/2025\/12\/Captura-de-tela-2025-12-17-002859.png\" alt=\"\" class=\"wp-image-905\" srcset=\"https:\/\/www.ufpb.br\/comu\/wp-content\/uploads\/sites\/79\/sites\/269\/2025\/12\/Captura-de-tela-2025-12-17-002859.png 767w, https:\/\/www.ufpb.br\/comu\/wp-content\/uploads\/sites\/79\/sites\/269\/2025\/12\/Captura-de-tela-2025-12-17-002859-300x24.png 300w\" sizes=\"auto, (max-width: 767px) 100vw, 767px\" \/><\/figure>\n\n\n\n<ul class=\"wp-block-list\">\n<li><strong>A elei\u00e7\u00e3o da 1\u00aa CG-CoMu foi em 19 de setembro de 2019, na I Plen\u00e1ria de Mulheres da UFPB. J\u00e1 a posse foi em 25 e 26 de novembro de 2019, no III Semin\u00e1rio Mulheres e Universidade<\/strong>.<\/li>\n<\/ul>\n\n\n\n<p><strong>Presidenta da CG-CoMu (Coordena\u00e7\u00e3o da CoMu)<\/strong>:<\/p>\n\n\n\n<p><strong><mark style=\"background-color:#ffffff\" class=\"has-inline-color has-vivid-cyan-blue-color\">(nov.2019 \u2013 jan.2021)<\/mark><\/strong><\/p>\n\n\n\n<p><strong>Titular: <\/strong>Tatyane Oliveira Guimar\u00e3es (nov.2019 \u2013 jan.2021)<\/p>\n\n\n\n<p><strong>Suplente: <\/strong>Lis Carolinne Lemos (nov.2019 \u2013 jan.2021)<\/p>\n\n\n\n<p><strong><mark style=\"background-color:#ffffff\" class=\"has-inline-color has-vivid-cyan-blue-color\">(jan.2021 \u2013 nov.2021)&nbsp;<\/mark><\/strong><\/p>\n\n\n\n<p><strong>Titular: <\/strong>Val\u00e9ria Machado Rufino (jan.2021 \u2013 nov.2021)&nbsp;<\/p>\n\n\n\n<p><strong>Suplente: <\/strong>Lis Carolinne Lemos (jan.2021 \u2013 nov.2021)<\/p>\n\n\n\n<p><strong>Representante eleita das discentes da UFPB<\/strong>:<\/p>\n\n\n\n<p><strong>Titular:<\/strong>&nbsp; Katarine S. da Silva &nbsp;(nov.2019 \u2013 nov.2021)<\/p>\n\n\n\n<p><strong>Suplente:<\/strong> Ana Margarida Andrade dos Santos (nov.2019 \u2013 nov.2021)<\/p>\n\n\n\n<p><strong>Representante eleita das docentes da UFPB:<\/strong><\/p>\n\n\n\n<p><strong>Titular:<\/strong> N\u00edvia Cristiane Pereira da Silva (nov.2019 \u2013 nov.2021)<\/p>\n\n\n\n<p><strong>Suplente: <\/strong>Gisele de Castro (nov.2019 \u2013 nov.2021)<\/p>\n\n\n\n<p><strong>Representante das servidoras t\u00e9cnico-administrativas da UFPB<\/strong>:<\/p>\n\n\n\n<p><strong>Titular:<\/strong> Maria de Lourdes Teixeira da Silva (nov.2019 \u2013 nov.2021)<\/p>\n\n\n\n<p><strong>Suplente:<\/strong> Raquel Helena Soares (nov.2019 \u2013 nov.2021)<\/p>\n\n\n\n<p><strong>Representante do F\u00f3rum de Mulheres em Luta da UFPB:<\/strong><\/p>\n\n\n\n<p><strong>Titular:<\/strong> Juciane de Gregori (nov.2019 \u2013 nov.2021)<\/p>\n\n\n\n<p><strong>Suplente: <\/strong>Jade Mariam Carvalho (nov.2019 \u2013 nov.2021)<\/p>\n\n\n\n<p><strong>Representante do F\u00f3rum de Mulheres em Luta da UFPB<\/strong>:<\/p>\n\n\n\n<p><strong>Titular:<\/strong> Margarete Almeida Nepomuceno (nov.2019 \u2013 nov.2021)<\/p>\n\n\n\n<p><strong>Suplente:<\/strong> Josineide da Silva Bezerra (nov.2019 \u2013 nov.2021)<\/p>\n\n\n\n<p><strong>Representante da PRAPE<\/strong>:<\/p>\n\n\n\n<p><strong>Titular:<\/strong> Amanda de Aquino Sousa (nov.2019 \u2013 nov.2021)<\/p>\n\n\n\n<p><strong>Suplente:<\/strong> Gabrielly Belmont de Brito Lima Arag\u00e3o (nov.2019 \u2013 nov.2021)<\/p>\n\n\n\n<p><strong>Representante da PROGEP<\/strong>:<\/p>\n\n\n\n<p><strong>Titular:<\/strong> Hannah Karollynne Barbosa Flor\u00eancio (nov.2019 \u2013 nov.2021)<\/p>\n\n\n\n<p><strong>Suplente:<\/strong> Valqu\u00edria Villas Franco da Silva (nov.2019 \u2013 nov.2021)<\/p>\n\n\n\n<p><strong>Representante da Corregedoria:<\/strong><\/p>\n\n\n\n<p><strong>Titular:<\/strong> Luiza Rosa Barbosa de Lima (nov.2019 \u2013 nov.2021)<\/p>\n\n\n\n<p><strong>Suplente:<\/strong> Rhaysa de P\u00e1dua Barbosa Falc\u00e3o de Albuquerque (nov.2019 \u2013 nov.2021)<\/p>\n","protected":false},"excerpt":{"rendered":"<p>Presidenta da CG-CoMu (Coordena\u00e7\u00e3o da CoMu): (Jan.-dez\/2025) Titular: Val\u00e9ria Machado Rufino (jan.2025 \u2013 nov.2025)&nbsp; Suplente: [&hellip;]<\/p>\n","protected":false},"author":236,"featured_media":0,"parent":381,"menu_order":3,"comment_status":"closed","ping_status":"closed","template":"","meta":{"footnotes":""},"class_list":["post-290","page","type-page","status-publish","hentry"],"_links":{"self":[{"href":"https:\/\/www.ufpb.br\/comu\/wp-json\/wp\/v2\/pages\/290","targetHints":{"allow":["GET"]}}],"collection":[{"href":"https:\/\/www.ufpb.br\/comu\/wp-json\/wp\/v2\/pages"}],"about":[{"href":"https:\/\/www.ufpb.br\/comu\/wp-json\/wp\/v2\/types\/page"}],"author":[{"embeddable":true,"href":"https:\/\/www.ufpb.br\/comu\/wp-json\/wp\/v2\/users\/236"}],"replies":[{"embeddable":true,"href":"https:\/\/www.ufpb.br\/comu\/wp-json\/wp\/v2\/comments?post=290"}],"version-history":[{"count":4,"href":"https:\/\/www.ufpb.br\/comu\/wp-json\/wp\/v2\/pages\/290\/revisions"}],"predecessor-version":[{"id":915,"href":"https:\/\/www.ufpb.br\/comu\/wp-json\/wp\/v2\/pages\/290\/revisions\/915"}],"up":[{"embeddable":true,"href":"https:\/\/www.ufpb.br\/comu\/wp-json\/wp\/v2\/pages\/381"}],"wp:attachment":[{"href":"https:\/\/www.ufpb.br\/comu\/wp-json\/wp\/v2\/media?parent=290"}],"curies":[{"name":"wp","href":"https:\/\/api.w.org\/{rel}","templated":true}]}}