{"id":41,"date":"2024-11-11T19:59:40","date_gmt":"2024-11-11T22:59:40","guid":{"rendered":"https:\/\/www.ufpb.br\/corregedoriageral\/?page_id=41"},"modified":"2024-12-11T09:33:00","modified_gmt":"2024-12-11T12:33:00","slug":"pad-rito-sumario","status":"publish","type":"page","link":"https:\/\/www.ufpb.br\/corregedoriageral\/pad-rito-sumario\/","title":{"rendered":"PAD &#8211; Rito Sum\u00e1rio"},"content":{"rendered":"\n<p class=\"has-medium-font-size\"><strong>O que \u00e9? <\/strong><\/p>\n\n\n\n<p>Este rito, n\u00e3o previsto na reda\u00e7\u00e3o original da Lei n\u00ba 8.112\/1990, foi acrescentado pela Lei n\u00ba 9.527\/1997. O procedimento \u00e9 aplic\u00e1vel somente em tr\u00eas situa\u00e7\u00f5es, ou seja, na apura\u00e7\u00e3o de acumula\u00e7\u00e3o ilegal de cargos, de abandono de cargo e de inassiduidade habitual, sendo a todos cab\u00edvel a pena de demiss\u00e3o. A regra geral \u00e9 de que se trata de rito com instru\u00e7\u00e3o c\u00e9lere, sum\u00e1ria, pois visa a apurar casos em que j\u00e1 se tem materialidade pr\u00e9-constitu\u00edda e cujo prazo de apura\u00e7\u00e3o \u00e9 de 30 (trinta) dias, podendo ser prorrogado por mais 15 (quinze) dias.<\/p>\n\n\n\n<p>*Material Elaborado pela Coordena\u00e7\u00e3o de Processos Administrativos da Universidade Federal de Goi\u00e1s (UFG).<\/p>\n\n\n\n<div class=\"wp-block-file\"><a id=\"wp-block-file--media-51854d18-9a13-45bf-80f1-99e85d8e73a2\" href=\"https:\/\/www.ufpb.br\/corregedoriageral\/wp-content\/uploads\/sites\/79\/sites\/232\/2024\/11\/rito_sumario_-_passo_a_passo.png\">PAD &#8211; Rito Sum\u00e1rio &#8211; Passo a passo<\/a><a href=\"https:\/\/www.ufpb.br\/corregedoriageral\/wp-content\/uploads\/sites\/79\/sites\/232\/2024\/11\/rito_sumario_-_passo_a_passo.png\" class=\"wp-block-file__button wp-element-button\" download aria-describedby=\"wp-block-file--media-51854d18-9a13-45bf-80f1-99e85d8e73a2\">Baixar<\/a><\/div>\n\n\n\n<p><\/p>\n\n\n\n<p>Modelos elaborados pela Coordena\u00e7\u00e3o de Processos Administrativos da Universidade Federal de Goi\u00e1s adaptados pela CPPRAD para UFPB.&nbsp;<\/p>\n\n\n\n<p><strong>A1<\/strong>&nbsp;&#8211;&nbsp;<a href=\"http:\/\/plone.ufpb.br\/corregedoriageral\/contents\/documentos\/a1-ata-de-instalacao-sumario.doc\">Ata de INSTALA\u00c7\u00c3O<\/a><\/p>\n\n\n\n<p><strong>A2<\/strong>&nbsp;&#8211;&nbsp;<a href=\"http:\/\/plone.ufpb.br\/corregedoriageral\/contents\/documentos\/a2-portaria-de-designacao-de-secretario-sumario.doc\">Portaria de Designa\u00e7\u00e3o de SECRET\u00c1RIO<\/a><\/p>\n\n\n\n<p><strong>A3<\/strong>&nbsp;&#8211;&nbsp;<a href=\"http:\/\/plone.ufpb.br\/corregedoriageral\/contents\/documentos\/a3-memorando-no001-ao-reitor-instalacao-sumario.doc\">Memorando n\u00ba 001 &#8211; ao REITOR &#8211; Instala\u00e7\u00e3o<\/a><\/p>\n\n\n\n<p><strong>A4<\/strong>&nbsp;&#8211;&nbsp;<a href=\"http:\/\/plone.ufpb.br\/corregedoriageral\/contents\/documentos\/a4-memorando-no002-a-unidade-orgao-instalacao-sumario.doc\">Memorando n\u00ba 002 &#8211; \u00e0 UNIDADE\/\u00d3RG\u00c3O &#8211; Instala\u00e7\u00e3o<\/a><\/p>\n\n\n\n<p><strong>C1<\/strong>&nbsp;&#8211;&nbsp;<a href=\"http:\/\/plone.ufpb.br\/corregedoriageral\/contents\/documentos\/c1-ata-de-deliberacao-sumario.doc\">Ata de Delibera\u00e7\u00e3o&nbsp;<\/a><\/p>\n\n\n\n<p><strong>C2<\/strong>&nbsp;&#8211;&nbsp;<a href=\"http:\/\/plone.ufpb.br\/corregedoriageral\/contents\/documentos\/c2-termo-de-juntada-de-documento-sumario.doc\">Termo de Juntada de Documento<\/a><\/p>\n\n\n\n<p><strong>C3<\/strong>&nbsp;&#8211;&nbsp;<a href=\"http:\/\/plone.ufpb.br\/corregedoriageral\/contents\/documentos\/c3-memorando-prorrogacao-sumario.doc\">Memorando &#8211; Prorroga\u00e7\u00e3o<\/a><\/p>\n\n\n\n<p><strong>C4<\/strong>&nbsp;&#8211;&nbsp;<a href=\"http:\/\/plone.ufpb.br\/corregedoriageral\/contents\/documentos\/c4-memorando-reconducao-sumario.doc\">Memorando &#8211; Recondu\u00e7\u00e3o<\/a><\/p>\n\n\n\n<p><strong>D1<\/strong>&nbsp;&#8211;&nbsp;<a href=\"http:\/\/plone.ufpb.br\/corregedoriageral\/contents\/documentos\/d1-citacao-indiciado-sumario.doc\">Cita\u00e7\u00e3o Indiciado-Acusado<\/a><\/p>\n\n\n\n<p><strong>D2<\/strong>&nbsp;&#8211;&nbsp;<a href=\"http:\/\/plone.ufpb.br\/corregedoriageral\/contents\/documentos\/d2-termo-de-indiciacao-sumario.doc\">Termo de Indicia\u00e7\u00e3o<\/a><\/p>\n\n\n\n<p><strong>D4<\/strong>&nbsp;&#8211;&nbsp;<a href=\"http:\/\/plone.ufpb.br\/corregedoriageral\/contents\/documentos\/d4-memorando-reitor-solicita-publicar-edital-de-citacao-indiciado-nao-encontrado-sumario.doc\">Memorando Reitor &#8211; Solicita publicar edital de cita\u00e7\u00e3o &#8211; Indiciado n\u00e3o encontrado<\/a><\/p>\n\n\n\n<p><strong>D5<\/strong>&nbsp;&#8211;&nbsp;<a href=\"http:\/\/plone.ufpb.br\/corregedoriageral\/contents\/documentos\/d6-termo-de-revelia-sumario.doc\">Edital de Cita\u00e7\u00e3o &#8211; Indiciado n\u00e3o encontrado<\/a><\/p>\n\n\n\n<p><strong>D6<\/strong>&nbsp;&#8211;&nbsp;<a href=\"http:\/\/plone.ufpb.br\/corregedoriageral\/contents\/documentos\/d6-termo-de-revelia-sumario.doc\">Termo de Revelia<\/a><\/p>\n\n\n\n<p><strong>D7<\/strong>&nbsp;&#8211;&nbsp;<a href=\"http:\/\/plone.ufpb.br\/corregedoriageral\/contents\/documentos\/d7-memorando-reitor-solicita-publicar-edital-de-citacao-indiciado-nao-encontrado-sumario.doc\">Memorando Reitor &#8211; Solicita Defensor Dativo para Indiciado n\u00e3o encontrado &#8211; Sem defesa<\/a><\/p>\n\n\n\n<p><strong>DB1<\/strong>&nbsp;&#8211;&nbsp;<a href=\"http:\/\/plone.ufpb.br\/corregedoriageral\/contents\/documentos\/db1-intimacao-testemunha-acusado-sumario.doc\">Intima\u00e7\u00e3o Testemunha-Acusado<\/a><\/p>\n\n\n\n<p><strong>DB2<\/strong>&nbsp;&#8211;&nbsp;<a href=\"http:\/\/plone.ufpb.br\/corregedoriageral\/contents\/documentos\/db2-notificacao-ao-diretor-acusado-sobre-intimacao-acusado-testemunha-sumario.doc\">Notifica\u00e7\u00e3o ao Diretor-Acusado &#8211; Sobre Intima\u00e7\u00e3o Acusado-Testemunha<\/a><\/p>\n\n\n\n<p><strong>DB3<\/strong>&nbsp;&#8211;&nbsp;<a href=\"http:\/\/plone.ufpb.br\/corregedoriageral\/contents\/documentos\/db3-termo-de-depoimento-testemunha-sumario.doc\">Termo de Depoimento &#8211; Testemunha<\/a><\/p>\n\n\n\n<p><strong>DB4<\/strong>&nbsp;&#8211;&nbsp;<a href=\"http:\/\/plone.ufpb.br\/corregedoriageral\/contents\/documentos\/db4-termo-de-depoimento-testemunha-acusado-nao-compareceu-sumario.doc\">Termo de Depoimento &#8211; Testemunha &#8211; Acusado n\u00e3o compareceu<\/a><\/p>\n\n\n\n<p><strong>DB5<\/strong>&nbsp;&#8211;&nbsp;<a href=\"http:\/\/plone.ufpb.br\/corregedoriageral\/contents\/documentos\/db5-termo-de-interrogatorio-nome-acusado-sumario.doc\">Termo de Interrogat\u00f3rio &#8211; Nome Acusado<\/a><\/p>\n\n\n\n<p><strong>DB6<\/strong>&nbsp;&#8211;<a href=\"http:\/\/plone.ufpb.br\/corregedoriageral\/contents\/menu\/pad-rito-sumario\/resolveuid\/20d4be5ffa1c44a087d038e6b0b9fe20\">&nbsp;<\/a><a href=\"http:\/\/plone.ufpb.br\/corregedoriageral\/contents\/documentos\/db6-termo-de-acareacao-testemunhas-sumario.doc\">Termo de Acarea\u00e7\u00e3o &#8211; Testemunhas<\/a><\/p>\n\n\n\n<p><strong>E1<\/strong>&nbsp;&#8211;&nbsp;<a href=\"http:\/\/plone.ufpb.br\/corregedoriageral\/contents\/documentos\/e1-relatorio-final-sumario.doc\">Relat\u00f3rio Final<\/a><\/p>\n\n\n\n<p><strong>MOD1<\/strong>&nbsp;&#8211;&nbsp;<a href=\"http:\/\/plone.ufpb.br\/corregedoriageral\/contents\/documentos\/mod1-roteiro-questoes-depoimentos-testemunhas-sumario.doc\">Roteiro Quest\u00f5es &#8211; Depoimento de Testemunhas<\/a><\/p>\n\n\n\n<p><strong>MOD3<\/strong>&nbsp;&#8211;&nbsp;<a href=\"http:\/\/plone.ufpb.br\/corregedoriageral\/contents\/documentos\/mod3-rito-sumario-procedimentos.doc\">Rito Sum\u00e1rio &#8211; Procedimentos<\/a><\/p>\n","protected":false},"excerpt":{"rendered":"<p>O que \u00e9? Este rito, n\u00e3o previsto na reda\u00e7\u00e3o original da Lei n\u00ba 8.112\/1990, foi [&hellip;]<\/p>\n","protected":false},"author":47,"featured_media":0,"parent":0,"menu_order":0,"comment_status":"closed","ping_status":"closed","template":"","meta":{"footnotes":""},"class_list":["post-41","page","type-page","status-publish","hentry"],"_links":{"self":[{"href":"https:\/\/www.ufpb.br\/corregedoriageral\/wp-json\/wp\/v2\/pages\/41","targetHints":{"allow":["GET"]}}],"collection":[{"href":"https:\/\/www.ufpb.br\/corregedoriageral\/wp-json\/wp\/v2\/pages"}],"about":[{"href":"https:\/\/www.ufpb.br\/corregedoriageral\/wp-json\/wp\/v2\/types\/page"}],"author":[{"embeddable":true,"href":"https:\/\/www.ufpb.br\/corregedoriageral\/wp-json\/wp\/v2\/users\/47"}],"replies":[{"embeddable":true,"href":"https:\/\/www.ufpb.br\/corregedoriageral\/wp-json\/wp\/v2\/comments?post=41"}],"version-history":[{"count":4,"href":"https:\/\/www.ufpb.br\/corregedoriageral\/wp-json\/wp\/v2\/pages\/41\/revisions"}],"predecessor-version":[{"id":51,"href":"https:\/\/www.ufpb.br\/corregedoriageral\/wp-json\/wp\/v2\/pages\/41\/revisions\/51"}],"wp:attachment":[{"href":"https:\/\/www.ufpb.br\/corregedoriageral\/wp-json\/wp\/v2\/media?parent=41"}],"curies":[{"name":"wp","href":"https:\/\/api.w.org\/{rel}","templated":true}]}}