{"id":17,"date":"2025-02-03T14:43:47","date_gmt":"2025-02-03T17:43:47","guid":{"rendered":"https:\/\/www.ufpb.br\/cras\/?page_id=17"},"modified":"2025-08-27T13:28:29","modified_gmt":"2025-08-27T16:28:29","slug":"cadastro","status":"publish","type":"page","link":"https:\/\/www.ufpb.br\/cras\/cadastro\/","title":{"rendered":"Cadastro"},"content":{"rendered":"\n<p><\/p>\n\n\n\n<p>Se voc\u00ea tiver alguma d\u00favida, leia <a href=\"https:\/\/www.ufpb.br\/cras\/perguntas-frequentes\/\">perguntas frequentes<\/a>. <\/p>\n\n\n\n<p>&#8211; O cadastro no CRAS \u00e9 restrito a <strong>DISCENTES<\/strong> (matr\u00edcula ativa) e <strong>SERVIDORES<\/strong> ativos da UFPB que n\u00e3o recebam sa\u00fade suplementar ou sejam benefici\u00e1rios da ASSEFAZ ou GEAP.<\/p>\n\n\n\n<p>&#8211; Ao clicar na \u00edcone acima, voc\u00ea ser\u00e1 encaminhado para um question\u00e1rio.<\/p>\n\n\n\n<p>&#8211; Responda \u00e0s perguntas e anexe os documentos citados abaixo:<\/p>\n\n\n\n<p><strong>RG<\/strong><\/p>\n\n\n\n<p><strong>CPF<\/strong><\/p>\n\n\n\n<p><strong>Atestado de matr\u00edcula atualizado <\/strong><strong>(discente)<\/strong> <strong>e<\/strong> <strong>comprovante de aux\u00edlio estudantil* (discente assistido pela Prape)<\/strong><\/p>\n\n\n\n<p><strong>C\u00f3pia do \u00faltimo contracheque&nbsp;(servidores ativos)<\/strong><\/p>\n\n\n\n<p>* o comprovante de aux\u00edlio estudantil n\u00e3o \u00e9 obrigat\u00f3rio.<\/p>\n\n\n\n<p class=\"has-text-align-center\"><\/p>\n\n\n\n<p>Veja aqui nossa <a href=\"https:\/\/www.ufpb.br\/cras\/wp-content\/uploads\/sites\/79\/sites\/251\/2025\/07\/anexo-2_carta-de-servico-25.6.pdf\">CARTA DE SERVI\u00c7OS<\/a> e tamb\u00e9m o <a href=\"https:\/\/www.ufpb.br\/cras\/wp-content\/uploads\/sites\/79\/sites\/251\/2025\/07\/anexo-10_fluxos-de-atendimento-do-cras.pdf\">FLUXO DE ATENDIMENTO<\/a>!<\/p>\n\n\n\n<p class=\"has-text-align-center\"><strong>&nbsp;<\/strong><\/p>\n\n\n\n<figure class=\"wp-block-table\"><table class=\"has-fixed-layout\"><tbody><tr><td class=\"has-text-align-center\" data-align=\"center\"><a href=\"https:\/\/docs.google.com\/forms\/d\/e\/1FAIpQLSfCqXtKSfPir3nC7Def_ev0JymQA18LAGrDtlFbjZNJdfecZw\/viewform?usp=header\"><img loading=\"lazy\" decoding=\"async\" width=\"512\" height=\"512\" class=\"wp-image-76\" style=\"width: 100px\" src=\"http:\/\/www.ufpb.br\/cras\/wp-content\/uploads\/sites\/79\/sites\/251\/2025\/02\/resume_7891720.png\" alt=\"\" srcset=\"https:\/\/www.ufpb.br\/cras\/wp-content\/uploads\/sites\/79\/sites\/251\/2025\/02\/resume_7891720.png 512w, https:\/\/www.ufpb.br\/cras\/wp-content\/uploads\/sites\/79\/sites\/251\/2025\/02\/resume_7891720-300x300.png 300w, https:\/\/www.ufpb.br\/cras\/wp-content\/uploads\/sites\/79\/sites\/251\/2025\/02\/resume_7891720-150x150.png 150w\" sizes=\"auto, (max-width: 512px) 100vw, 512px\" \/><\/a><br><\/td><td class=\"has-text-align-center\" data-align=\"center\"><a href=\"http:\/\/forms.gle\/JChwsMXjQTMzLbnM7\"><\/a><br><a href=\"https:\/\/docs.google.com\/forms\/d\/e\/1FAIpQLSfCqXtKSfPir3nC7Def_ev0JymQA18LAGrDtlFbjZNJdfecZw\/viewform?usp=header\">Formul\u00e1rio de cadastro CRAS<\/a><br><\/td><\/tr><\/tbody><\/table><\/figure>\n\n\n\n<p><\/p>\n","protected":false},"excerpt":{"rendered":"<p>Se voc\u00ea tiver alguma d\u00favida, leia perguntas frequentes. &#8211; O cadastro no CRAS \u00e9 restrito a DISCENTES (matr\u00edcula ativa) e SERVIDORES ativos da UFPB que n\u00e3o recebam sa\u00fade suplementar ou sejam benefici\u00e1rios da ASSEFAZ ou GEAP. &#8211; Ao clicar na \u00edcone acima, voc\u00ea ser\u00e1 encaminhado para um question\u00e1rio. &#8211; Responda \u00e0s perguntas e anexe os [&hellip;]<\/p>\n","protected":false},"author":47,"featured_media":0,"parent":0,"menu_order":0,"comment_status":"closed","ping_status":"closed","template":"","meta":{"footnotes":""},"class_list":["post-17","page","type-page","status-publish","hentry"],"_links":{"self":[{"href":"https:\/\/www.ufpb.br\/cras\/wp-json\/wp\/v2\/pages\/17","targetHints":{"allow":["GET"]}}],"collection":[{"href":"https:\/\/www.ufpb.br\/cras\/wp-json\/wp\/v2\/pages"}],"about":[{"href":"https:\/\/www.ufpb.br\/cras\/wp-json\/wp\/v2\/types\/page"}],"author":[{"embeddable":true,"href":"https:\/\/www.ufpb.br\/cras\/wp-json\/wp\/v2\/users\/47"}],"replies":[{"embeddable":true,"href":"https:\/\/www.ufpb.br\/cras\/wp-json\/wp\/v2\/comments?post=17"}],"version-history":[{"count":25,"href":"https:\/\/www.ufpb.br\/cras\/wp-json\/wp\/v2\/pages\/17\/revisions"}],"predecessor-version":[{"id":714,"href":"https:\/\/www.ufpb.br\/cras\/wp-json\/wp\/v2\/pages\/17\/revisions\/714"}],"wp:attachment":[{"href":"https:\/\/www.ufpb.br\/cras\/wp-json\/wp\/v2\/media?parent=17"}],"curies":[{"name":"wp","href":"https:\/\/api.w.org\/{rel}","templated":true}]}}