{"id":1882,"date":"2024-10-31T18:26:50","date_gmt":"2024-10-31T21:26:50","guid":{"rendered":"https:\/\/www.ufpb.br\/efopli2\/?page_id=1882"},"modified":"2024-11-06T16:03:40","modified_gmt":"2024-11-06T19:03:40","slug":"podcast-efopli-connects","status":"publish","type":"page","link":"https:\/\/www.ufpb.br\/efopli\/podcast-efopli-connects\/","title":{"rendered":"Podcast EFOPLI Connects"},"content":{"rendered":"\n<p>Em 2020, o Programa EFOPLI lan\u00e7ou o <em>EFOPLI Connects<\/em>, um podcast criado para fortalecer a comunica\u00e7\u00e3o e o suporte a professores de ingl\u00eas. O canal \u00e9 uma ferramenta digital que oferece conte\u00fados educativos e discuss\u00f5es relevantes ao ensino de idiomas, trazendo epis\u00f3dios com tem\u00e1ticas variadas, como metodologias, novas pr\u00e1ticas e desafios da sala de aula.<\/p>\n\n\n<div class=\"wp-block-image\">\n<figure class=\"aligncenter size-large\"><img loading=\"lazy\" decoding=\"async\" width=\"1024\" height=\"327\" src=\"http:\/\/www.ufpb.br\/efopli2\/wp-content\/uploads\/sites\/122\/sites\/206\/2024\/10\/efopli-connects-3-1024x327.png\" alt=\"\" class=\"wp-image-1345\" srcset=\"https:\/\/www.ufpb.br\/efopli\/wp-content\/uploads\/sites\/122\/sites\/206\/2024\/10\/efopli-connects-3-1024x327.png 1024w, https:\/\/www.ufpb.br\/efopli\/wp-content\/uploads\/sites\/122\/sites\/206\/2024\/10\/efopli-connects-3-300x96.png 300w, https:\/\/www.ufpb.br\/efopli\/wp-content\/uploads\/sites\/122\/sites\/206\/2024\/10\/efopli-connects-3-768x245.png 768w, https:\/\/www.ufpb.br\/efopli\/wp-content\/uploads\/sites\/122\/sites\/206\/2024\/10\/efopli-connects-3-1536x490.png 1536w, https:\/\/www.ufpb.br\/efopli\/wp-content\/uploads\/sites\/122\/sites\/206\/2024\/10\/efopli-connects-3.png 1888w\" sizes=\"auto, (max-width: 1024px) 100vw, 1024px\" \/><figcaption class=\"wp-element-caption\"><em>Registro da grava\u00e7\u00e3o do epis\u00f3dio 5: o coordenador do podcast, Thiago Costa, entrevista as Professoras Bet\u00e2nia Medrado e Rosycl\u00e9a Dantas<\/em> <em>sobre o Educa\u00e7\u00e3o Inclusiva.<\/em><\/figcaption><\/figure>\n<\/div>\n\n\n<p>Organizado pelo projeto Saber Conectado, a iniciativa \u00e9 fruto da parceria de tr\u00eas departamentos do CCHLA\/UFPB: o Departamento de Letras Estrangeiras Modernas (DLEM), o Departamento de M\u00eddias Digitais (DEMID) e o Departamento de Media\u00e7\u00f5es Interculturais (DMI). O <em>EFOPLI Connects<\/em> visa conectar educadores, facilitando o acesso a recursos e debates atuais que contribuem para a capacita\u00e7\u00e3o cont\u00ednua e o desenvolvimento profissional de professores.<\/p>\n\n\n\n<div class=\"wp-block-buttons is-layout-flex wp-block-buttons-is-layout-flex\">\n<div class=\"wp-block-button has-custom-width wp-block-button__width-50 has-custom-font-size is-style-fill has-medium-font-size\"><a class=\"wp-block-button__link has-white-color has-vivid-green-cyan-background-color has-text-color has-background has-link-color has-text-align-center wp-element-button\" href=\"https:\/\/podcasters.spotify.com\/pod\/show\/efopli\/episodes\/Apresentao_EFOPLI-Connects-eb5ar8\" style=\"border-radius:100px\" target=\"_blank\" rel=\"noreferrer noopener\">   Escute aqui <\/a><\/div>\n<\/div>\n\n\n\n<p>O material complementar relacionados \u00e0s entrevistas podem ser encontrados em nossa p\u00e1gina na aba <a href=\"https:\/\/www.ufpb.br\/efopli2\/material\/\">Material<\/a>.<\/p>\n\n\n\n<p><strong>Abaixo, lista de epis\u00f3dios da temporada 2020 e 2021:<\/strong><\/p>\n\n\n\n<h2 class=\"wp-block-heading\">2020<\/h2>\n\n\n\n<p>14\/04\/2020<br><strong>Apresenta\u00e7\u00e3o_EFOPLI Connects<\/strong><\/p>\n\n\n\n<p>14\/04\/2020<br><strong>Ep. piloto_Panorama do Programa EFOPLI_Professora Mariana P\u00e9rez<\/strong><br>Neste epis\u00f3dio piloto, o podcast EFOPLI connects conversa com a Professora Mariana P\u00e9rez, que diretamente da cidade de Quebec no Canad\u00e1, conta um pouco sobre a cria\u00e7\u00e3o e os objetivos do Programa de Extens\u00e3o EFOPLI.<br>Ficha t\u00e9cnica &#8211; Roteiro: Thiago Costa; Grava\u00e7\u00e3o: Mosar Nogueira; Edi\u00e7\u00e3o de \u00e1udio: Pedro Caldas.<\/p>\n\n\n\n<p>28\/04\/2020<br><strong>Ep. 02_Ensino de ingl\u00eas a dist\u00e2ncia_Professor Alberto Costa<\/strong><br>Neste epis\u00f3dio, o podcast EFOPLI Connects traz, diretamente de S\u00e3o Paulo, o Professor Alberto Costa da Cambridge Assessment English Americas, parceiro e colaborador do Programa EFOPLI, que conversa um pouco sobre um tema bem importante para os nossos professores: o ensino de l\u00edngua estrangeira na modalidade a dist\u00e2ncia. ** Ficha t\u00e9cnica &#8211; Roteiro: Thiago Costa; Edi\u00e7\u00e3o de \u00e1udio: Pedro Caldas.<\/p>\n\n\n\n<p>12\/05\/2020<br><strong>Ep. 03_Os desafios do ensino remoto_Professora Tyna Jacob<\/strong><br>Neste epis\u00f3dio, o podcast EFOPLI Connects conversa com a professora Tyna Jacob, colaboradora do Programa EFOPLI, sobre os desafios do ensino remoto em tempos de distanciamento social. ** Ficha t\u00e9cnica &#8211; Roteiro: Thiago Costa, Mariana P\u00e9rez e Rafaela Sousa; Edi\u00e7\u00e3o de \u00e1udio: Pedro Caldas.<\/p>\n\n\n\n<p>26\/05\/2020<br><strong>Ep. 04_O agir docente a dist\u00e2ncia_Professora Gerthrudes Ara\u00fajo<\/strong><br>Neste epis\u00f3dio, o podcast EFOPLI Connects conversa com a professora Gerthrudes Ara\u00fajo, do IFPB Campus Itabaiana, colaboradora do Programa EFOPLI, sobre a reconfigura\u00e7\u00e3o do agir docente em tempos de pandemia. ** Ficha t\u00e9cnica &#8211; Roteiro: Thiago Costa e Mariana P\u00e9rez; Edi\u00e7\u00e3o de \u00e1udio: Pedro Caldas<\/p>\n\n\n\n<p>09\/06\/2020<br><strong>Ep. 05_Educa\u00e7\u00e3o inclusiva_Professoras Bet\u00e2nia Medrado e Rosycl\u00e9a Dantas<\/strong><br>Neste quinto epis\u00f3dio, o host do EFOPLI Connects conversa com as Professoras Bet\u00e2nia Medrado (UFPB) e Rosycl\u00e9a Dantas (UFAL), eventuais colaboradoras do Programa EFOPLI, sobre &#8220;Educa\u00e7\u00e3o Inclusiva&#8221;. ** Ficha t\u00e9cnica &#8211; Roteiro: Thiago Costa e Mariana P\u00e9rez; Grava\u00e7\u00e3o em est\u00fadio: Mosar Nogueira; Grava\u00e7\u00e3o remota: Thiago Costa; Edi\u00e7\u00e3o de \u00e1udios: Pedro Caldas.<\/p>\n\n\n\n<p>23\/06\/2020<br><strong>Ep. 06_O bem-estar docente_Professor Fernando Guarany<\/strong><br>No sexto epis\u00f3dio do EFOPLI Connects, nosso host conversa com o Professor Fernando Guarany (https:\/\/fernandoguarany.com.br), parceiro e colaborador do Programa EFOPLI, sobre &#8220;Bem-Estar Docente&#8221;. ** Ficha t\u00e9cnica &#8211; Roteiro: Thiago Costa, Mariana P\u00e9rez e Rafaela Sousa; Grava\u00e7\u00e3o remota: Thiago Costa; Edi\u00e7\u00e3o de \u00e1udios: Pedro Caldas.<\/p>\n\n\n\n<p>07\/07\/2020<br><strong>Ep. 07_Tecnologias digitais e ensino_Professora Ana Elisa Ribeiro<\/strong><br>O epis\u00f3dio sete do EFOPLI Connects apresenta a professora Ana Elisa Ribeiro (https:\/\/www.instagram.com\/anadigital), do Centro Federal de Educa\u00e7\u00e3o Tecnol\u00f3gica de Minas Gerais \u2013 CEFET-MG. A conversa com o nosso host trouxe a tem\u00e1tica das &#8220;Tecnologias Digitais e o atual contexto educacional&#8221;, explorando entre outros temas a problem\u00e1tica do conceito de nativo digital, termo recorrente que caracteriza o indiv\u00edduo que nasce na era digital e teria facilidade de entender e interagir com as novidades da tecnologia. ** Ficha t\u00e9cnica &#8211; Roteiro: Thiago Costa, Rafaela Sousa e Mariana P\u00e9rez; Grava\u00e7\u00e3o remota: Thiago Costa; Edi\u00e7\u00e3o de \u00e1udios: Pedro Caldas.<\/p>\n\n\n\n<p>21\/07\/2020<br><strong>Ep. 08_Os TCTs (BNCC)_Professores Emny Sousa-Bernini e Gualberto Praxedes<\/strong><br>Neste oitavo epis\u00f3dio, o host do EFOPLI Connects conversa com a Professora Emny Sousa-Bernini (IFPB Campus Sousa) e com o Professor Gualberto Praxedes (UFPB Campus Bananeiras) sobre como os professores podem abordar os Temas Contempor\u00e2neos Transversais (TCTs), propostos pela BNCC, em sala de aula. ** Ficha t\u00e9cnica &#8211; Roteiro: Thiago Costa, Rafaela Sousa e Mariana P\u00e9rez; Grava\u00e7\u00e3o remota: Thiago Costa; Edi\u00e7\u00e3o de \u00e1udios: Pedro Caldas.<\/p>\n\n\n\n<p>04\/08\/2020<br><strong>Ep. 09_Ensino de ingl\u00eas para a terceira idade_Professora Karyne Soares<\/strong><br>O nono epis\u00f3dio do EFOPLI Connects apresenta a professora Karyne Soares, da Universidade Estadual da Para\u00edba (UEPB) &#8211; Campus de Campina Grande. A pauta da conversa com o nosso host girou em torno do ensino de ingl\u00eas como l\u00edngua estrangeira para a terceira idade. ** Ficha t\u00e9cnica &#8211; Roteiro: Thiago Costa, Mariana P\u00e9rez e Rafaela Sousa; Grava\u00e7\u00e3o remota: Thiago Costa; Edi\u00e7\u00e3o de \u00e1udios: Pedro Caldas.<\/p>\n\n\n\n<p>18\/08\/2020<br><strong>Ep. 10_Bilinguismo, biculturalismo e biletramento_Professor Joelton Duarte<\/strong><br>O d\u00e9cimo epis\u00f3dio do EFOPLI Connects apresenta o professor Joelton Duarte, l\u00edder do Grupo de Estudos sobre Bilinguismo (GESB &#8211; https:\/\/www.instagram.com\/gesb_ufape\/) &#8211; da Universidade Federal do Agreste de Pernambuco (UFAPE), na cidade de Garanhuns, PE. A conversa com o nosso host trouxe tr\u00eas temas bem importantes: bilinguismo, biculturalismo e biletramento. ** Ficha t\u00e9cnica &#8211; Roteiro: Thiago Costa, Mariana P\u00e9rez e Rafaela Sousa; Grava\u00e7\u00e3o remota: Thiago Costa; Edi\u00e7\u00e3o de \u00e1udios: Pedro Caldas.<\/p>\n\n\n\n<p>01\/09\/2020<br><strong>Ep. 11_Internacionaliza\u00e7\u00e3o do ensino superior_Professora Beatriz Gama<\/strong><br>O d\u00e9cimo epis\u00f3dio do EFOPLI Connects apresenta o professor Joelton Duarte, l\u00edder do Grupo de Estudos sobre Bilinguismo (GESB &#8211; https:\/\/www.instagram.com\/gesb_ufape\/) &#8211; da Universidade Federal do Agreste de Pernambuco (UFAPE), na cidade de Garanhuns, PE. A conversa com o nosso host trouxe tr\u00eas temas bem importantes: bilinguismo, biculturalismo e biletramento. ** Ficha t\u00e9cnica &#8211; Roteiro: Thiago Costa, Mariana P\u00e9rez e Rafaela Sousa; Grava\u00e7\u00e3o remota: Thiago Costa; Edi\u00e7\u00e3o de \u00e1udios: Pedro Caldas.<\/p>\n\n\n\n<p>15\/09\/2020<br><strong>Ep 12_A hist\u00f3ria do ensino de ingl\u00eas no Brasil_Professores Elaine Santos e Rodrigo Belfort<\/strong><br>No epis\u00f3dio doze, o host do EFOPLI Connects conversa com os professores da Universidade Federal de Sergipe (UFS), Elaine Santos e Rodrigo Belfort, sobre a hist\u00f3ria do ensino da l\u00edngua inglesa no Brasil. ** Ficha t\u00e9cnica &#8211; Roteiro: Mariana P\u00e9rez, Thiago Costa e Rafaela Sousa; Grava\u00e7\u00e3o remota: Thiago Costa; Edi\u00e7\u00e3o de \u00e1udios: Pedro Caldas.<\/p>\n\n\n\n<p>29\/09\/2020<br><strong>Ep. 13_EMI_Julianne Hammink, English Language Specialist<\/strong><br>On the 13th episode, our host invited the English Language Specialist Julianne Hammink, from the Center for English as a Second Language (https:\/\/cesl.arizona.edu\/) at the University of Arizona, to talk about English as a Medium of Instruction (EMI) and Open Educational Resources (OERs). ** Datasheet &#8211; Script: Thiago Costa, Mariana P\u00e9rez and Rafaela Sousa; Remote recording: Thiago Costa; Editing: Pedro Caldas.<\/p>\n\n\n\n<p>13\/10\/2020<br><strong>Ep. 14_O g\u00eanero liter\u00e1rio cli-fi_Professor Su\u00eanio Stevenson<\/strong><br>No epis\u00f3dio 14, a conversa tem como tema central o g\u00eanero liter\u00e1rio Climate Change Fiction (Cli-Fi). E quem conversa com o host do EFOPLI Connects, sobre essa tem\u00e1tica da ecocr\u00edtica, \u00e9 o professor Su\u00eanio Stevenson, da Universidade Federal de Campina Grande. ** Ficha t\u00e9cnica &#8211; Roteiro: Thiago Costa, Mariana P\u00e9rez e Rafaela Sousa; Edi\u00e7\u00e3o de \u00e1udio: Pedro Caldas.<\/p>\n\n\n\n<p>27\/10\/2020<br><strong>Ep. 15_Sem\u00e2ntica e o ensino de l\u00ednguas_Professora M\u00f4nica Ferraz<\/strong><br>Neste epis\u00f3dio, o host do Podcast EFOPLI Connects conversa com a l\u00edder do Grupo de Pesquisa em Sem\u00e2ntica, Ensino e L\u00e9xico (G_SEL &#8211; http:\/\/bit.ly\/g_sel_ufpb), professora M\u00f4nica Ferraz, da Universidade Federal da Para\u00edba. E o tema da conversa \u00e9 \u2018Sem\u00e2ntica e o Ensino de L\u00ednguas\u2019.\u201d ** Ficha t\u00e9cnica &#8211; Roteiro: Thiago Costa, Mariana P\u00e9rez e Rafaela Sousa; Edi\u00e7\u00e3o de \u00e1udio: Pedro Caldas.<\/p>\n\n\n\n<p>10\/11\/2020<br><strong>Ep. 16_Literacy and multimodality_Professor Maureen Kendrick<\/strong><br>The EFOPLI Connects&#8217; 16th episode brought Maureen Kendrick (https:\/\/lled.educ.ubc.ca\/profiles\/maureen-kendrick\/), Professor in the Department of Language and Literacy Education at the University of British Columbia (UBC), in Vancouver, Canada. Professor Kendrick and our host had a conversation about Literacy and Multimodality. ** Datasheet &#8211; Script: Thiago Costa, Mariana P\u00e9rez and Rafaela Sousa; Remote recording: Thiago Costa; Editing: Pedro Caldas.<\/p>\n\n\n\n<p>24\/11\/2020<br><strong>Ep. 17_Metodologias colaborativas_Professora Ana Carolina Kruta<\/strong><br>No pen\u00faltimo epis\u00f3dio desta temporada, a conversa tem como tema central as Metodologias Colaborativas. E quem conversa com o host do EFOPLI Connects \u00e9 Ana Carolina Kruta, professora do Programa de P\u00f3s-Gradua\u00e7\u00e3o em Gest\u00e3o P\u00fablica e Coopera\u00e7\u00e3o Internacional (PGPCI) e professora colaboradora do Programa de P\u00f3s-gradua\u00e7\u00e3o em Administra\u00e7\u00e3o (PPGA) da Universidade Federal da Para\u00edba. ** Ficha t\u00e9cnica &#8211; Roteiro: Mariana P\u00e9rez, Rafaela Sousa e Thiago Costa; Edi\u00e7\u00e3o de \u00e1udio: Pedro Caldas.<\/p>\n\n\n\n<p>08\/12\/2020<br><strong>Ep. 18_Reflex\u00f5es sobre 2020 e mensagens de professores<\/strong><br>No \u00faltimo epis\u00f3dio desta temporada, o nosso host faz uma reflex\u00e3o sobre o ano de 2020 e recebe mensagens de professores de alguns lugares do Brasil e do mundo: Amanda Cidri (Inglaterra), Cl\u00e1udia Paix\u00e3o (Maranh\u00e3o), Daniela Morais (Para\u00edba), David Paredes (Para\u00edba), Humberto Teixeira (Minas Gerais), Jana\u00edna Lima (Para\u00edba), Jo\u00e3o Victor Cabral (Pernambuco), John Ryan Moreira (Rio Grande do Norte), Leiza Brito (S\u00e3o Paulo), L\u00edllian Lee (Para\u00edba), Milena Soares (Para\u00edba), Renata Santos (Rio de Janeiro), Silvana Teixeira (Distrito Federal), Renato N\u00f3brega (Para\u00edba). ** Ficha t\u00e9cnica &#8211; Roteiro: Thiago Costa, Rafaela Sousa e Mariana P\u00e9rez; Grava\u00e7\u00e3o remota: Thiago Costa; Edi\u00e7\u00e3o de \u00e1udio: Pedro Caldas.<\/p>\n\n\n\n<p><\/p>\n\n\n\n<h2 class=\"wp-block-heading\">2021<\/h2>\n\n\n\n<p><strong>Lista de epis\u00f3dios da segunda temporada<\/strong>:<\/p>\n\n\n\n<p>29\/05\/2021<br><strong>S02_Ep. 01_Mindfulness_Regina Giannetti<\/strong><br>A segunda temporada do EFOPLI Connects inicia com muita energia e positividade. Para isso, o nosso host recebe, no primeiro epis\u00f3dio, a instrutora profissional de mindfulness, Regina Gianneti, respons\u00e1vel pelo Programa \u2018Voc\u00ea Mais Centrado\u2019 (https:\/\/www.vocemaiscentrado.com.br\/) e pelo Podcast Autoconsciente (https:\/\/autoconsciente.simplecast.com\/).** FICHA T\u00c9CNICA: Roteiro: Thiago Costa; Edi\u00e7\u00e3o de \u00e1udio: Pedro Caldas. <\/p>\n\n\n\n<p><strong>S02_Ep. 02_Pr\u00e1ticas Antirracistas no Ensino de L\u00ednguas_Professor Kl\u00e9ber Silva<\/strong><br>O segundo epis\u00f3dio, da temporada 2021, traz o l\u00edder do Grupo de Estudos Cr\u00edticos e Avan\u00e7ados em Linguagens (GECAL) da Universidade de Bras\u00edlia, o professor Kl\u00e9ber Aparecido da Silva. O tema da conversa com o nosso host girou em torno das &#8220;pr\u00e1ticas antirracistas no ensino de l\u00ednguas&#8221;. ** FICHA T\u00c9CNICA: Roteiro: Thiago Costa, Mariana P\u00e9rez e Rafaela Sousa; Edi\u00e7\u00e3o de \u00e1udio: Milena Soares. <\/p>\n\n\n\n<p>24\/07\/2021<br><strong>S02_Ep. 03_Educa\u00e7\u00e3o Lingu\u00edstica e Forma\u00e7\u00e3o Docente_Professora Walkyria<\/strong><br>No terceiro epis\u00f3dio da temporada 2021, o host do EFOPLI Connects conversa com a professora Walkyria Monte M\u00f3r, da Universidade de S\u00e3o Paulo e Coordenadora do Projeto Nacional de Letramentos, sobre &#8220;Educa\u00e7\u00e3o Lingu\u00edstica e Forma\u00e7\u00e3o Docente&#8221;. ** FICHA T\u00c9CNICA: Roteiro: Thiago Costa, Mariana P\u00e9rez e Rafaela Sousa; Edi\u00e7\u00e3o de \u00e1udio: Milena Soares. Este podcast \u00e9 uma produ\u00e7\u00e3o do Programa de Extens\u00e3o EFOPLI (www.ufpb.br\/efopli).<\/p>\n\n\n\n<p>28\/08\/2021<br><strong>S02_Ep. 04_Sarau Virtual_Professor Humberto Teixeira<\/strong><br>Para a conversa do quarto epis\u00f3dio, trouxemos como convidado o professor Humberto Teixeira, da Escola Municipal Professor Odilon Santiago, localizada na cidade de Divin\u00f3polis, em Minas Gerais. E o bate-papo foi sobre o seu projeto de sarau virtual realizado durante o ensino remoto. ** FICHA T\u00c9CNICA: Roteiro: Thiago Costa, Mariana P\u00e9rez e Rafaela Sousa; Edi\u00e7\u00e3o de \u00e1udio: Milena Soares. <\/p>\n\n\n\n<p>25\/09\/2021<br><strong>S02_Ep. 05_Resid\u00eancia Pedag\u00f3gica_Walison Paulino<\/strong><br>No quinto epis\u00f3dio desta temporada, o host do EFOPLI Connects conversa com o professor Walison Paulino, da Universidade Federal da Para\u00edba, sobre a &#8220;Resid\u00eancia Pedag\u00f3gica em L\u00edngua Inglesa&#8221;. ** FICHA T\u00c9CNICA: Roteiro: Thiago Costa e Rafaela Sousa; Edi\u00e7\u00e3o de \u00e1udio: Milena Soares.<\/p>\n\n\n\n<p>16\/10\/2021<br><strong>S02_Ep. 06_Encontro Paraibano de Professores de Ingl\u00eas_Eveline Alvarez e Tadeu Nicomedes<\/strong><br>O sexto epis\u00f3dio da temporada 2021 foi especialmente preparado para o dia dos professores. Os convidados foram a professora Eveline Alvarez (Centro de L\u00ednguas do Estado da Para\u00edba) e o professor Tadeu Nicomedes (Centro de L\u00ednguas Estrangeiras de Jo\u00e3o Pessoa) que conversaram com o nosso host sobre o Encontro Paraibano de Professores de Ingl\u00eas (www.eppi.com.br), que ter\u00e1 a sua s\u00e9tima edi\u00e7\u00e3o realizada no dia 30 de outubro de 2021. ** FICHA T\u00c9CNICA: Roteiro: Thiago Costa e Rafaela Sousa; Edi\u00e7\u00e3o de \u00e1udio: Milena Soares.<\/p>\n\n\n\n<p>27\/11\/2021<br><strong>S02_Ep. 07_O Trabalho Docente na Pandemia_Liane Velloso-Leit\u00e3o<\/strong><br>No pen\u00faltimo epis\u00f3dio da temporada 2021, o host do EFOPLI Connects conversa com a professora Liane Velloso-Leit\u00e3o, da Instituto Federal da Para\u00edba, sobre &#8220;O Trabalho Docente na Pandemia: a inven\u00e7\u00e3o e a reinven\u00e7\u00e3o de n\u00f3s mesmos&#8221;. ** FICHA T\u00c9CNICA: Roteiro: Thiago Costa, Rafaela Sousa e Mariana P\u00e9rez; Edi\u00e7\u00e3o de \u00e1udio: Milena Soares.<\/p>\n\n\n\n<p>25\/12\/2021<br><strong>S02_Ep. 08_Retrospectiva EFOPLI 2021_Elizabeth Souto Maior e Francieli Freudenberger e Thiago Costa<\/strong><br>O nosso podcast encerra a temporada 2021 com um bate-papo entre tr\u00eas coordenadores do Programa de Extens\u00e3o EFOPLI. Que tal ouvir essa conversa cheia de retrospectiva, novidades e muita positividade para o ano de 2022?<\/p>\n\n\n\n<p><\/p>\n","protected":false},"excerpt":{"rendered":"<p>Em 2020, o Programa EFOPLI lan\u00e7ou o EFOPLI Connects, um podcast criado para fortalecer a comunica\u00e7\u00e3o e o suporte a professores de ingl\u00eas. O canal \u00e9 uma ferramenta digital que oferece conte\u00fados educativos e discuss\u00f5es relevantes ao ensino de idiomas, trazendo epis\u00f3dios com tem\u00e1ticas variadas, como metodologias, novas pr\u00e1ticas e desafios da sala de aula. [&hellip;]<\/p>\n","protected":false},"author":144,"featured_media":0,"parent":0,"menu_order":0,"comment_status":"closed","ping_status":"closed","template":"","meta":{"footnotes":""},"class_list":["post-1882","page","type-page","status-publish","hentry"],"_links":{"self":[{"href":"https:\/\/www.ufpb.br\/efopli\/wp-json\/wp\/v2\/pages\/1882","targetHints":{"allow":["GET"]}}],"collection":[{"href":"https:\/\/www.ufpb.br\/efopli\/wp-json\/wp\/v2\/pages"}],"about":[{"href":"https:\/\/www.ufpb.br\/efopli\/wp-json\/wp\/v2\/types\/page"}],"author":[{"embeddable":true,"href":"https:\/\/www.ufpb.br\/efopli\/wp-json\/wp\/v2\/users\/144"}],"replies":[{"embeddable":true,"href":"https:\/\/www.ufpb.br\/efopli\/wp-json\/wp\/v2\/comments?post=1882"}],"version-history":[{"count":18,"href":"https:\/\/www.ufpb.br\/efopli\/wp-json\/wp\/v2\/pages\/1882\/revisions"}],"predecessor-version":[{"id":2092,"href":"https:\/\/www.ufpb.br\/efopli\/wp-json\/wp\/v2\/pages\/1882\/revisions\/2092"}],"wp:attachment":[{"href":"https:\/\/www.ufpb.br\/efopli\/wp-json\/wp\/v2\/media?parent=1882"}],"curies":[{"name":"wp","href":"https:\/\/api.w.org\/{rel}","templated":true}]}}