{"id":2549,"date":"2025-01-30T19:31:12","date_gmt":"2025-01-30T22:31:12","guid":{"rendered":"https:\/\/www.ufpb.br\/efopli\/?page_id=2549"},"modified":"2025-01-30T19:31:13","modified_gmt":"2025-01-30T22:31:13","slug":"material-2021","status":"publish","type":"page","link":"https:\/\/www.ufpb.br\/efopli\/material\/material-2021\/","title":{"rendered":"Material 2021"},"content":{"rendered":"\n<h2 class=\"wp-block-heading\"><strong>2021: <\/strong><\/h2>\n\n\n\n<p class=\"has-text-align-right\"><strong>Acesse tamb\u00e9m o material de&nbsp;<a href=\"https:\/\/www.ufpb.br\/efopli\/material\/material-2016\/\" data-type=\"page\" data-id=\"214\">2016&nbsp;<\/a>,&nbsp;<a href=\"https:\/\/www.ufpb.br\/efopli\/material\/material-2017\/\">2017<\/a>,&nbsp;<a href=\"https:\/\/www.ufpb.br\/efopli\/material\/material-2018\/\">2018<\/a>,&nbsp;<a href=\"https:\/\/www.ufpb.br\/efopli\/material\/material-2019\/\">2019<\/a>,&nbsp;<a href=\"https:\/\/www.ufpb.br\/efopli\/material\/material-2020\/\">2020 e <\/a><a href=\"https:\/\/www.ufpb.br\/efopli\/material\/material-2024\/\">2024<\/a><\/strong>.<\/p>\n\n\n\n<h3 class=\"wp-block-heading\">Mindfulness<\/h3>\n\n\n\n<p>Material mencionado no epis\u00f3dio 01 da segunda temporada do EFOPLI Connects &#8211; <\/p>\n\n\n\n<p>entrevista com&nbsp;Regina Giannetti&nbsp;em 29\/05\/2021:<\/p>\n\n\n\n<ul class=\"wp-block-list\">\n<li><a href=\"https:\/\/sextante.com.br\/livros\/atencao-plena-mindfulness\/\" target=\"_blank\" rel=\"noreferrer noopener\">Livro&nbsp;&#8220;Aten\u00e7\u00e3o Plena: mindfulness&#8221;&nbsp;(Mark Williams and Danny Penman).<\/a><\/li>\n<\/ul>\n\n\n\n<h3 class=\"wp-block-heading\">Pr\u00e1ticas Anti-racistas no Ensino de L\u00ednguas<\/h3>\n\n\n\n<p>Material mencionado no epis\u00f3dio 02 da segunda temporada do EFOPLI Connects &#8211; entrevista com Kl\u00e9ber Aparecido da Silva&nbsp;em 26\/06\/2021:<\/p>\n\n\n\n<ul class=\"wp-block-list\">\n<li><a href=\"https:\/\/periodicos.sbu.unicamp.br\/ojs\/index.php\/tla\/article\/view\/8661895\/26457\" target=\"_blank\" rel=\"noreferrer noopener\">Artigo Intersectionality, Epistemic Oppression and Resistance: an Interview with Patr\u00edcia Hill Collins<\/a>.<\/li>\n<\/ul>\n\n\n\n<h3 class=\"wp-block-heading\">Educa\u00e7\u00e3o Lingu\u00edstica e Forma\u00e7\u00e3o Docente<\/h3>\n\n\n\n<p>Material mencionado no epis\u00f3dio 03 da segunda temporada do EFOPLI Connects &#8211; entrevista com Walkyria Monte M\u00f3r&nbsp;em 24\/07\/2021:<\/p>\n\n\n\n<ul class=\"wp-block-list\">\n<li><a href=\"https:\/\/www.ufpb.br\/efopli\/contents\/documentos\/material\/livro_ruberval_claudia_critico_texto-2.pdf\">Cr\u00edtica e Letramentos Cr\u00edticos: Reflex\u00f5es Preliminares (Profa. Dra. Walkyria Monte M\u00f3r &#8211; USP)<\/a>;<\/li>\n\n\n\n<li><a href=\"https:\/\/www.ufpb.br\/efopli\/contents\/documentos\/material\/sociedade-da-escrita-e-sociedade-digital_montemor_2018.pdf\">Sociedade da Escrita e Sociedade Digital: L\u00ednguas e Linguagens em Revis\u00e3o (Profa. Dra. Walkyria Monte M\u00f3r &#8211; USP)<\/a>;<\/li>\n\n\n\n<li><a href=\"https:\/\/www.ufpb.br\/efopli\/contents\/documentos\/material\/montemor_prefacio-para-o-livro_marcialisboa_fev2019_revisado_com_referencias.pdf\">O Debate &#8220;Alfabetiza\u00e7\u00e3o e Letramentos&#8221; (Profa. Dra. Walkyria Monte M\u00f3r &#8211; USP)<\/a>.<\/li>\n<\/ul>\n\n\n\n<h3 class=\"wp-block-heading\">Sarau Virtual<\/h3>\n\n\n\n<p>Material mencionado no epis\u00f3dio 04 da segunda temporada do EFOPLI Connects &#8211; entrevista com Humberto Teixeira&nbsp;em 28\/08\/2021:<\/p>\n\n\n\n<ul class=\"wp-block-list\">\n<li><a href=\"https:\/\/www.ufpb.br\/efopli\/contents\/documentos\/material-2020\/artigo-hats-jsva.pdf\">O Sarau Po\u00e9tico em L\u00edngua Inglesa na Rede B\u00e1sica de Ensino em Tempos de Pandemia (Prof. Humberto A. Teixeira de Souza &#8211; E.M. Prof. Odilon Santiago; Prof. Jackson S. V. de Almeida &#8211; UFMG)<\/a>.<\/li>\n\n\n\n<li><a href=\"http:\/\/https\/\/docs.google.com\/forms\/d\/11mr7asuqFZ2frl2ctZ5ado80czkjkEjBeVwQ4cAWQEI\/edit\" target=\"_blank\" rel=\"noreferrer noopener\">Poetry Out Loud &#8211; Rosanna Deerchild<\/a>.<\/li>\n\n\n\n<li><a href=\"http:\/\/https\/\/docs.google.com\/forms\/d\/1o-kJsIBjrVPy9iD4d7x0HagIBLGAC2jHtvnMzYpMqj0\/edit\" target=\"_blank\" rel=\"noreferrer noopener\">Poetry Out Loud &#8211; Maya Angelou<\/a>.<\/li>\n<\/ul>\n\n\n\n<h3 class=\"wp-block-heading\">Resid\u00eancia Pedag\u00f3gica em L\u00edngua Inglesa<\/h3>\n\n\n\n<p>Material mencionado no epis\u00f3dio 05 da segunda temporada do EFOPLI Connects &#8211; entrevista com Walison Paulino&nbsp;em 25\/09\/2021:<\/p>\n\n\n\n<ul class=\"wp-block-list\">\n<li><a href=\"http:\/\/http\/\/www.editora.ufpb.br\/sistema\/press5\/index.php\/UFPB\/catalog\/book\/744\" target=\"_blank\" rel=\"noreferrer noopener\">Resid\u00eancia Pedag\u00f3gica e Pibid na UFPB: express\u00f5es de trajet\u00f3rias &#8211; Paulo C\u00e9sar Geglio e Dayse das Neves Moreira.<\/a><\/li>\n\n\n\n<li><a href=\"http:\/\/https\/\/www.letraria.net\/o-interacionismo-sociodiscursivo\/\" target=\"_blank\" rel=\"noreferrer noopener\">O Interacionismo Sociodiscursivo em foco: reflex\u00f5es sobre uma teoria em cont\u00ednua constru\u00e7\u00e3o e uma pr\u00e1xis em movimento &#8211; Org. Ana Maria de Mattos Guimar\u00e3es; Anderson Camin; Eliane Gouv\u00eaa Lousada.<\/a><\/li>\n<\/ul>\n","protected":false},"excerpt":{"rendered":"<p>2021: Acesse tamb\u00e9m o material de&nbsp;2016&nbsp;,&nbsp;2017,&nbsp;2018,&nbsp;2019,&nbsp;2020 e 2024. Mindfulness Material mencionado no epis\u00f3dio 01 da segunda temporada do EFOPLI Connects &#8211; entrevista com&nbsp;Regina Giannetti&nbsp;em 29\/05\/2021: Pr\u00e1ticas Anti-racistas no Ensino de L\u00ednguas Material mencionado no epis\u00f3dio 02 da segunda temporada do EFOPLI Connects &#8211; entrevista com Kl\u00e9ber Aparecido da Silva&nbsp;em 26\/06\/2021: Educa\u00e7\u00e3o Lingu\u00edstica e Forma\u00e7\u00e3o Docente [&hellip;]<\/p>\n","protected":false},"author":144,"featured_media":0,"parent":31,"menu_order":0,"comment_status":"closed","ping_status":"closed","template":"","meta":{"footnotes":""},"class_list":["post-2549","page","type-page","status-publish","hentry"],"_links":{"self":[{"href":"https:\/\/www.ufpb.br\/efopli\/wp-json\/wp\/v2\/pages\/2549","targetHints":{"allow":["GET"]}}],"collection":[{"href":"https:\/\/www.ufpb.br\/efopli\/wp-json\/wp\/v2\/pages"}],"about":[{"href":"https:\/\/www.ufpb.br\/efopli\/wp-json\/wp\/v2\/types\/page"}],"author":[{"embeddable":true,"href":"https:\/\/www.ufpb.br\/efopli\/wp-json\/wp\/v2\/users\/144"}],"replies":[{"embeddable":true,"href":"https:\/\/www.ufpb.br\/efopli\/wp-json\/wp\/v2\/comments?post=2549"}],"version-history":[{"count":2,"href":"https:\/\/www.ufpb.br\/efopli\/wp-json\/wp\/v2\/pages\/2549\/revisions"}],"predecessor-version":[{"id":2551,"href":"https:\/\/www.ufpb.br\/efopli\/wp-json\/wp\/v2\/pages\/2549\/revisions\/2551"}],"up":[{"embeddable":true,"href":"https:\/\/www.ufpb.br\/efopli\/wp-json\/wp\/v2\/pages\/31"}],"wp:attachment":[{"href":"https:\/\/www.ufpb.br\/efopli\/wp-json\/wp\/v2\/media?parent=2549"}],"curies":[{"name":"wp","href":"https:\/\/api.w.org\/{rel}","templated":true}]}}