{"id":70439,"date":"2026-08-31T08:35:23","date_gmt":"2026-08-31T11:35:23","guid":{"rendered":"https:\/\/www.ufpb.br\/museus\/?post_type=espaco&#038;p=70439"},"modified":"2026-08-31T08:58:34","modified_gmt":"2026-08-31T11:58:34","slug":"nuppo","status":"publish","type":"espaco","link":"https:\/\/www.ufpb.br\/museus\/espaco\/nuppo\/","title":{"rendered":"NUPPO"},"content":{"rendered":"\t\t<div data-elementor-type=\"wp-post\" data-elementor-id=\"70439\" class=\"elementor elementor-70439\">\n\t\t\t\t\t\t<section class=\"elementor-section elementor-top-section elementor-element elementor-element-6a955fd599fd7 elementor-section-boxed elementor-section-height-default elementor-section-height-default\" data-id=\"6a955fd599fd7\" data-element_type=\"section\" data-e-type=\"section\" data-settings=\"{&quot;background_background&quot;:&quot;classic&quot;}\">\n\t\t\t\t\t\t<div class=\"elementor-container elementor-column-gap-default\">\n\t\t\t\t\t<div class=\"elementor-column elementor-col-100 elementor-top-column elementor-element elementor-element-6a955fd599fdb\" data-id=\"6a955fd599fdb\" data-element_type=\"column\" data-e-type=\"column\">\n\t\t\t<div class=\"elementor-widget-wrap elementor-element-populated\">\n\t\t\t\t\t\t<div class=\"elementor-element elementor-element-6a955fd599fdc elementor-widget elementor-widget-heading\" data-id=\"6a955fd599fdc\" data-element_type=\"widget\" data-e-type=\"widget\" data-widget_type=\"heading.default\">\n\t\t\t\t\t<h2 class=\"elementor-heading-title elementor-size-default\">NUPPO<\/h2>\t\t\t\t<\/div>\n\t\t\t\t<div class=\"elementor-element elementor-element-6a955fd599fde elementor-widget elementor-widget-html\" data-id=\"6a955fd599fde\" data-element_type=\"widget\" data-e-type=\"widget\" data-widget_type=\"html.default\">\n\t\t\t\t\t<div class=\"hero-actions\" style=\"text-align: center;\"><button class=\"btn-primary\" onclick=\"openBookingModal()\">AGENDAR VISITA<\/button><\/div>\t\t\t\t<\/div>\n\t\t\t\t\t<\/div>\n\t\t<\/div>\n\t\t\t\t\t<\/div>\n\t\t<\/section>\n\t\t\t\t<section class=\"elementor-section elementor-top-section elementor-element elementor-element-6a955fd599fe2 elementor-section-boxed elementor-section-height-default elementor-section-height-default\" data-id=\"6a955fd599fe2\" data-element_type=\"section\" data-e-type=\"section\">\n\t\t\t\t\t\t<div class=\"elementor-container elementor-column-gap-default\">\n\t\t\t\t\t<div class=\"elementor-column elementor-col-100 elementor-top-column elementor-element elementor-element-6a955fd599fe3\" data-id=\"6a955fd599fe3\" data-element_type=\"column\" data-e-type=\"column\">\n\t\t\t<div class=\"elementor-widget-wrap elementor-element-populated\">\n\t\t\t\t\t\t<div class=\"elementor-element elementor-element-6a955fd599fe4 elementor-widget elementor-widget-html\" data-id=\"6a955fd599fe4\" data-element_type=\"widget\" data-e-type=\"widget\" data-widget_type=\"html.default\">\n\t\t\t\t\t<div class=\"container\">\r\n  <!-- Primeira se\u00e7\u00e3o: Texto \u00e0 esquerda, Imagem \u00e0 direita -->\r\n  <div class=\"content-grid\">\r\n    <div class=\"content-text\">\r\n      <p>&emsp;&emsp;&emsp;O Museu de Cultura Popular, mantido pelo N\u00facleo de Pesquisa e Documenta\u00e7\u00e3o da Cultura Popular (NUPPO), \u00e9 o museu mais antigo da Universidade Federal da Para\u00edba e um dos primeiros espa\u00e7os especializados em cultura popular criados no estado. Criado em 1978, o NUPPO \u00e9 vinculado \u00e0 Pr\u00f3-Reitoria de Extens\u00e3o (PROEX\/UFPB) e tem como miss\u00e3o compreender, preservar, divulgar e promover a cultura popular por meio de equipes multidisciplinares formadas por servidores, docentes e estudantes da universidade. Ao longo de quase cinco d\u00e9cadas, consolidou-se como refer\u00eancia na mem\u00f3ria das culturas populares nordestinas, atraindo pesquisadores, grupos culturais e p\u00fablico de diferentes gera\u00e7\u00f5es.<\/p>\r\n      <p>&emsp;&emsp;&emsp;Localizado no t\u00e9rreo do pr\u00e9dio da Reitoria, no Campus I (Cidade Universit\u00e1ria), em Jo\u00e3o Pessoa, o museu integra pesquisa, arquivo e a\u00e7\u00e3o museal em um \u00fanico espa\u00e7o. Ao entrar, o visitante \u00e9 imerso na diversidade cultural paraibana, representada por pe\u00e7as de cer\u00e2mica, esculturas, candeeiros, brinquedos tradicionais, artesanato, gravuras, ex-votos, artefatos de cultura ind\u00edgena e representa\u00e7\u00f5es religiosas crist\u00e3s e de matrizes afro-ind\u00edgenas, entre outros itens que comp\u00f5em as exposi\u00e7\u00f5es permanentes e tem\u00e1ticas.<\/p>\r\n    <\/div>\r\n    <div class=\"content-image\">\r\n      <div class=\"museum-photo\" style=\"background-image: url('https:\/\/www.ufpb.br\/museus\/wp-content\/uploads\/2026\/08\/NUPPOEXPOSIO-scaled.jpg');\"><\/div>\r\n    <\/div>\r\n  <\/div>\r\n\r\n  <!-- Segunda se\u00e7\u00e3o: Imagem \u00e0 esquerda, Texto \u00e0 direita -->\r\n  <div class=\"content-grid\">\r\n    <div class=\"content-image\">\r\n      <div class=\"museum-photo\" style=\"background-image: url('https:\/\/www.ufpb.br\/museus\/wp-content\/uploads\/2026\/08\/exposicao-nuppo.jpeg');\"><\/div>\r\n    <\/div>\r\n    <div class=\"content-text\">\r\n      <p>&emsp;&emsp;&emsp;Al\u00e9m do espa\u00e7o museol\u00f3gico, o NUPPO abriga o Arquivo Cultural, que re\u00fane registros de manifesta\u00e7\u00f5es culturais de todas as cidades da Para\u00edba \u2014 como a nau catarineta de Cabedelo e de Areia, o cavalo marinho de Bayeux, a dan\u00e7a do coco de Forte Velho, a cavalhada de Itabaiana e outras express\u00f5es de cultura viva. Uma sala audiovisual organiza o acervo imaterial: grava\u00e7\u00f5es sonoras e videogr\u00e1ficas de festas, ritos e narrativas populares. A biblioteca conta com livros, revistas, anais, boletins e monografias especializados em cultura popular e folclore.<\/p>\r\n      <p>&emsp;&emsp;&emsp;O NUPPO atua em parceria com \u00f3rg\u00e3os p\u00fablicos e com as pr\u00f3prias comunidades registradas, promovendo exposi\u00e7\u00f5es, palestras, minicursos e oficinas em munic\u00edpios do estado, com o objetivo de ampliar a percep\u00e7\u00e3o e a pesquisa da cultura popular junto ao p\u00fablico escolar e \u00e0 sociedade em geral.<\/p>\r\n    <\/div>\r\n  <\/div>\r\n\r\n  <!-- Se\u00e7\u00e3o do bot\u00e3o de reposit\u00f3rio \/ avalia\u00e7\u00f5es -->\r\n  <div class=\"digital-repository\">\r\n    <button class=\"btn-repository btn-avaliacoes\" onclick=\"openAvaliacoesModal()\">\r\n      <i class=\"fas fa-star\"><\/i>\r\n      <span class=\"btn-text\">\r\n        <strong>AVALIA\u00c7\u00d5ES E SUGEST\u00d5ES<\/strong>\r\n        <small>Compartilhe sua experi\u00eancia conosco<\/small>\r\n      <\/span>\r\n    <\/button>\r\n  <\/div>\r\n<\/div>\t\t\t\t<\/div>\n\t\t\t\t\t<\/div>\n\t\t<\/div>\n\t\t\t\t\t<\/div>\n\t\t<\/section>\n\t\t\t\t<section class=\"elementor-section elementor-top-section elementor-element elementor-element-6a955fd599fe8 elementor-section-boxed elementor-section-height-default elementor-section-height-default\" data-id=\"6a955fd599fe8\" data-element_type=\"section\" data-e-type=\"section\">\n\t\t\t\t\t\t<div class=\"elementor-container elementor-column-gap-default\">\n\t\t\t\t\t<div class=\"elementor-column elementor-col-100 elementor-top-column elementor-element elementor-element-6a955fd599fe9\" data-id=\"6a955fd599fe9\" data-element_type=\"column\" data-e-type=\"column\">\n\t\t\t<div class=\"elementor-widget-wrap elementor-element-populated\">\n\t\t\t\t\t\t<div class=\"elementor-element elementor-element-6a955fd599fea elementor-widget elementor-widget-html\" data-id=\"6a955fd599fea\" data-element_type=\"widget\" data-e-type=\"widget\" data-widget_type=\"html.default\">\n\t\t\t\t\t<section class=\"location-section\">\r\n  <h3 class=\"section-title\">VISITE NOSSAS REDES E O MUSEU<\/h3>\r\n  \r\n  <div class=\"social-buttons-section\">\r\n    <a href=\"https:\/\/www.facebook.com\/ufpbnuppo\" target=\"_blank\" class=\"social-btn-section facebook-section\">\r\n      <i class=\"fab fa-facebook\"><\/i>\r\n    <\/a>\r\n    <a href=\"https:\/\/www.instagram.com\/nuppoufpb\/\" target=\"_blank\" class=\"social-btn-section instagram-section\">\r\n      <i class=\"fab fa-instagram\"><\/i>\r\n    <\/a>\r\n  <\/div>\r\n\r\n  <div class=\"container\">\r\n    <div class=\"location-grid\">\r\n      <div class=\"location-info\">\r\n        <h3>ENDERE\u00c7O:<\/h3>\r\n        <p>Pr\u00e9dio da Reitoria \u2013 t\u00e9rreo<br>Cidade Universit\u00e1ria, Campus I, UFPB<br>Jo\u00e3o Pessoa \u2013 PB, CEP 58.051-900<\/p>\r\n        \r\n        <h3>PONTO DE REFER\u00caNCIA:<\/h3>\r\n        <p>T\u00e9rreo do pr\u00e9dio da Reitoria da UFPB<\/p>\r\n        \r\n        <h3>COMO CHEGAR:<\/h3>\r\n        <p>Acesso pela entrada principal da Cidade Universit\u00e1ria (Campus I), bairro Castelo Branco, seguindo a sinaliza\u00e7\u00e3o interna at\u00e9 o pr\u00e9dio da Reitoria.<\/p>\r\n        \r\n        <h3>VISITA\u00c7\u00c3O:<\/h3>\r\n        <p>Segunda a sexta-feira, das 8h \u00e0s 17h<br>Agendamento pelo telefone (83) 3216-7069<\/p>\r\n        \r\n        <h3>CONTATO:<\/h3>\r\n        <p>Telefone: (83) 3216-7069<br>Email: nuppo.prac.ufpb@gmail.com<\/p>\r\n      <\/div>\r\n\r\n      <div class=\"map-container\">\r\n        <iframe src=\"https:\/\/www.google.com\/maps\/embed?pb=!1m18!1m12!1m3!1d3958.911677405338!2d-34.84593119999998!3d-7.136211899999999!2m3!1f0!2f0!3f0!3m2!1i1024!2i768!4f13.1!3m3!1m2!1s0x7acc2bbd9eb7267%3A0xda09f87d80d441dc!2sUniversidade%20Federal%20da%20Para%C3%ADba%20-%20UFPB%20%2F%20Reitoria!5e0!3m2!1spt-BR!2sbr!4v1751854548387!5m2!1spt-BR!2sbr\" width=\"100%\" height=\"400\" style=\"border:0;\" allowfullscreen=\"\" loading=\"lazy\"><\/iframe>\r\n      <\/div>\r\n    <\/div>\r\n  <\/div>\r\n<\/section>\t\t\t\t<\/div>\n\t\t\t\t\t<\/div>\n\t\t<\/div>\n\t\t\t\t\t<\/div>\n\t\t<\/section>\n\t\t\t\t<section class=\"elementor-section elementor-top-section elementor-element elementor-element-6a955fd599feb elementor-section-boxed elementor-section-height-default elementor-section-height-default\" data-id=\"6a955fd599feb\" data-element_type=\"section\" data-e-type=\"section\" data-settings=\"{&quot;background_background&quot;:&quot;classic&quot;}\">\n\t\t\t\t\t\t<div class=\"elementor-container elementor-column-gap-default\">\n\t\t\t\t\t<div class=\"elementor-column elementor-col-100 elementor-top-column elementor-element elementor-element-6a955fd599fec\" data-id=\"6a955fd599fec\" data-element_type=\"column\" data-e-type=\"column\">\n\t\t\t<div class=\"elementor-widget-wrap elementor-element-populated\">\n\t\t\t\t\t\t<div class=\"elementor-element elementor-element-6a955fd599fed elementor-widget elementor-widget-shortcode\" data-id=\"6a955fd599fed\" data-element_type=\"widget\" data-e-type=\"widget\" data-widget_type=\"shortcode.default\">\n\t\t\t\t\t\t\t<div class=\"elementor-shortcode\">        <section class=\"noticias-section\">\n            <div class=\"container\">\n                <h3 class=\"section-title\">NOT\u00cdCIAS<\/h3>\n                <div class=\"noticias-empty\">\n                    <p>N\u00e3o h\u00e1 not\u00edcias dispon\u00edveis para este espa\u00e7o no momento.<\/p>\n                                    <\/div>\n            <\/div>\n        <\/section>\n        <style>\n            .noticias-section{padding:20px 0 0 0}\n            .noticias-section .container{max-width:1200px;margin:0 auto;padding:0 20px}\n            .noticias-section .section-title{text-align:center;font-size:2.5rem;margin-bottom:40px;margin-top:0;color:#523827;font-weight:700;text-transform:uppercase;letter-spacing:1px}\n            .noticias-empty{text-align:center;padding:60px 20px;background:#f8f9fa;border-radius:12px;color:#666;font-size:1.1rem}\n            .elementor-section:has(.noticias-section){padding-top:40px !important;padding-bottom:40px !important;min-height:auto !important}\n            .elementor-section:has(.noticias-section) .elementor-column{min-height:auto !important}\n            .elementor-section:has(.noticias-section) .elementor-column-wrap{min-height:auto !important}\n            .elementor-section:has(.noticias-section) .elementor-widget-wrap{min-height:auto !important}\n        <\/style>\n        <\/div>\n\t\t\t\t\t\t<\/div>\n\t\t\t\t\t<\/div>\n\t\t<\/div>\n\t\t\t\t\t<\/div>\n\t\t<\/section>\n\t\t\t\t<section class=\"elementor-section elementor-top-section elementor-element elementor-element-6a955fd599fee elementor-section-boxed elementor-section-height-default elementor-section-height-default\" data-id=\"6a955fd599fee\" data-element_type=\"section\" data-e-type=\"section\">\n\t\t\t\t\t\t<div class=\"elementor-container elementor-column-gap-default\">\n\t\t\t\t\t<div class=\"elementor-column elementor-col-100 elementor-top-column elementor-element elementor-element-6a955fd599fef\" data-id=\"6a955fd599fef\" data-element_type=\"column\" data-e-type=\"column\">\n\t\t\t<div class=\"elementor-widget-wrap elementor-element-populated\">\n\t\t\t\t\t\t<div class=\"elementor-element elementor-element-6a955fd599ff0 elementor-widget elementor-widget-html\" data-id=\"6a955fd599ff0\" data-element_type=\"widget\" data-e-type=\"widget\" data-widget_type=\"html.default\">\n\t\t\t\t\t<div class=\"obras-grid-container\">\r\n  <h3 class=\"section-title\">ACERVO EM DESTAQUE<\/h3>\r\n  <div class=\"obras-grid\">\r\n    <div class=\"obra-card\">\r\n      <div class=\"obra-image\" style=\"background-image: url('https:\/\/www.ufpb.br\/museus\/wp-content\/uploads\/2026\/08\/Nuppo-1.jpeg')\"><\/div>\r\n      <div class=\"obra-info\">\r\n        <h4>Acervo NUPPO<\/h4>\r\n        <p>Museu de Cultura Popular - UFPB<\/p>\r\n      <\/div>\r\n    <\/div>\r\n    <div class=\"obra-card\">\r\n      <div class=\"obra-image\" style=\"background-image: url('https:\/\/www.ufpb.br\/museus\/wp-content\/uploads\/2026\/08\/Nuppo-2.jpeg')\"><\/div>\r\n      <div class=\"obra-info\">\r\n        <h4>Acervo NUPPO<\/h4>\r\n        <p>Museu de Cultura Popular - UFPB<\/p>\r\n      <\/div>\r\n    <\/div>\r\n    <div class=\"obra-card\">\r\n      <div class=\"obra-image\" style=\"background-image: url('https:\/\/www.ufpb.br\/museus\/wp-content\/uploads\/2026\/08\/Nuppo-3.jpeg')\"><\/div>\r\n      <div class=\"obra-info\">\r\n        <h4>Acervo NUPPO<\/h4>\r\n        <p>Museu de Cultura Popular - UFPB<\/p>\r\n      <\/div>\r\n    <\/div>\r\n    <div class=\"obra-card\">\r\n      <div class=\"obra-image\" style=\"background-image: url('https:\/\/www.ufpb.br\/museus\/wp-content\/uploads\/2026\/08\/Nuppo-4.jpeg')\"><\/div>\r\n      <div class=\"obra-info\">\r\n        <h4>Acervo NUPPO<\/h4>\r\n        <p>Museu de Cultura Popular - UFPB<\/p>\r\n      <\/div>\r\n    <\/div>\r\n    <div class=\"obra-card\">\r\n      <div class=\"obra-image\" style=\"background-image: url('https:\/\/www.ufpb.br\/museus\/wp-content\/uploads\/2026\/08\/Nuppo-5.jpeg')\"><\/div>\r\n      <div class=\"obra-info\">\r\n        <h4>Acervo NUPPO<\/h4>\r\n        <p>Museu de Cultura Popular - UFPB<\/p>\r\n      <\/div>\r\n    <\/div>\r\n    <div class=\"obra-card\">\r\n      <div class=\"obra-image\" style=\"background-image: url('https:\/\/www.ufpb.br\/museus\/wp-content\/uploads\/2026\/08\/Nuppo-6-scaled.jpg')\"><\/div>\r\n      <div class=\"obra-info\">\r\n        <h4>Acervo NUPPO<\/h4>\r\n        <p>Museu de Cultura Popular - UFPB<\/p>\r\n      <\/div>\r\n    <\/div>\r\n  <\/div>\r\n<\/div>\t\t\t\t<\/div>\n\t\t\t\t\t<\/div>\n\t\t<\/div>\n\t\t\t\t\t<\/div>\n\t\t<\/section>\n\t\t\t\t<section class=\"elementor-section elementor-top-section elementor-element elementor-element-6a955fd599ff1 elementor-section-boxed elementor-section-height-default elementor-section-height-default\" data-id=\"6a955fd599ff1\" data-element_type=\"section\" data-e-type=\"section\">\n\t\t\t\t\t\t<div class=\"elementor-container elementor-column-gap-default\">\n\t\t\t\t\t<div class=\"elementor-column elementor-col-100 elementor-top-column elementor-element elementor-element-6a955fd599ff2\" data-id=\"6a955fd599ff2\" data-element_type=\"column\" data-e-type=\"column\">\n\t\t\t<div class=\"elementor-widget-wrap elementor-element-populated\">\n\t\t\t\t\t\t<div class=\"elementor-element elementor-element-6a955fd599ff4 elementor-widget elementor-widget-html\" data-id=\"6a955fd599ff4\" data-element_type=\"widget\" data-e-type=\"widget\" data-widget_type=\"html.default\">\n\t\t\t\t\t<h3 class=\"section-title\">DADOS DO ACERVO<\/h3>\r\n<div class=\"container\">\r\n  <p>&emsp;&emsp;&emsp;O acervo do Museu de Cultura Popular\/NUPPO \u00e9 composto por cole\u00e7\u00f5es museol\u00f3gica, documental e audiovisual reunidas ao longo de d\u00e9cadas de pesquisa sobre as culturas populares paraibanas e brasileiras. Entre as tipologias presentes destacam-se pe\u00e7as artesanais utilit\u00e1rias e decorativas, cer\u00e2micas, esculturas, ex-votos, brinquedos tradicionais, artefatos ind\u00edgenas, representa\u00e7\u00f5es religiosas, folhetos de cordel, gravuras e instrumentos musicais.<\/p>\r\n  <p>&emsp;&emsp;&emsp;O Arquivo Cultural re\u00fane registros de manifesta\u00e7\u00f5es das cidades da Para\u00edba, como nau catarineta, cavalo marinho, dan\u00e7a do coco e cavalhada. O acervo imaterial, organizado na sala audiovisual, inclui fitas de rolo e grava\u00e7\u00f5es digitalizadas de narrativas orais, m\u00fasicas e festas populares \u2014 parte delas restaurada com apoio do CNPq (projeto iniciado em 2004). A biblioteca especializada re\u00fane livros, revistas, anais, boletins e monografias sobre cultura popular e folclore, atendendo tanto \u00e0 comunidade acad\u00eamica quanto aos pr\u00f3prios grupos culturais registrados.<\/p>\r\n<\/div>\r\n<div class=\"digital-repository\">\r\n  <button class=\"btn-repository\" onclick=\"#\">\r\n    <i class=\"fas fa-database\"><\/i>\r\n    <span class=\"btn-text\">\r\n      <strong>TAINACAN - REPOSIT\u00d3RIO DIGITAL<\/strong>\r\n      <small>Explore o acervo completo online<\/small>\r\n    <\/span>\r\n  <\/button>\r\n<\/div>\t\t\t\t<\/div>\n\t\t\t\t\t<\/div>\n\t\t<\/div>\n\t\t\t\t\t<\/div>\n\t\t<\/section>\n\t\t\t\t<section class=\"elementor-section elementor-top-section elementor-element elementor-element-6a955fd59a034 elementor-section-boxed elementor-section-height-default elementor-section-height-default\" data-id=\"6a955fd59a034\" data-element_type=\"section\" data-e-type=\"section\">\n\t\t\t\t\t\t<div class=\"elementor-container elementor-column-gap-default\">\n\t\t\t\t\t<div class=\"elementor-column elementor-col-100 elementor-top-column elementor-element elementor-element-6a955fd59a035\" data-id=\"6a955fd59a035\" data-element_type=\"column\" data-e-type=\"column\">\n\t\t\t<div class=\"elementor-widget-wrap elementor-element-populated\">\n\t\t\t\t\t\t<div class=\"elementor-element elementor-element-6a955fd59a036 elementor-widget elementor-widget-html\" data-id=\"6a955fd59a036\" data-element_type=\"widget\" data-e-type=\"widget\" data-widget_type=\"html.default\">\n\t\t\t\t\t<h3 class=\"section-title\">EQUIPE T\u00c9CNICA<\/h3>\r\n<div class=\"swiper-container equipe-swiper\">\r\n  <div class=\"swiper-wrapper\">\r\n    <div class=\"swiper-slide\">\r\n      <div class=\"team-card\">\r\n        <div class=\"team-image\" style=\"background-image:url('https:\/\/www.ufpb.br\/museus\/wp-content\/uploads\/2026\/08\/Lena-Leite-scaled.jpg')\"><\/div>\r\n        <div class=\"team-info\">\r\n          <h4>Lena Leite<\/h4>\r\n          <span class=\"team-specialty\">Bibliotec\u00e1ria<\/span>\r\n        <\/div>\r\n      <\/div>\r\n    <\/div>\r\n  <\/div>\r\n  <div class=\"swiper-button-next\"><\/div>\r\n  <div class=\"swiper-button-prev\"><\/div>\r\n<\/div>\t\t\t\t<\/div>\n\t\t\t\t\t<\/div>\n\t\t<\/div>\n\t\t\t\t\t<\/div>\n\t\t<\/section>\n\t\t\t\t<\/div>\n\t\t","protected":false},"excerpt":{"rendered":"<p>Criado em 1978, o NUPPO \u00e9 o museu mais antigo da UFPB. Preserva a cultura popular nordestina com acervo museol\u00f3gico, arquivo e biblioteca no Campus I.<\/p>\n","protected":false},"featured_media":70458,"template":"","meta":{"footnotes":""},"espaco_tag":[7,11],"class_list":["post-70439","espaco","type-espaco","status-publish","has-post-thumbnail","hentry","espaco_tag-joao-pessoa","espaco_tag-patrimonio-cultural"],"_links":{"self":[{"href":"https:\/\/www.ufpb.br\/museus\/wp-json\/wp\/v2\/espaco\/70439","targetHints":{"allow":["GET"]}}],"collection":[{"href":"https:\/\/www.ufpb.br\/museus\/wp-json\/wp\/v2\/espaco"}],"about":[{"href":"https:\/\/www.ufpb.br\/museus\/wp-json\/wp\/v2\/types\/espaco"}],"version-history":[{"count":4,"href":"https:\/\/www.ufpb.br\/museus\/wp-json\/wp\/v2\/espaco\/70439\/revisions"}],"predecessor-version":[{"id":70459,"href":"https:\/\/www.ufpb.br\/museus\/wp-json\/wp\/v2\/espaco\/70439\/revisions\/70459"}],"wp:featuredmedia":[{"embeddable":true,"href":"https:\/\/www.ufpb.br\/museus\/wp-json\/wp\/v2\/media\/70458"}],"wp:attachment":[{"href":"https:\/\/www.ufpb.br\/museus\/wp-json\/wp\/v2\/media?parent=70439"}],"wp:term":[{"taxonomy":"espaco_tag","embeddable":true,"href":"https:\/\/www.ufpb.br\/museus\/wp-json\/wp\/v2\/espaco_tag?post=70439"}],"curies":[{"name":"wp","href":"https:\/\/api.w.org\/{rel}","templated":true}]}}