{"id":114,"date":"2024-09-26T08:45:18","date_gmt":"2024-09-26T11:45:18","guid":{"rendered":"https:\/\/www.ufpb.br\/pinacoteca2\/?page_id=114"},"modified":"2025-04-25T10:01:31","modified_gmt":"2025-04-25T13:01:31","slug":"clarice-lins","status":"publish","type":"page","link":"https:\/\/www.ufpb.br\/pinacoteca\/acervo\/colecao-pinacoteca-ufpb\/clarice-lins\/","title":{"rendered":"Clarice Lins"},"content":{"rendered":"\n<div style=\"height:30px\" aria-hidden=\"true\" class=\"wp-block-spacer\"><\/div>\n\n\n\n<p><strong>Jo\u00e3o Pessoa &#8211; PB, 1931.<\/strong><\/p>\n\n\n\n<p>Clarice Lins, nascida em Jo\u00e3o Pessoa (1931),\u00e9 pintora. Fez parte da segunda fase do Centro de Artes Pl\u00e1sticas da Para\u00edba (CAP\/1952-1956). Durante sua vida foi aluna e tamb\u00e9m professora dividindo sala com seu antigo e futuro colega de profiss\u00e3o, Hermano Jos\u00e9, no centro de artes da UFPB.<\/p>\n\n\n\n<p>Formou um grupo s\u00f3 de mulheres (Isolda Cabral, Sind\u00e1 Mesquita, Iracema Henrique e a pr\u00f3pria Clarice), um grupo coeso das mulheres do CAP. Tinham o costume de andar sempre juntas \u00e0s praias da cidade de Jo\u00e3o Pessoa e l\u00e1, retratar suas belezas naturais em belas pinturas de aperfei\u00e7oamento na \u00e1rea.<\/p>\n\n\n\n<p>[Fonte: Dicion\u00e1rio das Artes Visuais na Para\u00edba, 2004, Dy\u00f3genes Chaves Gomes]<\/p>\n\n\n\n<h2 class=\"wp-block-heading\"><div class=\"linha-header\">Obras:<\/div><\/h2>\n\n\n\n<figure class=\"wp-block-image size-full\"><img loading=\"lazy\" decoding=\"async\" width=\"768\" height=\"632\" src=\"https:\/\/www.ufpb.br\/pinacoteca2\/wp-content\/uploads\/sites\/79\/sites\/210\/2024\/10\/8ae7b66e-542a-42e0-be33-4ba51f46a02b.jpeg\" alt=\"\" class=\"wp-image-682\" srcset=\"https:\/\/www.ufpb.br\/pinacoteca\/wp-content\/uploads\/sites\/79\/sites\/210\/2024\/10\/8ae7b66e-542a-42e0-be33-4ba51f46a02b.jpeg 768w, https:\/\/www.ufpb.br\/pinacoteca\/wp-content\/uploads\/sites\/79\/sites\/210\/2024\/10\/8ae7b66e-542a-42e0-be33-4ba51f46a02b-300x247.jpeg 300w\" sizes=\"auto, (max-width: 768px) 100vw, 768px\" \/><figcaption class=\"wp-element-caption\">Sem t\u00edtulo, 1989. T\u00e9cnica: acr\u00edlica sobre tela. Dimens\u00f5es: 48,5&#215;58,7 cm. N\u00famero de registro: 046. Doa\u00e7\u00e3o do Artista. Foto: Maycon Albuquerque.<\/figcaption><\/figure>\n","protected":false},"excerpt":{"rendered":"<p>Jo\u00e3o Pessoa &#8211; PB, 1931. Clarice Lins, nascida em Jo\u00e3o Pessoa (1931),\u00e9 pintora. Fez parte [&hellip;]<\/p>\n","protected":false},"author":143,"featured_media":0,"parent":71,"menu_order":0,"comment_status":"closed","ping_status":"closed","template":"","meta":{"footnotes":""},"class_list":["post-114","page","type-page","status-publish","hentry"],"_links":{"self":[{"href":"https:\/\/www.ufpb.br\/pinacoteca\/wp-json\/wp\/v2\/pages\/114","targetHints":{"allow":["GET"]}}],"collection":[{"href":"https:\/\/www.ufpb.br\/pinacoteca\/wp-json\/wp\/v2\/pages"}],"about":[{"href":"https:\/\/www.ufpb.br\/pinacoteca\/wp-json\/wp\/v2\/types\/page"}],"author":[{"embeddable":true,"href":"https:\/\/www.ufpb.br\/pinacoteca\/wp-json\/wp\/v2\/users\/143"}],"replies":[{"embeddable":true,"href":"https:\/\/www.ufpb.br\/pinacoteca\/wp-json\/wp\/v2\/comments?post=114"}],"version-history":[{"count":3,"href":"https:\/\/www.ufpb.br\/pinacoteca\/wp-json\/wp\/v2\/pages\/114\/revisions"}],"predecessor-version":[{"id":3071,"href":"https:\/\/www.ufpb.br\/pinacoteca\/wp-json\/wp\/v2\/pages\/114\/revisions\/3071"}],"up":[{"embeddable":true,"href":"https:\/\/www.ufpb.br\/pinacoteca\/wp-json\/wp\/v2\/pages\/71"}],"wp:attachment":[{"href":"https:\/\/www.ufpb.br\/pinacoteca\/wp-json\/wp\/v2\/media?parent=114"}],"curies":[{"name":"wp","href":"https:\/\/api.w.org\/{rel}","templated":true}]}}