{"id":1513,"date":"2024-12-05T10:17:52","date_gmt":"2024-12-05T13:17:52","guid":{"rendered":"https:\/\/www.ufpb.br\/pinacoteca2\/?page_id=1513"},"modified":"2025-11-18T10:21:33","modified_gmt":"2025-11-18T13:21:33","slug":"catalogos","status":"publish","type":"page","link":"https:\/\/www.ufpb.br\/pinacoteca\/galerias-de-arte\/catalogos\/","title":{"rendered":"Cat\u00e1logos"},"content":{"rendered":"\n<p>Aqui est\u00e3o a maioria dos cat\u00e1logos on-line das exposi\u00e7\u00f5es produzidas pela Pinacoteca da UFPB. Apesar de termos uma pauta aberta percebe-se que o foco preferencial do nosso trabalho est\u00e1 centrado no est\u00edmulo \u00e0 produ\u00e7\u00e3o art\u00edstica dos alunos do curso de Artes Visuais, a mesma orienta\u00e7\u00e3o que foi adotada pelo coordenador quando esteve \u00e0 frente da Galeria Lavandeira.<\/p>\n\n\n\n<p><\/p>\n\n\n\n<p><a href=\"https:\/\/issuu.com\/pinacotecaufpb\/docs\/concha\" target=\"_blank\" rel=\"noreferrer noopener\">Expo Concha<\/a><\/p>\n\n\n\n<p><a href=\"https:\/\/issuu.com\/pinacotecaufpb\/docs\/mancha\" target=\"_blank\" rel=\"noreferrer noopener\">Expo Mancha<\/a><\/p>\n\n\n\n<p><a href=\"https:\/\/issuu.com\/pinacotecaufpb\/docs\/a_besta_finalizado\" target=\"_blank\" rel=\"noreferrer noopener\">Expo A Besta<\/a><\/p>\n\n\n\n<p><a href=\"https:\/\/issuu.com\/pinacotecaufpb\/docs\/vestigios_da_natureza_finalizado\" target=\"_blank\" rel=\"noreferrer noopener\">Expo Vest\u00edgios da Natureza<\/a><\/p>\n\n\n\n<p><a href=\"https:\/\/issuu.com\/pinacotecaufpb\/docs\/cabo_branco_at__quando\" target=\"_blank\" rel=\"noreferrer noopener\">Expo Hermano Jos\u00e9 &#8211; Cabo Branco at\u00e9 quando&#8230;?<\/a><\/p>\n\n\n\n<p><a href=\"https:\/\/issuu.com\/pinacotecaufpb\/docs\/m_ltiplas_formas\" target=\"_blank\" rel=\"noreferrer noopener\">Expo M\u00faltiplas Formas<\/a><\/p>\n","protected":false},"excerpt":{"rendered":"<p>Aqui est\u00e3o a maioria dos cat\u00e1logos on-line das exposi\u00e7\u00f5es produzidas pela Pinacoteca da UFPB. Apesar [&hellip;]<\/p>\n","protected":false},"author":143,"featured_media":0,"parent":805,"menu_order":0,"comment_status":"closed","ping_status":"closed","template":"","meta":{"footnotes":""},"class_list":["post-1513","page","type-page","status-publish","hentry"],"_links":{"self":[{"href":"https:\/\/www.ufpb.br\/pinacoteca\/wp-json\/wp\/v2\/pages\/1513","targetHints":{"allow":["GET"]}}],"collection":[{"href":"https:\/\/www.ufpb.br\/pinacoteca\/wp-json\/wp\/v2\/pages"}],"about":[{"href":"https:\/\/www.ufpb.br\/pinacoteca\/wp-json\/wp\/v2\/types\/page"}],"author":[{"embeddable":true,"href":"https:\/\/www.ufpb.br\/pinacoteca\/wp-json\/wp\/v2\/users\/143"}],"replies":[{"embeddable":true,"href":"https:\/\/www.ufpb.br\/pinacoteca\/wp-json\/wp\/v2\/comments?post=1513"}],"version-history":[{"count":4,"href":"https:\/\/www.ufpb.br\/pinacoteca\/wp-json\/wp\/v2\/pages\/1513\/revisions"}],"predecessor-version":[{"id":3569,"href":"https:\/\/www.ufpb.br\/pinacoteca\/wp-json\/wp\/v2\/pages\/1513\/revisions\/3569"}],"up":[{"embeddable":true,"href":"https:\/\/www.ufpb.br\/pinacoteca\/wp-json\/wp\/v2\/pages\/805"}],"wp:attachment":[{"href":"https:\/\/www.ufpb.br\/pinacoteca\/wp-json\/wp\/v2\/media?parent=1513"}],"curies":[{"name":"wp","href":"https:\/\/api.w.org\/{rel}","templated":true}]}}