{"id":1583,"date":"2024-12-11T11:10:39","date_gmt":"2024-12-11T14:10:39","guid":{"rendered":"https:\/\/www.ufpb.br\/pinacoteca2\/?page_id=1583"},"modified":"2025-03-21T10:11:20","modified_gmt":"2025-03-21T13:11:20","slug":"mediacao-pedagogica","status":"publish","type":"page","link":"https:\/\/www.ufpb.br\/pinacoteca\/mediacao-pedagogica\/","title":{"rendered":"Media\u00e7\u00e3o Pedag\u00f3gica"},"content":{"rendered":"\n<hr class=\"wp-block-separator has-text-color has-cyan-bluish-gray-color has-alpha-channel-opacity has-cyan-bluish-gray-background-color has-background\" \/>\n\n\n\n<div style=\"height:40px\" aria-hidden=\"true\" class=\"wp-block-spacer\"><\/div>\n\n\n\n<p class=\" \">O programa de media\u00e7\u00e3o pedag\u00f3gica da Pinacoteca est\u00e1 voltado, principalmente, para as escolas p\u00fablicas e privadas de Jo\u00e3o Pessoa, atendendo tamb\u00e9m as visitas dos alunos da UFPB que visitam a Biblioteca Central. No momento em que essa est\u00e1 fechada para obras sem previs\u00e3o, transferimos nossas atividades para visitas \u00e0 Galeria de Arte Lavandeira com a qual mantemos parceria.<\/p>\n\n\n\n<p class=\" \">A Media\u00e7\u00e3o Pedag\u00f3gica \u00e9 constru\u00edda a partir do conhecimento detalhado da exposi\u00e7\u00e3o em cartaz, os princ\u00edpios que nortearam a curadoria, os artistas expositores, as t\u00e9cnicas empregadas nos trabalhos e a concep\u00e7\u00e3o da montagem. Ela pode incluir tamb\u00e9m visitas \u00e0 reserva t\u00e9cnica da Pinacoteca, seu funcionamento e sua finalidade. As estrat\u00e9gias de a\u00e7\u00e3o s\u00e3o elaboradas a partir de breve sondagem sobre conhecimento do p\u00fablico alvo a ser atingido: se adultos ou crian\u00e7as, n\u00edvel de escolaridade e faixa et\u00e1ria. Ela tamb\u00e9m leva em considera\u00e7\u00e3o o tempo dispon\u00edvel para a execu\u00e7\u00e3o da a\u00e7\u00e3o, se haver\u00e1 espa\u00e7o para uma oficina relacionado ao tema da exposi\u00e7\u00e3o ou apenas uma apresenta\u00e7\u00e3o sint\u00e9tica dos prop\u00f3sitos da exposi\u00e7\u00e3o.<br>Ap\u00f3s as articula\u00e7\u00f5es de media\u00e7\u00e3o conseguimos aumentar o n\u00famero de visita\u00e7\u00e3o ao nosso espa\u00e7o expositivo e a circula\u00e7\u00e3o de informa\u00e7\u00f5es sobre Pinacoteca UFPB para a comunidade tanto docente e discente do campus quanto para terceiros.&nbsp; Driblando todas as dificuldades encontradas no caminho com rela\u00e7\u00e3o a marca\u00e7\u00e3o das media\u00e7\u00f5es com as escolas, e o fato de muitas media\u00e7\u00f5es n\u00e3o terem chegado a acontecer pelo simples fato de a institui\u00e7\u00e3o que estava agendada para fazer a visita tanto como a pr\u00f3pria Universidade n\u00e3o tinham transporte dispon\u00edvel para trazer e levar os alunos.<br>Visto os impactos positivos que o incentivo do projeto trouxe n\u00e3o s\u00f3 para a forma\u00e7\u00e3o dos discentes, mas tamb\u00e9m para as escolas que atrav\u00e9s deste tiveram a primeira oportunidade de frequentar algum espa\u00e7o desse g\u00eanero, buscamos de forma constante atingir cada vez mais alunos, os proporcionando essa experi\u00eancia que \u00e9 primordial para a sua forma\u00e7\u00e3o n\u00e3o somente acad\u00eamica como enquanto cidad\u00e3os tamb\u00e9m.<\/p>\n\n\n\n<p class=\" \">O projeto de media\u00e7\u00e3o pedag\u00f3gica consiste em oferecer visitas guiadas nas exposi\u00e7\u00f5es que ocorrem na Pinacoteca, localizada no primeiro andar da Biblioteca Central da UFPB,&nbsp;direcionada ao p\u00fablico em geral.<\/p>\n\n\n\n<p class=\" \">Para maiores esclarecimentos e agendamentos entrar em contato atrav\u00e9s do email:<\/p>\n\n\n\n<h3 class=\"wp-block-heading\">mediador.pinacotecaufpb@outlook.com<\/h3>\n\n\n\n<div style=\"height:20px\" aria-hidden=\"true\" class=\"wp-block-spacer\"><\/div>\n\n\n\n<hr class=\"wp-block-separator has-text-color has-cyan-bluish-gray-color has-alpha-channel-opacity has-cyan-bluish-gray-background-color has-background\" \/>\n\n\n\n<div style=\"height:40px\" aria-hidden=\"true\" class=\"wp-block-spacer\"><\/div>\n\n\n\n<h2 class=\"wp-block-heading\"><div class=\"linha-header\"><a href=\"https:\/\/www.ufpb.br\/pinacoteca\/2025\/03\/19\/escola-museu-e-licenciatura-em-artes-visuais\/\" data-type=\"post\" data-id=\"2344\">ESCOLA, MUSEU E LICENCIATURA EM ARTES VISUAIS &#8211; FOTOS<\/a><\/div><\/h2>\n\n\n\n<div style=\"height:20px\" aria-hidden=\"true\" class=\"wp-block-spacer\"><\/div>\n\n\n\n<h2 class=\"wp-block-heading\"><div class=\"linha-header\"><a href=\"https:\/\/www.ufpb.br\/pinacoteca\/2025\/02\/27\/mediacao-pedagogica-na-exposicao-achados-perdidos-ricardo-peixoto\/\" data-type=\"post\" data-id=\"2176\">MEDIA\u00c7\u00c3O PEDAG\u00d3GICA NA EXPOSI\u00c7\u00c3O &#8220;ACHADOS &amp; PERDIDOS&#8221; DE RICARDO PEIXOTO<\/a><\/div><\/h2>\n\n\n\n<div style=\"height:20px\" aria-hidden=\"true\" class=\"wp-block-spacer\"><\/div>\n\n\n\n<h2 class=\"wp-block-heading\"><div class=\"linha-header\"><a href=\"https:\/\/www.ccta.ufpb.br\/pinacoteca\/contents\/noticias\/mediacao-pedagogica-com-os-alunos-de-artes-visuais-da-ufpb\">MEDIA\u00c7\u00c3O PEDAG\u00d3GICA COM OS ALUNOS DE ARTES VISUAIS DA UFPB&nbsp;&#8211; FOTOS<\/a><\/div><\/h2>\n\n\n\n<div style=\"height:20px\" aria-hidden=\"true\" class=\"wp-block-spacer\"><\/div>\n\n\n\n<h2 class=\"wp-block-heading\"><div class=\"linha-header\"><a href=\"https:\/\/www.ccta.ufpb.br\/pinacoteca\/contents\/noticias\/mediacao-pedagogica-realizada-com-estudantes-da-escola-alfredo-jose-de-carvalho-do-municipio-de-mata-redonda-pb\">MEDIA\u00c7\u00c3O PEDAG\u00d3GICA COM ESTUDANTES DO MUNIC\u00cdPIO DE MATA REDONDA (29\/08\/24) &#8211; FOTOS<\/a><\/div><\/h2>\n\n\n\n<p><\/p>\n","protected":false},"excerpt":{"rendered":"<p>O programa de media\u00e7\u00e3o pedag\u00f3gica da Pinacoteca est\u00e1 voltado, principalmente, para as escolas p\u00fablicas e [&hellip;]<\/p>\n","protected":false},"author":47,"featured_media":0,"parent":0,"menu_order":0,"comment_status":"closed","ping_status":"closed","template":"","meta":{"footnotes":""},"class_list":["post-1583","page","type-page","status-publish","hentry"],"_links":{"self":[{"href":"https:\/\/www.ufpb.br\/pinacoteca\/wp-json\/wp\/v2\/pages\/1583","targetHints":{"allow":["GET"]}}],"collection":[{"href":"https:\/\/www.ufpb.br\/pinacoteca\/wp-json\/wp\/v2\/pages"}],"about":[{"href":"https:\/\/www.ufpb.br\/pinacoteca\/wp-json\/wp\/v2\/types\/page"}],"author":[{"embeddable":true,"href":"https:\/\/www.ufpb.br\/pinacoteca\/wp-json\/wp\/v2\/users\/47"}],"replies":[{"embeddable":true,"href":"https:\/\/www.ufpb.br\/pinacoteca\/wp-json\/wp\/v2\/comments?post=1583"}],"version-history":[{"count":12,"href":"https:\/\/www.ufpb.br\/pinacoteca\/wp-json\/wp\/v2\/pages\/1583\/revisions"}],"predecessor-version":[{"id":2551,"href":"https:\/\/www.ufpb.br\/pinacoteca\/wp-json\/wp\/v2\/pages\/1583\/revisions\/2551"}],"wp:attachment":[{"href":"https:\/\/www.ufpb.br\/pinacoteca\/wp-json\/wp\/v2\/media?parent=1583"}],"curies":[{"name":"wp","href":"https:\/\/api.w.org\/{rel}","templated":true}]}}