{"id":1590,"date":"2024-12-12T09:52:02","date_gmt":"2024-12-12T12:52:02","guid":{"rendered":"https:\/\/www.ufpb.br\/pinacoteca2\/?page_id=1590"},"modified":"2025-09-02T09:05:02","modified_gmt":"2025-09-02T12:05:02","slug":"doacoes-2017","status":"publish","type":"page","link":"https:\/\/www.ufpb.br\/pinacoteca\/acervo\/doacoes\/doacoes-2017\/","title":{"rendered":"Doa\u00e7\u00f5es 2017"},"content":{"rendered":"\n<p>As doa\u00e7\u00f5es que a Pinacoteca recebeu no ano de 2017<\/p>\n\n\n\n<hr class=\"wp-block-separator has-alpha-channel-opacity\" \/>\n\n\n\n<div style=\"height:20px\" aria-hidden=\"true\" class=\"wp-block-spacer\"><\/div>\n\n\n\n<h3 class=\"wp-block-heading\">Layla Gabrielle<\/h3>\n\n\n\n<figure class=\"wp-block-image size-large\"><img loading=\"lazy\" decoding=\"async\" width=\"725\" height=\"1024\" src=\"https:\/\/www.ufpb.br\/pinacoteca2\/wp-content\/uploads\/sites\/79\/sites\/210\/2024\/12\/layla-725x1024.jpeg\" alt=\"\" class=\"wp-image-1591\" srcset=\"https:\/\/www.ufpb.br\/pinacoteca\/wp-content\/uploads\/sites\/79\/sites\/210\/2024\/12\/layla-725x1024.jpeg 725w, https:\/\/www.ufpb.br\/pinacoteca\/wp-content\/uploads\/sites\/79\/sites\/210\/2024\/12\/layla-212x300.jpeg 212w, https:\/\/www.ufpb.br\/pinacoteca\/wp-content\/uploads\/sites\/79\/sites\/210\/2024\/12\/layla-768x1085.jpeg 768w, https:\/\/www.ufpb.br\/pinacoteca\/wp-content\/uploads\/sites\/79\/sites\/210\/2024\/12\/layla.jpeg 906w\" sizes=\"auto, (max-width: 725px) 100vw, 725px\" \/><figcaption class=\"wp-element-caption\"><strong>Sem t\u00edtulo<\/strong>, 1993. T\u00e9cnica: Serigrafia \u00e0 cores s\/ Papel. Dimens\u00e3o: 26,8 cm x 18,8 cm. Data: 2017. Doa\u00e7\u00e3o: Gabriel Bechara Filho.<\/figcaption><\/figure>\n\n\n\n\n\n\n\n<h3 class=\"wp-block-heading\">Cl\u00f3vis Jr.<\/h3>\n\n\n\n<figure class=\"wp-block-image size-large\"><img loading=\"lazy\" decoding=\"async\" width=\"846\" height=\"1024\" src=\"https:\/\/www.ufpb.br\/pinacoteca2\/wp-content\/uploads\/sites\/79\/sites\/210\/2024\/12\/clovis-jr-846x1024.jpeg\" alt=\"\" class=\"wp-image-1592\" srcset=\"https:\/\/www.ufpb.br\/pinacoteca\/wp-content\/uploads\/sites\/79\/sites\/210\/2024\/12\/clovis-jr-846x1024.jpeg 846w, https:\/\/www.ufpb.br\/pinacoteca\/wp-content\/uploads\/sites\/79\/sites\/210\/2024\/12\/clovis-jr-248x300.jpeg 248w, https:\/\/www.ufpb.br\/pinacoteca\/wp-content\/uploads\/sites\/79\/sites\/210\/2024\/12\/clovis-jr-768x930.jpeg 768w, https:\/\/www.ufpb.br\/pinacoteca\/wp-content\/uploads\/sites\/79\/sites\/210\/2024\/12\/clovis-jr.jpeg 1057w\" sizes=\"auto, (max-width: 846px) 100vw, 846px\" \/><figcaption class=\"wp-element-caption\"><strong>Sem t\u00edtulo<\/strong>, 1965. T\u00e9cnica: Papelogravura. Dimens\u00e3o: 58,9cm x 44,8cm. Data: S\/D Doa\u00e7\u00e3o: Gabriel Bechara Filho.<\/figcaption><\/figure>\n\n\n\n\n\n\n\n<h3 class=\"wp-block-heading\">Tenilson<\/h3>\n\n\n\n<p><\/p>\n\n\n\n<figure class=\"wp-block-image size-large\"><img loading=\"lazy\" decoding=\"async\" width=\"1024\" height=\"1014\" src=\"https:\/\/www.ufpb.br\/pinacoteca2\/wp-content\/uploads\/sites\/79\/sites\/210\/2024\/12\/tenilson-1024x1014.jpeg\" alt=\"\" class=\"wp-image-1593\" srcset=\"https:\/\/www.ufpb.br\/pinacoteca\/wp-content\/uploads\/sites\/79\/sites\/210\/2024\/12\/tenilson-1024x1014.jpeg 1024w, https:\/\/www.ufpb.br\/pinacoteca\/wp-content\/uploads\/sites\/79\/sites\/210\/2024\/12\/tenilson-300x297.jpeg 300w, https:\/\/www.ufpb.br\/pinacoteca\/wp-content\/uploads\/sites\/79\/sites\/210\/2024\/12\/tenilson-150x150.jpeg 150w, https:\/\/www.ufpb.br\/pinacoteca\/wp-content\/uploads\/sites\/79\/sites\/210\/2024\/12\/tenilson-768x761.jpeg 768w, https:\/\/www.ufpb.br\/pinacoteca\/wp-content\/uploads\/sites\/79\/sites\/210\/2024\/12\/tenilson-1536x1521.jpeg 1536w, https:\/\/www.ufpb.br\/pinacoteca\/wp-content\/uploads\/sites\/79\/sites\/210\/2024\/12\/tenilson-2048x2028.jpeg 2048w\" sizes=\"auto, (max-width: 1024px) 100vw, 1024px\" \/><figcaption class=\"wp-element-caption\"><strong>Sem titulo<\/strong>, 1962. T\u00e9cnica: Terracota. Dimens\u00e3o: 26 cm x 26 cm x 4 cm Data: 1980. Doa\u00e7\u00e3o: Gabriel Bechara Filho.<\/figcaption><\/figure>\n\n\n\n\n\n\n\n<h3 class=\"wp-block-heading\">Miguel dos Santos<\/h3>\n\n\n\n<figure class=\"wp-block-image size-large\"><img loading=\"lazy\" decoding=\"async\" width=\"1017\" height=\"1024\" src=\"https:\/\/www.ufpb.br\/pinacoteca2\/wp-content\/uploads\/sites\/79\/sites\/210\/2024\/12\/miguel-dos-santos-1017x1024.jpeg\" alt=\"\" class=\"wp-image-1594\" srcset=\"https:\/\/www.ufpb.br\/pinacoteca\/wp-content\/uploads\/sites\/79\/sites\/210\/2024\/12\/miguel-dos-santos-1017x1024.jpeg 1017w, https:\/\/www.ufpb.br\/pinacoteca\/wp-content\/uploads\/sites\/79\/sites\/210\/2024\/12\/miguel-dos-santos-298x300.jpeg 298w, https:\/\/www.ufpb.br\/pinacoteca\/wp-content\/uploads\/sites\/79\/sites\/210\/2024\/12\/miguel-dos-santos-150x150.jpeg 150w, https:\/\/www.ufpb.br\/pinacoteca\/wp-content\/uploads\/sites\/79\/sites\/210\/2024\/12\/miguel-dos-santos-768x773.jpeg 768w, https:\/\/www.ufpb.br\/pinacoteca\/wp-content\/uploads\/sites\/79\/sites\/210\/2024\/12\/miguel-dos-santos-1526x1536.jpeg 1526w, https:\/\/www.ufpb.br\/pinacoteca\/wp-content\/uploads\/sites\/79\/sites\/210\/2024\/12\/miguel-dos-santos-2034x2048.jpeg 2034w\" sizes=\"auto, (max-width: 1017px) 100vw, 1017px\" \/><figcaption class=\"wp-element-caption\"><strong>Sem t\u00edtulo<\/strong>, 1944. T\u00e9cnica: cer\u00e2mica esmaltada. Dimens\u00e3o: 26 cm x 26 cm x 2 cm. Data: 2012. Doa\u00e7\u00e3o: Gabriel Bechara Filho.<\/figcaption><\/figure>\n","protected":false},"excerpt":{"rendered":"<p>As doa\u00e7\u00f5es que a Pinacoteca recebeu no ano de 2017 Layla Gabrielle Cl\u00f3vis Jr. Tenilson [&hellip;]<\/p>\n","protected":false},"author":143,"featured_media":0,"parent":1367,"menu_order":0,"comment_status":"closed","ping_status":"closed","template":"","meta":{"footnotes":""},"class_list":["post-1590","page","type-page","status-publish","hentry"],"_links":{"self":[{"href":"https:\/\/www.ufpb.br\/pinacoteca\/wp-json\/wp\/v2\/pages\/1590","targetHints":{"allow":["GET"]}}],"collection":[{"href":"https:\/\/www.ufpb.br\/pinacoteca\/wp-json\/wp\/v2\/pages"}],"about":[{"href":"https:\/\/www.ufpb.br\/pinacoteca\/wp-json\/wp\/v2\/types\/page"}],"author":[{"embeddable":true,"href":"https:\/\/www.ufpb.br\/pinacoteca\/wp-json\/wp\/v2\/users\/143"}],"replies":[{"embeddable":true,"href":"https:\/\/www.ufpb.br\/pinacoteca\/wp-json\/wp\/v2\/comments?post=1590"}],"version-history":[{"count":2,"href":"https:\/\/www.ufpb.br\/pinacoteca\/wp-json\/wp\/v2\/pages\/1590\/revisions"}],"predecessor-version":[{"id":2555,"href":"https:\/\/www.ufpb.br\/pinacoteca\/wp-json\/wp\/v2\/pages\/1590\/revisions\/2555"}],"up":[{"embeddable":true,"href":"https:\/\/www.ufpb.br\/pinacoteca\/wp-json\/wp\/v2\/pages\/1367"}],"wp:attachment":[{"href":"https:\/\/www.ufpb.br\/pinacoteca\/wp-json\/wp\/v2\/media?parent=1590"}],"curies":[{"name":"wp","href":"https:\/\/api.w.org\/{rel}","templated":true}]}}