{"id":1597,"date":"2024-12-12T10:48:15","date_gmt":"2024-12-12T13:48:15","guid":{"rendered":"https:\/\/www.ufpb.br\/pinacoteca2\/?page_id=1597"},"modified":"2025-03-21T10:17:49","modified_gmt":"2025-03-21T13:17:49","slug":"doacoes-2018","status":"publish","type":"page","link":"https:\/\/www.ufpb.br\/pinacoteca\/arquivo\/doacoes-2018\/","title":{"rendered":"Doa\u00e7\u00f5es 2018"},"content":{"rendered":"\n<p>As doa\u00e7\u00f5es que a Pinacoteca recebeu no ano de 2018<\/p>\n\n\n\n<hr class=\"wp-block-separator has-alpha-channel-opacity\" \/>\n\n\n\n<div style=\"height:20px\" aria-hidden=\"true\" class=\"wp-block-spacer\"><\/div>\n\n\n\n<h3 class=\"wp-block-heading\">Stephanie Soares<\/h3>\n\n\n\n<figure class=\"wp-block-image size-large\"><img loading=\"lazy\" decoding=\"async\" width=\"776\" height=\"1024\" src=\"https:\/\/www.ufpb.br\/pinacoteca2\/wp-content\/uploads\/sites\/79\/sites\/210\/2024\/12\/stephanie-776x1024.jpeg\" alt=\"\" class=\"wp-image-1598\" srcset=\"https:\/\/www.ufpb.br\/pinacoteca\/wp-content\/uploads\/sites\/79\/sites\/210\/2024\/12\/stephanie-776x1024.jpeg 776w, https:\/\/www.ufpb.br\/pinacoteca\/wp-content\/uploads\/sites\/79\/sites\/210\/2024\/12\/stephanie-227x300.jpeg 227w, https:\/\/www.ufpb.br\/pinacoteca\/wp-content\/uploads\/sites\/79\/sites\/210\/2024\/12\/stephanie-768x1013.jpeg 768w, https:\/\/www.ufpb.br\/pinacoteca\/wp-content\/uploads\/sites\/79\/sites\/210\/2024\/12\/stephanie.jpeg 970w\" sizes=\"auto, (max-width: 776px) 100vw, 776px\" \/><figcaption class=\"wp-element-caption\"><strong>Sem t\u00edtulo<\/strong>, 1993. T\u00e9cnica: Nanquim s\/ Papel. Dimens\u00e3o: 30,8 cm x 22,8 cm. Data: 2016. Doa\u00e7\u00e3o: Gabriel Bechara Filho.<\/figcaption><\/figure>\n\n\n\n<div style=\"height:30px\" aria-hidden=\"true\" class=\"wp-block-spacer\"><\/div>\n\n\n\n<h3 class=\"wp-block-heading\">Chico Dantas<\/h3>\n\n\n\n<figure class=\"wp-block-image size-large\"><img loading=\"lazy\" decoding=\"async\" width=\"1024\" height=\"696\" src=\"https:\/\/www.ufpb.br\/pinacoteca2\/wp-content\/uploads\/sites\/79\/sites\/210\/2024\/12\/chico-dantas-1024x696.jpeg\" alt=\"\" class=\"wp-image-1599\" srcset=\"https:\/\/www.ufpb.br\/pinacoteca\/wp-content\/uploads\/sites\/79\/sites\/210\/2024\/12\/chico-dantas-1024x696.jpeg 1024w, https:\/\/www.ufpb.br\/pinacoteca\/wp-content\/uploads\/sites\/79\/sites\/210\/2024\/12\/chico-dantas-300x204.jpeg 300w, https:\/\/www.ufpb.br\/pinacoteca\/wp-content\/uploads\/sites\/79\/sites\/210\/2024\/12\/chico-dantas-768x522.jpeg 768w, https:\/\/www.ufpb.br\/pinacoteca\/wp-content\/uploads\/sites\/79\/sites\/210\/2024\/12\/chico-dantas-1536x1044.jpeg 1536w, https:\/\/www.ufpb.br\/pinacoteca\/wp-content\/uploads\/sites\/79\/sites\/210\/2024\/12\/chico-dantas-2048x1392.jpeg 2048w\" sizes=\"auto, (max-width: 1024px) 100vw, 1024px\" \/><figcaption class=\"wp-element-caption\"><strong>Sem t\u00edtulo<\/strong>, 1939. T\u00e9cnica: T\u00e9cnica Mista s\/ Papel. Dimens\u00e3o: 32,9cm x 42,2cm. Data: 2016. Doa\u00e7\u00e3o: Gabriel Bechara Filho.<\/figcaption><\/figure>\n\n\n\n<div style=\"height:30px\" aria-hidden=\"true\" class=\"wp-block-spacer\"><\/div>\n\n\n\n<h3 class=\"wp-block-heading\">Guto Holanda<\/h3>\n\n\n\n<figure class=\"wp-block-image size-large\"><img loading=\"lazy\" decoding=\"async\" width=\"668\" height=\"1024\" src=\"https:\/\/www.ufpb.br\/pinacoteca2\/wp-content\/uploads\/sites\/79\/sites\/210\/2024\/12\/guto-holanda-668x1024.jpeg\" alt=\"\" class=\"wp-image-1600\" srcset=\"https:\/\/www.ufpb.br\/pinacoteca\/wp-content\/uploads\/sites\/79\/sites\/210\/2024\/12\/guto-holanda-668x1024.jpeg 668w, https:\/\/www.ufpb.br\/pinacoteca\/wp-content\/uploads\/sites\/79\/sites\/210\/2024\/12\/guto-holanda-196x300.jpeg 196w, https:\/\/www.ufpb.br\/pinacoteca\/wp-content\/uploads\/sites\/79\/sites\/210\/2024\/12\/guto-holanda-768x1177.jpeg 768w, https:\/\/www.ufpb.br\/pinacoteca\/wp-content\/uploads\/sites\/79\/sites\/210\/2024\/12\/guto-holanda.jpeg 835w\" sizes=\"auto, (max-width: 668px) 100vw, 668px\" \/><figcaption class=\"wp-element-caption\">&#8220;<strong>Aurora<\/strong>&#8220;, 1981. T\u00e9cnica: Acr\u00edlica s\/ Eucatex. Dimens\u00e3o: 55,5 cm x 36 cm. Data: S\/D. Doa\u00e7\u00e3o do Artista.<\/figcaption><\/figure>\n\n\n\n<div style=\"height:30px\" aria-hidden=\"true\" class=\"wp-block-spacer\"><\/div>\n\n\n\n<p><\/p>\n","protected":false},"excerpt":{"rendered":"<p>As doa\u00e7\u00f5es que a Pinacoteca recebeu no ano de 2018 Stephanie Soares Chico Dantas Guto [&hellip;]<\/p>\n","protected":false},"author":143,"featured_media":0,"parent":803,"menu_order":0,"comment_status":"closed","ping_status":"closed","template":"","meta":{"footnotes":""},"class_list":["post-1597","page","type-page","status-publish","hentry"],"_links":{"self":[{"href":"https:\/\/www.ufpb.br\/pinacoteca\/wp-json\/wp\/v2\/pages\/1597","targetHints":{"allow":["GET"]}}],"collection":[{"href":"https:\/\/www.ufpb.br\/pinacoteca\/wp-json\/wp\/v2\/pages"}],"about":[{"href":"https:\/\/www.ufpb.br\/pinacoteca\/wp-json\/wp\/v2\/types\/page"}],"author":[{"embeddable":true,"href":"https:\/\/www.ufpb.br\/pinacoteca\/wp-json\/wp\/v2\/users\/143"}],"replies":[{"embeddable":true,"href":"https:\/\/www.ufpb.br\/pinacoteca\/wp-json\/wp\/v2\/comments?post=1597"}],"version-history":[{"count":3,"href":"https:\/\/www.ufpb.br\/pinacoteca\/wp-json\/wp\/v2\/pages\/1597\/revisions"}],"predecessor-version":[{"id":2558,"href":"https:\/\/www.ufpb.br\/pinacoteca\/wp-json\/wp\/v2\/pages\/1597\/revisions\/2558"}],"up":[{"embeddable":true,"href":"https:\/\/www.ufpb.br\/pinacoteca\/wp-json\/wp\/v2\/pages\/803"}],"wp:attachment":[{"href":"https:\/\/www.ufpb.br\/pinacoteca\/wp-json\/wp\/v2\/media?parent=1597"}],"curies":[{"name":"wp","href":"https:\/\/api.w.org\/{rel}","templated":true}]}}