{"id":1777,"date":"2025-02-12T09:59:10","date_gmt":"2025-02-12T12:59:10","guid":{"rendered":"https:\/\/www.ufpb.br\/pinacoteca2\/?page_id=1777"},"modified":"2025-03-21T10:13:43","modified_gmt":"2025-03-21T13:13:43","slug":"doacoes-2019","status":"publish","type":"page","link":"https:\/\/www.ufpb.br\/pinacoteca\/arquivo\/doacoes-2019\/","title":{"rendered":"Doa\u00e7\u00f5es 2019"},"content":{"rendered":"\n<p>As doa\u00e7\u00f5es que a Pinacoteca recebeu no ano de 2019<\/p>\n\n\n\n<hr class=\"wp-block-separator has-alpha-channel-opacity\" \/>\n\n\n\n<div style=\"height:20px\" aria-hidden=\"true\" class=\"wp-block-spacer\"><\/div>\n\n\n\n<h2 class=\"wp-block-heading\"><div class=\"linha-header\"><strong>Cris Medeiros <\/strong><\/div><\/h2>\n\n\n\n<figure class=\"wp-block-image size-full\"><img loading=\"lazy\" decoding=\"async\" width=\"768\" height=\"548\" src=\"http:\/\/www.ufpb.br\/pinacoteca2\/wp-content\/uploads\/sites\/79\/sites\/210\/2025\/02\/3a42da1c-1e1f-4bf9-9af9-416e0aa72902.jpeg\" alt=\"\" class=\"wp-image-1778\" srcset=\"https:\/\/www.ufpb.br\/pinacoteca\/wp-content\/uploads\/sites\/79\/sites\/210\/2025\/02\/3a42da1c-1e1f-4bf9-9af9-416e0aa72902.jpeg 768w, https:\/\/www.ufpb.br\/pinacoteca\/wp-content\/uploads\/sites\/79\/sites\/210\/2025\/02\/3a42da1c-1e1f-4bf9-9af9-416e0aa72902-300x214.jpeg 300w\" sizes=\"auto, (max-width: 768px) 100vw, 768px\" \/><figcaption class=\"wp-element-caption\"><strong> S\/T<\/strong> T\u00e9cnica: Pintura. Dimens\u00e3o: 47,8cm x 65,9cm. Data: 2019 Doa\u00e7\u00e3o do Artista.<\/figcaption><\/figure>\n\n\n\n<p><\/p>\n\n\n\n<h2 class=\"wp-block-heading\"><div class=\"linha-header\">Aurora Caballero <\/div><\/h2>\n\n\n\n<figure class=\"wp-block-image size-full\"><img loading=\"lazy\" decoding=\"async\" width=\"625\" height=\"768\" src=\"https:\/\/www.ufpb.br\/pinacoteca2\/wp-content\/uploads\/sites\/79\/sites\/210\/2025\/02\/82e0dd57-591f-413c-9752-303ccf3ae0b4.jpeg\" alt=\"\" class=\"wp-image-1779\" srcset=\"https:\/\/www.ufpb.br\/pinacoteca\/wp-content\/uploads\/sites\/79\/sites\/210\/2025\/02\/82e0dd57-591f-413c-9752-303ccf3ae0b4.jpeg 625w, https:\/\/www.ufpb.br\/pinacoteca\/wp-content\/uploads\/sites\/79\/sites\/210\/2025\/02\/82e0dd57-591f-413c-9752-303ccf3ae0b4-244x300.jpeg 244w\" sizes=\"auto, (max-width: 625px) 100vw, 625px\" \/><figcaption class=\"wp-element-caption\">T\u00edtulo: <strong>S\u00e9rie Perro 1<\/strong> T\u00e9cnica: Pintura. Dimens\u00e3o: 85cm x 68cm. Data: 2017\/2018. Doa\u00e7\u00e3o do Artista.<\/figcaption><\/figure>\n\n\n\n<p><\/p>\n\n\n\n<h2 class=\"wp-block-heading\"><div class=\"linha-header\">Liliane Dardot<\/div><\/h2>\n\n\n\n<figure class=\"wp-block-image size-full\"><img loading=\"lazy\" decoding=\"async\" width=\"571\" height=\"768\" src=\"https:\/\/www.ufpb.br\/pinacoteca2\/wp-content\/uploads\/sites\/79\/sites\/210\/2025\/02\/b531e820-d6ac-4e00-baa4-5e9da80ea14b.jpeg\" alt=\"\" class=\"wp-image-1780\" srcset=\"https:\/\/www.ufpb.br\/pinacoteca\/wp-content\/uploads\/sites\/79\/sites\/210\/2025\/02\/b531e820-d6ac-4e00-baa4-5e9da80ea14b.jpeg 571w, https:\/\/www.ufpb.br\/pinacoteca\/wp-content\/uploads\/sites\/79\/sites\/210\/2025\/02\/b531e820-d6ac-4e00-baa4-5e9da80ea14b-223x300.jpeg 223w\" sizes=\"auto, (max-width: 571px) 100vw, 571px\" \/><figcaption class=\"wp-element-caption\">T\u00edtulo: <strong>As Flores do Mato.<\/strong> T\u00e9cnica: Litogravura s\/ Papel. Dimens\u00e3o: 24cm x 33cm. Data: S\/D Doa\u00e7\u00e3o: Gabriel Bechara Filho<\/figcaption><\/figure>\n\n\n\n<p><\/p>\n\n\n\n<h2 class=\"wp-block-heading\"><div class=\"linha-header\"><strong>Chico Dantas <\/strong><\/div><\/h2>\n\n\n\n<figure class=\"wp-block-image size-full\"><img loading=\"lazy\" decoding=\"async\" width=\"768\" height=\"541\" src=\"https:\/\/www.ufpb.br\/pinacoteca2\/wp-content\/uploads\/sites\/79\/sites\/210\/2025\/02\/5d24cccb-0f31-4379-9105-c89224e50494.jpeg\" alt=\"\" class=\"wp-image-1781\" srcset=\"https:\/\/www.ufpb.br\/pinacoteca\/wp-content\/uploads\/sites\/79\/sites\/210\/2025\/02\/5d24cccb-0f31-4379-9105-c89224e50494.jpeg 768w, https:\/\/www.ufpb.br\/pinacoteca\/wp-content\/uploads\/sites\/79\/sites\/210\/2025\/02\/5d24cccb-0f31-4379-9105-c89224e50494-300x211.jpeg 300w\" sizes=\"auto, (max-width: 768px) 100vw, 768px\" \/><figcaption class=\"wp-element-caption\"> <strong>S\/T.<\/strong> T\u00e9cnica: Serigrafia \u00e0 cores s\/ Papel. Dimens\u00e3o: 48cm x 63,3cm. Data: S\/D. Doa\u00e7\u00e3o: Rosires Andrade.<\/figcaption><\/figure>\n\n\n\n<p><\/p>\n\n\n\n<h2 class=\"wp-block-heading\"><div class=\"linha-header\"><strong>Maria Helena Magalh\u00e3es <\/strong><\/div><\/h2>\n\n\n\n<figure class=\"wp-block-image size-full\"><img loading=\"lazy\" decoding=\"async\" width=\"768\" height=\"506\" src=\"https:\/\/www.ufpb.br\/pinacoteca2\/wp-content\/uploads\/sites\/79\/sites\/210\/2025\/02\/a41ecaf7-eedb-42a3-9e9a-19076d16f344.jpeg\" alt=\"\" class=\"wp-image-1782\" srcset=\"https:\/\/www.ufpb.br\/pinacoteca\/wp-content\/uploads\/sites\/79\/sites\/210\/2025\/02\/a41ecaf7-eedb-42a3-9e9a-19076d16f344.jpeg 768w, https:\/\/www.ufpb.br\/pinacoteca\/wp-content\/uploads\/sites\/79\/sites\/210\/2025\/02\/a41ecaf7-eedb-42a3-9e9a-19076d16f344-300x198.jpeg 300w\" sizes=\"auto, (max-width: 768px) 100vw, 768px\" \/><figcaption class=\"wp-element-caption\"> <strong>S\/T.<\/strong> T\u00e9cnica: T\u00e9cnica Mista s\/ Tela. Dimens\u00e3o: 140cm x 95,58cm. Data: S\/D. Doa\u00e7\u00e3o do Artista.<\/figcaption><\/figure>\n\n\n\n<p><\/p>\n\n\n\n<h2 class=\"wp-block-heading\"><div class=\"linha-header\">Everton David <\/div><\/h2>\n\n\n\n<figure class=\"wp-block-image size-full\"><img loading=\"lazy\" decoding=\"async\" width=\"768\" height=\"401\" src=\"https:\/\/www.ufpb.br\/pinacoteca2\/wp-content\/uploads\/sites\/79\/sites\/210\/2025\/02\/248a179f-77b5-4af9-a512-a7b76bc53eab.jpeg\" alt=\"\" class=\"wp-image-1783\" srcset=\"https:\/\/www.ufpb.br\/pinacoteca\/wp-content\/uploads\/sites\/79\/sites\/210\/2025\/02\/248a179f-77b5-4af9-a512-a7b76bc53eab.jpeg 768w, https:\/\/www.ufpb.br\/pinacoteca\/wp-content\/uploads\/sites\/79\/sites\/210\/2025\/02\/248a179f-77b5-4af9-a512-a7b76bc53eab-300x157.jpeg 300w\" sizes=\"auto, (max-width: 768px) 100vw, 768px\" \/><figcaption class=\"wp-element-caption\"><strong>Sem T\u00edtulo #1 (S\u00e9rie N\u00e3o Houve Qu\u00edmica)<\/strong> T\u00e9cnica: Pasta de papel \u00e0 cores s\/ papel. Dimens\u00e3o: 31,5cm x 60cm. Data: 2017. Doa\u00e7\u00e3o do Artista.<br><br><br><\/figcaption><\/figure>\n\n\n\n<h2 class=\"wp-block-heading\"><div class=\"linha-header\">Dyogenes Chaves <\/div><\/h2>\n\n\n\n<figure class=\"wp-block-image size-full\"><img loading=\"lazy\" decoding=\"async\" width=\"513\" height=\"768\" src=\"https:\/\/www.ufpb.br\/pinacoteca2\/wp-content\/uploads\/sites\/79\/sites\/210\/2025\/02\/f7c2eb97-9fdd-4e0e-935c-15b60986b796.jpeg\" alt=\"\" class=\"wp-image-1784\" srcset=\"https:\/\/www.ufpb.br\/pinacoteca\/wp-content\/uploads\/sites\/79\/sites\/210\/2025\/02\/f7c2eb97-9fdd-4e0e-935c-15b60986b796.jpeg 513w, https:\/\/www.ufpb.br\/pinacoteca\/wp-content\/uploads\/sites\/79\/sites\/210\/2025\/02\/f7c2eb97-9fdd-4e0e-935c-15b60986b796-200x300.jpeg 200w\" sizes=\"auto, (max-width: 513px) 100vw, 513px\" \/><figcaption class=\"wp-element-caption\"><strong> S\/T. <\/strong>T\u00e9cnica: Serigrafia \u00e0 Cores s\/ Papel. Dimens\u00e3o: 30cm x 20,5cm. Data: 2003. Doa\u00e7\u00e3o: William Costa.<\/figcaption><\/figure>\n\n\n\n<p><\/p>\n\n\n\n<h2 class=\"wp-block-heading\"><div class=\"linha-header\">Dyogenes Chaves <\/div><\/h2>\n\n\n\n<figure class=\"wp-block-image size-full\"><img loading=\"lazy\" decoding=\"async\" width=\"515\" height=\"768\" src=\"https:\/\/www.ufpb.br\/pinacoteca2\/wp-content\/uploads\/sites\/79\/sites\/210\/2025\/02\/dd169876-3940-452d-94cd-af2a333c33c6.jpeg\" alt=\"\" class=\"wp-image-1785\" srcset=\"https:\/\/www.ufpb.br\/pinacoteca\/wp-content\/uploads\/sites\/79\/sites\/210\/2025\/02\/dd169876-3940-452d-94cd-af2a333c33c6.jpeg 515w, https:\/\/www.ufpb.br\/pinacoteca\/wp-content\/uploads\/sites\/79\/sites\/210\/2025\/02\/dd169876-3940-452d-94cd-af2a333c33c6-201x300.jpeg 201w\" sizes=\"auto, (max-width: 515px) 100vw, 515px\" \/><figcaption class=\"wp-element-caption\"><strong> S\/T.<\/strong> T\u00e9cnica: Serigrafia \u00e0 Cores s\/ Papel. Dimens\u00e3o: 30cm x 20,5cm. Data: 2003. Doa\u00e7\u00e3o: William Costa.<br><br><\/figcaption><\/figure>\n\n\n\n<p><\/p>\n\n\n\n<h2 class=\"wp-block-heading\"><div class=\"linha-header\">Dyogenes Chaves <\/div><\/h2>\n\n\n\n<figure class=\"wp-block-image size-full\"><img loading=\"lazy\" decoding=\"async\" width=\"529\" height=\"768\" src=\"https:\/\/www.ufpb.br\/pinacoteca2\/wp-content\/uploads\/sites\/79\/sites\/210\/2025\/02\/2b98d285-11dc-446a-ae39-4d9177f1cb0d.jpeg\" alt=\"\" class=\"wp-image-1786\" srcset=\"https:\/\/www.ufpb.br\/pinacoteca\/wp-content\/uploads\/sites\/79\/sites\/210\/2025\/02\/2b98d285-11dc-446a-ae39-4d9177f1cb0d.jpeg 529w, https:\/\/www.ufpb.br\/pinacoteca\/wp-content\/uploads\/sites\/79\/sites\/210\/2025\/02\/2b98d285-11dc-446a-ae39-4d9177f1cb0d-207x300.jpeg 207w\" sizes=\"auto, (max-width: 529px) 100vw, 529px\" \/><figcaption class=\"wp-element-caption\"><strong> S\/T.<\/strong> T\u00e9cnica: Serigrafia \u00e0 Cores s\/ Papel. Dimens\u00e3o: 30cm x 20,5cm. Data: 2003. Doa\u00e7\u00e3o: William Costa.<\/figcaption><\/figure>\n\n\n\n<p><\/p>\n\n\n\n<h2 class=\"wp-block-heading\"><div class=\"linha-header\">Jos\u00e9 Costa Leite <\/div><\/h2>\n\n\n\n<figure class=\"wp-block-image size-full\"><img loading=\"lazy\" decoding=\"async\" width=\"768\" height=\"586\" src=\"https:\/\/www.ufpb.br\/pinacoteca2\/wp-content\/uploads\/sites\/79\/sites\/210\/2025\/02\/910900fd-964b-4ce4-a673-a309256fb822.jpeg\" alt=\"\" class=\"wp-image-1787\" srcset=\"https:\/\/www.ufpb.br\/pinacoteca\/wp-content\/uploads\/sites\/79\/sites\/210\/2025\/02\/910900fd-964b-4ce4-a673-a309256fb822.jpeg 768w, https:\/\/www.ufpb.br\/pinacoteca\/wp-content\/uploads\/sites\/79\/sites\/210\/2025\/02\/910900fd-964b-4ce4-a673-a309256fb822-300x229.jpeg 300w\" sizes=\"auto, (max-width: 768px) 100vw, 768px\" \/><figcaption class=\"wp-element-caption\">T\u00edtulo: <strong>Pav\u00e3o Misterioso<\/strong>. T\u00e9cnica: Gravura. Dimens\u00e3o: 48,2cm x 66cm. Data: 2003. Doa\u00e7\u00e3o: Gabriel Bechara Filho<\/figcaption><\/figure>\n\n\n\n<p><\/p>\n\n\n\n<h2 class=\"wp-block-heading\"><div class=\"linha-header\">Jos\u00e9 Costa Leite<\/div><\/h2>\n\n\n\n<figure class=\"wp-block-image size-full\"><img loading=\"lazy\" decoding=\"async\" width=\"768\" height=\"597\" src=\"https:\/\/www.ufpb.br\/pinacoteca2\/wp-content\/uploads\/sites\/79\/sites\/210\/2025\/02\/d39a3350-19c2-4785-8e87-e4d2d699df40.jpeg\" alt=\"\" class=\"wp-image-1788\" srcset=\"https:\/\/www.ufpb.br\/pinacoteca\/wp-content\/uploads\/sites\/79\/sites\/210\/2025\/02\/d39a3350-19c2-4785-8e87-e4d2d699df40.jpeg 768w, https:\/\/www.ufpb.br\/pinacoteca\/wp-content\/uploads\/sites\/79\/sites\/210\/2025\/02\/d39a3350-19c2-4785-8e87-e4d2d699df40-300x233.jpeg 300w\" sizes=\"auto, (max-width: 768px) 100vw, 768px\" \/><figcaption class=\"wp-element-caption\">T\u00edtulo: <strong>S\u00e3o Pedro<\/strong>. T\u00e9cnica: Gravura. Dimens\u00e3o: 47,2cm x 57cm. Data: 2002. Doa\u00e7\u00e3o: Gabriel Bechara Filho.<\/figcaption><\/figure>\n\n\n\n<p><\/p>\n\n\n\n<h2 class=\"wp-block-heading\"><div class=\"linha-header\"><strong>Jos\u00e9 Costa Leite <\/strong><\/div><\/h2>\n\n\n\n<figure class=\"wp-block-image size-full\"><img loading=\"lazy\" decoding=\"async\" width=\"768\" height=\"562\" src=\"https:\/\/www.ufpb.br\/pinacoteca2\/wp-content\/uploads\/sites\/79\/sites\/210\/2025\/02\/77e32e41-67d2-4c8c-8d1e-4a0d3d3a8740.jpeg\" alt=\"\" class=\"wp-image-1789\" srcset=\"https:\/\/www.ufpb.br\/pinacoteca\/wp-content\/uploads\/sites\/79\/sites\/210\/2025\/02\/77e32e41-67d2-4c8c-8d1e-4a0d3d3a8740.jpeg 768w, https:\/\/www.ufpb.br\/pinacoteca\/wp-content\/uploads\/sites\/79\/sites\/210\/2025\/02\/77e32e41-67d2-4c8c-8d1e-4a0d3d3a8740-300x220.jpeg 300w\" sizes=\"auto, (max-width: 768px) 100vw, 768px\" \/><figcaption class=\"wp-element-caption\">T\u00edtulo: <strong>Feira de Caic\u00f3<\/strong>. T\u00e9cnica: Gravura. Dimens\u00e3o: 47,8cm x 65,2cm. Data: S\/D Doa\u00e7\u00e3o: Gabriel Bechara Filho.<br><br><\/figcaption><\/figure>\n\n\n\n<h2 class=\"wp-block-heading\"><div class=\"linha-header\"> Jos\u00e9 Costa Leite<\/div><\/h2>\n\n\n\n<figure class=\"wp-block-image size-full\"><img loading=\"lazy\" decoding=\"async\" width=\"768\" height=\"578\" src=\"https:\/\/www.ufpb.br\/pinacoteca2\/wp-content\/uploads\/sites\/79\/sites\/210\/2025\/02\/a66256c6-81ba-4fcf-9865-82dac1a14c92.jpeg\" alt=\"\" class=\"wp-image-1790\" srcset=\"https:\/\/www.ufpb.br\/pinacoteca\/wp-content\/uploads\/sites\/79\/sites\/210\/2025\/02\/a66256c6-81ba-4fcf-9865-82dac1a14c92.jpeg 768w, https:\/\/www.ufpb.br\/pinacoteca\/wp-content\/uploads\/sites\/79\/sites\/210\/2025\/02\/a66256c6-81ba-4fcf-9865-82dac1a14c92-300x226.jpeg 300w\" sizes=\"auto, (max-width: 768px) 100vw, 768px\" \/><figcaption class=\"wp-element-caption\">T\u00edtulo: <strong>A Chegada de Lampi\u00e3o ao Inferno<\/strong>. T\u00e9cnica: Gravura. Dimens\u00e3o: 23,3cm x 32,7cm. Data: 2000. Doa\u00e7\u00e3o: Gabriel Bechara Filho.<\/figcaption><\/figure>\n\n\n\n<p><\/p>\n\n\n\n<h2 class=\"wp-block-heading\"><div class=\"linha-header\">Jos\u00e9 Costa Leite <\/div><\/h2>\n\n\n\n<figure class=\"wp-block-image size-full\"><img loading=\"lazy\" decoding=\"async\" width=\"768\" height=\"552\" src=\"https:\/\/www.ufpb.br\/pinacoteca2\/wp-content\/uploads\/sites\/79\/sites\/210\/2025\/02\/5162c638-fccc-4ee3-8e74-30918aacb5c9.jpeg\" alt=\"\" class=\"wp-image-1791\" srcset=\"https:\/\/www.ufpb.br\/pinacoteca\/wp-content\/uploads\/sites\/79\/sites\/210\/2025\/02\/5162c638-fccc-4ee3-8e74-30918aacb5c9.jpeg 768w, https:\/\/www.ufpb.br\/pinacoteca\/wp-content\/uploads\/sites\/79\/sites\/210\/2025\/02\/5162c638-fccc-4ee3-8e74-30918aacb5c9-300x216.jpeg 300w\" sizes=\"auto, (max-width: 768px) 100vw, 768px\" \/><figcaption class=\"wp-element-caption\">T\u00edtulo:<strong> Paisagem Nordestina.<\/strong> T\u00e9cnica: Gravura. Dimens\u00e3o: 23,9cm x 33cm. Data: 2004. Doa\u00e7\u00e3o: Gabriel Bechara Filho<\/figcaption><\/figure>\n\n\n\n<p><\/p>\n\n\n\n<h2 class=\"wp-block-heading\"><div class=\"linha-header\"><strong>Jos\u00e9 Costa Leite <\/strong><\/div><\/h2>\n\n\n\n<figure class=\"wp-block-image size-full\"><img loading=\"lazy\" decoding=\"async\" width=\"768\" height=\"616\" src=\"https:\/\/www.ufpb.br\/pinacoteca2\/wp-content\/uploads\/sites\/79\/sites\/210\/2025\/02\/44628359-331a-4a44-bfe4-765181d6bfb8-1.jpeg\" alt=\"\" class=\"wp-image-1792\" srcset=\"https:\/\/www.ufpb.br\/pinacoteca\/wp-content\/uploads\/sites\/79\/sites\/210\/2025\/02\/44628359-331a-4a44-bfe4-765181d6bfb8-1.jpeg 768w, https:\/\/www.ufpb.br\/pinacoteca\/wp-content\/uploads\/sites\/79\/sites\/210\/2025\/02\/44628359-331a-4a44-bfe4-765181d6bfb8-1-300x241.jpeg 300w\" sizes=\"auto, (max-width: 768px) 100vw, 768px\" \/><figcaption class=\"wp-element-caption\">T\u00edtulo: <strong>Namoro Sertanejo.<\/strong> T\u00e9cnica: Gravura. Dimens\u00e3o: 23,9cm x 33cm. Data: 2004. Doa\u00e7\u00e3o: Gabriel Bechara Filho.<\/figcaption><\/figure>\n\n\n\n<p><\/p>\n\n\n\n<h2 class=\"wp-block-heading\"><div class=\"linha-header\">Jos\u00e9 Costa Leite<\/div><\/h2>\n\n\n\n<figure class=\"wp-block-image size-full\"><img loading=\"lazy\" decoding=\"async\" width=\"768\" height=\"560\" src=\"https:\/\/www.ufpb.br\/pinacoteca2\/wp-content\/uploads\/sites\/79\/sites\/210\/2025\/02\/d293924b-2f8a-42d0-ade8-b9848e7053ae-1.jpeg\" alt=\"\" class=\"wp-image-1793\" srcset=\"https:\/\/www.ufpb.br\/pinacoteca\/wp-content\/uploads\/sites\/79\/sites\/210\/2025\/02\/d293924b-2f8a-42d0-ade8-b9848e7053ae-1.jpeg 768w, https:\/\/www.ufpb.br\/pinacoteca\/wp-content\/uploads\/sites\/79\/sites\/210\/2025\/02\/d293924b-2f8a-42d0-ade8-b9848e7053ae-1-300x219.jpeg 300w\" sizes=\"auto, (max-width: 768px) 100vw, 768px\" \/><figcaption class=\"wp-element-caption\">T\u00edtulo: <strong>Capoeira.<\/strong> T\u00e9cnica: Gravura. Dimens\u00e3o: 23,9cm x 33cm. Data: 2004. Doa\u00e7\u00e3o: Gabriel Bechara Filho. <\/figcaption><\/figure>\n\n\n\n<p><\/p>\n\n\n\n<h2 class=\"wp-block-heading\"><div class=\"linha-header\">Jos\u00e9 Costa Leite<\/div><\/h2>\n\n\n\n<figure class=\"wp-block-image size-full\"><img loading=\"lazy\" decoding=\"async\" width=\"768\" height=\"568\" src=\"https:\/\/www.ufpb.br\/pinacoteca2\/wp-content\/uploads\/sites\/79\/sites\/210\/2025\/02\/38f9b59a-60bb-4c3c-9512-5500173165f7.jpeg\" alt=\"\" class=\"wp-image-1795\" srcset=\"https:\/\/www.ufpb.br\/pinacoteca\/wp-content\/uploads\/sites\/79\/sites\/210\/2025\/02\/38f9b59a-60bb-4c3c-9512-5500173165f7.jpeg 768w, https:\/\/www.ufpb.br\/pinacoteca\/wp-content\/uploads\/sites\/79\/sites\/210\/2025\/02\/38f9b59a-60bb-4c3c-9512-5500173165f7-300x222.jpeg 300w\" sizes=\"auto, (max-width: 768px) 100vw, 768px\" \/><figcaption class=\"wp-element-caption\">T\u00edtulo: S\/T. T\u00e9cnica: Gravura. Dimens\u00e3o: 33cm x 24cm. Data: S\/D Doa\u00e7\u00e3o: Rosires Andrade. <\/figcaption><\/figure>\n\n\n\n<p><\/p>\n\n\n\n<h2 class=\"wp-block-heading\"><div class=\"linha-header\">Jos\u00e9 Costa Leite <\/div><\/h2>\n\n\n\n<figure class=\"wp-block-image size-full\"><img loading=\"lazy\" decoding=\"async\" width=\"768\" height=\"565\" src=\"https:\/\/www.ufpb.br\/pinacoteca2\/wp-content\/uploads\/sites\/79\/sites\/210\/2025\/02\/dc42e2ff-b3bf-4ed3-a995-82c875fb2ddb.jpeg\" alt=\"\" class=\"wp-image-1796\" srcset=\"https:\/\/www.ufpb.br\/pinacoteca\/wp-content\/uploads\/sites\/79\/sites\/210\/2025\/02\/dc42e2ff-b3bf-4ed3-a995-82c875fb2ddb.jpeg 768w, https:\/\/www.ufpb.br\/pinacoteca\/wp-content\/uploads\/sites\/79\/sites\/210\/2025\/02\/dc42e2ff-b3bf-4ed3-a995-82c875fb2ddb-300x221.jpeg 300w\" sizes=\"auto, (max-width: 768px) 100vw, 768px\" \/><figcaption class=\"wp-element-caption\"><strong> S\/T. <\/strong>T\u00e9cnica: Gravura. Dimens\u00e3o: 47cm x 66cm. Data: 2004. Doa\u00e7\u00e3o: Rosires Andrade.<\/figcaption><\/figure>\n\n\n\n<p><\/p>\n\n\n\n<h2 class=\"wp-block-heading\"><div class=\"linha-header\">Jos\u00e9 Costa Leite <\/div><\/h2>\n\n\n\n<figure class=\"wp-block-image size-full\"><img loading=\"lazy\" decoding=\"async\" width=\"768\" height=\"550\" src=\"https:\/\/www.ufpb.br\/pinacoteca2\/wp-content\/uploads\/sites\/79\/sites\/210\/2025\/02\/8e6c943e-be6d-4754-9a04-90ffb8dc0ec4.jpeg\" alt=\"\" class=\"wp-image-1798\" srcset=\"https:\/\/www.ufpb.br\/pinacoteca\/wp-content\/uploads\/sites\/79\/sites\/210\/2025\/02\/8e6c943e-be6d-4754-9a04-90ffb8dc0ec4.jpeg 768w, https:\/\/www.ufpb.br\/pinacoteca\/wp-content\/uploads\/sites\/79\/sites\/210\/2025\/02\/8e6c943e-be6d-4754-9a04-90ffb8dc0ec4-300x215.jpeg 300w\" sizes=\"auto, (max-width: 768px) 100vw, 768px\" \/><figcaption class=\"wp-element-caption\"><strong> S\/T. <\/strong>T\u00e9cnica: Gravura. Dimens\u00e3o: 33cm x 24cm. Data: 2004. Doa\u00e7\u00e3o: Rosires Andrade.<\/figcaption><\/figure>\n\n\n\n<p><\/p>\n\n\n\n<h2 class=\"wp-block-heading\"><div class=\"linha-header\">Jos\u00e9 Costa Leite <\/div><\/h2>\n\n\n\n<figure class=\"wp-block-image size-full\"><img loading=\"lazy\" decoding=\"async\" width=\"768\" height=\"608\" src=\"https:\/\/www.ufpb.br\/pinacoteca2\/wp-content\/uploads\/sites\/79\/sites\/210\/2025\/02\/d092b005-b2ea-4a68-8746-ae83a8c251a7.jpeg\" alt=\"\" class=\"wp-image-1800\" srcset=\"https:\/\/www.ufpb.br\/pinacoteca\/wp-content\/uploads\/sites\/79\/sites\/210\/2025\/02\/d092b005-b2ea-4a68-8746-ae83a8c251a7.jpeg 768w, https:\/\/www.ufpb.br\/pinacoteca\/wp-content\/uploads\/sites\/79\/sites\/210\/2025\/02\/d092b005-b2ea-4a68-8746-ae83a8c251a7-300x238.jpeg 300w\" sizes=\"auto, (max-width: 768px) 100vw, 768px\" \/><figcaption class=\"wp-element-caption\">T\u00edtulo: <strong>Os Cabras de Lampi\u00e3o. <\/strong>T\u00e9cnica: Gravura. Dimens\u00e3o: 24cm x 33cm. Data: 2002. Doa\u00e7\u00e3o: Rosires Andrade.<\/figcaption><\/figure>\n\n\n\n<p><\/p>\n\n\n\n<h2 class=\"wp-block-heading\"><div class=\"linha-header\">Jos\u00e9 Costa Leite <\/div><\/h2>\n\n\n\n<figure class=\"wp-block-image size-full\"><img loading=\"lazy\" decoding=\"async\" width=\"768\" height=\"552\" src=\"https:\/\/www.ufpb.br\/pinacoteca2\/wp-content\/uploads\/sites\/79\/sites\/210\/2025\/02\/7c592ebf-9b41-4124-ae71-ebfc2058f052.jpeg\" alt=\"\" class=\"wp-image-1801\" srcset=\"https:\/\/www.ufpb.br\/pinacoteca\/wp-content\/uploads\/sites\/79\/sites\/210\/2025\/02\/7c592ebf-9b41-4124-ae71-ebfc2058f052.jpeg 768w, https:\/\/www.ufpb.br\/pinacoteca\/wp-content\/uploads\/sites\/79\/sites\/210\/2025\/02\/7c592ebf-9b41-4124-ae71-ebfc2058f052-300x216.jpeg 300w\" sizes=\"auto, (max-width: 768px) 100vw, 768px\" \/><figcaption class=\"wp-element-caption\"><strong> S\/T. <\/strong>T\u00e9cnica: Gravura. Dimens\u00e3o: 33cm x 24cm. Data: 2004. Doa\u00e7\u00e3o: Rosires Andrade.<\/figcaption><\/figure>\n\n\n\n<p><\/p>\n\n\n\n<h2 class=\"wp-block-heading\"><div class=\"linha-header\">Jos\u00e9 Costa Leite <\/div><\/h2>\n\n\n\n<figure class=\"wp-block-image size-full\"><img loading=\"lazy\" decoding=\"async\" width=\"768\" height=\"557\" src=\"https:\/\/www.ufpb.br\/pinacoteca2\/wp-content\/uploads\/sites\/79\/sites\/210\/2025\/02\/5b5cbeb9-f4e4-4bd4-aba8-0ed45dab8f0a.jpeg\" alt=\"\" class=\"wp-image-1802\" srcset=\"https:\/\/www.ufpb.br\/pinacoteca\/wp-content\/uploads\/sites\/79\/sites\/210\/2025\/02\/5b5cbeb9-f4e4-4bd4-aba8-0ed45dab8f0a.jpeg 768w, https:\/\/www.ufpb.br\/pinacoteca\/wp-content\/uploads\/sites\/79\/sites\/210\/2025\/02\/5b5cbeb9-f4e4-4bd4-aba8-0ed45dab8f0a-300x218.jpeg 300w\" sizes=\"auto, (max-width: 768px) 100vw, 768px\" \/><figcaption class=\"wp-element-caption\"><strong> S\/T. <\/strong>T\u00e9cnica: Gravura. Dimens\u00e3o: 33cm x 24cm. Data: 2002. Doa\u00e7\u00e3o: Rosires Andrade.<\/figcaption><\/figure>\n\n\n\n<p><\/p>\n\n\n\n<h2 class=\"wp-block-heading\"><div class=\"linha-header\">Jos\u00e9 Costa Leite<\/div><\/h2>\n\n\n\n<figure class=\"wp-block-image size-full\"><img loading=\"lazy\" decoding=\"async\" width=\"768\" height=\"556\" src=\"https:\/\/www.ufpb.br\/pinacoteca2\/wp-content\/uploads\/sites\/79\/sites\/210\/2025\/02\/98a31e06-6ec0-4ee6-b729-24b88cfbf784.jpeg\" alt=\"\" class=\"wp-image-1804\" srcset=\"https:\/\/www.ufpb.br\/pinacoteca\/wp-content\/uploads\/sites\/79\/sites\/210\/2025\/02\/98a31e06-6ec0-4ee6-b729-24b88cfbf784.jpeg 768w, https:\/\/www.ufpb.br\/pinacoteca\/wp-content\/uploads\/sites\/79\/sites\/210\/2025\/02\/98a31e06-6ec0-4ee6-b729-24b88cfbf784-300x217.jpeg 300w\" sizes=\"auto, (max-width: 768px) 100vw, 768px\" \/><figcaption class=\"wp-element-caption\">T\u00edtulo: <strong>O Toreiro de Madrid.<\/strong> T\u00e9cnica: Gravura. Dimens\u00e3o: 47,5cm x 33cm. Data: 2009. Doa\u00e7\u00e3o: Rosires Andrade<\/figcaption><\/figure>\n\n\n\n<p><\/p>\n\n\n\n<h2 class=\"wp-block-heading\"><div class=\"linha-header\">Jos\u00e9 Costa Leite <\/div><\/h2>\n\n\n\n<figure class=\"wp-block-image size-full\"><img loading=\"lazy\" decoding=\"async\" width=\"768\" height=\"537\" src=\"https:\/\/www.ufpb.br\/pinacoteca2\/wp-content\/uploads\/sites\/79\/sites\/210\/2025\/02\/3c758fdc-f77b-49e6-8fcf-6c2c85f0de4d.jpeg\" alt=\"\" class=\"wp-image-1805\" srcset=\"https:\/\/www.ufpb.br\/pinacoteca\/wp-content\/uploads\/sites\/79\/sites\/210\/2025\/02\/3c758fdc-f77b-49e6-8fcf-6c2c85f0de4d.jpeg 768w, https:\/\/www.ufpb.br\/pinacoteca\/wp-content\/uploads\/sites\/79\/sites\/210\/2025\/02\/3c758fdc-f77b-49e6-8fcf-6c2c85f0de4d-300x210.jpeg 300w\" sizes=\"auto, (max-width: 768px) 100vw, 768px\" \/><figcaption class=\"wp-element-caption\">T\u00edtulo: <strong>Cavalo Marinho.<\/strong> T\u00e9cnica: Gravura. Dimens\u00e3o: 27,5cm x 33cm. Data: 2008. Doa\u00e7\u00e3o: Rosires Andrade<br><\/figcaption><\/figure>\n\n\n\n<h2 class=\"wp-block-heading\"><div class=\"linha-header\"><strong>Jos\u00e9 Costa Leite <\/strong><\/div><\/h2>\n\n\n\n<figure class=\"wp-block-image size-full\"><img loading=\"lazy\" decoding=\"async\" width=\"768\" height=\"556\" src=\"https:\/\/www.ufpb.br\/pinacoteca2\/wp-content\/uploads\/sites\/79\/sites\/210\/2025\/02\/92923e70-d17c-469d-a94a-c0098011d9ad-1.jpeg\" alt=\"\" class=\"wp-image-1811\" srcset=\"https:\/\/www.ufpb.br\/pinacoteca\/wp-content\/uploads\/sites\/79\/sites\/210\/2025\/02\/92923e70-d17c-469d-a94a-c0098011d9ad-1.jpeg 768w, https:\/\/www.ufpb.br\/pinacoteca\/wp-content\/uploads\/sites\/79\/sites\/210\/2025\/02\/92923e70-d17c-469d-a94a-c0098011d9ad-1-300x217.jpeg 300w\" sizes=\"auto, (max-width: 768px) 100vw, 768px\" \/><figcaption class=\"wp-element-caption\"><strong>S\/T. <\/strong>T\u00e9cnica: Gravura. Dimens\u00e3o: 33cm x 24cm. Data: 2004. Doa\u00e7\u00e3o: Rosires Andrade.<\/figcaption><\/figure>\n\n\n\n<p><\/p>\n\n\n\n<h2 class=\"wp-block-heading\"><div class=\"linha-header\">Jos\u00e9 Costa Leite <\/div><\/h2>\n\n\n\n<figure class=\"wp-block-image size-full\"><img loading=\"lazy\" decoding=\"async\" width=\"768\" height=\"539\" src=\"https:\/\/www.ufpb.br\/pinacoteca2\/wp-content\/uploads\/sites\/79\/sites\/210\/2025\/02\/377917cb-b89b-4b52-88df-38ca47c6128f.jpeg\" alt=\"\" class=\"wp-image-1812\" srcset=\"https:\/\/www.ufpb.br\/pinacoteca\/wp-content\/uploads\/sites\/79\/sites\/210\/2025\/02\/377917cb-b89b-4b52-88df-38ca47c6128f.jpeg 768w, https:\/\/www.ufpb.br\/pinacoteca\/wp-content\/uploads\/sites\/79\/sites\/210\/2025\/02\/377917cb-b89b-4b52-88df-38ca47c6128f-300x211.jpeg 300w\" sizes=\"auto, (max-width: 768px) 100vw, 768px\" \/><figcaption class=\"wp-element-caption\">T\u00edtulo: <strong>A Beleza da Mulher.<\/strong> T\u00e9cnica: Gravura. Dimens\u00e3o: 47cm x 33cm. Data: S\/D. Doa\u00e7\u00e3o: Rosires Andrade.<\/figcaption><\/figure>\n\n\n\n<p><\/p>\n\n\n\n<h2 class=\"wp-block-heading\"><div class=\"linha-header\">Jos\u00e9 Costa Leite <\/div><\/h2>\n\n\n\n<figure class=\"wp-block-image size-full\"><img loading=\"lazy\" decoding=\"async\" width=\"768\" height=\"557\" src=\"https:\/\/www.ufpb.br\/pinacoteca2\/wp-content\/uploads\/sites\/79\/sites\/210\/2025\/02\/7ba04d35-78b6-4af3-bfb6-1f6de412f2a1.jpeg\" alt=\"\" class=\"wp-image-1813\" srcset=\"https:\/\/www.ufpb.br\/pinacoteca\/wp-content\/uploads\/sites\/79\/sites\/210\/2025\/02\/7ba04d35-78b6-4af3-bfb6-1f6de412f2a1.jpeg 768w, https:\/\/www.ufpb.br\/pinacoteca\/wp-content\/uploads\/sites\/79\/sites\/210\/2025\/02\/7ba04d35-78b6-4af3-bfb6-1f6de412f2a1-300x218.jpeg 300w\" sizes=\"auto, (max-width: 768px) 100vw, 768px\" \/><figcaption class=\"wp-element-caption\">T\u00edtulo: <strong>O Brasil e os Holandeses. <\/strong>T\u00e9cnica: Gravura. Dimens\u00e3o: 55cm x 36,5cm. Data: S\/D. Doa\u00e7\u00e3o: Rosires Andrade<\/figcaption><\/figure>\n\n\n\n<p><\/p>\n\n\n\n<h2 class=\"wp-block-heading\"><div class=\"linha-header\"><strong>Jos\u00e9 Costa Leite <\/strong><\/div><\/h2>\n\n\n\n<figure class=\"wp-block-image size-full\"><img loading=\"lazy\" decoding=\"async\" width=\"768\" height=\"611\" src=\"https:\/\/www.ufpb.br\/pinacoteca2\/wp-content\/uploads\/sites\/79\/sites\/210\/2025\/02\/e91d4016-2159-4b08-9810-a1a38c7c528a.jpeg\" alt=\"\" class=\"wp-image-1816\" srcset=\"https:\/\/www.ufpb.br\/pinacoteca\/wp-content\/uploads\/sites\/79\/sites\/210\/2025\/02\/e91d4016-2159-4b08-9810-a1a38c7c528a.jpeg 768w, https:\/\/www.ufpb.br\/pinacoteca\/wp-content\/uploads\/sites\/79\/sites\/210\/2025\/02\/e91d4016-2159-4b08-9810-a1a38c7c528a-300x239.jpeg 300w\" sizes=\"auto, (max-width: 768px) 100vw, 768px\" \/><figcaption class=\"wp-element-caption\">T\u00edtulo: <strong>Casamento Sertanejo. <\/strong>T\u00e9cnica: Gravura. Dimens\u00e3o: 52cm x 42cm. Data: S\/D Doa\u00e7\u00e3o: Rosires Andrade.<\/figcaption><\/figure>\n\n\n\n<p><\/p>\n\n\n\n<h2 class=\"wp-block-heading\"><div class=\"linha-header\">Jos\u00e9 Costa Leite<\/div><\/h2>\n\n\n\n<figure class=\"wp-block-image size-full\"><img loading=\"lazy\" decoding=\"async\" width=\"768\" height=\"561\" src=\"https:\/\/www.ufpb.br\/pinacoteca2\/wp-content\/uploads\/sites\/79\/sites\/210\/2025\/02\/d454d998-4c11-4499-a93f-aa2746355655.jpeg\" alt=\"\" class=\"wp-image-1817\" srcset=\"https:\/\/www.ufpb.br\/pinacoteca\/wp-content\/uploads\/sites\/79\/sites\/210\/2025\/02\/d454d998-4c11-4499-a93f-aa2746355655.jpeg 768w, https:\/\/www.ufpb.br\/pinacoteca\/wp-content\/uploads\/sites\/79\/sites\/210\/2025\/02\/d454d998-4c11-4499-a93f-aa2746355655-300x219.jpeg 300w\" sizes=\"auto, (max-width: 768px) 100vw, 768px\" \/><figcaption class=\"wp-element-caption\">T\u00edtulo: <strong>Usina A\u00e7\u00facareira.<\/strong> T\u00e9cnica: Gravura. Dimens\u00e3o: 66,5cm x 48cm. Data: 2008. Doa\u00e7\u00e3o: Rosires Andrade.<\/figcaption><\/figure>\n\n\n\n<p><\/p>\n\n\n\n<h2 class=\"wp-block-heading\"><div class=\"linha-header\">Jos\u00e9 Costa Leite <\/div><\/h2>\n\n\n\n<figure class=\"wp-block-image size-full\"><img loading=\"lazy\" decoding=\"async\" width=\"768\" height=\"567\" src=\"https:\/\/www.ufpb.br\/pinacoteca2\/wp-content\/uploads\/sites\/79\/sites\/210\/2025\/02\/9fb6faef-4264-42b4-8937-3801bf8299ef.jpeg\" alt=\"\" class=\"wp-image-1820\" srcset=\"https:\/\/www.ufpb.br\/pinacoteca\/wp-content\/uploads\/sites\/79\/sites\/210\/2025\/02\/9fb6faef-4264-42b4-8937-3801bf8299ef.jpeg 768w, https:\/\/www.ufpb.br\/pinacoteca\/wp-content\/uploads\/sites\/79\/sites\/210\/2025\/02\/9fb6faef-4264-42b4-8937-3801bf8299ef-300x221.jpeg 300w\" sizes=\"auto, (max-width: 768px) 100vw, 768px\" \/><figcaption class=\"wp-element-caption\">T\u00edtulo: <strong>Bicho de Sete Cabe\u00e7as.<\/strong> T\u00e9cnica: Gravura. Dimens\u00e3o: 65cm x 50cm. Data: S\/D Doa\u00e7\u00e3o: Rosires Andrade.<\/figcaption><\/figure>\n\n\n\n<p><\/p>\n\n\n\n<h2 class=\"wp-block-heading\"><div class=\"linha-header\">Jos\u00e9 Costa Leite <\/div><\/h2>\n\n\n\n<figure class=\"wp-block-image size-full\"><img loading=\"lazy\" decoding=\"async\" width=\"768\" height=\"506\" src=\"https:\/\/www.ufpb.br\/pinacoteca2\/wp-content\/uploads\/sites\/79\/sites\/210\/2025\/02\/228f90ac-a448-4658-8577-1c9c7321daef.jpeg\" alt=\"\" class=\"wp-image-1822\" srcset=\"https:\/\/www.ufpb.br\/pinacoteca\/wp-content\/uploads\/sites\/79\/sites\/210\/2025\/02\/228f90ac-a448-4658-8577-1c9c7321daef.jpeg 768w, https:\/\/www.ufpb.br\/pinacoteca\/wp-content\/uploads\/sites\/79\/sites\/210\/2025\/02\/228f90ac-a448-4658-8577-1c9c7321daef-300x198.jpeg 300w\" sizes=\"auto, (max-width: 768px) 100vw, 768px\" \/><figcaption class=\"wp-element-caption\">T\u00edtulo: <strong>Os Signos Zodiacais.<\/strong> T\u00e9cnica: Gravura. Dimens\u00e3o: 65cm x 49,5cm. Data: S\/D. Doa\u00e7\u00e3o: Rosires Andrade.<\/figcaption><\/figure>\n\n\n\n<p><\/p>\n\n\n\n<h2 class=\"wp-block-heading\"><div class=\"linha-header\">Jos\u00e9 Costa Leite <\/div><\/h2>\n\n\n\n<figure class=\"wp-block-image size-full\"><img loading=\"lazy\" decoding=\"async\" width=\"768\" height=\"532\" src=\"https:\/\/www.ufpb.br\/pinacoteca2\/wp-content\/uploads\/sites\/79\/sites\/210\/2025\/02\/5c605af6-6ea2-4e8b-acd8-acadc87f847e.jpeg\" alt=\"\" class=\"wp-image-1833\" srcset=\"https:\/\/www.ufpb.br\/pinacoteca\/wp-content\/uploads\/sites\/79\/sites\/210\/2025\/02\/5c605af6-6ea2-4e8b-acd8-acadc87f847e.jpeg 768w, https:\/\/www.ufpb.br\/pinacoteca\/wp-content\/uploads\/sites\/79\/sites\/210\/2025\/02\/5c605af6-6ea2-4e8b-acd8-acadc87f847e-300x208.jpeg 300w\" sizes=\"auto, (max-width: 768px) 100vw, 768px\" \/><figcaption class=\"wp-element-caption\">T\u00edtulo:<strong> Bonecos de Vitalino.<\/strong> T\u00e9cnica: Gravura. Dimens\u00e3o: 65cm x 50cm. Data: S\/D Doa\u00e7\u00e3o: Rosires Andrade<strong>.<\/strong> <\/figcaption><\/figure>\n\n\n\n<p><\/p>\n\n\n\n<h2 class=\"wp-block-heading\"><div class=\"linha-header\">Jos\u00e9 Costa Leite <\/div><\/h2>\n\n\n\n<figure class=\"wp-block-image size-full\"><img loading=\"lazy\" decoding=\"async\" width=\"768\" height=\"567\" src=\"https:\/\/www.ufpb.br\/pinacoteca2\/wp-content\/uploads\/sites\/79\/sites\/210\/2025\/02\/e2d35ce9-5cdb-4f17-bd09-5695caa128ab.jpeg\" alt=\"\" class=\"wp-image-1836\" srcset=\"https:\/\/www.ufpb.br\/pinacoteca\/wp-content\/uploads\/sites\/79\/sites\/210\/2025\/02\/e2d35ce9-5cdb-4f17-bd09-5695caa128ab.jpeg 768w, https:\/\/www.ufpb.br\/pinacoteca\/wp-content\/uploads\/sites\/79\/sites\/210\/2025\/02\/e2d35ce9-5cdb-4f17-bd09-5695caa128ab-300x221.jpeg 300w\" sizes=\"auto, (max-width: 768px) 100vw, 768px\" \/><figcaption class=\"wp-element-caption\">T\u00edtulo: <strong>A Feira de Campina Grande.<\/strong> T\u00e9cnica: Gravura. Dimens\u00e3o: 66,5cm x 48cm. Data: S\/D Doa\u00e7\u00e3o: Rosires Andrade.<\/figcaption><\/figure>\n\n\n\n<p><\/p>\n\n\n\n<h2 class=\"wp-block-heading\"><div class=\"linha-header\">Jos\u00e9 Costa Leite<\/div><\/h2>\n\n\n\n<figure class=\"wp-block-image size-full\"><img loading=\"lazy\" decoding=\"async\" width=\"768\" height=\"528\" src=\"https:\/\/www.ufpb.br\/pinacoteca2\/wp-content\/uploads\/sites\/79\/sites\/210\/2025\/02\/6387a1e8-d1d5-450a-9a88-f6869f70a68f.jpeg\" alt=\"\" class=\"wp-image-1837\" srcset=\"https:\/\/www.ufpb.br\/pinacoteca\/wp-content\/uploads\/sites\/79\/sites\/210\/2025\/02\/6387a1e8-d1d5-450a-9a88-f6869f70a68f.jpeg 768w, https:\/\/www.ufpb.br\/pinacoteca\/wp-content\/uploads\/sites\/79\/sites\/210\/2025\/02\/6387a1e8-d1d5-450a-9a88-f6869f70a68f-300x206.jpeg 300w\" sizes=\"auto, (max-width: 768px) 100vw, 768px\" \/><figcaption class=\"wp-element-caption\">T\u00edtulo: <strong>Uma Noite de Amor<\/strong>. T\u00e9cnica: Gravura. Dimens\u00e3o: 32,9cm x 47,6cm. Data: 2008. Doa\u00e7\u00e3o: Gabriel Bechara Filho<strong>.<\/strong><\/figcaption><\/figure>\n\n\n\n<p><\/p>\n\n\n\n<h2 class=\"wp-block-heading\"><div class=\"linha-header\">Jos\u00e9 Costa Leite<\/div><\/h2>\n\n\n\n<figure class=\"wp-block-image size-full\"><img loading=\"lazy\" decoding=\"async\" width=\"768\" height=\"555\" src=\"https:\/\/www.ufpb.br\/pinacoteca2\/wp-content\/uploads\/sites\/79\/sites\/210\/2025\/02\/c65c7bd2-5e28-413b-98b9-c74d2efe1689.jpeg\" alt=\"\" class=\"wp-image-1838\" srcset=\"https:\/\/www.ufpb.br\/pinacoteca\/wp-content\/uploads\/sites\/79\/sites\/210\/2025\/02\/c65c7bd2-5e28-413b-98b9-c74d2efe1689.jpeg 768w, https:\/\/www.ufpb.br\/pinacoteca\/wp-content\/uploads\/sites\/79\/sites\/210\/2025\/02\/c65c7bd2-5e28-413b-98b9-c74d2efe1689-300x217.jpeg 300w\" sizes=\"auto, (max-width: 768px) 100vw, 768px\" \/><figcaption class=\"wp-element-caption\">T\u00edtulo: <strong>Frevo. <\/strong>T\u00e9cnica: Gravura. Dimens\u00e3o: 23,5cm x 33cm. Data: 2004. Doa\u00e7\u00e3o: Gabriel Bechara Filho.<\/figcaption><\/figure>\n\n\n\n<p><\/p>\n\n\n\n<h2 class=\"wp-block-heading\"><div class=\"linha-header\">Jos\u00e9 Costa Leite <\/div><\/h2>\n\n\n\n<figure class=\"wp-block-image size-full\"><img loading=\"lazy\" decoding=\"async\" width=\"768\" height=\"546\" src=\"https:\/\/www.ufpb.br\/pinacoteca2\/wp-content\/uploads\/sites\/79\/sites\/210\/2025\/02\/685bc522-5d49-4941-a060-a6954ae7ee2a.jpeg\" alt=\"\" class=\"wp-image-1839\" srcset=\"https:\/\/www.ufpb.br\/pinacoteca\/wp-content\/uploads\/sites\/79\/sites\/210\/2025\/02\/685bc522-5d49-4941-a060-a6954ae7ee2a.jpeg 768w, https:\/\/www.ufpb.br\/pinacoteca\/wp-content\/uploads\/sites\/79\/sites\/210\/2025\/02\/685bc522-5d49-4941-a060-a6954ae7ee2a-300x213.jpeg 300w\" sizes=\"auto, (max-width: 768px) 100vw, 768px\" \/><figcaption class=\"wp-element-caption\">T\u00edtulo: <strong>Bumba Meu Boi.<\/strong> T\u00e9cnica: Gravura. Dimens\u00e3o: 23cm x 32cm. Data: 2000. Doa\u00e7\u00e3o: Rosires Andrade.<\/figcaption><\/figure>\n\n\n\n<p><\/p>\n\n\n\n<h2 class=\"wp-block-heading\"><div class=\"linha-header\">Jos\u00e9 Costa Leite <\/div><\/h2>\n\n\n\n<figure class=\"wp-block-image size-full\"><img loading=\"lazy\" decoding=\"async\" width=\"768\" height=\"549\" src=\"https:\/\/www.ufpb.br\/pinacoteca2\/wp-content\/uploads\/sites\/79\/sites\/210\/2025\/02\/587574f5-ee01-4b80-947a-3fca095f580c.jpeg\" alt=\"\" class=\"wp-image-1840\" srcset=\"https:\/\/www.ufpb.br\/pinacoteca\/wp-content\/uploads\/sites\/79\/sites\/210\/2025\/02\/587574f5-ee01-4b80-947a-3fca095f580c.jpeg 768w, https:\/\/www.ufpb.br\/pinacoteca\/wp-content\/uploads\/sites\/79\/sites\/210\/2025\/02\/587574f5-ee01-4b80-947a-3fca095f580c-300x214.jpeg 300w\" sizes=\"auto, (max-width: 768px) 100vw, 768px\" \/><figcaption class=\"wp-element-caption\"> <strong>S\/T. <\/strong>T\u00e9cnica: Gravura. Dimens\u00e3o: 23cm x 32cm. Data: 2004. Doa\u00e7\u00e3o: Gabriel Bechara Filho.<\/figcaption><\/figure>\n\n\n\n<p><\/p>\n\n\n\n<h2 class=\"wp-block-heading\"><div class=\"linha-header\">Jos\u00e9 Costa Leite<\/div><\/h2>\n\n\n\n<figure class=\"wp-block-image size-full\"><img loading=\"lazy\" decoding=\"async\" width=\"768\" height=\"592\" src=\"https:\/\/www.ufpb.br\/pinacoteca2\/wp-content\/uploads\/sites\/79\/sites\/210\/2025\/02\/4ec8b4d9-031a-4c2c-b03e-f19b909146a5.jpeg\" alt=\"\" class=\"wp-image-1841\" srcset=\"https:\/\/www.ufpb.br\/pinacoteca\/wp-content\/uploads\/sites\/79\/sites\/210\/2025\/02\/4ec8b4d9-031a-4c2c-b03e-f19b909146a5.jpeg 768w, https:\/\/www.ufpb.br\/pinacoteca\/wp-content\/uploads\/sites\/79\/sites\/210\/2025\/02\/4ec8b4d9-031a-4c2c-b03e-f19b909146a5-300x231.jpeg 300w\" sizes=\"auto, (max-width: 768px) 100vw, 768px\" \/><figcaption class=\"wp-element-caption\"><strong>S\/T. <\/strong>T\u00e9cnica: Gravura. Dimens\u00e3o: 23cm x 32cm. Data: 2004. Doa\u00e7\u00e3o: Gabriel Bechara Filho.<\/figcaption><\/figure>\n\n\n\n<p><\/p>\n\n\n\n<h2 class=\"wp-block-heading\"><div class=\"linha-header\">Jos\u00e9 Costa Leite <\/div><\/h2>\n\n\n\n<figure class=\"wp-block-image size-full\"><img loading=\"lazy\" decoding=\"async\" width=\"577\" height=\"768\" src=\"https:\/\/www.ufpb.br\/pinacoteca2\/wp-content\/uploads\/sites\/79\/sites\/210\/2025\/02\/a1253eb5-4ace-43e8-8e4e-468952e4f4f7.jpeg\" alt=\"\" class=\"wp-image-1842\" srcset=\"https:\/\/www.ufpb.br\/pinacoteca\/wp-content\/uploads\/sites\/79\/sites\/210\/2025\/02\/a1253eb5-4ace-43e8-8e4e-468952e4f4f7.jpeg 577w, https:\/\/www.ufpb.br\/pinacoteca\/wp-content\/uploads\/sites\/79\/sites\/210\/2025\/02\/a1253eb5-4ace-43e8-8e4e-468952e4f4f7-225x300.jpeg 225w\" sizes=\"auto, (max-width: 577px) 100vw, 577px\" \/><figcaption class=\"wp-element-caption\">T\u00edtulo: <strong>Don Quixote e Sancho Pan\u00e7a. <\/strong>T\u00e9cnica: Gravura. Dimens\u00e3o: 40,2cm x 31,3cm. Data: 2008. Doa\u00e7\u00e3o: Gabriel Bechara Filho.<\/figcaption><\/figure>\n\n\n\n<p><\/p>\n\n\n\n<h2 class=\"wp-block-heading\"><div class=\"linha-header\">Jos\u00e9 Costa Leite<\/div><\/h2>\n\n\n\n<figure class=\"wp-block-image size-full\"><img loading=\"lazy\" decoding=\"async\" width=\"768\" height=\"515\" src=\"https:\/\/www.ufpb.br\/pinacoteca2\/wp-content\/uploads\/sites\/79\/sites\/210\/2025\/02\/3a8577d1-000e-4e60-8e49-91402aa2067c.jpeg\" alt=\"\" class=\"wp-image-1843\" srcset=\"https:\/\/www.ufpb.br\/pinacoteca\/wp-content\/uploads\/sites\/79\/sites\/210\/2025\/02\/3a8577d1-000e-4e60-8e49-91402aa2067c.jpeg 768w, https:\/\/www.ufpb.br\/pinacoteca\/wp-content\/uploads\/sites\/79\/sites\/210\/2025\/02\/3a8577d1-000e-4e60-8e49-91402aa2067c-300x201.jpeg 300w, https:\/\/www.ufpb.br\/pinacoteca\/wp-content\/uploads\/sites\/79\/sites\/210\/2025\/02\/3a8577d1-000e-4e60-8e49-91402aa2067c-272x182.jpeg 272w\" sizes=\"auto, (max-width: 768px) 100vw, 768px\" \/><figcaption class=\"wp-element-caption\">T\u00edtulo: <strong>Lampi\u00e3o e S\u00e3o Pedro. T\u00e9cnica:<\/strong> Gravura. Dimens\u00e3o: 49,5cm x 66,5cm. Data: 2003. Doa\u00e7\u00e3o: Gabriel Bechara Filho.<\/figcaption><\/figure>\n\n\n\n<p><\/p>\n\n\n\n<h2 class=\"wp-block-heading\"><div class=\"linha-header\">Jos\u00e9 Costa Leite<\/div><\/h2>\n\n\n\n<figure class=\"wp-block-image size-full\"><img loading=\"lazy\" decoding=\"async\" width=\"768\" height=\"532\" src=\"https:\/\/www.ufpb.br\/pinacoteca2\/wp-content\/uploads\/sites\/79\/sites\/210\/2025\/02\/aebc3f58-d1bb-4671-9d55-018da0f67d5d.jpeg\" alt=\"\" class=\"wp-image-1845\" srcset=\"https:\/\/www.ufpb.br\/pinacoteca\/wp-content\/uploads\/sites\/79\/sites\/210\/2025\/02\/aebc3f58-d1bb-4671-9d55-018da0f67d5d.jpeg 768w, https:\/\/www.ufpb.br\/pinacoteca\/wp-content\/uploads\/sites\/79\/sites\/210\/2025\/02\/aebc3f58-d1bb-4671-9d55-018da0f67d5d-300x208.jpeg 300w\" sizes=\"auto, (max-width: 768px) 100vw, 768px\" \/><figcaption class=\"wp-element-caption\">T\u00edtulo: <strong>Antonia Silvino fazendo o Diabo Chocar <\/strong>T\u00e9cnica: Gravura. Dimens\u00e3o: 47,6cm x 66,3cm. Data: 2003. Doa\u00e7\u00e3o: Gabriel Bechara Filho.<\/figcaption><\/figure>\n\n\n\n<p><\/p>\n\n\n\n<h2 class=\"wp-block-heading\"><div class=\"linha-header\">Jos\u00e9 Costa Leite<\/div><\/h2>\n\n\n\n<figure class=\"wp-block-image size-full\"><img loading=\"lazy\" decoding=\"async\" width=\"768\" height=\"529\" src=\"https:\/\/www.ufpb.br\/pinacoteca2\/wp-content\/uploads\/sites\/79\/sites\/210\/2025\/02\/89269cc1-c5b8-4acc-b1e1-dc2c0bf17ad6.jpeg\" alt=\"\" class=\"wp-image-1846\" srcset=\"https:\/\/www.ufpb.br\/pinacoteca\/wp-content\/uploads\/sites\/79\/sites\/210\/2025\/02\/89269cc1-c5b8-4acc-b1e1-dc2c0bf17ad6.jpeg 768w, https:\/\/www.ufpb.br\/pinacoteca\/wp-content\/uploads\/sites\/79\/sites\/210\/2025\/02\/89269cc1-c5b8-4acc-b1e1-dc2c0bf17ad6-300x207.jpeg 300w\" sizes=\"auto, (max-width: 768px) 100vw, 768px\" \/><figcaption class=\"wp-element-caption\">T\u00edtulo:<strong> Casamento Matuto. <\/strong>T\u00e9cnica: Gravura. Dimens\u00e3o: 47,7cm x 66,3cm. Data: 2004. Doa\u00e7\u00e3o: Gabriel Bechara Filho.<\/figcaption><\/figure>\n\n\n\n<p><\/p>\n\n\n\n<h2 class=\"wp-block-heading\"><div class=\"linha-header\">Jos\u00e9 Costa Leite<\/div><\/h2>\n\n\n\n<figure class=\"wp-block-image size-full\"><img loading=\"lazy\" decoding=\"async\" width=\"768\" height=\"568\" src=\"https:\/\/www.ufpb.br\/pinacoteca2\/wp-content\/uploads\/sites\/79\/sites\/210\/2025\/02\/a9293e93-d6d3-4416-98bc-1db490783e35.jpeg\" alt=\"\" class=\"wp-image-1847\" srcset=\"https:\/\/www.ufpb.br\/pinacoteca\/wp-content\/uploads\/sites\/79\/sites\/210\/2025\/02\/a9293e93-d6d3-4416-98bc-1db490783e35.jpeg 768w, https:\/\/www.ufpb.br\/pinacoteca\/wp-content\/uploads\/sites\/79\/sites\/210\/2025\/02\/a9293e93-d6d3-4416-98bc-1db490783e35-300x222.jpeg 300w\" sizes=\"auto, (max-width: 768px) 100vw, 768px\" \/><figcaption class=\"wp-element-caption\">T\u00edtulo: <strong>Nas Lan\u00e7as do Cupido. <\/strong>T\u00e9cnica: Gravura. Dimens\u00e3o: 47,5cm x 67,7cm. Data: 2004. Doa\u00e7\u00e3o: Gabriel Bechara Filho.<\/figcaption><\/figure>\n\n\n\n<p><\/p>\n\n\n\n<h2 class=\"wp-block-heading\"><div class=\"linha-header\">Jos\u00e9 Costa Leite<\/div><\/h2>\n\n\n\n<figure class=\"wp-block-image size-full\"><img loading=\"lazy\" decoding=\"async\" width=\"768\" height=\"576\" src=\"https:\/\/www.ufpb.br\/pinacoteca2\/wp-content\/uploads\/sites\/79\/sites\/210\/2025\/02\/5ee4b67f-91ad-4ad7-b455-9ea6c3e25626.jpeg\" alt=\"\" class=\"wp-image-1849\" srcset=\"https:\/\/www.ufpb.br\/pinacoteca\/wp-content\/uploads\/sites\/79\/sites\/210\/2025\/02\/5ee4b67f-91ad-4ad7-b455-9ea6c3e25626.jpeg 768w, https:\/\/www.ufpb.br\/pinacoteca\/wp-content\/uploads\/sites\/79\/sites\/210\/2025\/02\/5ee4b67f-91ad-4ad7-b455-9ea6c3e25626-300x225.jpeg 300w\" sizes=\"auto, (max-width: 768px) 100vw, 768px\" \/><figcaption class=\"wp-element-caption\">T\u00edtulo: <strong>On\u00e7a Pintada.<\/strong> T\u00e9cnica: Gravura. Dimens\u00e3o: 48,1cm x 66,5cm. Data: 2004. Doa\u00e7\u00e3o: Gabriel Bechara Filho.<\/figcaption><\/figure>\n\n\n\n<p><\/p>\n\n\n\n<h2 class=\"wp-block-heading\"><div class=\"linha-header\">Jos\u00e9 Costa Leite<\/div><\/h2>\n\n\n\n<figure class=\"wp-block-image size-full\"><img loading=\"lazy\" decoding=\"async\" width=\"768\" height=\"576\" src=\"https:\/\/www.ufpb.br\/pinacoteca2\/wp-content\/uploads\/sites\/79\/sites\/210\/2025\/02\/55960820-77a1-4bef-a237-17a6e0da9a9b.jpeg\" alt=\"\" class=\"wp-image-1850\" srcset=\"https:\/\/www.ufpb.br\/pinacoteca\/wp-content\/uploads\/sites\/79\/sites\/210\/2025\/02\/55960820-77a1-4bef-a237-17a6e0da9a9b.jpeg 768w, https:\/\/www.ufpb.br\/pinacoteca\/wp-content\/uploads\/sites\/79\/sites\/210\/2025\/02\/55960820-77a1-4bef-a237-17a6e0da9a9b-300x225.jpeg 300w\" sizes=\"auto, (max-width: 768px) 100vw, 768px\" \/><figcaption class=\"wp-element-caption\">T\u00edtulo:<strong> Juvenal e o Drag\u00e3o.<\/strong> T\u00e9cnica: Gravura. Dimens\u00e3o: 48,2cm x 66,2cm. Data: 2003. Doa\u00e7\u00e3o: Gabriel Bechara Filho.<\/figcaption><\/figure>\n\n\n\n<p><\/p>\n\n\n\n<h2 class=\"wp-block-heading\"><div class=\"linha-header\">Jos\u00e9 Costa Leite<\/div><\/h2>\n\n\n\n<figure class=\"wp-block-image size-full\"><img loading=\"lazy\" decoding=\"async\" width=\"768\" height=\"577\" src=\"https:\/\/www.ufpb.br\/pinacoteca2\/wp-content\/uploads\/sites\/79\/sites\/210\/2025\/02\/7388fcf5-c82c-44a0-a402-63938e4854c5.jpeg\" alt=\"\" class=\"wp-image-1851\" srcset=\"https:\/\/www.ufpb.br\/pinacoteca\/wp-content\/uploads\/sites\/79\/sites\/210\/2025\/02\/7388fcf5-c82c-44a0-a402-63938e4854c5.jpeg 768w, https:\/\/www.ufpb.br\/pinacoteca\/wp-content\/uploads\/sites\/79\/sites\/210\/2025\/02\/7388fcf5-c82c-44a0-a402-63938e4854c5-300x225.jpeg 300w\" sizes=\"auto, (max-width: 768px) 100vw, 768px\" \/><figcaption class=\"wp-element-caption\">T\u00edtulo:<strong> O Vaqueiro Nordestino.<\/strong> T\u00e9cnica: Gravura. Dimens\u00e3o: 49,3cm x 66,5cm. Data: 2004. Doa\u00e7\u00e3o: Gabriel Bechara Filho.<br><\/figcaption><\/figure>\n\n\n\n<h2 class=\"wp-block-heading\"><div class=\"linha-header\">Jos\u00e9 Costa Leite <\/div><\/h2>\n\n\n\n<figure class=\"wp-block-image size-full\"><img loading=\"lazy\" decoding=\"async\" width=\"768\" height=\"596\" src=\"https:\/\/www.ufpb.br\/pinacoteca2\/wp-content\/uploads\/sites\/79\/sites\/210\/2025\/02\/f114fcaf-a334-42d3-af28-b0b07c59a39b.jpeg\" alt=\"\" class=\"wp-image-1852\" srcset=\"https:\/\/www.ufpb.br\/pinacoteca\/wp-content\/uploads\/sites\/79\/sites\/210\/2025\/02\/f114fcaf-a334-42d3-af28-b0b07c59a39b.jpeg 768w, https:\/\/www.ufpb.br\/pinacoteca\/wp-content\/uploads\/sites\/79\/sites\/210\/2025\/02\/f114fcaf-a334-42d3-af28-b0b07c59a39b-300x233.jpeg 300w\" sizes=\"auto, (max-width: 768px) 100vw, 768px\" \/><figcaption class=\"wp-element-caption\">T\u00edtulo: <strong>Multir\u00e3o. <\/strong>T\u00e9cnica: Gravura. Dimens\u00e3o: 47,8cm x 66cm. Data: 2003. Doa\u00e7\u00e3o: Gabriel Bechara Filho.<\/figcaption><\/figure>\n\n\n\n<p><\/p>\n\n\n\n<h2 class=\"wp-block-heading\"><div class=\"linha-header\">Jos\u00e9 Costa Leite<\/div><\/h2>\n\n\n\n<figure class=\"wp-block-image size-full\"><img loading=\"lazy\" decoding=\"async\" width=\"768\" height=\"585\" src=\"https:\/\/www.ufpb.br\/pinacoteca2\/wp-content\/uploads\/sites\/79\/sites\/210\/2025\/02\/e0187fdc-d3dc-4ea8-90fe-e5a998ce68c0.jpeg\" alt=\"\" class=\"wp-image-1853\" srcset=\"https:\/\/www.ufpb.br\/pinacoteca\/wp-content\/uploads\/sites\/79\/sites\/210\/2025\/02\/e0187fdc-d3dc-4ea8-90fe-e5a998ce68c0.jpeg 768w, https:\/\/www.ufpb.br\/pinacoteca\/wp-content\/uploads\/sites\/79\/sites\/210\/2025\/02\/e0187fdc-d3dc-4ea8-90fe-e5a998ce68c0-300x229.jpeg 300w\" sizes=\"auto, (max-width: 768px) 100vw, 768px\" \/><figcaption class=\"wp-element-caption\">T\u00edtulo: <strong>O Namoro das Sereias.<\/strong> T\u00e9cnica: Gravura. Dimens\u00e3o: 48,1cm x 66,6cm. Data: 2003. Doa\u00e7\u00e3o: Gabriel Bechara Filho.<br><br><\/figcaption><\/figure>\n\n\n\n<h2 class=\"wp-block-heading\"><div class=\"linha-header\">Jos\u00e9 Costa Leite<\/div><\/h2>\n\n\n\n<figure class=\"wp-block-image size-full\"><img loading=\"lazy\" decoding=\"async\" width=\"768\" height=\"583\" src=\"https:\/\/www.ufpb.br\/pinacoteca2\/wp-content\/uploads\/sites\/79\/sites\/210\/2025\/02\/34f6680a-0ec4-4a65-8a14-7d1b74e03a2f.jpeg\" alt=\"\" class=\"wp-image-1854\" srcset=\"https:\/\/www.ufpb.br\/pinacoteca\/wp-content\/uploads\/sites\/79\/sites\/210\/2025\/02\/34f6680a-0ec4-4a65-8a14-7d1b74e03a2f.jpeg 768w, https:\/\/www.ufpb.br\/pinacoteca\/wp-content\/uploads\/sites\/79\/sites\/210\/2025\/02\/34f6680a-0ec4-4a65-8a14-7d1b74e03a2f-300x228.jpeg 300w\" sizes=\"auto, (max-width: 768px) 100vw, 768px\" \/><figcaption class=\"wp-element-caption\">T\u00edtulo: <strong>Ciranda, Cirandinha.<\/strong> T\u00e9cnica: Gravura. Dimens\u00e3o: 23,5cm x 33cm Data: 2005. Doa\u00e7\u00e3o: Gabriel Bechara Filho.<\/figcaption><\/figure>\n\n\n\n<p><\/p>\n\n\n\n<h2 class=\"wp-block-heading\"><div class=\"linha-header\">Jos\u00e9 Costa Leite<\/div><\/h2>\n\n\n\n<figure class=\"wp-block-image size-full\"><img loading=\"lazy\" decoding=\"async\" width=\"768\" height=\"541\" src=\"https:\/\/www.ufpb.br\/pinacoteca2\/wp-content\/uploads\/sites\/79\/sites\/210\/2025\/02\/19ac6df4-4f53-40e8-b683-bfe5a5ed2135.jpeg\" alt=\"\" class=\"wp-image-1855\" srcset=\"https:\/\/www.ufpb.br\/pinacoteca\/wp-content\/uploads\/sites\/79\/sites\/210\/2025\/02\/19ac6df4-4f53-40e8-b683-bfe5a5ed2135.jpeg 768w, https:\/\/www.ufpb.br\/pinacoteca\/wp-content\/uploads\/sites\/79\/sites\/210\/2025\/02\/19ac6df4-4f53-40e8-b683-bfe5a5ed2135-300x211.jpeg 300w\" sizes=\"auto, (max-width: 768px) 100vw, 768px\" \/><figcaption class=\"wp-element-caption\">T\u00edtulo: <strong>Litoral Para\u00edbano.<\/strong> T\u00e9cnica: Gravura. Dimens\u00e3o: 23,5cm x 32,5cm. Data: 2004. Doa\u00e7\u00e3o: Gabriel Bechara Filho.<\/figcaption><\/figure>\n\n\n\n<p><\/p>\n\n\n\n<h2 class=\"wp-block-heading\"><div class=\"linha-header\">Jos\u00e9 Costa Leite <\/div><\/h2>\n\n\n\n<figure class=\"wp-block-image size-full\"><img loading=\"lazy\" decoding=\"async\" width=\"768\" height=\"561\" src=\"https:\/\/www.ufpb.br\/pinacoteca2\/wp-content\/uploads\/sites\/79\/sites\/210\/2025\/02\/f3da2ed2-3717-429d-a321-326a20b3d383.jpeg\" alt=\"\" class=\"wp-image-1856\" srcset=\"https:\/\/www.ufpb.br\/pinacoteca\/wp-content\/uploads\/sites\/79\/sites\/210\/2025\/02\/f3da2ed2-3717-429d-a321-326a20b3d383.jpeg 768w, https:\/\/www.ufpb.br\/pinacoteca\/wp-content\/uploads\/sites\/79\/sites\/210\/2025\/02\/f3da2ed2-3717-429d-a321-326a20b3d383-300x219.jpeg 300w\" sizes=\"auto, (max-width: 768px) 100vw, 768px\" \/><figcaption class=\"wp-element-caption\">T\u00edtulo: <strong>Capoeira. <\/strong>T\u00e9cnica: Gravura. Dimens\u00e3o: 23,9cm x 33cm. Data: 2004. Doa\u00e7\u00e3o: Gabriel Bechara Filho<\/figcaption><\/figure>\n\n\n\n<p><\/p>\n\n\n\n<h2 class=\"wp-block-heading\"><div class=\"linha-header\">Jos\u00e9 Costa Leite<\/div><\/h2>\n\n\n\n<figure class=\"wp-block-image size-full\"><img loading=\"lazy\" decoding=\"async\" width=\"768\" height=\"582\" src=\"https:\/\/www.ufpb.br\/pinacoteca2\/wp-content\/uploads\/sites\/79\/sites\/210\/2025\/02\/99985197-95af-4247-86df-f1024290ff5c.jpeg\" alt=\"\" class=\"wp-image-1857\" srcset=\"https:\/\/www.ufpb.br\/pinacoteca\/wp-content\/uploads\/sites\/79\/sites\/210\/2025\/02\/99985197-95af-4247-86df-f1024290ff5c.jpeg 768w, https:\/\/www.ufpb.br\/pinacoteca\/wp-content\/uploads\/sites\/79\/sites\/210\/2025\/02\/99985197-95af-4247-86df-f1024290ff5c-300x227.jpeg 300w\" sizes=\"auto, (max-width: 768px) 100vw, 768px\" \/><figcaption class=\"wp-element-caption\">T\u00edtulo: <strong>Paisagem Nordestina. <\/strong>T\u00e9cnica: Gravura. Dimens\u00e3o: 23,9cm x 33cm. Data: 2004. Doa\u00e7\u00e3o: Gabriel Bechara Filho.<\/figcaption><\/figure>\n\n\n\n<p><\/p>\n\n\n\n<h2 class=\"wp-block-heading\"><div class=\"linha-header\">Jos\u00e9 Costa Leite<\/div><\/h2>\n\n\n\n<figure class=\"wp-block-image size-full\"><img loading=\"lazy\" decoding=\"async\" width=\"768\" height=\"565\" src=\"https:\/\/www.ufpb.br\/pinacoteca2\/wp-content\/uploads\/sites\/79\/sites\/210\/2025\/02\/1e2c4986-3f2b-4a92-a021-b0a020ab13db.jpeg\" alt=\"\" class=\"wp-image-1858\" srcset=\"https:\/\/www.ufpb.br\/pinacoteca\/wp-content\/uploads\/sites\/79\/sites\/210\/2025\/02\/1e2c4986-3f2b-4a92-a021-b0a020ab13db.jpeg 768w, https:\/\/www.ufpb.br\/pinacoteca\/wp-content\/uploads\/sites\/79\/sites\/210\/2025\/02\/1e2c4986-3f2b-4a92-a021-b0a020ab13db-300x221.jpeg 300w\" sizes=\"auto, (max-width: 768px) 100vw, 768px\" \/><figcaption class=\"wp-element-caption\">T\u00edtulo: <strong>Paisagem do Sert\u00e3o.<\/strong> T\u00e9cnica: Gravura. Dimens\u00e3o: 23,9cm x 32,9cm. Data: 2004. Doa\u00e7\u00e3o: Gabriel Bechara Filho.<\/figcaption><\/figure>\n\n\n\n<p><\/p>\n\n\n\n<h2 class=\"wp-block-heading\"><div class=\"linha-header\">Jos\u00e9 Costa Leite <\/div><\/h2>\n\n\n\n<figure class=\"wp-block-image size-full\"><img loading=\"lazy\" decoding=\"async\" width=\"768\" height=\"551\" src=\"https:\/\/www.ufpb.br\/pinacoteca2\/wp-content\/uploads\/sites\/79\/sites\/210\/2025\/02\/bb1f9123-6560-4d5f-91a0-f3e6e7b9ecc0.jpeg\" alt=\"\" class=\"wp-image-1860\" srcset=\"https:\/\/www.ufpb.br\/pinacoteca\/wp-content\/uploads\/sites\/79\/sites\/210\/2025\/02\/bb1f9123-6560-4d5f-91a0-f3e6e7b9ecc0.jpeg 768w, https:\/\/www.ufpb.br\/pinacoteca\/wp-content\/uploads\/sites\/79\/sites\/210\/2025\/02\/bb1f9123-6560-4d5f-91a0-f3e6e7b9ecc0-300x215.jpeg 300w\" sizes=\"auto, (max-width: 768px) 100vw, 768px\" \/><figcaption class=\"wp-element-caption\">T\u00edtulo: <strong>A Missa do Vaqueiro. <\/strong>T\u00e9cnica: Gravura. Dimens\u00e3o: 23cm x 32cm. Data: 2004. Doa\u00e7\u00e3o: Gabriel Bechara Filho<strong>.<\/strong><\/figcaption><\/figure>\n\n\n\n<p><\/p>\n\n\n\n<h2 class=\"wp-block-heading\"><div class=\"linha-header\">Jos\u00e9 Costa Leite <\/div><\/h2>\n\n\n\n<figure class=\"wp-block-image size-full\"><img loading=\"lazy\" decoding=\"async\" width=\"768\" height=\"512\" src=\"https:\/\/www.ufpb.br\/pinacoteca\/wp-content\/uploads\/sites\/79\/sites\/210\/2025\/02\/b2d2d7c6-dfc5-474a-b931-fb535d3ebaf8.jpeg\" alt=\"\" class=\"wp-image-1867\" srcset=\"https:\/\/www.ufpb.br\/pinacoteca\/wp-content\/uploads\/sites\/79\/sites\/210\/2025\/02\/b2d2d7c6-dfc5-474a-b931-fb535d3ebaf8.jpeg 768w, https:\/\/www.ufpb.br\/pinacoteca\/wp-content\/uploads\/sites\/79\/sites\/210\/2025\/02\/b2d2d7c6-dfc5-474a-b931-fb535d3ebaf8-300x200.jpeg 300w, https:\/\/www.ufpb.br\/pinacoteca\/wp-content\/uploads\/sites\/79\/sites\/210\/2025\/02\/b2d2d7c6-dfc5-474a-b931-fb535d3ebaf8-272x182.jpeg 272w\" sizes=\"auto, (max-width: 768px) 100vw, 768px\" \/><figcaption class=\"wp-element-caption\">T\u00edtulo: <strong>A Beleza da Mulher Paraibana.<\/strong> T\u00e9cnica: Gravura. Dimens\u00e3o: 47,7cm x 66,5cm. Data: 2004. Doa\u00e7\u00e3o: Gabriel Bechara Filho.<\/figcaption><\/figure>\n\n\n\n<h2 class=\"wp-block-heading\"><div class=\"linha-header\">Jos\u00e9 Costa Leite<\/div><\/h2>\n\n\n\n<figure class=\"wp-block-image size-full\"><img loading=\"lazy\" decoding=\"async\" width=\"768\" height=\"542\" src=\"https:\/\/www.ufpb.br\/pinacoteca\/wp-content\/uploads\/sites\/79\/sites\/210\/2025\/02\/90a50f4a-f7ac-40ea-ad20-b8ba3ec6db95.jpeg\" alt=\"\" class=\"wp-image-1868\" srcset=\"https:\/\/www.ufpb.br\/pinacoteca\/wp-content\/uploads\/sites\/79\/sites\/210\/2025\/02\/90a50f4a-f7ac-40ea-ad20-b8ba3ec6db95.jpeg 768w, https:\/\/www.ufpb.br\/pinacoteca\/wp-content\/uploads\/sites\/79\/sites\/210\/2025\/02\/90a50f4a-f7ac-40ea-ad20-b8ba3ec6db95-300x212.jpeg 300w\" sizes=\"auto, (max-width: 768px) 100vw, 768px\" \/><figcaption class=\"wp-element-caption\">T\u00edtulo: <strong>Violeiro do Nordeste.<\/strong> T\u00e9cnica: Gravura. Dimens\u00e3o: 46,8cm x 66cm. Data: 2003. Doa\u00e7\u00e3o: Gabriel Bechara Filho<strong>.<\/strong><\/figcaption><\/figure>\n\n\n\n<p><\/p>\n\n\n\n<h2 class=\"wp-block-heading\"><div class=\"linha-header\">Jos\u00e9 Costa Leite <\/div><\/h2>\n\n\n\n<figure class=\"wp-block-image size-full\"><img loading=\"lazy\" decoding=\"async\" width=\"768\" height=\"555\" src=\"https:\/\/www.ufpb.br\/pinacoteca\/wp-content\/uploads\/sites\/79\/sites\/210\/2025\/02\/77fbba1d-b71a-4ee2-aebf-bd064d031b03.jpeg\" alt=\"\" class=\"wp-image-1870\" srcset=\"https:\/\/www.ufpb.br\/pinacoteca\/wp-content\/uploads\/sites\/79\/sites\/210\/2025\/02\/77fbba1d-b71a-4ee2-aebf-bd064d031b03.jpeg 768w, https:\/\/www.ufpb.br\/pinacoteca\/wp-content\/uploads\/sites\/79\/sites\/210\/2025\/02\/77fbba1d-b71a-4ee2-aebf-bd064d031b03-300x217.jpeg 300w\" sizes=\"auto, (max-width: 768px) 100vw, 768px\" \/><figcaption class=\"wp-element-caption\">T\u00edtulo:<strong> Rendeiras do Cear\u00e1. T\u00e9cnica<\/strong>: Gravura. Dimens\u00e3o: 48,3cm x 66.5cm. Data: 2004. Doa\u00e7\u00e3o: Gabriel Bechara Filho. <\/figcaption><\/figure>\n\n\n\n<p><\/p>\n\n\n\n<h2 class=\"wp-block-heading\"><div class=\"linha-header\">Jos\u00e9 Costa Leite<\/div><\/h2>\n\n\n\n<figure class=\"wp-block-image size-full\"><img loading=\"lazy\" decoding=\"async\" width=\"768\" height=\"555\" src=\"https:\/\/www.ufpb.br\/pinacoteca\/wp-content\/uploads\/sites\/79\/sites\/210\/2025\/02\/c051ddbd-97f1-4671-9739-7201cebf807c.jpeg\" alt=\"\" class=\"wp-image-1871\" srcset=\"https:\/\/www.ufpb.br\/pinacoteca\/wp-content\/uploads\/sites\/79\/sites\/210\/2025\/02\/c051ddbd-97f1-4671-9739-7201cebf807c.jpeg 768w, https:\/\/www.ufpb.br\/pinacoteca\/wp-content\/uploads\/sites\/79\/sites\/210\/2025\/02\/c051ddbd-97f1-4671-9739-7201cebf807c-300x217.jpeg 300w\" sizes=\"auto, (max-width: 768px) 100vw, 768px\" \/><figcaption class=\"wp-element-caption\">T\u00edtulo: <strong>Sert\u00e3o em Carne e Osso.<\/strong> T\u00e9cnica: Gravura. Dimens\u00e3o: 47,5cm x 66,5cm. Data: 2002. Doa\u00e7\u00e3o: Gabriel Bechara Filho.<\/figcaption><\/figure>\n\n\n\n<p><\/p>\n\n\n\n<h2 class=\"wp-block-heading\"><div class=\"linha-header\">Jos\u00e9 Costa Leite <\/div><\/h2>\n\n\n\n<figure class=\"wp-block-image size-full\"><img loading=\"lazy\" decoding=\"async\" width=\"768\" height=\"547\" src=\"https:\/\/www.ufpb.br\/pinacoteca\/wp-content\/uploads\/sites\/79\/sites\/210\/2025\/02\/ba7954cf-9cac-4529-87cf-611b2afcf4ea.jpeg\" alt=\"\" class=\"wp-image-1872\" srcset=\"https:\/\/www.ufpb.br\/pinacoteca\/wp-content\/uploads\/sites\/79\/sites\/210\/2025\/02\/ba7954cf-9cac-4529-87cf-611b2afcf4ea.jpeg 768w, https:\/\/www.ufpb.br\/pinacoteca\/wp-content\/uploads\/sites\/79\/sites\/210\/2025\/02\/ba7954cf-9cac-4529-87cf-611b2afcf4ea-300x214.jpeg 300w\" sizes=\"auto, (max-width: 768px) 100vw, 768px\" \/><figcaption class=\"wp-element-caption\">T\u00edtulo: <strong>Vaquejada no Sert\u00e3o.<\/strong> T\u00e9cnica: Gravura. Dimens\u00e3o: 48,2cm x 66cm. Data: 2003. Doa\u00e7\u00e3o: Gabriel Bechara Filho.<\/figcaption><\/figure>\n\n\n\n<p><\/p>\n\n\n\n<h2 class=\"wp-block-heading\"><div class=\"linha-header\">Jos\u00e9 Costa Leite <\/div><\/h2>\n\n\n\n<figure class=\"wp-block-image size-full\"><img loading=\"lazy\" decoding=\"async\" width=\"768\" height=\"568\" src=\"https:\/\/www.ufpb.br\/pinacoteca\/wp-content\/uploads\/sites\/79\/sites\/210\/2025\/02\/f189f828-f4ec-4788-ba98-313e5d55576f.jpeg\" alt=\"\" class=\"wp-image-1874\" srcset=\"https:\/\/www.ufpb.br\/pinacoteca\/wp-content\/uploads\/sites\/79\/sites\/210\/2025\/02\/f189f828-f4ec-4788-ba98-313e5d55576f.jpeg 768w, https:\/\/www.ufpb.br\/pinacoteca\/wp-content\/uploads\/sites\/79\/sites\/210\/2025\/02\/f189f828-f4ec-4788-ba98-313e5d55576f-300x222.jpeg 300w\" sizes=\"auto, (max-width: 768px) 100vw, 768px\" \/><figcaption class=\"wp-element-caption\">T\u00edtulo: <strong>Lampi\u00e3o em Mossor\u00f3<\/strong>. T\u00e9cnica: Gravura. Dimens\u00e3o: 48,5cm x 66,2cm. Data: 2004. Doa\u00e7\u00e3o: Gabriel Bechara Filho.<\/figcaption><\/figure>\n\n\n\n<p><\/p>\n\n\n\n<h2 class=\"wp-block-heading\"><div class=\"linha-header\">Pontes da Silva<\/div><\/h2>\n\n\n\n<figure class=\"wp-block-image size-full\"><img loading=\"lazy\" decoding=\"async\" width=\"566\" height=\"565\" src=\"https:\/\/www.ufpb.br\/pinacoteca\/wp-content\/uploads\/sites\/79\/sites\/210\/2025\/02\/53496364-0e82-4094-82e6-0a79d1943152.jpeg\" alt=\"\" class=\"wp-image-1875\" srcset=\"https:\/\/www.ufpb.br\/pinacoteca\/wp-content\/uploads\/sites\/79\/sites\/210\/2025\/02\/53496364-0e82-4094-82e6-0a79d1943152.jpeg 566w, https:\/\/www.ufpb.br\/pinacoteca\/wp-content\/uploads\/sites\/79\/sites\/210\/2025\/02\/53496364-0e82-4094-82e6-0a79d1943152-300x300.jpeg 300w, https:\/\/www.ufpb.br\/pinacoteca\/wp-content\/uploads\/sites\/79\/sites\/210\/2025\/02\/53496364-0e82-4094-82e6-0a79d1943152-150x150.jpeg 150w\" sizes=\"auto, (max-width: 566px) 100vw, 566px\" \/><figcaption class=\"wp-element-caption\">T\u00edtulo: <strong>Tempo do Olho. <\/strong>T\u00e9cnica:<strong> <\/strong>Infogravura \u00e0 cores s\/ Papel. Dimens\u00e3o: 21cm x 21cm. Data: S\/D Doa\u00e7\u00e3o: William Costa.<\/figcaption><\/figure>\n\n\n\n<p><\/p>\n\n\n\n<h2 class=\"wp-block-heading\"><div class=\"linha-header\">Pontes da Silva<\/div><\/h2>\n\n\n\n<figure class=\"wp-block-image size-full\"><img loading=\"lazy\" decoding=\"async\" width=\"571\" height=\"566\" src=\"https:\/\/www.ufpb.br\/pinacoteca\/wp-content\/uploads\/sites\/79\/sites\/210\/2025\/02\/89af8a6a-943a-4be7-ad78-4278dac110e1.jpeg\" alt=\"\" class=\"wp-image-1878\" srcset=\"https:\/\/www.ufpb.br\/pinacoteca\/wp-content\/uploads\/sites\/79\/sites\/210\/2025\/02\/89af8a6a-943a-4be7-ad78-4278dac110e1.jpeg 571w, https:\/\/www.ufpb.br\/pinacoteca\/wp-content\/uploads\/sites\/79\/sites\/210\/2025\/02\/89af8a6a-943a-4be7-ad78-4278dac110e1-300x297.jpeg 300w, https:\/\/www.ufpb.br\/pinacoteca\/wp-content\/uploads\/sites\/79\/sites\/210\/2025\/02\/89af8a6a-943a-4be7-ad78-4278dac110e1-150x150.jpeg 150w\" sizes=\"auto, (max-width: 571px) 100vw, 571px\" \/><figcaption class=\"wp-element-caption\">T\u00edtulo:<strong> Tempo do Olho.<\/strong> T\u00e9cnica: Infogravura \u00e0 cores s\/ Papel. Dimens\u00e3o: 20,8cm x 20,8cm. Data: S\/D Doa\u00e7\u00e3o: William Costa.<\/figcaption><\/figure>\n\n\n\n<p><\/p>\n\n\n\n<h2 class=\"wp-block-heading\"><div class=\"linha-header\">Pontes da Silva<\/div><\/h2>\n\n\n\n<figure class=\"wp-block-image size-full\"><img loading=\"lazy\" decoding=\"async\" width=\"629\" height=\"624\" src=\"https:\/\/www.ufpb.br\/pinacoteca\/wp-content\/uploads\/sites\/79\/sites\/210\/2025\/02\/265cfc71-b22c-4f90-b690-bf1af3979b9a.jpeg\" alt=\"\" class=\"wp-image-1879\" srcset=\"https:\/\/www.ufpb.br\/pinacoteca\/wp-content\/uploads\/sites\/79\/sites\/210\/2025\/02\/265cfc71-b22c-4f90-b690-bf1af3979b9a.jpeg 629w, https:\/\/www.ufpb.br\/pinacoteca\/wp-content\/uploads\/sites\/79\/sites\/210\/2025\/02\/265cfc71-b22c-4f90-b690-bf1af3979b9a-300x298.jpeg 300w, https:\/\/www.ufpb.br\/pinacoteca\/wp-content\/uploads\/sites\/79\/sites\/210\/2025\/02\/265cfc71-b22c-4f90-b690-bf1af3979b9a-150x150.jpeg 150w\" sizes=\"auto, (max-width: 629px) 100vw, 629px\" \/><figcaption class=\"wp-element-caption\">T\u00edtulo: <strong>Tempo do Olho.<\/strong> T\u00e9cnica: Infogravura \u00e0 cores s\/ Papel. Dimens\u00e3o: 20,8cm x 20,8cm Data: S\/D Doa\u00e7\u00e3o: William Costa.<\/figcaption><\/figure>\n\n\n\n<p><\/p>\n\n\n\n<h2 class=\"wp-block-heading\"><div class=\"linha-header\">Pontes da Silva <\/div><\/h2>\n\n\n\n<figure class=\"wp-block-image size-full\"><img loading=\"lazy\" decoding=\"async\" width=\"610\" height=\"599\" src=\"https:\/\/www.ufpb.br\/pinacoteca\/wp-content\/uploads\/sites\/79\/sites\/210\/2025\/02\/02b23b14-b15f-4129-a3c3-2ac880c6d193.jpeg\" alt=\"\" class=\"wp-image-1880\" srcset=\"https:\/\/www.ufpb.br\/pinacoteca\/wp-content\/uploads\/sites\/79\/sites\/210\/2025\/02\/02b23b14-b15f-4129-a3c3-2ac880c6d193.jpeg 610w, https:\/\/www.ufpb.br\/pinacoteca\/wp-content\/uploads\/sites\/79\/sites\/210\/2025\/02\/02b23b14-b15f-4129-a3c3-2ac880c6d193-300x295.jpeg 300w\" sizes=\"auto, (max-width: 610px) 100vw, 610px\" \/><figcaption class=\"wp-element-caption\">T\u00edtulo: <strong>Tempo do Olho.<\/strong> T\u00e9cnica: Infogravura \u00e0 cores s\/ Papel. Dimens\u00e3o: 20,8cm x 20,8cm. Data: S\/D Doa\u00e7\u00e3o: William Costa.<\/figcaption><\/figure>\n\n\n\n<p><\/p>\n\n\n\n<h2 class=\"wp-block-heading\"><div class=\"linha-header\">Pontes da Silva<\/div><\/h2>\n\n\n\n<figure class=\"wp-block-image size-full\"><img loading=\"lazy\" decoding=\"async\" width=\"596\" height=\"599\" src=\"https:\/\/www.ufpb.br\/pinacoteca\/wp-content\/uploads\/sites\/79\/sites\/210\/2025\/02\/448cf88b-1ee8-4240-8129-457aa216c85d.jpeg\" alt=\"\" class=\"wp-image-1881\" srcset=\"https:\/\/www.ufpb.br\/pinacoteca\/wp-content\/uploads\/sites\/79\/sites\/210\/2025\/02\/448cf88b-1ee8-4240-8129-457aa216c85d.jpeg 596w, https:\/\/www.ufpb.br\/pinacoteca\/wp-content\/uploads\/sites\/79\/sites\/210\/2025\/02\/448cf88b-1ee8-4240-8129-457aa216c85d-298x300.jpeg 298w, https:\/\/www.ufpb.br\/pinacoteca\/wp-content\/uploads\/sites\/79\/sites\/210\/2025\/02\/448cf88b-1ee8-4240-8129-457aa216c85d-150x150.jpeg 150w\" sizes=\"auto, (max-width: 596px) 100vw, 596px\" \/><figcaption class=\"wp-element-caption\">T\u00edtulo: <strong>Tempo do Olho. <\/strong>T\u00e9cnica: Infogravura \u00e0 cores s\/ Papel. Dimens\u00e3o: 20,8cm x 20,8cm. Data: S\/D Doa\u00e7\u00e3o: William Costa.<\/figcaption><\/figure>\n\n\n\n<p><\/p>\n\n\n\n<h2 class=\"wp-block-heading\"><div class=\"linha-header\">Pontes da Silva <\/div><\/h2>\n\n\n\n<figure class=\"wp-block-image size-full\"><img loading=\"lazy\" decoding=\"async\" width=\"631\" height=\"619\" src=\"https:\/\/www.ufpb.br\/pinacoteca\/wp-content\/uploads\/sites\/79\/sites\/210\/2025\/02\/45e742a6-bda7-4e4d-915c-f3750204752e.jpeg\" alt=\"\" class=\"wp-image-1882\" srcset=\"https:\/\/www.ufpb.br\/pinacoteca\/wp-content\/uploads\/sites\/79\/sites\/210\/2025\/02\/45e742a6-bda7-4e4d-915c-f3750204752e.jpeg 631w, https:\/\/www.ufpb.br\/pinacoteca\/wp-content\/uploads\/sites\/79\/sites\/210\/2025\/02\/45e742a6-bda7-4e4d-915c-f3750204752e-300x294.jpeg 300w\" sizes=\"auto, (max-width: 631px) 100vw, 631px\" \/><figcaption class=\"wp-element-caption\">T\u00edtulo: <strong>Tempo do Olho <\/strong>T\u00e9cnica: Infogravura \u00e0 cores s\/ Papel. Dimens\u00e3o: 20,8cm x 20,8cm. Data: S\/D Doa\u00e7\u00e3o: William Costa.<\/figcaption><\/figure>\n\n\n\n<p><\/p>\n\n\n\n<h2 class=\"wp-block-heading\"><div class=\"linha-header\">Pontes da Silva <\/div><\/h2>\n\n\n\n<figure class=\"wp-block-image size-full\"><img loading=\"lazy\" decoding=\"async\" width=\"606\" height=\"602\" src=\"https:\/\/www.ufpb.br\/pinacoteca\/wp-content\/uploads\/sites\/79\/sites\/210\/2025\/02\/02b828ce-cf04-4f26-952e-e6142b0c4d5d.jpeg\" alt=\"\" class=\"wp-image-1883\" srcset=\"https:\/\/www.ufpb.br\/pinacoteca\/wp-content\/uploads\/sites\/79\/sites\/210\/2025\/02\/02b828ce-cf04-4f26-952e-e6142b0c4d5d.jpeg 606w, https:\/\/www.ufpb.br\/pinacoteca\/wp-content\/uploads\/sites\/79\/sites\/210\/2025\/02\/02b828ce-cf04-4f26-952e-e6142b0c4d5d-300x298.jpeg 300w, https:\/\/www.ufpb.br\/pinacoteca\/wp-content\/uploads\/sites\/79\/sites\/210\/2025\/02\/02b828ce-cf04-4f26-952e-e6142b0c4d5d-150x150.jpeg 150w\" sizes=\"auto, (max-width: 606px) 100vw, 606px\" \/><figcaption class=\"wp-element-caption\">T\u00edtulo: <strong>Tempo do Olho <\/strong>T\u00e9cnica: Infogravura \u00e0 cores s\/ Papel. Dimens\u00e3o: 20,8cm x 20,8cm. Data: S\/D Doa\u00e7\u00e3o: William Costa<\/figcaption><\/figure>\n\n\n\n<p><\/p>\n\n\n\n<h2 class=\"wp-block-heading\"><div class=\"linha-header\">Pontes da Silva<\/div><\/h2>\n\n\n\n<figure class=\"wp-block-image size-full\"><img loading=\"lazy\" decoding=\"async\" width=\"618\" height=\"620\" src=\"https:\/\/www.ufpb.br\/pinacoteca\/wp-content\/uploads\/sites\/79\/sites\/210\/2025\/02\/1ec28560-016b-4066-810b-a0b25415bd94.jpeg\" alt=\"\" class=\"wp-image-1884\" srcset=\"https:\/\/www.ufpb.br\/pinacoteca\/wp-content\/uploads\/sites\/79\/sites\/210\/2025\/02\/1ec28560-016b-4066-810b-a0b25415bd94.jpeg 618w, https:\/\/www.ufpb.br\/pinacoteca\/wp-content\/uploads\/sites\/79\/sites\/210\/2025\/02\/1ec28560-016b-4066-810b-a0b25415bd94-300x300.jpeg 300w, https:\/\/www.ufpb.br\/pinacoteca\/wp-content\/uploads\/sites\/79\/sites\/210\/2025\/02\/1ec28560-016b-4066-810b-a0b25415bd94-150x150.jpeg 150w\" sizes=\"auto, (max-width: 618px) 100vw, 618px\" \/><figcaption class=\"wp-element-caption\">T\u00edtulo: <strong>Tempo do Olho<\/strong> T\u00e9cnica: Infogravura \u00e0 cores s\/ Papel. Dimens\u00e3o: 20,8cm x 20,8cm. Data: S\/D Doa\u00e7\u00e3o: William Costa.<\/figcaption><\/figure>\n\n\n\n<p><\/p>\n\n\n\n<h2 class=\"wp-block-heading\"><div class=\"linha-header\">Pontes da Silva<\/div><\/h2>\n\n\n\n<figure class=\"wp-block-image size-full\"><img loading=\"lazy\" decoding=\"async\" width=\"636\" height=\"633\" src=\"https:\/\/www.ufpb.br\/pinacoteca\/wp-content\/uploads\/sites\/79\/sites\/210\/2025\/02\/5639d256-631c-4099-a307-43ec321841bf.jpeg\" alt=\"\" class=\"wp-image-1885\" srcset=\"https:\/\/www.ufpb.br\/pinacoteca\/wp-content\/uploads\/sites\/79\/sites\/210\/2025\/02\/5639d256-631c-4099-a307-43ec321841bf.jpeg 636w, https:\/\/www.ufpb.br\/pinacoteca\/wp-content\/uploads\/sites\/79\/sites\/210\/2025\/02\/5639d256-631c-4099-a307-43ec321841bf-300x300.jpeg 300w, https:\/\/www.ufpb.br\/pinacoteca\/wp-content\/uploads\/sites\/79\/sites\/210\/2025\/02\/5639d256-631c-4099-a307-43ec321841bf-150x150.jpeg 150w\" sizes=\"auto, (max-width: 636px) 100vw, 636px\" \/><figcaption class=\"wp-element-caption\">T\u00edtulo: <strong>Tempo do Olho<\/strong> T\u00e9cnica: Infogravura \u00e0 cores s\/ Papel. Dimens\u00e3o: 21cm x 21cm. Data: S\/D Doa\u00e7\u00e3o: William Costa<strong>.<\/strong><\/figcaption><\/figure>\n\n\n\n<p><\/p>\n\n\n\n<h2 class=\"wp-block-heading\"><div class=\"linha-header\">Pontes da Silva<\/div><\/h2>\n\n\n\n<figure class=\"wp-block-image size-full\"><img loading=\"lazy\" decoding=\"async\" width=\"576\" height=\"573\" src=\"https:\/\/www.ufpb.br\/pinacoteca\/wp-content\/uploads\/sites\/79\/sites\/210\/2025\/02\/a75e5d0a-4bee-42cd-ac81-1bed17745a6d.jpeg\" alt=\"\" class=\"wp-image-1886\" srcset=\"https:\/\/www.ufpb.br\/pinacoteca\/wp-content\/uploads\/sites\/79\/sites\/210\/2025\/02\/a75e5d0a-4bee-42cd-ac81-1bed17745a6d.jpeg 576w, https:\/\/www.ufpb.br\/pinacoteca\/wp-content\/uploads\/sites\/79\/sites\/210\/2025\/02\/a75e5d0a-4bee-42cd-ac81-1bed17745a6d-300x298.jpeg 300w, https:\/\/www.ufpb.br\/pinacoteca\/wp-content\/uploads\/sites\/79\/sites\/210\/2025\/02\/a75e5d0a-4bee-42cd-ac81-1bed17745a6d-150x150.jpeg 150w\" sizes=\"auto, (max-width: 576px) 100vw, 576px\" \/><figcaption class=\"wp-element-caption\">T\u00edtulo: <strong>Tempo do Olho<\/strong> T\u00e9cnica: Infogravura \u00e0 cores s\/ Papel. Dimens\u00e3o: 21cm x 21cm. Data: S\/D Doa\u00e7\u00e3o: William Costa.<\/figcaption><\/figure>\n\n\n\n<p><\/p>\n\n\n\n<h2 class=\"wp-block-heading\"><div class=\"linha-header\">Pontes da Silva<\/div><\/h2>\n\n\n\n<figure class=\"wp-block-image size-full\"><img loading=\"lazy\" decoding=\"async\" width=\"606\" height=\"602\" src=\"https:\/\/www.ufpb.br\/pinacoteca\/wp-content\/uploads\/sites\/79\/sites\/210\/2025\/02\/02b828ce-cf04-4f26-952e-e6142b0c4d5d-1.jpeg\" alt=\"\" class=\"wp-image-1887\" srcset=\"https:\/\/www.ufpb.br\/pinacoteca\/wp-content\/uploads\/sites\/79\/sites\/210\/2025\/02\/02b828ce-cf04-4f26-952e-e6142b0c4d5d-1.jpeg 606w, https:\/\/www.ufpb.br\/pinacoteca\/wp-content\/uploads\/sites\/79\/sites\/210\/2025\/02\/02b828ce-cf04-4f26-952e-e6142b0c4d5d-1-300x298.jpeg 300w, https:\/\/www.ufpb.br\/pinacoteca\/wp-content\/uploads\/sites\/79\/sites\/210\/2025\/02\/02b828ce-cf04-4f26-952e-e6142b0c4d5d-1-150x150.jpeg 150w\" sizes=\"auto, (max-width: 606px) 100vw, 606px\" \/><figcaption class=\"wp-element-caption\">T\u00edtulo: <strong>Tempo do Olho <\/strong>T\u00e9cnica: Infogravura \u00e0 cores s\/ Papel. Dimens\u00e3o: 21cm x 21cm. Data: S\/D Doa\u00e7\u00e3o: William Costa.<\/figcaption><\/figure>\n\n\n\n<p><\/p>\n\n\n\n<h2 class=\"wp-block-heading\"><div class=\"linha-header\">Pontes da Silva<\/div><\/h2>\n\n\n\n<figure class=\"wp-block-image size-full\"><img loading=\"lazy\" decoding=\"async\" width=\"536\" height=\"768\" src=\"https:\/\/www.ufpb.br\/pinacoteca\/wp-content\/uploads\/sites\/79\/sites\/210\/2025\/02\/c60ce425-beac-4136-9336-02eb3b0296fd.jpeg\" alt=\"\" class=\"wp-image-1888\" srcset=\"https:\/\/www.ufpb.br\/pinacoteca\/wp-content\/uploads\/sites\/79\/sites\/210\/2025\/02\/c60ce425-beac-4136-9336-02eb3b0296fd.jpeg 536w, https:\/\/www.ufpb.br\/pinacoteca\/wp-content\/uploads\/sites\/79\/sites\/210\/2025\/02\/c60ce425-beac-4136-9336-02eb3b0296fd-209x300.jpeg 209w\" sizes=\"auto, (max-width: 536px) 100vw, 536px\" \/><figcaption class=\"wp-element-caption\">T\u00edtulo: <strong>Tempo do Olho <\/strong>T\u00e9cnica: Infogravura \u00e0 cores s\/ Papel. Dimens\u00e3o: 21cm x 29,6cm. Data: S\/D Doa\u00e7\u00e3o: William Costa.<\/figcaption><\/figure>\n\n\n\n<p><\/p>\n\n\n\n<h2 class=\"wp-block-heading\"><div class=\"linha-header\">Pontes da Silva<\/div><\/h2>\n\n\n\n<figure class=\"wp-block-image size-full\"><img loading=\"lazy\" decoding=\"async\" width=\"768\" height=\"554\" src=\"https:\/\/www.ufpb.br\/pinacoteca\/wp-content\/uploads\/sites\/79\/sites\/210\/2025\/02\/d75adc84-7d3c-4928-b07c-e1b4c98d55e2.jpeg\" alt=\"\" class=\"wp-image-1889\" srcset=\"https:\/\/www.ufpb.br\/pinacoteca\/wp-content\/uploads\/sites\/79\/sites\/210\/2025\/02\/d75adc84-7d3c-4928-b07c-e1b4c98d55e2.jpeg 768w, https:\/\/www.ufpb.br\/pinacoteca\/wp-content\/uploads\/sites\/79\/sites\/210\/2025\/02\/d75adc84-7d3c-4928-b07c-e1b4c98d55e2-300x216.jpeg 300w\" sizes=\"auto, (max-width: 768px) 100vw, 768px\" \/><figcaption class=\"wp-element-caption\">T\u00edtulo: <strong>Tempo do Olho<\/strong>. T\u00e9cnica: Infogravura \u00e0 cores s\/ Papel. Dimens\u00e3o: 29,6cm x 21cm. Data: S\/D Doa\u00e7\u00e3o: William Costa.<\/figcaption><\/figure>\n\n\n\n<p><\/p>\n\n\n\n<h2 class=\"wp-block-heading\"><div class=\"linha-header\">Pontes da Silva<\/div><\/h2>\n\n\n\n<figure class=\"wp-block-image size-full\"><img loading=\"lazy\" decoding=\"async\" width=\"537\" height=\"768\" src=\"https:\/\/www.ufpb.br\/pinacoteca\/wp-content\/uploads\/sites\/79\/sites\/210\/2025\/02\/7ec15b37-42e9-4dad-ae55-dbcd3546e71b.jpeg\" alt=\"\" class=\"wp-image-1890\" srcset=\"https:\/\/www.ufpb.br\/pinacoteca\/wp-content\/uploads\/sites\/79\/sites\/210\/2025\/02\/7ec15b37-42e9-4dad-ae55-dbcd3546e71b.jpeg 537w, https:\/\/www.ufpb.br\/pinacoteca\/wp-content\/uploads\/sites\/79\/sites\/210\/2025\/02\/7ec15b37-42e9-4dad-ae55-dbcd3546e71b-210x300.jpeg 210w\" sizes=\"auto, (max-width: 537px) 100vw, 537px\" \/><figcaption class=\"wp-element-caption\">T\u00edtulo: <strong>Tempo do Olho<\/strong>. T\u00e9cnica: Infogravura \u00e0 cores s\/ Papel. Dimens\u00e3o: 21cm x 29,6cm. Data: S\/D Doa\u00e7\u00e3o: William Costa.<\/figcaption><\/figure>\n\n\n\n<p><\/p>\n\n\n\n<h2 class=\"wp-block-heading\"><div class=\"linha-header\">Pontes da Silva<\/div><\/h2>\n\n\n\n<figure class=\"wp-block-image size-full\"><img loading=\"lazy\" decoding=\"async\" width=\"768\" height=\"538\" src=\"https:\/\/www.ufpb.br\/pinacoteca\/wp-content\/uploads\/sites\/79\/sites\/210\/2025\/02\/7655370e-8117-4a77-a528-d6d533add31b.jpeg\" alt=\"\" class=\"wp-image-1892\" srcset=\"https:\/\/www.ufpb.br\/pinacoteca\/wp-content\/uploads\/sites\/79\/sites\/210\/2025\/02\/7655370e-8117-4a77-a528-d6d533add31b.jpeg 768w, https:\/\/www.ufpb.br\/pinacoteca\/wp-content\/uploads\/sites\/79\/sites\/210\/2025\/02\/7655370e-8117-4a77-a528-d6d533add31b-300x210.jpeg 300w\" sizes=\"auto, (max-width: 768px) 100vw, 768px\" \/><figcaption class=\"wp-element-caption\">T\u00edtulo: <strong>Tempo do Olho. <\/strong>T\u00e9cnica: Infogravura \u00e0 cores s\/ Papel. Dimens\u00e3o: 29,6cm x 21cm. Data: S\/D Doa\u00e7\u00e3o: William Costa.<\/figcaption><\/figure>\n\n\n\n<p><\/p>\n\n\n\n<h2 class=\"wp-block-heading\"><div class=\"linha-header\">Pontes da Silva<\/div><\/h2>\n\n\n\n<figure class=\"wp-block-image size-full\"><img loading=\"lazy\" decoding=\"async\" width=\"534\" height=\"768\" src=\"https:\/\/www.ufpb.br\/pinacoteca\/wp-content\/uploads\/sites\/79\/sites\/210\/2025\/02\/c5f453c2-6102-4900-8ae7-b0a451f15499.jpeg\" alt=\"\" class=\"wp-image-1893\" srcset=\"https:\/\/www.ufpb.br\/pinacoteca\/wp-content\/uploads\/sites\/79\/sites\/210\/2025\/02\/c5f453c2-6102-4900-8ae7-b0a451f15499.jpeg 534w, https:\/\/www.ufpb.br\/pinacoteca\/wp-content\/uploads\/sites\/79\/sites\/210\/2025\/02\/c5f453c2-6102-4900-8ae7-b0a451f15499-209x300.jpeg 209w\" sizes=\"auto, (max-width: 534px) 100vw, 534px\" \/><figcaption class=\"wp-element-caption\">T\u00edtulo: <strong>Tempo do Olho <\/strong>T\u00e9cnica: Infogravura \u00e0 cores s\/ Papel. Dimens\u00e3o: 29,6cm x 21cm. Data: S\/D Doa\u00e7\u00e3o: William Costa.<\/figcaption><\/figure>\n\n\n\n<p><\/p>\n","protected":false},"excerpt":{"rendered":"<p>As doa\u00e7\u00f5es que a Pinacoteca recebeu no ano de 2019 Cris Medeiros Aurora Caballero Liliane [&hellip;]<\/p>\n","protected":false},"author":143,"featured_media":0,"parent":803,"menu_order":0,"comment_status":"closed","ping_status":"closed","template":"","meta":{"footnotes":""},"class_list":["post-1777","page","type-page","status-publish","hentry"],"_links":{"self":[{"href":"https:\/\/www.ufpb.br\/pinacoteca\/wp-json\/wp\/v2\/pages\/1777","targetHints":{"allow":["GET"]}}],"collection":[{"href":"https:\/\/www.ufpb.br\/pinacoteca\/wp-json\/wp\/v2\/pages"}],"about":[{"href":"https:\/\/www.ufpb.br\/pinacoteca\/wp-json\/wp\/v2\/types\/page"}],"author":[{"embeddable":true,"href":"https:\/\/www.ufpb.br\/pinacoteca\/wp-json\/wp\/v2\/users\/143"}],"replies":[{"embeddable":true,"href":"https:\/\/www.ufpb.br\/pinacoteca\/wp-json\/wp\/v2\/comments?post=1777"}],"version-history":[{"count":4,"href":"https:\/\/www.ufpb.br\/pinacoteca\/wp-json\/wp\/v2\/pages\/1777\/revisions"}],"predecessor-version":[{"id":2553,"href":"https:\/\/www.ufpb.br\/pinacoteca\/wp-json\/wp\/v2\/pages\/1777\/revisions\/2553"}],"up":[{"embeddable":true,"href":"https:\/\/www.ufpb.br\/pinacoteca\/wp-json\/wp\/v2\/pages\/803"}],"wp:attachment":[{"href":"https:\/\/www.ufpb.br\/pinacoteca\/wp-json\/wp\/v2\/media?parent=1777"}],"curies":[{"name":"wp","href":"https:\/\/api.w.org\/{rel}","templated":true}]}}