{"id":1939,"date":"2025-02-14T09:29:18","date_gmt":"2025-02-14T12:29:18","guid":{"rendered":"https:\/\/www.ufpb.br\/pinacoteca\/?page_id=1939"},"modified":"2025-03-21T10:29:22","modified_gmt":"2025-03-21T13:29:22","slug":"doacoes-2021","status":"publish","type":"page","link":"https:\/\/www.ufpb.br\/pinacoteca\/arquivo\/doacoes-2021\/","title":{"rendered":"Doa\u00e7\u00f5es 2021"},"content":{"rendered":"\n<p>As doa\u00e7\u00f5es que a Pinacoteca recebeu em 2021<\/p>\n\n\n\n<hr class=\"wp-block-separator has-alpha-channel-opacity\" \/>\n\n\n\n<div style=\"height:10px\" aria-hidden=\"true\" class=\"wp-block-spacer\"><\/div>\n\n\n\n<h2 class=\"wp-block-heading\"><div class=\"linha-header\">Wilton Terto<\/div><\/h2>\n\n\n\n<figure class=\"wp-block-image size-full\"><img loading=\"lazy\" decoding=\"async\" width=\"639\" height=\"768\" src=\"https:\/\/www.ufpb.br\/pinacoteca\/wp-content\/uploads\/sites\/79\/sites\/210\/2025\/02\/7d3c3f26-0d96-4824-9795-e4d7a94bd4e3.jpeg\" alt=\"\" class=\"wp-image-1940\" srcset=\"https:\/\/www.ufpb.br\/pinacoteca\/wp-content\/uploads\/sites\/79\/sites\/210\/2025\/02\/7d3c3f26-0d96-4824-9795-e4d7a94bd4e3.jpeg 639w, https:\/\/www.ufpb.br\/pinacoteca\/wp-content\/uploads\/sites\/79\/sites\/210\/2025\/02\/7d3c3f26-0d96-4824-9795-e4d7a94bd4e3-250x300.jpeg 250w\" sizes=\"auto, (max-width: 639px) 100vw, 639px\" \/><figcaption class=\"wp-element-caption\">T\u00e9cnica: manipula\u00e7\u00e3o de fotografia digital. Dimens\u00f5es: 120,3 cm x100,1 cm. 2017. Doa\u00e7\u00e3o do artista.<\/figcaption><\/figure>\n\n\n\n<div style=\"height:20px\" aria-hidden=\"true\" class=\"wp-block-spacer\"><\/div>\n\n\n\n<h2 class=\"wp-block-heading\"><div class=\"linha-header\">Walter Wagner<\/div><\/h2>\n\n\n\n<figure class=\"wp-block-image size-full\"><img loading=\"lazy\" decoding=\"async\" width=\"768\" height=\"682\" src=\"https:\/\/www.ufpb.br\/pinacoteca\/wp-content\/uploads\/sites\/79\/sites\/210\/2025\/02\/d48760fc-32ab-4824-9518-4d76f12befe0.jpeg\" alt=\"\" class=\"wp-image-1941\" srcset=\"https:\/\/www.ufpb.br\/pinacoteca\/wp-content\/uploads\/sites\/79\/sites\/210\/2025\/02\/d48760fc-32ab-4824-9518-4d76f12befe0.jpeg 768w, https:\/\/www.ufpb.br\/pinacoteca\/wp-content\/uploads\/sites\/79\/sites\/210\/2025\/02\/d48760fc-32ab-4824-9518-4d76f12befe0-300x266.jpeg 300w\" sizes=\"auto, (max-width: 768px) 100vw, 768px\" \/><figcaption class=\"wp-element-caption\"><strong>Sem t\u00edtulo (desenho 1)<\/strong>. T\u00e9cnica: Acr\u00edlica, marcador permanente e caneta esferogr\u00e1fica. Dimens\u00f5es: Vari\u00e1veis. Data: 2012. Doa\u00e7\u00e3o: do artista<\/figcaption><\/figure>\n\n\n\n<div style=\"height:20px\" aria-hidden=\"true\" class=\"wp-block-spacer\"><\/div>\n\n\n\n<figure class=\"wp-block-image size-full\"><img loading=\"lazy\" decoding=\"async\" width=\"705\" height=\"768\" src=\"https:\/\/www.ufpb.br\/pinacoteca\/wp-content\/uploads\/sites\/79\/sites\/210\/2025\/02\/6de1acdf-de77-436b-81c3-551124f3f2a8.jpeg\" alt=\"\" class=\"wp-image-1942\" srcset=\"https:\/\/www.ufpb.br\/pinacoteca\/wp-content\/uploads\/sites\/79\/sites\/210\/2025\/02\/6de1acdf-de77-436b-81c3-551124f3f2a8.jpeg 705w, https:\/\/www.ufpb.br\/pinacoteca\/wp-content\/uploads\/sites\/79\/sites\/210\/2025\/02\/6de1acdf-de77-436b-81c3-551124f3f2a8-275x300.jpeg 275w\" sizes=\"auto, (max-width: 705px) 100vw, 705px\" \/><figcaption class=\"wp-element-caption\"><strong>Sem t\u00edtulo (desenho 2)<\/strong>. T\u00e9cnica: Acr\u00edlica, marcador permanente e caneta esferogr\u00e1fica. Dimens\u00f5es: Vari\u00e1veis. Data: 2012. Doa\u00e7\u00e3o: do artista<\/figcaption><\/figure>\n\n\n\n<div style=\"height:20px\" aria-hidden=\"true\" class=\"wp-block-spacer\"><\/div>\n\n\n\n<figure class=\"wp-block-image size-full\"><img loading=\"lazy\" decoding=\"async\" width=\"699\" height=\"768\" src=\"https:\/\/www.ufpb.br\/pinacoteca\/wp-content\/uploads\/sites\/79\/sites\/210\/2025\/02\/21cfa135-71af-4c49-b2b3-f6cca0e7c334.jpeg\" alt=\"\" class=\"wp-image-1943\" srcset=\"https:\/\/www.ufpb.br\/pinacoteca\/wp-content\/uploads\/sites\/79\/sites\/210\/2025\/02\/21cfa135-71af-4c49-b2b3-f6cca0e7c334.jpeg 699w, https:\/\/www.ufpb.br\/pinacoteca\/wp-content\/uploads\/sites\/79\/sites\/210\/2025\/02\/21cfa135-71af-4c49-b2b3-f6cca0e7c334-273x300.jpeg 273w\" sizes=\"auto, (max-width: 699px) 100vw, 699px\" \/><figcaption class=\"wp-element-caption\"> <strong>Sem t\u00edtulo (desenho 3).<\/strong> T\u00e9cnica: Acr\u00edlica, marcador permanente e caneta esferogr\u00e1fica. Dimens\u00f5es: Vari\u00e1veis. Data: 2012. Doa\u00e7\u00e3o: do artista<\/figcaption><\/figure>\n\n\n\n<div style=\"height:20px\" aria-hidden=\"true\" class=\"wp-block-spacer\"><\/div>\n\n\n\n<figure class=\"wp-block-image size-full\"><img loading=\"lazy\" decoding=\"async\" width=\"768\" height=\"600\" src=\"https:\/\/www.ufpb.br\/pinacoteca\/wp-content\/uploads\/sites\/79\/sites\/210\/2025\/02\/e422539a-5ef4-44b2-bb7c-1d032fb70267.jpeg\" alt=\"\" class=\"wp-image-1945\" srcset=\"https:\/\/www.ufpb.br\/pinacoteca\/wp-content\/uploads\/sites\/79\/sites\/210\/2025\/02\/e422539a-5ef4-44b2-bb7c-1d032fb70267.jpeg 768w, https:\/\/www.ufpb.br\/pinacoteca\/wp-content\/uploads\/sites\/79\/sites\/210\/2025\/02\/e422539a-5ef4-44b2-bb7c-1d032fb70267-300x234.jpeg 300w\" sizes=\"auto, (max-width: 768px) 100vw, 768px\" \/><figcaption class=\"wp-element-caption\"><strong>Sem t\u00edtulo (desenho 4).<\/strong> T\u00e9cnica: Acr\u00edlica, marcador permanente e caneta esferogr\u00e1fica. Dimens\u00f5es: Vari\u00e1veis. Data: 2012. Doa\u00e7\u00e3o: do artista<\/figcaption><\/figure>\n\n\n\n<div style=\"height:20px\" aria-hidden=\"true\" class=\"wp-block-spacer\"><\/div>\n\n\n\n<figure class=\"wp-block-image size-full\"><img loading=\"lazy\" decoding=\"async\" width=\"768\" height=\"607\" src=\"https:\/\/www.ufpb.br\/pinacoteca\/wp-content\/uploads\/sites\/79\/sites\/210\/2025\/02\/966c9dc0-a709-4670-8c85-6581632e49d4.jpeg\" alt=\"\" class=\"wp-image-1946\" srcset=\"https:\/\/www.ufpb.br\/pinacoteca\/wp-content\/uploads\/sites\/79\/sites\/210\/2025\/02\/966c9dc0-a709-4670-8c85-6581632e49d4.jpeg 768w, https:\/\/www.ufpb.br\/pinacoteca\/wp-content\/uploads\/sites\/79\/sites\/210\/2025\/02\/966c9dc0-a709-4670-8c85-6581632e49d4-300x237.jpeg 300w\" sizes=\"auto, (max-width: 768px) 100vw, 768px\" \/><figcaption class=\"wp-element-caption\"><strong>Sem t\u00edtulo (desenho 5).<\/strong> T\u00e9cnica: Acr\u00edlica, marcador permanente e caneta esferogr\u00e1fica. Dimens\u00f5es: Vari\u00e1veis. Data: 2012. Doa\u00e7\u00e3o: do artista<\/figcaption><\/figure>\n\n\n\n<div style=\"height:20px\" aria-hidden=\"true\" class=\"wp-block-spacer\"><\/div>\n\n\n\n<figure class=\"wp-block-image size-full\"><img loading=\"lazy\" decoding=\"async\" width=\"768\" height=\"603\" src=\"https:\/\/www.ufpb.br\/pinacoteca\/wp-content\/uploads\/sites\/79\/sites\/210\/2025\/02\/cd99953b-6648-4611-a7a0-e0d6a8e46b0d.jpeg\" alt=\"\" class=\"wp-image-1947\" srcset=\"https:\/\/www.ufpb.br\/pinacoteca\/wp-content\/uploads\/sites\/79\/sites\/210\/2025\/02\/cd99953b-6648-4611-a7a0-e0d6a8e46b0d.jpeg 768w, https:\/\/www.ufpb.br\/pinacoteca\/wp-content\/uploads\/sites\/79\/sites\/210\/2025\/02\/cd99953b-6648-4611-a7a0-e0d6a8e46b0d-300x236.jpeg 300w\" sizes=\"auto, (max-width: 768px) 100vw, 768px\" \/><figcaption class=\"wp-element-caption\"><strong>Sem t\u00edtulo (desenho 6).<\/strong> T\u00e9cnica: Acr\u00edlica, marcador permanente e caneta esferogr\u00e1fica. Dimens\u00f5es: Vari\u00e1veis. Data: 2012. Doa\u00e7\u00e3o: do artista<\/figcaption><\/figure>\n\n\n\n<div style=\"height:20px\" aria-hidden=\"true\" class=\"wp-block-spacer\"><\/div>\n\n\n\n<figure class=\"wp-block-image size-full\"><img loading=\"lazy\" decoding=\"async\" width=\"611\" height=\"768\" src=\"https:\/\/www.ufpb.br\/pinacoteca\/wp-content\/uploads\/sites\/79\/sites\/210\/2025\/02\/cebf8e9b-0f96-4e91-b5af-0f8bc71b3120.jpeg\" alt=\"\" class=\"wp-image-1948\" srcset=\"https:\/\/www.ufpb.br\/pinacoteca\/wp-content\/uploads\/sites\/79\/sites\/210\/2025\/02\/cebf8e9b-0f96-4e91-b5af-0f8bc71b3120.jpeg 611w, https:\/\/www.ufpb.br\/pinacoteca\/wp-content\/uploads\/sites\/79\/sites\/210\/2025\/02\/cebf8e9b-0f96-4e91-b5af-0f8bc71b3120-239x300.jpeg 239w\" sizes=\"auto, (max-width: 611px) 100vw, 611px\" \/><figcaption class=\"wp-element-caption\"><strong>Sem t\u00edtulo (desenho 7). <\/strong>T\u00e9cnica: Acr\u00edlica, marcador permanente e caneta esferogr\u00e1fica. Dimens\u00f5es: Vari\u00e1veis. Data: 2012. Doa\u00e7\u00e3o: do artista<\/figcaption><\/figure>\n\n\n\n<div style=\"height:20px\" aria-hidden=\"true\" class=\"wp-block-spacer\"><\/div>\n\n\n\n<figure class=\"wp-block-image size-full\"><img loading=\"lazy\" decoding=\"async\" width=\"768\" height=\"609\" src=\"https:\/\/www.ufpb.br\/pinacoteca\/wp-content\/uploads\/sites\/79\/sites\/210\/2025\/02\/0988c6ea-7dce-4645-96c2-7f16a0e53b2e.jpeg\" alt=\"\" class=\"wp-image-1949\" srcset=\"https:\/\/www.ufpb.br\/pinacoteca\/wp-content\/uploads\/sites\/79\/sites\/210\/2025\/02\/0988c6ea-7dce-4645-96c2-7f16a0e53b2e.jpeg 768w, https:\/\/www.ufpb.br\/pinacoteca\/wp-content\/uploads\/sites\/79\/sites\/210\/2025\/02\/0988c6ea-7dce-4645-96c2-7f16a0e53b2e-300x238.jpeg 300w\" sizes=\"auto, (max-width: 768px) 100vw, 768px\" \/><figcaption class=\"wp-element-caption\"><strong>Sem t\u00edtulo (desenho 8). <\/strong>T\u00e9cnica: Acr\u00edlica, marcador permanente e caneta esferogr\u00e1fica. Dimens\u00f5es: Vari\u00e1veis. Data: 2012. Doa\u00e7\u00e3o: do artista.<\/figcaption><\/figure>\n\n\n\n<div style=\"height:20px\" aria-hidden=\"true\" class=\"wp-block-spacer\"><\/div>\n","protected":false},"excerpt":{"rendered":"<p>As doa\u00e7\u00f5es que a Pinacoteca recebeu em 2021 Wilton Terto Walter Wagner<\/p>\n","protected":false},"author":143,"featured_media":0,"parent":803,"menu_order":0,"comment_status":"closed","ping_status":"closed","template":"","meta":{"footnotes":""},"class_list":["post-1939","page","type-page","status-publish","hentry"],"_links":{"self":[{"href":"https:\/\/www.ufpb.br\/pinacoteca\/wp-json\/wp\/v2\/pages\/1939","targetHints":{"allow":["GET"]}}],"collection":[{"href":"https:\/\/www.ufpb.br\/pinacoteca\/wp-json\/wp\/v2\/pages"}],"about":[{"href":"https:\/\/www.ufpb.br\/pinacoteca\/wp-json\/wp\/v2\/types\/page"}],"author":[{"embeddable":true,"href":"https:\/\/www.ufpb.br\/pinacoteca\/wp-json\/wp\/v2\/users\/143"}],"replies":[{"embeddable":true,"href":"https:\/\/www.ufpb.br\/pinacoteca\/wp-json\/wp\/v2\/comments?post=1939"}],"version-history":[{"count":4,"href":"https:\/\/www.ufpb.br\/pinacoteca\/wp-json\/wp\/v2\/pages\/1939\/revisions"}],"predecessor-version":[{"id":2568,"href":"https:\/\/www.ufpb.br\/pinacoteca\/wp-json\/wp\/v2\/pages\/1939\/revisions\/2568"}],"up":[{"embeddable":true,"href":"https:\/\/www.ufpb.br\/pinacoteca\/wp-json\/wp\/v2\/pages\/803"}],"wp:attachment":[{"href":"https:\/\/www.ufpb.br\/pinacoteca\/wp-json\/wp\/v2\/media?parent=1939"}],"curies":[{"name":"wp","href":"https:\/\/api.w.org\/{rel}","templated":true}]}}