{"id":1952,"date":"2025-02-14T10:00:31","date_gmt":"2025-02-14T13:00:31","guid":{"rendered":"https:\/\/www.ufpb.br\/pinacoteca\/?page_id=1952"},"modified":"2025-03-21T10:27:27","modified_gmt":"2025-03-21T13:27:27","slug":"doacoes-2022","status":"publish","type":"page","link":"https:\/\/www.ufpb.br\/pinacoteca\/arquivo\/doacoes-2022\/","title":{"rendered":"Doa\u00e7\u00f5es 2022"},"content":{"rendered":"\n<p>As doa\u00e7\u00f5es que a Pinacoteca recebeu em 2022<\/p>\n\n\n\n<hr class=\"wp-block-separator has-alpha-channel-opacity\" \/>\n\n\n\n<div style=\"height:10px\" aria-hidden=\"true\" class=\"wp-block-spacer\"><\/div>\n\n\n\n<h2 class=\"wp-block-heading\"><div class=\"linha-header\">Pablo Borges<\/div><\/h2>\n\n\n\n<figure class=\"wp-block-image size-full\"><img loading=\"lazy\" decoding=\"async\" width=\"747\" height=\"550\" src=\"https:\/\/www.ufpb.br\/pinacoteca\/wp-content\/uploads\/sites\/79\/sites\/210\/2025\/02\/bbe3c7f9-d63e-487c-bcbb-293afd4ae396.jpeg\" alt=\"\" class=\"wp-image-1953\" srcset=\"https:\/\/www.ufpb.br\/pinacoteca\/wp-content\/uploads\/sites\/79\/sites\/210\/2025\/02\/bbe3c7f9-d63e-487c-bcbb-293afd4ae396.jpeg 747w, https:\/\/www.ufpb.br\/pinacoteca\/wp-content\/uploads\/sites\/79\/sites\/210\/2025\/02\/bbe3c7f9-d63e-487c-bcbb-293afd4ae396-300x221.jpeg 300w\" sizes=\"auto, (max-width: 747px) 100vw, 747px\" \/><figcaption class=\"wp-element-caption\">T\u00edtulo: <strong>Sol nascente.<\/strong> T\u00e9cnica: Gravura. Dimens\u00e3o: 66cm x 48cm. Data: 2021. Doa\u00e7\u00e3o de Gabriel Bechara Filho<\/figcaption><\/figure>\n\n\n\n<div style=\"height:20px\" aria-hidden=\"true\" class=\"wp-block-spacer\"><\/div>\n\n\n\n<h2 class=\"wp-block-heading\"><div class=\"linha-header\">Nina Fontenelle <\/div><\/h2>\n\n\n\n<figure class=\"wp-block-image size-full\"><img loading=\"lazy\" decoding=\"async\" width=\"499\" height=\"695\" src=\"https:\/\/www.ufpb.br\/pinacoteca\/wp-content\/uploads\/sites\/79\/sites\/210\/2025\/02\/fa83de6a-95c6-46d8-be73-08550517bae6.jpeg\" alt=\"\" class=\"wp-image-1954\" srcset=\"https:\/\/www.ufpb.br\/pinacoteca\/wp-content\/uploads\/sites\/79\/sites\/210\/2025\/02\/fa83de6a-95c6-46d8-be73-08550517bae6.jpeg 499w, https:\/\/www.ufpb.br\/pinacoteca\/wp-content\/uploads\/sites\/79\/sites\/210\/2025\/02\/fa83de6a-95c6-46d8-be73-08550517bae6-215x300.jpeg 215w\" sizes=\"auto, (max-width: 499px) 100vw, 499px\" \/><figcaption class=\"wp-element-caption\">T\u00edtulo: <strong>Sem t\u00edtulo<\/strong>. T\u00e9cnica: Serigrafia. Dimens\u00e3o: 42cm x 29,7cm. Data: s\/d. Doa\u00e7\u00e3o de Gabriel Bechara Filho<\/figcaption><\/figure>\n\n\n\n<div style=\"height:20px\" aria-hidden=\"true\" class=\"wp-block-spacer\"><\/div>\n\n\n\n<h2 class=\"wp-block-heading\"><div class=\"linha-header\">William Maia <\/div><\/h2>\n\n\n\n<figure class=\"wp-block-image size-full\"><img loading=\"lazy\" decoding=\"async\" width=\"438\" height=\"550\" src=\"https:\/\/www.ufpb.br\/pinacoteca\/wp-content\/uploads\/sites\/79\/sites\/210\/2025\/02\/6c2f7c5b-474c-424a-94cd-f6ea456d7cd7.jpeg\" alt=\"\" class=\"wp-image-1955\" srcset=\"https:\/\/www.ufpb.br\/pinacoteca\/wp-content\/uploads\/sites\/79\/sites\/210\/2025\/02\/6c2f7c5b-474c-424a-94cd-f6ea456d7cd7.jpeg 438w, https:\/\/www.ufpb.br\/pinacoteca\/wp-content\/uploads\/sites\/79\/sites\/210\/2025\/02\/6c2f7c5b-474c-424a-94cd-f6ea456d7cd7-239x300.jpeg 239w\" sizes=\"auto, (max-width: 438px) 100vw, 438px\" \/><figcaption class=\"wp-element-caption\">T\u00edtulo: <strong>Bilhete do jogo do bicho &#8211; Pav\u00e3o<\/strong>. T\u00e9cnica: Serigrafia. Dimens\u00e3o: 25cm x 19,9cm. Data: s\/d. Doa\u00e7\u00e3o de Gabriel Bechara Filho<\/figcaption><\/figure>\n\n\n\n<div style=\"height:20px\" aria-hidden=\"true\" class=\"wp-block-spacer\"><\/div>\n\n\n\n<h2 class=\"wp-block-heading\"><div class=\"linha-header\">Gabriel Omep <\/div><\/h2>\n\n\n\n<figure class=\"wp-block-image size-full\"><img loading=\"lazy\" decoding=\"async\" width=\"660\" height=\"494\" src=\"https:\/\/www.ufpb.br\/pinacoteca\/wp-content\/uploads\/sites\/79\/sites\/210\/2025\/02\/61a748cc-31b0-4d7a-a4a9-631b9006d281.jpeg\" alt=\"\" class=\"wp-image-1956\" srcset=\"https:\/\/www.ufpb.br\/pinacoteca\/wp-content\/uploads\/sites\/79\/sites\/210\/2025\/02\/61a748cc-31b0-4d7a-a4a9-631b9006d281.jpeg 660w, https:\/\/www.ufpb.br\/pinacoteca\/wp-content\/uploads\/sites\/79\/sites\/210\/2025\/02\/61a748cc-31b0-4d7a-a4a9-631b9006d281-300x225.jpeg 300w\" sizes=\"auto, (max-width: 660px) 100vw, 660px\" \/><figcaption class=\"wp-element-caption\"><strong>Sem T\u00edtulo. <\/strong>S\u00e9rie \u201cVest\u00edgios\u201d. T\u00e9cnica: Serigrafia e monotipia. Dimens\u00e3o: 38,4cm x 29,1cm. Data: s\/d. Doa\u00e7\u00e3o de Gabriel Bechara Filho<\/figcaption><\/figure>\n\n\n\n<div style=\"height:20px\" aria-hidden=\"true\" class=\"wp-block-spacer\"><\/div>\n\n\n\n<h2 class=\"wp-block-heading\"><div class=\"linha-header\">Yaya Ferreira <\/div><\/h2>\n\n\n\n<figure class=\"wp-block-image size-full\"><img loading=\"lazy\" decoding=\"async\" width=\"487\" height=\"703\" src=\"https:\/\/www.ufpb.br\/pinacoteca\/wp-content\/uploads\/sites\/79\/sites\/210\/2025\/02\/5e989a5e-a6f4-41e5-b7e3-732d17691ab5.jpeg\" alt=\"\" class=\"wp-image-1957\" srcset=\"https:\/\/www.ufpb.br\/pinacoteca\/wp-content\/uploads\/sites\/79\/sites\/210\/2025\/02\/5e989a5e-a6f4-41e5-b7e3-732d17691ab5.jpeg 487w, https:\/\/www.ufpb.br\/pinacoteca\/wp-content\/uploads\/sites\/79\/sites\/210\/2025\/02\/5e989a5e-a6f4-41e5-b7e3-732d17691ab5-208x300.jpeg 208w\" sizes=\"auto, (max-width: 487px) 100vw, 487px\" \/><figcaption class=\"wp-element-caption\"><strong> Sem T\u00edtulo. <\/strong>T\u00e9cnica: impress\u00e3o. Dimens\u00e3o: 29,8cm x 21cm. Data: 2021. Doa\u00e7\u00e3o de Gabriel Bechara Filho<\/figcaption><\/figure>\n\n\n\n<div style=\"height:20px\" aria-hidden=\"true\" class=\"wp-block-spacer\"><\/div>\n\n\n\n<h2 class=\"wp-block-heading\"><div class=\"linha-header\">Pedro Pessanha <\/div><\/h2>\n\n\n\n<figure class=\"wp-block-image size-full\"><img loading=\"lazy\" decoding=\"async\" width=\"532\" height=\"768\" src=\"https:\/\/www.ufpb.br\/pinacoteca\/wp-content\/uploads\/sites\/79\/sites\/210\/2025\/02\/59e41a99-9b43-4389-96be-2640a0041b23.jpeg\" alt=\"\" class=\"wp-image-1958\" srcset=\"https:\/\/www.ufpb.br\/pinacoteca\/wp-content\/uploads\/sites\/79\/sites\/210\/2025\/02\/59e41a99-9b43-4389-96be-2640a0041b23.jpeg 532w, https:\/\/www.ufpb.br\/pinacoteca\/wp-content\/uploads\/sites\/79\/sites\/210\/2025\/02\/59e41a99-9b43-4389-96be-2640a0041b23-208x300.jpeg 208w\" sizes=\"auto, (max-width: 532px) 100vw, 532px\" \/><figcaption class=\"wp-element-caption\"><strong>Sem T\u00edtulo. <\/strong>T\u00e9cnica: Risografia. Dimens\u00e3o: 42cm x 30,7cm. Data: 2022. Doa\u00e7\u00e3o de Gabriel Bechara Filho<\/figcaption><\/figure>\n\n\n\n<div style=\"height:20px\" aria-hidden=\"true\" class=\"wp-block-spacer\"><\/div>\n\n\n\n<h2 class=\"wp-block-heading\"><div class=\"linha-header\">J. Borges<\/div><\/h2>\n\n\n\n<figure class=\"wp-block-image size-full\"><img loading=\"lazy\" decoding=\"async\" width=\"552\" height=\"745\" src=\"https:\/\/www.ufpb.br\/pinacoteca\/wp-content\/uploads\/sites\/79\/sites\/210\/2025\/02\/3bd2572a-aed6-4095-8888-b52c750632e0.jpeg\" alt=\"\" class=\"wp-image-1959\" srcset=\"https:\/\/www.ufpb.br\/pinacoteca\/wp-content\/uploads\/sites\/79\/sites\/210\/2025\/02\/3bd2572a-aed6-4095-8888-b52c750632e0.jpeg 552w, https:\/\/www.ufpb.br\/pinacoteca\/wp-content\/uploads\/sites\/79\/sites\/210\/2025\/02\/3bd2572a-aed6-4095-8888-b52c750632e0-222x300.jpeg 222w\" sizes=\"auto, (max-width: 552px) 100vw, 552px\" \/><figcaption class=\"wp-element-caption\">T\u00edtulo:<strong> Arrancando Botija<\/strong>. T\u00e9cnica: Gravura. Dimens\u00e3o: 48cm x 66,2cm. Data: 2021. Doa\u00e7\u00e3o de Gabriel Bechara Filho<\/figcaption><\/figure>\n\n\n\n<div style=\"height:20px\" aria-hidden=\"true\" class=\"wp-block-spacer\"><\/div>\n\n\n\n<h2 class=\"wp-block-heading\"><div class=\"linha-header\">Francisco Neves <\/div><\/h2>\n\n\n\n<figure class=\"wp-block-image size-full\"><img loading=\"lazy\" decoding=\"async\" width=\"526\" height=\"768\" src=\"https:\/\/www.ufpb.br\/pinacoteca\/wp-content\/uploads\/sites\/79\/sites\/210\/2025\/02\/b12f141d-9fb9-4d77-b57d-4a102505495f.jpeg\" alt=\"\" class=\"wp-image-1960\" srcset=\"https:\/\/www.ufpb.br\/pinacoteca\/wp-content\/uploads\/sites\/79\/sites\/210\/2025\/02\/b12f141d-9fb9-4d77-b57d-4a102505495f.jpeg 526w, https:\/\/www.ufpb.br\/pinacoteca\/wp-content\/uploads\/sites\/79\/sites\/210\/2025\/02\/b12f141d-9fb9-4d77-b57d-4a102505495f-205x300.jpeg 205w\" sizes=\"auto, (max-width: 526px) 100vw, 526px\" \/><figcaption class=\"wp-element-caption\">T\u00edtulo: <strong>Olinda. <\/strong>T\u00e9cnica: acr\u00edlica sobre chapa de fibra de madeira. Dimens\u00e3o: 76,5cm x 52,2cm. Data: 1982. Doa\u00e7\u00e3o de Gabriel Bechara Filho<\/figcaption><\/figure>\n\n\n\n<div style=\"height:20px\" aria-hidden=\"true\" class=\"wp-block-spacer\"><\/div>\n\n\n\n<h2 class=\"wp-block-heading\"><div class=\"linha-header\">J. Borges <\/div><\/h2>\n\n\n\n<figure class=\"wp-block-image size-full is-resized\"><img loading=\"lazy\" decoding=\"async\" width=\"471\" height=\"653\" src=\"https:\/\/www.ufpb.br\/pinacoteca\/wp-content\/uploads\/sites\/79\/sites\/210\/2025\/02\/adc77cd3-3777-442d-b827-18230cf45af6.jpeg\" alt=\"\" class=\"wp-image-1961\" style=\"width:740px;height:auto\" srcset=\"https:\/\/www.ufpb.br\/pinacoteca\/wp-content\/uploads\/sites\/79\/sites\/210\/2025\/02\/adc77cd3-3777-442d-b827-18230cf45af6.jpeg 471w, https:\/\/www.ufpb.br\/pinacoteca\/wp-content\/uploads\/sites\/79\/sites\/210\/2025\/02\/adc77cd3-3777-442d-b827-18230cf45af6-216x300.jpeg 216w\" sizes=\"auto, (max-width: 471px) 100vw, 471px\" \/><figcaption class=\"wp-element-caption\">T\u00edtulo: <strong>Gaivota.<\/strong> T\u00e9cnica: Gravura. Dimens\u00e3o: 24cm x 33,5cm. Data: 2022. Doa\u00e7\u00e3o de Gabriel Bechara Filho<\/figcaption><\/figure>\n\n\n\n<div style=\"height:20px\" aria-hidden=\"true\" class=\"wp-block-spacer\"><\/div>\n\n\n\n<h2 class=\"wp-block-heading\"><div class=\"linha-header\">Germana Bronzeado<\/div><\/h2>\n\n\n\n<figure class=\"wp-block-image size-full\"><img loading=\"lazy\" decoding=\"async\" width=\"768\" height=\"525\" src=\"https:\/\/www.ufpb.br\/pinacoteca\/wp-content\/uploads\/sites\/79\/sites\/210\/2025\/02\/238695f9-240e-44f2-8d06-0ba67d43df1d.jpeg\" alt=\"\" class=\"wp-image-1962\" srcset=\"https:\/\/www.ufpb.br\/pinacoteca\/wp-content\/uploads\/sites\/79\/sites\/210\/2025\/02\/238695f9-240e-44f2-8d06-0ba67d43df1d.jpeg 768w, https:\/\/www.ufpb.br\/pinacoteca\/wp-content\/uploads\/sites\/79\/sites\/210\/2025\/02\/238695f9-240e-44f2-8d06-0ba67d43df1d-300x205.jpeg 300w\" sizes=\"auto, (max-width: 768px) 100vw, 768px\" \/><figcaption class=\"wp-element-caption\">T\u00edtulo: <strong>SANTA ROZA EM AZUL.<\/strong> T\u00e9cnica: Fotografia. Dimens\u00e3o: 30,5cm x 45cm. Data: 2002. Doa\u00e7\u00e3o da artista. <\/figcaption><\/figure>\n\n\n\n<div style=\"height:20px\" aria-hidden=\"true\" class=\"wp-block-spacer\"><\/div>\n\n\n\n<h2 class=\"wp-block-heading\"><div class=\"linha-header\">Gabriel Bechara Filho <\/div><\/h2>\n\n\n\n<figure class=\"wp-block-image size-full\"><img loading=\"lazy\" decoding=\"async\" width=\"768\" height=\"513\" src=\"https:\/\/www.ufpb.br\/pinacoteca\/wp-content\/uploads\/sites\/79\/sites\/210\/2025\/02\/a8a56cfe-5adb-4431-bfcb-7a83e6f93096.jpeg\" alt=\"\" class=\"wp-image-1963\" srcset=\"https:\/\/www.ufpb.br\/pinacoteca\/wp-content\/uploads\/sites\/79\/sites\/210\/2025\/02\/a8a56cfe-5adb-4431-bfcb-7a83e6f93096.jpeg 768w, https:\/\/www.ufpb.br\/pinacoteca\/wp-content\/uploads\/sites\/79\/sites\/210\/2025\/02\/a8a56cfe-5adb-4431-bfcb-7a83e6f93096-300x200.jpeg 300w, https:\/\/www.ufpb.br\/pinacoteca\/wp-content\/uploads\/sites\/79\/sites\/210\/2025\/02\/a8a56cfe-5adb-4431-bfcb-7a83e6f93096-272x182.jpeg 272w\" sizes=\"auto, (max-width: 768px) 100vw, 768px\" \/><figcaption class=\"wp-element-caption\"><strong> Sem t\u00edtulo. <\/strong>T\u00e9cnica: Fotografia. Dimens\u00e3o: 50,1cm x 74,8cm. Data: s\/d. Doa\u00e7\u00e3o do artista<\/figcaption><\/figure>\n\n\n\n<div style=\"height:20px\" aria-hidden=\"true\" class=\"wp-block-spacer\"><\/div>\n\n\n\n<figure class=\"wp-block-image size-full\"><img loading=\"lazy\" decoding=\"async\" width=\"499\" height=\"768\" src=\"https:\/\/www.ufpb.br\/pinacoteca\/wp-content\/uploads\/sites\/79\/sites\/210\/2025\/02\/1bdfc3f2-5aac-435d-9e1e-a78019594d34.jpeg\" alt=\"\" class=\"wp-image-1964\" srcset=\"https:\/\/www.ufpb.br\/pinacoteca\/wp-content\/uploads\/sites\/79\/sites\/210\/2025\/02\/1bdfc3f2-5aac-435d-9e1e-a78019594d34.jpeg 499w, https:\/\/www.ufpb.br\/pinacoteca\/wp-content\/uploads\/sites\/79\/sites\/210\/2025\/02\/1bdfc3f2-5aac-435d-9e1e-a78019594d34-195x300.jpeg 195w\" sizes=\"auto, (max-width: 499px) 100vw, 499px\" \/><figcaption class=\"wp-element-caption\">T\u00edtulo: <strong>P\u00eder Ipanema. <\/strong>T\u00e9cnica: Fotografia. Dimens\u00e3o: 75,2cm x 50,32cm. Data: 1972. Doa\u00e7\u00e3o do artista<\/figcaption><\/figure>\n\n\n\n<div style=\"height:20px\" aria-hidden=\"true\" class=\"wp-block-spacer\"><\/div>\n\n\n\n<figure class=\"wp-block-image size-full\"><img loading=\"lazy\" decoding=\"async\" width=\"768\" height=\"513\" src=\"https:\/\/www.ufpb.br\/pinacoteca\/wp-content\/uploads\/sites\/79\/sites\/210\/2025\/02\/9be141db-78c1-4081-9979-13b45e26bc18.jpeg\" alt=\"\" class=\"wp-image-1965\" srcset=\"https:\/\/www.ufpb.br\/pinacoteca\/wp-content\/uploads\/sites\/79\/sites\/210\/2025\/02\/9be141db-78c1-4081-9979-13b45e26bc18.jpeg 768w, https:\/\/www.ufpb.br\/pinacoteca\/wp-content\/uploads\/sites\/79\/sites\/210\/2025\/02\/9be141db-78c1-4081-9979-13b45e26bc18-300x200.jpeg 300w, https:\/\/www.ufpb.br\/pinacoteca\/wp-content\/uploads\/sites\/79\/sites\/210\/2025\/02\/9be141db-78c1-4081-9979-13b45e26bc18-272x182.jpeg 272w\" sizes=\"auto, (max-width: 768px) 100vw, 768px\" \/><figcaption class=\"wp-element-caption\">T\u00edtulo:<strong> Avenida S\u00e3o Jo\u00e3o. <\/strong>T\u00e9cnica: Fotografia. Dimens\u00e3o: 50cm x 49,8cm. Data: s\/d. Doa\u00e7\u00e3o do artista<\/figcaption><\/figure>\n\n\n\n<div style=\"height:20px\" aria-hidden=\"true\" class=\"wp-block-spacer\"><\/div>\n\n\n\n<figure class=\"wp-block-image size-full\"><img loading=\"lazy\" decoding=\"async\" width=\"768\" height=\"513\" src=\"https:\/\/www.ufpb.br\/pinacoteca\/wp-content\/uploads\/sites\/79\/sites\/210\/2025\/02\/5f45e773-50a0-4b88-9145-1e91b25f3f51.jpeg\" alt=\"\" class=\"wp-image-1966\" srcset=\"https:\/\/www.ufpb.br\/pinacoteca\/wp-content\/uploads\/sites\/79\/sites\/210\/2025\/02\/5f45e773-50a0-4b88-9145-1e91b25f3f51.jpeg 768w, https:\/\/www.ufpb.br\/pinacoteca\/wp-content\/uploads\/sites\/79\/sites\/210\/2025\/02\/5f45e773-50a0-4b88-9145-1e91b25f3f51-300x200.jpeg 300w, https:\/\/www.ufpb.br\/pinacoteca\/wp-content\/uploads\/sites\/79\/sites\/210\/2025\/02\/5f45e773-50a0-4b88-9145-1e91b25f3f51-272x182.jpeg 272w\" sizes=\"auto, (max-width: 768px) 100vw, 768px\" \/><figcaption class=\"wp-element-caption\"><strong>Sem t\u00edtulo. <\/strong>T\u00e9cnica: Fotografia. Dimens\u00e3o: 50,1cm x 75,3cm. Data: s\/d. Doa\u00e7\u00e3o do artista<\/figcaption><\/figure>\n\n\n\n<div style=\"height:20px\" aria-hidden=\"true\" class=\"wp-block-spacer\"><\/div>\n\n\n\n<figure class=\"wp-block-image size-full\"><img loading=\"lazy\" decoding=\"async\" width=\"768\" height=\"512\" src=\"https:\/\/www.ufpb.br\/pinacoteca\/wp-content\/uploads\/sites\/79\/sites\/210\/2025\/02\/dd761784-8354-4e34-baf7-5065a98aa3eb.jpeg\" alt=\"\" class=\"wp-image-1967\" srcset=\"https:\/\/www.ufpb.br\/pinacoteca\/wp-content\/uploads\/sites\/79\/sites\/210\/2025\/02\/dd761784-8354-4e34-baf7-5065a98aa3eb.jpeg 768w, https:\/\/www.ufpb.br\/pinacoteca\/wp-content\/uploads\/sites\/79\/sites\/210\/2025\/02\/dd761784-8354-4e34-baf7-5065a98aa3eb-300x200.jpeg 300w, https:\/\/www.ufpb.br\/pinacoteca\/wp-content\/uploads\/sites\/79\/sites\/210\/2025\/02\/dd761784-8354-4e34-baf7-5065a98aa3eb-272x182.jpeg 272w\" sizes=\"auto, (max-width: 768px) 100vw, 768px\" \/><figcaption class=\"wp-element-caption\">T\u00edtulo: <strong>Porto Alegre 2004<\/strong>. T\u00e9cnica: Fotografia. Dimens\u00e3o: 50,1cm x 75,1cm. Data: 2004. Doa\u00e7\u00e3o do artista<\/figcaption><\/figure>\n\n\n\n<div style=\"height:20px\" aria-hidden=\"true\" class=\"wp-block-spacer\"><\/div>\n\n\n\n<figure class=\"wp-block-image size-full\"><img loading=\"lazy\" decoding=\"async\" width=\"538\" height=\"766\" src=\"https:\/\/www.ufpb.br\/pinacoteca\/wp-content\/uploads\/sites\/79\/sites\/210\/2025\/02\/cd28665f-1eab-4ed5-898a-8d9aae89fcc3.jpeg\" alt=\"\" class=\"wp-image-1968\" srcset=\"https:\/\/www.ufpb.br\/pinacoteca\/wp-content\/uploads\/sites\/79\/sites\/210\/2025\/02\/cd28665f-1eab-4ed5-898a-8d9aae89fcc3.jpeg 538w, https:\/\/www.ufpb.br\/pinacoteca\/wp-content\/uploads\/sites\/79\/sites\/210\/2025\/02\/cd28665f-1eab-4ed5-898a-8d9aae89fcc3-211x300.jpeg 211w\" sizes=\"auto, (max-width: 538px) 100vw, 538px\" \/><figcaption class=\"wp-element-caption\">T\u00edtulo: <strong>Canteiro de obras &#8211; Cinel\u00e2ndia Rio de Janeiro.<\/strong> T\u00e9cnica: Fotografia. Dimens\u00e3o: 70cm x 50,1cm. Data: 1972. Doa\u00e7\u00e3o do artista<\/figcaption><\/figure>\n\n\n\n<div style=\"height:20px\" aria-hidden=\"true\" class=\"wp-block-spacer\"><\/div>\n\n\n\n<figure class=\"wp-block-image size-full\"><img loading=\"lazy\" decoding=\"async\" width=\"768\" height=\"549\" src=\"https:\/\/www.ufpb.br\/pinacoteca\/wp-content\/uploads\/sites\/79\/sites\/210\/2025\/02\/12046b13-b18b-406f-b289-29983feecc92.jpeg\" alt=\"\" class=\"wp-image-1969\" srcset=\"https:\/\/www.ufpb.br\/pinacoteca\/wp-content\/uploads\/sites\/79\/sites\/210\/2025\/02\/12046b13-b18b-406f-b289-29983feecc92.jpeg 768w, https:\/\/www.ufpb.br\/pinacoteca\/wp-content\/uploads\/sites\/79\/sites\/210\/2025\/02\/12046b13-b18b-406f-b289-29983feecc92-300x214.jpeg 300w\" sizes=\"auto, (max-width: 768px) 100vw, 768px\" \/><figcaption class=\"wp-element-caption\">T\u00edtulo: <strong>Metr\u00f4 de S\u00e3o Paulo.<\/strong> T\u00e9cnica: Fotografia. Dimens\u00e3o: 50,3cm x 70cm. Data: 1989. Doa\u00e7\u00e3o do artista<\/figcaption><\/figure>\n\n\n\n<div style=\"height:20px\" aria-hidden=\"true\" class=\"wp-block-spacer\"><\/div>\n\n\n\n<figure class=\"wp-block-image size-full\"><img loading=\"lazy\" decoding=\"async\" width=\"502\" height=\"768\" src=\"https:\/\/www.ufpb.br\/pinacoteca\/wp-content\/uploads\/sites\/79\/sites\/210\/2025\/02\/cf18e33b-d945-4323-be0b-4b774a8d3d84.jpeg\" alt=\"\" class=\"wp-image-1970\" srcset=\"https:\/\/www.ufpb.br\/pinacoteca\/wp-content\/uploads\/sites\/79\/sites\/210\/2025\/02\/cf18e33b-d945-4323-be0b-4b774a8d3d84.jpeg 502w, https:\/\/www.ufpb.br\/pinacoteca\/wp-content\/uploads\/sites\/79\/sites\/210\/2025\/02\/cf18e33b-d945-4323-be0b-4b774a8d3d84-196x300.jpeg 196w\" sizes=\"auto, (max-width: 502px) 100vw, 502px\" \/><figcaption class=\"wp-element-caption\">T\u00edtulo: <strong>Rapaz.<\/strong> T\u00e9cnica: Fotografia. Dimens\u00e3o: 75cm x 50cm. Data: s\/d. Doa\u00e7\u00e3o do artista<\/figcaption><\/figure>\n\n\n\n<div style=\"height:20px\" aria-hidden=\"true\" class=\"wp-block-spacer\"><\/div>\n\n\n\n<h2 class=\"wp-block-heading\"><div class=\"linha-header\">Ren\u00e9 Fontes <\/div><\/h2>\n\n\n\n<figure class=\"wp-block-image size-full\"><img loading=\"lazy\" decoding=\"async\" width=\"768\" height=\"547\" src=\"https:\/\/www.ufpb.br\/pinacoteca\/wp-content\/uploads\/sites\/79\/sites\/210\/2025\/02\/f8c366f3-0981-4f16-bdbd-c9a0545c9e39.jpeg\" alt=\"\" class=\"wp-image-1971\" srcset=\"https:\/\/www.ufpb.br\/pinacoteca\/wp-content\/uploads\/sites\/79\/sites\/210\/2025\/02\/f8c366f3-0981-4f16-bdbd-c9a0545c9e39.jpeg 768w, https:\/\/www.ufpb.br\/pinacoteca\/wp-content\/uploads\/sites\/79\/sites\/210\/2025\/02\/f8c366f3-0981-4f16-bdbd-c9a0545c9e39-300x214.jpeg 300w\" sizes=\"auto, (max-width: 768px) 100vw, 768px\" \/><figcaption class=\"wp-element-caption\"><strong>Sem t\u00edtulo. <\/strong>T\u00e9cnica: pastel oleoso. Dimens\u00e3o: 59,5cm x 42cm. Data: 2021. Doa\u00e7\u00e3o de Gabriel Bechara Filho<\/figcaption><\/figure>\n\n\n\n<div style=\"height:20px\" aria-hidden=\"true\" class=\"wp-block-spacer\"><\/div>\n\n\n\n<figure class=\"wp-block-image size-full\"><img loading=\"lazy\" decoding=\"async\" width=\"751\" height=\"535\" src=\"https:\/\/www.ufpb.br\/pinacoteca\/wp-content\/uploads\/sites\/79\/sites\/210\/2025\/02\/2700a199-df3c-4013-b1ce-1b070eccd8fc.jpeg\" alt=\"\" class=\"wp-image-1972\" srcset=\"https:\/\/www.ufpb.br\/pinacoteca\/wp-content\/uploads\/sites\/79\/sites\/210\/2025\/02\/2700a199-df3c-4013-b1ce-1b070eccd8fc.jpeg 751w, https:\/\/www.ufpb.br\/pinacoteca\/wp-content\/uploads\/sites\/79\/sites\/210\/2025\/02\/2700a199-df3c-4013-b1ce-1b070eccd8fc-300x214.jpeg 300w\" sizes=\"auto, (max-width: 751px) 100vw, 751px\" \/><figcaption class=\"wp-element-caption\"><strong>Sem t\u00edtulo. <\/strong>T\u00e9cnica: pastel oleoso. Dimens\u00e3o: 59,5cm x 42cm. Data: 2022. Doa\u00e7\u00e3o de Gabriel Bechara Filho<\/figcaption><\/figure>\n\n\n\n<div style=\"height:20px\" aria-hidden=\"true\" class=\"wp-block-spacer\"><\/div>\n\n\n\n<h2 class=\"wp-block-heading\"><div class=\"linha-header\">L. Aleixo<\/div><\/h2>\n\n\n\n<figure class=\"wp-block-image size-full\"><img loading=\"lazy\" decoding=\"async\" width=\"506\" height=\"711\" src=\"https:\/\/www.ufpb.br\/pinacoteca\/wp-content\/uploads\/sites\/79\/sites\/210\/2025\/02\/a2433b30-2864-4c0b-907e-a637e565b87a.jpeg\" alt=\"\" class=\"wp-image-1973\" srcset=\"https:\/\/www.ufpb.br\/pinacoteca\/wp-content\/uploads\/sites\/79\/sites\/210\/2025\/02\/a2433b30-2864-4c0b-907e-a637e565b87a.jpeg 506w, https:\/\/www.ufpb.br\/pinacoteca\/wp-content\/uploads\/sites\/79\/sites\/210\/2025\/02\/a2433b30-2864-4c0b-907e-a637e565b87a-214x300.jpeg 214w\" sizes=\"auto, (max-width: 506px) 100vw, 506px\" \/><figcaption class=\"wp-element-caption\"><strong>Sem t\u00edtulo. <\/strong>T\u00e9cnica: mista: Ilustra\u00e7\u00e3o com aquarela a cores e nanquim. Dimens\u00e3o: 42cm x 29,7cm. Data: s\/d. Doa\u00e7\u00e3o de Gabriel Bechara Filho<\/figcaption><\/figure>\n\n\n\n<div style=\"height:20px\" aria-hidden=\"true\" class=\"wp-block-spacer\"><\/div>\n\n\n\n<figure class=\"wp-block-image size-full\"><img loading=\"lazy\" decoding=\"async\" width=\"507\" height=\"730\" src=\"https:\/\/www.ufpb.br\/pinacoteca\/wp-content\/uploads\/sites\/79\/sites\/210\/2025\/02\/62c5826e-13a4-48e9-82a6-6de8715edfad.jpeg\" alt=\"\" class=\"wp-image-1974\" srcset=\"https:\/\/www.ufpb.br\/pinacoteca\/wp-content\/uploads\/sites\/79\/sites\/210\/2025\/02\/62c5826e-13a4-48e9-82a6-6de8715edfad.jpeg 507w, https:\/\/www.ufpb.br\/pinacoteca\/wp-content\/uploads\/sites\/79\/sites\/210\/2025\/02\/62c5826e-13a4-48e9-82a6-6de8715edfad-208x300.jpeg 208w\" sizes=\"auto, (max-width: 507px) 100vw, 507px\" \/><figcaption class=\"wp-element-caption\"><strong>Sem t\u00edtulo.<\/strong> T\u00e9cnica: mista: Ilustra\u00e7\u00e3o com aquarela a cores e nanquim. Dimens\u00e3o: 42cm x 29,7cm. Data: s\/d. Doa\u00e7\u00e3o de Gabriel Bechara Filho<\/figcaption><\/figure>\n\n\n\n<div style=\"height:20px\" aria-hidden=\"true\" class=\"wp-block-spacer\"><\/div>\n\n\n\n<h2 class=\"wp-block-heading\"><div class=\"linha-header\">Yasmin Formiga<\/div><\/h2>\n\n\n\n<figure class=\"wp-block-image size-full\"><img loading=\"lazy\" decoding=\"async\" width=\"768\" height=\"358\" src=\"https:\/\/www.ufpb.br\/pinacoteca\/wp-content\/uploads\/sites\/79\/sites\/210\/2025\/02\/db6003f4-4cab-4eeb-a7d0-b2baf46a55fa.jpeg\" alt=\"\" class=\"wp-image-1975\" srcset=\"https:\/\/www.ufpb.br\/pinacoteca\/wp-content\/uploads\/sites\/79\/sites\/210\/2025\/02\/db6003f4-4cab-4eeb-a7d0-b2baf46a55fa.jpeg 768w, https:\/\/www.ufpb.br\/pinacoteca\/wp-content\/uploads\/sites\/79\/sites\/210\/2025\/02\/db6003f4-4cab-4eeb-a7d0-b2baf46a55fa-300x140.jpeg 300w\" sizes=\"auto, (max-width: 768px) 100vw, 768px\" \/><figcaption class=\"wp-element-caption\">T\u00edtulo: <strong>Tr\u00edpitico<\/strong>, N\u00e3o queria ser estat\u00edstica. T\u00e9cnica: Acr\u00edlica aguada . Dimens\u00e3o: 42cm x 29,7cm. Data: 2019. Doa\u00e7\u00e3o da artista<\/figcaption><\/figure>\n\n\n\n<div style=\"height:20px\" aria-hidden=\"true\" class=\"wp-block-spacer\"><\/div>\n\n\n\n<h2 class=\"wp-block-heading\"><div class=\"linha-header\">Hermano Jos\u00e9<\/div><\/h2>\n\n\n\n<figure class=\"wp-block-image size-full\"><img loading=\"lazy\" decoding=\"async\" width=\"644\" height=\"447\" src=\"https:\/\/www.ufpb.br\/pinacoteca\/wp-content\/uploads\/sites\/79\/sites\/210\/2025\/02\/93390c89-1a9f-4990-ab15-556272395c83.jpeg\" alt=\"\" class=\"wp-image-1976\" srcset=\"https:\/\/www.ufpb.br\/pinacoteca\/wp-content\/uploads\/sites\/79\/sites\/210\/2025\/02\/93390c89-1a9f-4990-ab15-556272395c83.jpeg 644w, https:\/\/www.ufpb.br\/pinacoteca\/wp-content\/uploads\/sites\/79\/sites\/210\/2025\/02\/93390c89-1a9f-4990-ab15-556272395c83-300x208.jpeg 300w\" sizes=\"auto, (max-width: 644px) 100vw, 644px\" \/><figcaption class=\"wp-element-caption\"><strong>Sem t\u00edtulo. <\/strong>T\u00e9cnica: Desenho a cores sobre cart\u00e3o. Dimens\u00e3o: 21cm x 14,7cm. Data: s\/d. Doa\u00e7\u00e3o de Gabriel Bechara Filho<\/figcaption><\/figure>\n\n\n\n<div style=\"height:20px\" aria-hidden=\"true\" class=\"wp-block-spacer\"><\/div>\n\n\n\n<h2 class=\"wp-block-heading\"><div class=\"linha-header\">Wltn<\/div><\/h2>\n\n\n\n<figure class=\"wp-block-image size-full\"><img loading=\"lazy\" decoding=\"async\" width=\"766\" height=\"511\" src=\"https:\/\/www.ufpb.br\/pinacoteca\/wp-content\/uploads\/sites\/79\/sites\/210\/2025\/02\/0e009bbf-d886-4fed-ba7d-d275ba057b2c.jpeg\" alt=\"\" class=\"wp-image-1977\" srcset=\"https:\/\/www.ufpb.br\/pinacoteca\/wp-content\/uploads\/sites\/79\/sites\/210\/2025\/02\/0e009bbf-d886-4fed-ba7d-d275ba057b2c.jpeg 766w, https:\/\/www.ufpb.br\/pinacoteca\/wp-content\/uploads\/sites\/79\/sites\/210\/2025\/02\/0e009bbf-d886-4fed-ba7d-d275ba057b2c-300x200.jpeg 300w, https:\/\/www.ufpb.br\/pinacoteca\/wp-content\/uploads\/sites\/79\/sites\/210\/2025\/02\/0e009bbf-d886-4fed-ba7d-d275ba057b2c-272x182.jpeg 272w\" sizes=\"auto, (max-width: 766px) 100vw, 766px\" \/><figcaption class=\"wp-element-caption\"><strong> Sem t\u00edtulo. <\/strong>T\u00e9cnica: Arte digital. Dimens\u00e3o: 52cm x 77cm. Data: s\/d. Doadores Wilton Terto e Gabriel Bechara Filho<\/figcaption><\/figure>\n\n\n\n<div style=\"height:20px\" aria-hidden=\"true\" class=\"wp-block-spacer\"><\/div>\n\n\n\n<p><\/p>\n","protected":false},"excerpt":{"rendered":"<p>As doa\u00e7\u00f5es que a Pinacoteca recebeu em 2022 Pablo Borges Nina Fontenelle William Maia Gabriel [&hellip;]<\/p>\n","protected":false},"author":143,"featured_media":0,"parent":803,"menu_order":0,"comment_status":"closed","ping_status":"closed","template":"","meta":{"footnotes":""},"class_list":["post-1952","page","type-page","status-publish","hentry"],"_links":{"self":[{"href":"https:\/\/www.ufpb.br\/pinacoteca\/wp-json\/wp\/v2\/pages\/1952","targetHints":{"allow":["GET"]}}],"collection":[{"href":"https:\/\/www.ufpb.br\/pinacoteca\/wp-json\/wp\/v2\/pages"}],"about":[{"href":"https:\/\/www.ufpb.br\/pinacoteca\/wp-json\/wp\/v2\/types\/page"}],"author":[{"embeddable":true,"href":"https:\/\/www.ufpb.br\/pinacoteca\/wp-json\/wp\/v2\/users\/143"}],"replies":[{"embeddable":true,"href":"https:\/\/www.ufpb.br\/pinacoteca\/wp-json\/wp\/v2\/comments?post=1952"}],"version-history":[{"count":3,"href":"https:\/\/www.ufpb.br\/pinacoteca\/wp-json\/wp\/v2\/pages\/1952\/revisions"}],"predecessor-version":[{"id":2566,"href":"https:\/\/www.ufpb.br\/pinacoteca\/wp-json\/wp\/v2\/pages\/1952\/revisions\/2566"}],"up":[{"embeddable":true,"href":"https:\/\/www.ufpb.br\/pinacoteca\/wp-json\/wp\/v2\/pages\/803"}],"wp:attachment":[{"href":"https:\/\/www.ufpb.br\/pinacoteca\/wp-json\/wp\/v2\/media?parent=1952"}],"curies":[{"name":"wp","href":"https:\/\/api.w.org\/{rel}","templated":true}]}}