{"id":1980,"date":"2025-02-14T10:41:59","date_gmt":"2025-02-14T13:41:59","guid":{"rendered":"https:\/\/www.ufpb.br\/pinacoteca\/?page_id=1980"},"modified":"2025-09-16T08:49:23","modified_gmt":"2025-09-16T11:49:23","slug":"doacoes-2023","status":"publish","type":"page","link":"https:\/\/www.ufpb.br\/pinacoteca\/arquivo\/doacoes-2023\/","title":{"rendered":"Doa\u00e7\u00f5es 2023"},"content":{"rendered":"\n<p>As doa\u00e7\u00f5es que a Pinacoteca recebeu em 2023<\/p>\n\n\n\n<hr class=\"wp-block-separator has-alpha-channel-opacity\" \/>\n\n\n\n<div style=\"height:10px\" aria-hidden=\"true\" class=\"wp-block-spacer\"><\/div>\n\n\n\n<h2 class=\"wp-block-heading\"><div class=\"linha-header\"><strong>Lina Ganem <\/strong><\/div><\/h2>\n\n\n\n<figure class=\"wp-block-image size-full\"><img loading=\"lazy\" decoding=\"async\" width=\"709\" height=\"503\" src=\"https:\/\/www.ufpb.br\/pinacoteca\/wp-content\/uploads\/sites\/79\/sites\/210\/2025\/02\/f26b2483-448e-4337-9ec7-37f3d34b770a.jpeg\" alt=\"\" class=\"wp-image-1981\" srcset=\"https:\/\/www.ufpb.br\/pinacoteca\/wp-content\/uploads\/sites\/79\/sites\/210\/2025\/02\/f26b2483-448e-4337-9ec7-37f3d34b770a.jpeg 709w, https:\/\/www.ufpb.br\/pinacoteca\/wp-content\/uploads\/sites\/79\/sites\/210\/2025\/02\/f26b2483-448e-4337-9ec7-37f3d34b770a-300x213.jpeg 300w\" sizes=\"auto, (max-width: 709px) 100vw, 709px\" \/><figcaption class=\"wp-element-caption\">T\u00edtulo: <strong>P\u00f4r do Sol.<\/strong> Tiragem: 05\/100. T\u00e9cnica: Linoleogravura. Dimens\u00f5es: 31,5cm x 20,8cm. Data: 2023. Doa\u00e7\u00e3o: Gabriel Bechara Filho.<\/figcaption><\/figure>\n\n\n\n<div style=\"height:20px\" aria-hidden=\"true\" class=\"wp-block-spacer\"><\/div>\n\n\n\n<h2 class=\"wp-block-heading\"><div class=\"linha-header\">Ivanusa Pontes <\/div><\/h2>\n\n\n\n<figure class=\"wp-block-image size-full\"><img loading=\"lazy\" decoding=\"async\" width=\"768\" height=\"548\" src=\"https:\/\/www.ufpb.br\/pinacoteca\/wp-content\/uploads\/sites\/79\/sites\/210\/2025\/02\/6997ac73-87aa-4947-89b7-91a3a1a82500.jpeg\" alt=\"\" class=\"wp-image-1982\" srcset=\"https:\/\/www.ufpb.br\/pinacoteca\/wp-content\/uploads\/sites\/79\/sites\/210\/2025\/02\/6997ac73-87aa-4947-89b7-91a3a1a82500.jpeg 768w, https:\/\/www.ufpb.br\/pinacoteca\/wp-content\/uploads\/sites\/79\/sites\/210\/2025\/02\/6997ac73-87aa-4947-89b7-91a3a1a82500-300x214.jpeg 300w\" sizes=\"auto, (max-width: 768px) 100vw, 768px\" \/><figcaption class=\"wp-element-caption\">T\u00edtulo: <strong>Poesia da liberdade<\/strong>. Tiragem: 3\/20. T\u00e9cnica: Xilogravura. Dimens\u00f5es: 66,4 cm x 48 cm. Data: 2004. Doa\u00e7\u00e3o: Gabriel Bechara Filho.<\/figcaption><\/figure>\n\n\n\n<div style=\"height:20px\" aria-hidden=\"true\" class=\"wp-block-spacer\"><\/div>\n\n\n\n<h2 class=\"wp-block-heading\"><div class=\"linha-header\">Paulo Aquarone <\/div><\/h2>\n\n\n\n<figure class=\"wp-block-image size-full is-resized\"><img loading=\"lazy\" decoding=\"async\" width=\"230\" height=\"200\" src=\"https:\/\/www.ufpb.br\/pinacoteca\/wp-content\/uploads\/sites\/79\/sites\/210\/2025\/02\/7abf6c3e-9729-4a14-9cef-e0baeb8c4343.jpeg\" alt=\"\" class=\"wp-image-1983\" style=\"width:276px;height:auto\" \/><figcaption class=\"wp-element-caption\">T\u00edtulo: <strong>BEM MAL.<\/strong> T\u00e9cnica: Dado e tabuleiro de jogo. Dimens\u00f5es: 5x10x18cm. Data: 2015. Doa\u00e7\u00e3o: Jossua Aquarone<\/figcaption><\/figure>\n\n\n\n<div style=\"height:20px\" aria-hidden=\"true\" class=\"wp-block-spacer\"><\/div>\n\n\n\n<figure class=\"wp-block-image size-full\"><img loading=\"lazy\" decoding=\"async\" width=\"522\" height=\"278\" src=\"https:\/\/www.ufpb.br\/pinacoteca\/wp-content\/uploads\/sites\/79\/sites\/210\/2025\/02\/3699616e-ec78-4648-af7f-1aab3a51729a.jpeg\" alt=\"\" class=\"wp-image-1984\" srcset=\"https:\/\/www.ufpb.br\/pinacoteca\/wp-content\/uploads\/sites\/79\/sites\/210\/2025\/02\/3699616e-ec78-4648-af7f-1aab3a51729a.jpeg 522w, https:\/\/www.ufpb.br\/pinacoteca\/wp-content\/uploads\/sites\/79\/sites\/210\/2025\/02\/3699616e-ec78-4648-af7f-1aab3a51729a-300x160.jpeg 300w\" sizes=\"auto, (max-width: 522px) 100vw, 522px\" \/><figcaption class=\"wp-element-caption\">T\u00edtulo: <strong>PARTES.<\/strong> T\u00e9cnica: F\u00f3rmica sobre cubos de MDF. Dimens\u00f5es: 15x42x20 cm. Data: 2005. Doa\u00e7\u00e3o: Jossua Aquarone. <\/figcaption><\/figure>\n\n\n\n<div style=\"height:20px\" aria-hidden=\"true\" class=\"wp-block-spacer\"><\/div>\n\n\n\n<figure class=\"wp-block-image size-full\"><img loading=\"lazy\" decoding=\"async\" width=\"308\" height=\"345\" src=\"https:\/\/www.ufpb.br\/pinacoteca\/wp-content\/uploads\/sites\/79\/sites\/210\/2025\/02\/0a99ac11-7ccb-4ab1-94be-c474ec103838.jpeg\" alt=\"\" class=\"wp-image-1985\" srcset=\"https:\/\/www.ufpb.br\/pinacoteca\/wp-content\/uploads\/sites\/79\/sites\/210\/2025\/02\/0a99ac11-7ccb-4ab1-94be-c474ec103838.jpeg 308w, https:\/\/www.ufpb.br\/pinacoteca\/wp-content\/uploads\/sites\/79\/sites\/210\/2025\/02\/0a99ac11-7ccb-4ab1-94be-c474ec103838-268x300.jpeg 268w\" sizes=\"auto, (max-width: 308px) 100vw, 308px\" \/><figcaption class=\"wp-element-caption\">T\u00edtulo: <strong>Pular. <\/strong>T\u00e9cnica: Letras pintadas sobre corda de pular feita de madeira e sisal. Dimens\u00f5es: 60x52x4 cm. Data: 2020. Doa\u00e7\u00e3o: Jossua Aquarone. <\/figcaption><\/figure>\n\n\n\n<div style=\"height:20px\" aria-hidden=\"true\" class=\"wp-block-spacer\"><\/div>\n\n\n\n<figure class=\"wp-block-image size-full\"><img loading=\"lazy\" decoding=\"async\" width=\"522\" height=\"315\" src=\"https:\/\/www.ufpb.br\/pinacoteca\/wp-content\/uploads\/sites\/79\/sites\/210\/2025\/02\/60d12d80-5bf3-4725-b42c-c6f20aa73c9e.jpeg\" alt=\"\" class=\"wp-image-1986\" srcset=\"https:\/\/www.ufpb.br\/pinacoteca\/wp-content\/uploads\/sites\/79\/sites\/210\/2025\/02\/60d12d80-5bf3-4725-b42c-c6f20aa73c9e.jpeg 522w, https:\/\/www.ufpb.br\/pinacoteca\/wp-content\/uploads\/sites\/79\/sites\/210\/2025\/02\/60d12d80-5bf3-4725-b42c-c6f20aa73c9e-300x181.jpeg 300w\" sizes=\"auto, (max-width: 522px) 100vw, 522px\" \/><figcaption class=\"wp-element-caption\">T\u00edtulo: <strong>Peda\u00e7os.<\/strong> T\u00e9cnica: Pintura sobre pedras. Dimens\u00f5es: 9x30x10cm. Data: 2016. Doa\u00e7\u00e3o: Jossua Aquarone. <\/figcaption><\/figure>\n\n\n\n<div style=\"height:20px\" aria-hidden=\"true\" class=\"wp-block-spacer\"><\/div>\n\n\n\n<h2 class=\"wp-block-heading\"><div class=\"linha-header\">Madriano Bas\u00edlio <\/div><\/h2>\n\n\n\n<figure class=\"wp-block-image size-full\"><img loading=\"lazy\" decoding=\"async\" width=\"630\" height=\"768\" src=\"https:\/\/www.ufpb.br\/pinacoteca\/wp-content\/uploads\/sites\/79\/sites\/210\/2025\/02\/157db6ad-6e53-45dc-ada0-90ed1f1c3905.jpeg\" alt=\"\" class=\"wp-image-1987\" srcset=\"https:\/\/www.ufpb.br\/pinacoteca\/wp-content\/uploads\/sites\/79\/sites\/210\/2025\/02\/157db6ad-6e53-45dc-ada0-90ed1f1c3905.jpeg 630w, https:\/\/www.ufpb.br\/pinacoteca\/wp-content\/uploads\/sites\/79\/sites\/210\/2025\/02\/157db6ad-6e53-45dc-ada0-90ed1f1c3905-246x300.jpeg 246w\" sizes=\"auto, (max-width: 630px) 100vw, 630px\" \/><figcaption class=\"wp-element-caption\"><strong>Sem t\u00edtulo. <\/strong>T\u00e9cnica: Pintura sobre tela. Dimens\u00f5es: 13 cm x 15 cm. Data: 2018. Doa\u00e7\u00e3o: Gabriel Bechara Filho.<\/figcaption><\/figure>\n\n\n\n<div style=\"height:20px\" aria-hidden=\"true\" class=\"wp-block-spacer\"><\/div>\n\n\n\n<figure class=\"wp-block-image size-full\"><img loading=\"lazy\" decoding=\"async\" width=\"768\" height=\"768\" src=\"https:\/\/www.ufpb.br\/pinacoteca\/wp-content\/uploads\/sites\/79\/sites\/210\/2025\/02\/3d230c00-fad2-4bb0-953a-30ea1fd9afd7.jpeg\" alt=\"\" class=\"wp-image-1988\" srcset=\"https:\/\/www.ufpb.br\/pinacoteca\/wp-content\/uploads\/sites\/79\/sites\/210\/2025\/02\/3d230c00-fad2-4bb0-953a-30ea1fd9afd7.jpeg 768w, https:\/\/www.ufpb.br\/pinacoteca\/wp-content\/uploads\/sites\/79\/sites\/210\/2025\/02\/3d230c00-fad2-4bb0-953a-30ea1fd9afd7-300x300.jpeg 300w, https:\/\/www.ufpb.br\/pinacoteca\/wp-content\/uploads\/sites\/79\/sites\/210\/2025\/02\/3d230c00-fad2-4bb0-953a-30ea1fd9afd7-150x150.jpeg 150w\" sizes=\"auto, (max-width: 768px) 100vw, 768px\" \/><figcaption class=\"wp-element-caption\">T\u00edtulo: <strong>Andar dos deuses.<\/strong> T\u00e9cnica: Pintura sobre tela. Dimens\u00f5es: 15 cm x 15 cm. Data: 2017. Doa\u00e7\u00e3o: Gabriel Bechara Filho.<\/figcaption><\/figure>\n\n\n\n<div style=\"height:20px\" aria-hidden=\"true\" class=\"wp-block-spacer\"><\/div>\n\n\n\n<figure class=\"wp-block-image size-full\"><img loading=\"lazy\" decoding=\"async\" width=\"759\" height=\"768\" src=\"https:\/\/www.ufpb.br\/pinacoteca\/wp-content\/uploads\/sites\/79\/sites\/210\/2025\/02\/5314fd1e-8f94-49fb-8943-d9a375d237aa.jpeg\" alt=\"\" class=\"wp-image-1989\" srcset=\"https:\/\/www.ufpb.br\/pinacoteca\/wp-content\/uploads\/sites\/79\/sites\/210\/2025\/02\/5314fd1e-8f94-49fb-8943-d9a375d237aa.jpeg 759w, https:\/\/www.ufpb.br\/pinacoteca\/wp-content\/uploads\/sites\/79\/sites\/210\/2025\/02\/5314fd1e-8f94-49fb-8943-d9a375d237aa-296x300.jpeg 296w\" sizes=\"auto, (max-width: 759px) 100vw, 759px\" \/><figcaption class=\"wp-element-caption\">Sem t\u00edtulo. T\u00e9cnica: Pintura sobre tela. Dimens\u00f5es: 15 cm x 15 cm. Data: 2019. Doa\u00e7\u00e3o: Gabriel Bechara Filho.<\/figcaption><\/figure>\n\n\n\n<div style=\"height:20px\" aria-hidden=\"true\" class=\"wp-block-spacer\"><\/div>\n\n\n\n<h2 class=\"wp-block-heading\"><div class=\"linha-header\">Martinho Patr\u00edcio <\/div><\/h2>\n\n\n\n<figure class=\"wp-block-image size-full\"><img loading=\"lazy\" decoding=\"async\" width=\"553\" height=\"768\" src=\"https:\/\/www.ufpb.br\/pinacoteca\/wp-content\/uploads\/sites\/79\/sites\/210\/2025\/02\/7c1f139b-9793-4966-9312-43b9cbdd068f.jpeg\" alt=\"\" class=\"wp-image-1991\" srcset=\"https:\/\/www.ufpb.br\/pinacoteca\/wp-content\/uploads\/sites\/79\/sites\/210\/2025\/02\/7c1f139b-9793-4966-9312-43b9cbdd068f.jpeg 553w, https:\/\/www.ufpb.br\/pinacoteca\/wp-content\/uploads\/sites\/79\/sites\/210\/2025\/02\/7c1f139b-9793-4966-9312-43b9cbdd068f-216x300.jpeg 216w\" sizes=\"auto, (max-width: 553px) 100vw, 553px\" \/><figcaption class=\"wp-element-caption\"><strong> Sem t\u00edtulo. <\/strong>T\u00e9cnica: Desenho sobre papel. Dimens\u00f5es: 14,9 cm x 21 cm. Data: 2015. Doa\u00e7\u00e3o: do artista<\/figcaption><\/figure>\n\n\n\n<div style=\"height:20px\" aria-hidden=\"true\" class=\"wp-block-spacer\"><\/div>\n\n\n\n<h2 class=\"wp-block-heading\"><div class=\"linha-header\">Lina Ganem <\/div><\/h2>\n\n\n\n<figure class=\"wp-block-image size-full\"><img loading=\"lazy\" decoding=\"async\" width=\"552\" height=\"768\" src=\"https:\/\/www.ufpb.br\/pinacoteca\/wp-content\/uploads\/sites\/79\/sites\/210\/2025\/02\/bc23d716-228b-44b5-a450-36a2ce600f35.jpeg\" alt=\"\" class=\"wp-image-1993\" srcset=\"https:\/\/www.ufpb.br\/pinacoteca\/wp-content\/uploads\/sites\/79\/sites\/210\/2025\/02\/bc23d716-228b-44b5-a450-36a2ce600f35.jpeg 552w, https:\/\/www.ufpb.br\/pinacoteca\/wp-content\/uploads\/sites\/79\/sites\/210\/2025\/02\/bc23d716-228b-44b5-a450-36a2ce600f35-216x300.jpeg 216w\" sizes=\"auto, (max-width: 552px) 100vw, 552px\" \/><figcaption class=\"wp-element-caption\">T\u00edtulo: <strong>Carnaval.<\/strong> Tiragem: 06\/100. T\u00e9cnica: Linoleogravura. Dimens\u00f5es: 31,5cm x 20,8cm. Data: 2022. Doa\u00e7\u00e3o: Gabriel Bechara Filho.<\/figcaption><\/figure>\n\n\n\n<div style=\"height:20px\" aria-hidden=\"true\" class=\"wp-block-spacer\"><\/div>\n\n\n\n<h2 class=\"wp-block-heading\"><div class=\"linha-header\">Denilson Baniwa<\/div><\/h2>\n\n\n\n<figure class=\"wp-block-image size-full\"><img loading=\"lazy\" decoding=\"async\" width=\"768\" height=\"546\" src=\"https:\/\/www.ufpb.br\/pinacoteca\/wp-content\/uploads\/sites\/79\/sites\/210\/2025\/02\/8c6e3991-96dc-419e-8754-31ddcb646373.jpeg\" alt=\"\" class=\"wp-image-1994\" srcset=\"https:\/\/www.ufpb.br\/pinacoteca\/wp-content\/uploads\/sites\/79\/sites\/210\/2025\/02\/8c6e3991-96dc-419e-8754-31ddcb646373.jpeg 768w, https:\/\/www.ufpb.br\/pinacoteca\/wp-content\/uploads\/sites\/79\/sites\/210\/2025\/02\/8c6e3991-96dc-419e-8754-31ddcb646373-300x213.jpeg 300w\" sizes=\"auto, (max-width: 768px) 100vw, 768px\" \/><figcaption class=\"wp-element-caption\">T\u00edtulo: <strong>Yawaret\u00e9. <\/strong>T\u00e9cnica: Infogravura. Dimens\u00f5es: 29,5 cm x 20,8cm. Data: s\/d. Doa\u00e7\u00e3o: Gabriel Bechara Filho.<\/figcaption><\/figure>\n\n\n\n<div style=\"height:20px\" aria-hidden=\"true\" class=\"wp-block-spacer\"><\/div>\n\n\n\n<h2 class=\"wp-block-heading\"><div class=\"linha-header\">Ana Lima <\/div><\/h2>\n\n\n\n<figure class=\"wp-block-image size-full\"><img loading=\"lazy\" decoding=\"async\" width=\"768\" height=\"542\" src=\"https:\/\/www.ufpb.br\/pinacoteca\/wp-content\/uploads\/sites\/79\/sites\/210\/2025\/02\/1d03e86e-fd61-448c-baef-517631bdc3fd.jpeg\" alt=\"\" class=\"wp-image-1995\" srcset=\"https:\/\/www.ufpb.br\/pinacoteca\/wp-content\/uploads\/sites\/79\/sites\/210\/2025\/02\/1d03e86e-fd61-448c-baef-517631bdc3fd.jpeg 768w, https:\/\/www.ufpb.br\/pinacoteca\/wp-content\/uploads\/sites\/79\/sites\/210\/2025\/02\/1d03e86e-fd61-448c-baef-517631bdc3fd-300x212.jpeg 300w\" sizes=\"auto, (max-width: 768px) 100vw, 768px\" \/><figcaption class=\"wp-element-caption\">T\u00edtulo: <strong>Brincadeira I.<\/strong> Tiragem: 09\/10. T\u00e9cnica: Xilogravura. Dimens\u00f5es: 29,8 cm x 21 cm. Data: 2021. Doa\u00e7\u00e3o: Gabriel Bechara Filho.<\/figcaption><\/figure>\n\n\n\n<div style=\"height:20px\" aria-hidden=\"true\" class=\"wp-block-spacer\"><\/div>\n\n\n\n<h2 class=\"wp-block-heading\"><div class=\"linha-header\">J. Borges<\/div><\/h2>\n\n\n\n<figure class=\"wp-block-image size-full\"><img loading=\"lazy\" decoding=\"async\" width=\"537\" height=\"768\" src=\"https:\/\/www.ufpb.br\/pinacoteca\/wp-content\/uploads\/sites\/79\/sites\/210\/2025\/02\/267014ff-a4b7-405c-aa78-04bbb3dd5d74.jpeg\" alt=\"\" class=\"wp-image-1996\" srcset=\"https:\/\/www.ufpb.br\/pinacoteca\/wp-content\/uploads\/sites\/79\/sites\/210\/2025\/02\/267014ff-a4b7-405c-aa78-04bbb3dd5d74.jpeg 537w, https:\/\/www.ufpb.br\/pinacoteca\/wp-content\/uploads\/sites\/79\/sites\/210\/2025\/02\/267014ff-a4b7-405c-aa78-04bbb3dd5d74-210x300.jpeg 210w\" sizes=\"auto, (max-width: 537px) 100vw, 537px\" \/><figcaption class=\"wp-element-caption\">T\u00edtulo: <strong>P\u00e1ssaros.<\/strong> T\u00e9cnica: Xilogravura. Dimens\u00f5es: 23,6 cm x 33 cm. Data: 2022. Doa\u00e7\u00e3o: Gabriel Bechara Filho.<\/figcaption><\/figure>\n\n\n\n<div style=\"height:20px\" aria-hidden=\"true\" class=\"wp-block-spacer\"><\/div>\n\n\n\n<h2 class=\"wp-block-heading\"><div class=\"linha-header\">Fl\u00e1vio Tavares<\/div><\/h2>\n\n\n\n<figure class=\"wp-block-image size-full\"><img loading=\"lazy\" decoding=\"async\" width=\"559\" height=\"768\" src=\"https:\/\/www.ufpb.br\/pinacoteca\/wp-content\/uploads\/sites\/79\/sites\/210\/2025\/02\/ce2dd304-ebf8-40c6-863c-06e433c9c926.jpeg\" alt=\"\" class=\"wp-image-1997\" srcset=\"https:\/\/www.ufpb.br\/pinacoteca\/wp-content\/uploads\/sites\/79\/sites\/210\/2025\/02\/ce2dd304-ebf8-40c6-863c-06e433c9c926.jpeg 559w, https:\/\/www.ufpb.br\/pinacoteca\/wp-content\/uploads\/sites\/79\/sites\/210\/2025\/02\/ce2dd304-ebf8-40c6-863c-06e433c9c926-218x300.jpeg 218w\" sizes=\"auto, (max-width: 559px) 100vw, 559px\" \/><figcaption class=\"wp-element-caption\"><strong> Sem t\u00edtulo. <\/strong>T\u00e9cnica: Nanquim sobre papel. Dimens\u00f5es: 22 cm x 29,7 cm. Data: 2007. Doa\u00e7\u00e3o: Casa Jorge.<\/figcaption><\/figure>\n\n\n\n<div style=\"height:20px\" aria-hidden=\"true\" class=\"wp-block-spacer\"><\/div>\n\n\n\n<h2 class=\"wp-block-heading\"><div class=\"linha-header\">Marcelo Soares <\/div><\/h2>\n\n\n\n<figure class=\"wp-block-image size-full\"><img loading=\"lazy\" decoding=\"async\" width=\"768\" height=\"559\" src=\"https:\/\/www.ufpb.br\/pinacoteca\/wp-content\/uploads\/sites\/79\/sites\/210\/2025\/02\/fd415482-042b-4d7a-9f53-b7e10f52d48b.jpeg\" alt=\"\" class=\"wp-image-1998\" srcset=\"https:\/\/www.ufpb.br\/pinacoteca\/wp-content\/uploads\/sites\/79\/sites\/210\/2025\/02\/fd415482-042b-4d7a-9f53-b7e10f52d48b.jpeg 768w, https:\/\/www.ufpb.br\/pinacoteca\/wp-content\/uploads\/sites\/79\/sites\/210\/2025\/02\/fd415482-042b-4d7a-9f53-b7e10f52d48b-300x218.jpeg 300w\" sizes=\"auto, (max-width: 768px) 100vw, 768px\" \/><figcaption class=\"wp-element-caption\">T\u00edtulo: <strong>Reisado.<\/strong> Tiragem: 54\/100. T\u00e9cnica: Xilogravura e giz. Dimens\u00f5es: 43 cm x 31,9 cm. Data: 2016. Doa\u00e7\u00e3o: Gabriel Bechara Filho.<\/figcaption><\/figure>\n\n\n\n<div style=\"height:20px\" aria-hidden=\"true\" class=\"wp-block-spacer\"><\/div>\n\n\n\n<h2 class=\"wp-block-heading\"><div class=\"linha-header\">Ivanusa Pontes <\/div><\/h2>\n\n\n\n<figure class=\"wp-block-image size-full\"><img loading=\"lazy\" decoding=\"async\" width=\"545\" height=\"768\" src=\"https:\/\/www.ufpb.br\/pinacoteca\/wp-content\/uploads\/sites\/79\/sites\/210\/2025\/02\/66bdd93a-3553-403b-8e7c-cfd6509b6255.jpeg\" alt=\"\" class=\"wp-image-1999\" srcset=\"https:\/\/www.ufpb.br\/pinacoteca\/wp-content\/uploads\/sites\/79\/sites\/210\/2025\/02\/66bdd93a-3553-403b-8e7c-cfd6509b6255.jpeg 545w, https:\/\/www.ufpb.br\/pinacoteca\/wp-content\/uploads\/sites\/79\/sites\/210\/2025\/02\/66bdd93a-3553-403b-8e7c-cfd6509b6255-213x300.jpeg 213w\" sizes=\"auto, (max-width: 545px) 100vw, 545px\" \/><figcaption class=\"wp-element-caption\">T\u00edtulo: <strong>Quadrinhos Brasileiros &#8211; Natureza morta.<\/strong> Tiragem: 4\/30. T\u00e9cnica: Xilogravura. Dimens\u00f5es: 50 cm x 70,5 cm . Data: 2007. Doa\u00e7\u00e3o: Gabriel Bechara Filho.<\/figcaption><\/figure>\n\n\n\n<div style=\"height:20px\" aria-hidden=\"true\" class=\"wp-block-spacer\"><\/div>\n\n\n\n<h2 class=\"wp-block-heading\"><div class=\"linha-header\">Ad\u00e3o Pinheiro <\/div><\/h2>\n\n\n\n<figure class=\"wp-block-image size-full\"><img loading=\"lazy\" decoding=\"async\" width=\"768\" height=\"395\" src=\"https:\/\/www.ufpb.br\/pinacoteca\/wp-content\/uploads\/sites\/79\/sites\/210\/2025\/02\/260f4ebd-d467-4830-9431-5d7554f43633.jpeg\" alt=\"\" class=\"wp-image-2000\" srcset=\"https:\/\/www.ufpb.br\/pinacoteca\/wp-content\/uploads\/sites\/79\/sites\/210\/2025\/02\/260f4ebd-d467-4830-9431-5d7554f43633.jpeg 768w, https:\/\/www.ufpb.br\/pinacoteca\/wp-content\/uploads\/sites\/79\/sites\/210\/2025\/02\/260f4ebd-d467-4830-9431-5d7554f43633-300x154.jpeg 300w\" sizes=\"auto, (max-width: 768px) 100vw, 768px\" \/><figcaption class=\"wp-element-caption\">T\u00edtulo: <strong>CAPVT-VENENI-EONTERO.<\/strong> T\u00e9cnica: Talha em madeira. Dimens\u00f5es: 2,68 m x 1,36 m. Data: d\u00e9cada de 60. Doa\u00e7\u00e3o: Fam\u00edlia Bronzeado Cleto.<\/figcaption><\/figure>\n\n\n\n<div style=\"height:20px\" aria-hidden=\"true\" class=\"wp-block-spacer\"><\/div>\n","protected":false},"excerpt":{"rendered":"<p>As doa\u00e7\u00f5es que a Pinacoteca recebeu em 2023 Lina Ganem Ivanusa Pontes Paulo Aquarone Madriano [&hellip;]<\/p>\n","protected":false},"author":143,"featured_media":0,"parent":803,"menu_order":0,"comment_status":"closed","ping_status":"closed","template":"","meta":{"footnotes":""},"class_list":["post-1980","page","type-page","status-publish","hentry"],"_links":{"self":[{"href":"https:\/\/www.ufpb.br\/pinacoteca\/wp-json\/wp\/v2\/pages\/1980","targetHints":{"allow":["GET"]}}],"collection":[{"href":"https:\/\/www.ufpb.br\/pinacoteca\/wp-json\/wp\/v2\/pages"}],"about":[{"href":"https:\/\/www.ufpb.br\/pinacoteca\/wp-json\/wp\/v2\/types\/page"}],"author":[{"embeddable":true,"href":"https:\/\/www.ufpb.br\/pinacoteca\/wp-json\/wp\/v2\/users\/143"}],"replies":[{"embeddable":true,"href":"https:\/\/www.ufpb.br\/pinacoteca\/wp-json\/wp\/v2\/comments?post=1980"}],"version-history":[{"count":3,"href":"https:\/\/www.ufpb.br\/pinacoteca\/wp-json\/wp\/v2\/pages\/1980\/revisions"}],"predecessor-version":[{"id":3481,"href":"https:\/\/www.ufpb.br\/pinacoteca\/wp-json\/wp\/v2\/pages\/1980\/revisions\/3481"}],"up":[{"embeddable":true,"href":"https:\/\/www.ufpb.br\/pinacoteca\/wp-json\/wp\/v2\/pages\/803"}],"wp:attachment":[{"href":"https:\/\/www.ufpb.br\/pinacoteca\/wp-json\/wp\/v2\/media?parent=1980"}],"curies":[{"name":"wp","href":"https:\/\/api.w.org\/{rel}","templated":true}]}}