{"id":20,"date":"2024-09-16T20:28:26","date_gmt":"2024-09-16T23:28:26","guid":{"rendered":"https:\/\/www.ufpb.br\/pinacoteca2\/?page_id=20"},"modified":"2025-04-25T10:58:34","modified_gmt":"2025-04-25T13:58:34","slug":"apresentacao","status":"publish","type":"page","link":"https:\/\/www.ufpb.br\/pinacoteca\/apresentacao\/","title":{"rendered":"Apresenta\u00e7\u00e3o"},"content":{"rendered":"\n<hr class=\"wp-block-separator has-text-color has-cyan-bluish-gray-color has-alpha-channel-opacity has-cyan-bluish-gray-background-color has-background\" \/>\n\n\n\n<div style=\"height:40px\" aria-hidden=\"true\" class=\"wp-block-spacer\"><\/div>\n\n\n\n<p class=\"has-text-align-left\">A Pinacoteca da UFPB \u00e9 um equipamento do CCTA&nbsp; que funciona no 1\u00b0 e 2\u00b0 andar da Biblioteca Central, sendo a galeria expositiva no primeiro andar. Ela foi inaugurada pelo artista pl\u00e1stico Hermano Jos\u00e9 em 1987 com o intuito de reunir o acervo da universidade, criar o primeiro Museu de Arte em Jo\u00e3o Pessoa e constituir um espa\u00e7o de pesquisa e refer\u00eancia das artes visuais na capital.<\/p>\n\n\n\n<p class=\"has-text-align-left\">Desde o seu in\u00edcio, a Pinacoteca esteve intimamente ligado ao Departamento de Artes uma vez que a elei\u00e7\u00e3o da coordena\u00e7\u00e3o \u00e9 de responsabilidade do Departamento, que escolhe entre os seus docentes os coordenadores.<\/p>\n\n\n\n<p class=\"has-text-align-left\">Quando foi criada, a Pinacoteca contava com pouco mais de 100 obras, oriundas de extintas galerias e do tamb\u00e9m extinto Departamento Cultural e dispersas nas paredes da administra\u00e7\u00e3o central. T\u00e3o logo foi inaugurada, o primeiro coordenador Hermano Jos\u00e9, conseguiu v\u00e1rias importantes doa\u00e7\u00f5es dos artistas locais, como: S\u00e9rgio Lucena, Cl\u00f3vis Jr., Sandoval Fagundes, Francisco Pereira, Alice Vinagre, Fred Svendsen, Rodolfo Athayde, Miguel dos Santos, Fl\u00e1vio Tavares, Jos\u00e9 Cris\u00f3logo, Roberto L\u00facio e Martinho Patr\u00edcio. Ao longo de 37 anos, foram tamb\u00e9m recebidas importantes doa\u00e7\u00f5es individuais de artistas como: Ol\u00edvio Pinto, Clarice Linz, Josildo Diaz, Alberto Moreira, J\u00falio Vieira, Virg\u00ednia Colares, Walter Wagner, Jos\u00e9 Lyra, Hermano Jos\u00e9, Anna Letycia Quadros, Jos\u00e9 Pagano, Ivanusa Pontes, Alfonso Bernal, Rossini Perez, Thereza Carmen, Nivalson Miranda, Cildo Meireles, Chico Dantas e Rosilda S\u00e1, al\u00e9m de doa\u00e7\u00f5es de colecionadores particulares.<\/p>\n\n\n\n<p class=\"has-text-align-left\">Nesse per\u00edodo, tamb\u00e9m foi incorporado, uma cole\u00e7\u00e3o de 25 gravuras do Banco Bozano, com obras de: Fl\u00e1vio Shir\u00f3, Tomie Ohtake, Daniel Senise, Beatriz Milhazes, Fernando de Szyszlo, Kenneth Kemble, Carlos Vergara, entre outros.<\/p>\n\n\n\n<p class=\"has-text-align-left\">Na atual gest\u00e3o, desde 2017, foram incorporadas v\u00e1rias obras, a exemplo da cole\u00e7\u00e3o de Jos\u00e9 Costa Leite, Martinho Patr\u00edcio, Jos\u00e9 Rufino, Fabiano Gonper, Marta Penner, Liliane Dardot, Jos\u00e9 de Barros, Marcelo Moscheta, J.Borges, Francisco Neves, Hermano Jos\u00e9, Madriano Bas\u00edlio, Sofia Bauchwitz, Givanildo, Manass\u00e9s Borges, Robson Xavier, Luiza Morgado, J. Miguel, Joel Veiga, J. Borges, Ana Bella Geiger, Aurora Caballero, Ant\u00f4nio Davi, entre outros. Portanto, a maior parte do acervo da Pinacoteca da UFPB, girou em torno de doa\u00e7\u00f5es feitas durante a administra\u00e7\u00e3o de professores do Departamento de Artes, mais do triplo do que foi originalmente coletado por ocasi\u00e3o da cria\u00e7\u00e3o da Pinacoteca.<\/p>\n","protected":false},"excerpt":{"rendered":"<p>A Pinacoteca da UFPB \u00e9 um equipamento do CCTA que funciona no 1\u00b0 e 2\u00b0 andar da Biblioteca Central, sendo a galeria expositiva no primeiro andar. Ela foi inaugurada pelo artista pl\u00e1stico Hermano Jos\u00e9 em 1987 com o intuito de reunir o acervo da universidade, criar o primeiro Museu de Arte em Jo\u00e3o Pessoa e constituir um espa\u00e7o de pesquisa e refer\u00eancia das artes visuais na capital.<\/p>\n","protected":false},"author":47,"featured_media":2819,"parent":0,"menu_order":0,"comment_status":"closed","ping_status":"closed","template":"","meta":{"footnotes":""},"class_list":["post-20","page","type-page","status-publish","has-post-thumbnail","hentry"],"_links":{"self":[{"href":"https:\/\/www.ufpb.br\/pinacoteca\/wp-json\/wp\/v2\/pages\/20","targetHints":{"allow":["GET"]}}],"collection":[{"href":"https:\/\/www.ufpb.br\/pinacoteca\/wp-json\/wp\/v2\/pages"}],"about":[{"href":"https:\/\/www.ufpb.br\/pinacoteca\/wp-json\/wp\/v2\/types\/page"}],"author":[{"embeddable":true,"href":"https:\/\/www.ufpb.br\/pinacoteca\/wp-json\/wp\/v2\/users\/47"}],"replies":[{"embeddable":true,"href":"https:\/\/www.ufpb.br\/pinacoteca\/wp-json\/wp\/v2\/comments?post=20"}],"version-history":[{"count":11,"href":"https:\/\/www.ufpb.br\/pinacoteca\/wp-json\/wp\/v2\/pages\/20\/revisions"}],"predecessor-version":[{"id":3103,"href":"https:\/\/www.ufpb.br\/pinacoteca\/wp-json\/wp\/v2\/pages\/20\/revisions\/3103"}],"wp:featuredmedia":[{"embeddable":true,"href":"https:\/\/www.ufpb.br\/pinacoteca\/wp-json\/wp\/v2\/media\/2819"}],"wp:attachment":[{"href":"https:\/\/www.ufpb.br\/pinacoteca\/wp-json\/wp\/v2\/media?parent=20"}],"curies":[{"name":"wp","href":"https:\/\/api.w.org\/{rel}","templated":true}]}}