{"id":3346,"date":"2025-08-04T10:35:23","date_gmt":"2025-08-04T13:35:23","guid":{"rendered":"https:\/\/www.ufpb.br\/pinacoteca\/?page_id=3346"},"modified":"2025-08-04T10:35:24","modified_gmt":"2025-08-04T13:35:24","slug":"catalogo-de-cartazes","status":"publish","type":"page","link":"https:\/\/www.ufpb.br\/pinacoteca\/catalogo-de-cartazes\/","title":{"rendered":"Cat\u00e1logo de Cartazes"},"content":{"rendered":"\n<p><\/p>\n\n\n\n<p><strong>Cat\u00e1logo dos Cartazes da PINACOTECA<\/strong><\/p>\n\n\n\n<p><\/p>\n\n\n\n<ul class=\"wp-block-list\">\n<li>T\u00cdTULO: <em>Chico Pereira<\/em><\/li>\n<\/ul>\n\n\n\n<p>LOCAL: Pernambucana Galeria de Arte<\/p>\n\n\n\n<p>DATA: 20\/12\/1988\u00a0 \u2013 31\/12\/1988\u00a0<\/p>\n\n\n\n<p>ARTISTAS: Individual (<em>Chico Pereira<\/em>)<\/p>\n\n\n\n<p>ARTE: Chico Pereira<\/p>\n\n\n\n<p>Medidas: 65,3 x 25 cm<\/p>\n\n\n\n<p><\/p>\n\n\n\n<ul class=\"wp-block-list\">\n<li>T\u00cdTULO: <em>Alexandre Filho \u2013 48 anos de Pintura<\/em><\/li>\n<\/ul>\n\n\n\n<p>LOCAL: Usina Cultural Energisa.<\/p>\n\n\n\n<p>DATA: 01\/07\/2012 \u2013 12\/08\/2012<\/p>\n\n\n\n<p>ARTISTAS: Individual (Alexandre Filho)<\/p>\n\n\n\n<p>ARTE: Alexandre Filho<\/p>\n\n\n\n<p>Medidas: 60 x 40 cm<\/p>\n\n\n\n<p><\/p>\n\n\n\n<ul class=\"wp-block-list\">\n<li>T\u00cdTULO: <em>Centen\u00e1rio Hermano Jos\u00e9.<\/em><\/li>\n<\/ul>\n\n\n\n<p>LOCAL: Museu Casa Hermano Jos\u00e9.<\/p>\n\n\n\n<p>DATA: 01\/07\/2022<\/p>\n\n\n\n<p>ARTISTAS: &#8211;<\/p>\n\n\n\n<p>ARTE: &#8211;<\/p>\n\n\n\n<p><\/p>\n\n\n\n<ul class=\"wp-block-list\">\n<li>T\u00cdTULO: <em>Hermano Jos\u00e9.<\/em><\/li>\n<\/ul>\n\n\n\n<p>LOCAL: Usina Cultural Energisa.<\/p>\n\n\n\n<p>DATA: 1-31\/10\/2013<\/p>\n\n\n\n<p>ARTISTAS: Hermano Jos\u00e9.<\/p>\n\n\n\n<p>ARTE: &#8211;<\/p>\n\n\n\n<p><\/p>\n\n\n\n<ul class=\"wp-block-list\">\n<li>T\u00cdTULO: <em>Xilogravuras<\/em><\/li>\n<\/ul>\n\n\n\n<p>LOCAL: NAC<\/p>\n\n\n\n<p>DATA: 10-25\/05\/1984<\/p>\n\n\n\n<p>ARTISTAS: Jos\u00e9 Rufino.<\/p>\n\n\n\n<p>ARTE: &#8211;<\/p>\n\n\n\n<p><\/p>\n\n\n\n<ul class=\"wp-block-list\">\n<li>T\u00cdTULO: <em>Coletiva Universit\u00e1ria de Artes Pl\u00e1sticas da Para\u00edba.<\/em><\/li>\n<\/ul>\n\n\n\n<p>LOCAL: Museu de Artes Pl\u00e1sticas da FURNE.<\/p>\n\n\n\n<p>DATA: 15\/08\/1977<\/p>\n\n\n\n<p>ARTISTAS: &#8211;<\/p>\n\n\n\n<p>ARTE: &#8211;<\/p>\n\n\n\n<p><\/p>\n\n\n\n<ul class=\"wp-block-list\">\n<li>T\u00cdTULO: <em>Imagens da Mulher.<\/em><\/li>\n<\/ul>\n\n\n\n<p>LOCAL: PINACOTECA<\/p>\n\n\n\n<p>DATA: 1978<\/p>\n\n\n\n<p>ARTISTAS: Fl\u00e1vio Tavares.<\/p>\n\n\n\n<p>ARTE: &#8211;<\/p>\n\n\n\n<p><\/p>\n\n\n\n<ul class=\"wp-block-list\">\n<li>T\u00cdTULO: <em>Migrantes.<\/em><\/li>\n<\/ul>\n\n\n\n<p>LOCAL: NAC.<\/p>\n\n\n\n<p>DATA: 12\/06\/1996<\/p>\n\n\n\n<p>ARTISTAS: &#8211;<\/p>\n\n\n\n<p>ARTE: &#8211;<\/p>\n\n\n\n<p><\/p>\n\n\n\n<ul class=\"wp-block-list\">\n<li>T\u00cdTULO: <em>Lute Pela Vida.<\/em><\/li>\n<\/ul>\n\n\n\n<p>LOCAL: &#8211;<\/p>\n\n\n\n<p>DATA: &#8211;<\/p>\n\n\n\n<p>ARTISTAS: Roro de S\u00e1.<\/p>\n\n\n\n<p>ARTE: &#8211;<\/p>\n\n\n\n<p><\/p>\n\n\n\n<ul class=\"wp-block-list\">\n<li>T\u00cdTULO: <em>Pinturas e Xilogravuras.<\/em><\/li>\n<\/ul>\n\n\n\n<p>LOCAL: Escrit\u00f3rio de Arte.<\/p>\n\n\n\n<p>DATA: 11-30\/12\/1987<\/p>\n\n\n\n<p>ARTISTAS: Clovis Junior.<\/p>\n\n\n\n<p>ARTE: &#8211;<\/p>\n\n\n\n<p>Obs.: tem duplicata.<\/p>\n\n\n\n<p><\/p>\n\n\n\n<ul class=\"wp-block-list\">\n<li>T\u00cdTULO: <em>III Sal\u00e3o Municipal de Artes Pl\u00e1sticas.<\/em><\/li>\n<\/ul>\n\n\n\n<p>LOCAL: NAC.<\/p>\n\n\n\n<p>DATA: 05-20\/10\/1988<\/p>\n\n\n\n<p>ARTISTAS: &#8211;<\/p>\n\n\n\n<p>ARTE: Archidy Picado Filho.<\/p>\n\n\n\n<p><\/p>\n\n\n\n<ul class=\"wp-block-list\">\n<li>T\u00cdTULO: <em>4 Artistas Novos Exp\u00f5em Suas Pinturas.<\/em><\/li>\n<\/ul>\n\n\n\n<p>LOCAL: Galeria de Arte Pedro Am\u00e9rico.<\/p>\n\n\n\n<p>DATA: 26\/09\/1976<\/p>\n\n\n\n<p>ARTISTAS: &#8211;<\/p>\n\n\n\n<p>ARTE: &#8211;<\/p>\n\n\n\n<p><\/p>\n\n\n\n<ul class=\"wp-block-list\">\n<li>T\u00cdTULO: <em>Pintores na D\u00e9cada de 80.<\/em><\/li>\n<\/ul>\n\n\n\n<p>LOCAL: Teatro Santa Rosa.<\/p>\n\n\n\n<p>DATA: 22\/06-10\/07 de 1987<\/p>\n\n\n\n<p>ARTISTAS: &#8211;<\/p>\n\n\n\n<p>ARTE: &#8211;<\/p>\n\n\n\n<p><\/p>\n\n\n\n<ul class=\"wp-block-list\">\n<li>T\u00cdTULO: <em>Elp\u00eddio Dantas Exp\u00f5e Desenhos e Pinturas.<\/em><\/li>\n<\/ul>\n\n\n\n<p>LOCAL: Galeria Pedro Am\u00e9rico.<\/p>\n\n\n\n<p>DATA: 05\/11\/1977<\/p>\n\n\n\n<p>ARTISTAS: &#8211;<\/p>\n\n\n\n<p>ARTE: &#8211;<\/p>\n\n\n\n<p><\/p>\n\n\n\n<ul class=\"wp-block-list\">\n<li>T\u00cdTULO: <em>Marcos Pinto, gravuras em spray \u2013 \u00d3leos Door.<\/em><\/li>\n<\/ul>\n\n\n\n<p>LOCAL: Galeria Pedro Am\u00e9rico.<\/p>\n\n\n\n<p>DATA: 12\/09\/?<\/p>\n\n\n\n<p>ARTISTAS: &#8211;<\/p>\n\n\n\n<p>ARTE: &#8211;<\/p>\n\n\n\n<p><\/p>\n\n\n\n<ul class=\"wp-block-list\">\n<li>T\u00cdTULO: <em>Walter Wagner Exp\u00f5e.<\/em><\/li>\n<\/ul>\n\n\n\n<p>LOCAL: Galeria Gamela.<\/p>\n\n\n\n<p>DATA: 24\/08-06\/09 de 1988<\/p>\n\n\n\n<p>ARTISTAS: Walter Wagner.<\/p>\n\n\n\n<p>ARTE: &#8211;<\/p>\n\n\n\n<p><\/p>\n\n\n\n<ul class=\"wp-block-list\">\n<li>T\u00cdTULO: <em>Serigrafias.<\/em><\/li>\n<\/ul>\n\n\n\n<p>LOCAL: Galeria Pedro Am\u00e9rico.<\/p>\n\n\n\n<p>DATA: 24\/11\/1973<\/p>\n\n\n\n<p>ARTISTAS: Flavio Tavares, Miguel dos Santos, Raul C\u00f3rdula, Regis Cavalcanti e Roberto L\u00facio.<\/p>\n\n\n\n<p>ARTE: &#8211;<\/p>\n\n\n\n<p><\/p>\n\n\n\n<ul class=\"wp-block-list\">\n<li>T\u00cdTULO: <em>Anos 60, retrospectiva das artes pl\u00e1sticas da Para\u00edba.<\/em><\/li>\n<\/ul>\n\n\n\n<p>LOCAL: Biblioteca Central da UFPB, FUNARTE.<\/p>\n\n\n\n<p>DATA: 28\/05\/1979<\/p>\n\n\n\n<p>ARTISTAS: &#8211;<\/p>\n\n\n\n<p>ARTE: &#8211;<\/p>\n\n\n\n<p><\/p>\n\n\n\n<ul class=\"wp-block-list\">\n<li>T\u00cdTULO: <em>Flores da Alma.<\/em><\/li>\n<\/ul>\n\n\n\n<p>LOCAL: Galeria Gamela.<\/p>\n\n\n\n<p>DATA: 16\/05\/1985(86)?<\/p>\n\n\n\n<p>ARTISTAS: Sandoval Fagundes.<\/p>\n\n\n\n<p>ARTE: &#8211;<\/p>\n\n\n\n<p><\/p>\n\n\n\n<ul class=\"wp-block-list\">\n<li>T\u00cdTULO: <em>Fl\u00e1vio Tavares.<\/em><\/li>\n<\/ul>\n\n\n\n<p>LOCAL: Galeria Picasso.<\/p>\n\n\n\n<p>DATA: 09\/11\/1978<\/p>\n\n\n\n<p>ARTISTAS: Fl\u00e1vio Tavares.<\/p>\n\n\n\n<p>ARTE: &#8211;<\/p>\n\n\n\n<p><\/p>\n\n\n\n<ul class=\"wp-block-list\">\n<li>T\u00cdTULO: <em>Lute Pela Vida.<\/em><\/li>\n<\/ul>\n\n\n\n<p>LOCAL: &#8211;<\/p>\n\n\n\n<p>DATA: &#8211;<\/p>\n\n\n\n<p>ARTISTAS: Fl\u00e1vio Tavares.<\/p>\n\n\n\n<p>ARTE: &#8211;<\/p>\n\n\n\n<p><\/p>\n\n\n\n<ul class=\"wp-block-list\">\n<li>T\u00cdTULO: <em>Corpo de Conselho.<\/em><\/li>\n<\/ul>\n\n\n\n<p>LOCAL: Funda\u00e7\u00e3o da Casa Jos\u00e9 Am\u00e9rico.<\/p>\n\n\n\n<p>DATA: 16\/09\/1988<\/p>\n\n\n\n<p>ARTISTAS: Chico Ferreira, Di\u00f3genes Chaves e Fred Suendsen.<\/p>\n\n\n\n<p>ARTE: &#8211;<\/p>\n\n\n\n<p><\/p>\n\n\n\n<ul class=\"wp-block-list\">\n<li>T\u00cdTULO: <em>Exposi\u00e7\u00e3o de pintura.<\/em><\/li>\n<\/ul>\n\n\n\n<p>LOCAL: Galeria N\u00eaga Ful\u00f4.<\/p>\n\n\n\n<p>DATA: 20\/11\/1975<\/p>\n\n\n\n<p>ARTISTAS: Fl\u00e1vio Tavares<\/p>\n\n\n\n<p>ARTE: &#8211;<\/p>\n\n\n\n<p><\/p>\n\n\n\n<ul class=\"wp-block-list\">\n<li>T\u00cdTULO: <em>Projeto nordeste de artes pl\u00e1ticas.<\/em><\/li>\n<\/ul>\n\n\n\n<p>LOCAL: NAC\/Solar Bela Vista (RN)<\/p>\n\n\n\n<p>DATA: 15\/09-30\/09 e 20\/10-11\/11<\/p>\n\n\n\n<p>ARTISTAS: Eckenberger; J. Cunha; Cezar Romero; Chico Liberato; Marcia Magno; Sonia Rangel; Murilo; Bel Borba; Antonio Brasileiro; Juarez Paraiso; Washington Falc\u00e3o; Juraci Dorea.<\/p>\n\n\n\n<p>ARTE: &#8211;<\/p>\n\n\n\n<p><\/p>\n\n\n\n<ul class=\"wp-block-list\">\n<li>T\u00cdTULO: <em>Artistas e emergentes; Anos 80<\/em><\/li>\n<\/ul>\n\n\n\n<p>LOCAL: NAC<\/p>\n\n\n\n<p>DATA: 10\/07-02\/08\/1996<\/p>\n\n\n\n<p>ARTISTAS: &#8211;<\/p>\n\n\n\n<p>ARTE: &#8211;<\/p>\n\n\n\n<p><\/p>\n\n\n\n<ul class=\"wp-block-list\">\n<li>T\u00cdTULO: <em>Arte Galeria Raul Cordula.<\/em><\/li>\n<\/ul>\n\n\n\n<p>LOCAL: Arte Galeria (CE)<\/p>\n\n\n\n<p>DATA: 27\/03-27\/04\/1984<\/p>\n\n\n\n<p>ARTISTAS: Raul C\u00f3rdula.<\/p>\n\n\n\n<p>ARTE: &#8211;<\/p>\n\n\n\n<p><\/p>\n\n\n\n<ul class=\"wp-block-list\">\n<li>T\u00cdTULO: <em>BR 230.<\/em><\/li>\n<\/ul>\n\n\n\n<p>LOCAL: Teatro Santa Rosa<\/p>\n\n\n\n<p>DATA: 1977<\/p>\n\n\n\n<p>ARTISTAS: &#8211;<\/p>\n\n\n\n<p>ARTE: &#8211;<\/p>\n\n\n\n<p><\/p>\n\n\n\n<ul class=\"wp-block-list\">\n<li>T\u00cdTULO: <em>Divortium Aquarum.<\/em><\/li>\n<\/ul>\n\n\n\n<p>LOCAL: Usina cultural energisa.<\/p>\n\n\n\n<p>DATA: 08\/09-16\/10\/2011<\/p>\n\n\n\n<p>ARTISTAS: Jos\u00e9 Rufino.<\/p>\n\n\n\n<p>ARTE: &#8211;<\/p>\n\n\n\n<p>Obs.: tem duplicata.<\/p>\n\n\n\n<p><\/p>\n\n\n\n<ul class=\"wp-block-list\">\n<li>T\u00cdTULO:<\/li>\n<\/ul>\n\n\n\n<p>LOCAL:<\/p>\n\n\n\n<p>DATA:<\/p>\n\n\n\n<p>ARTISTAS:<\/p>\n\n\n\n<p>ARTE:<\/p>\n\n\n\n<p><\/p>\n\n\n\n<ul class=\"wp-block-list\">\n<li>T\u00cdTULO: <em>TRANSARTE.<\/em><\/li>\n<\/ul>\n\n\n\n<p>LOCAL: Av. Epit\u00e1cio Pessoa, 3678<\/p>\n\n\n\n<p>DATA: &#8211;<\/p>\n\n\n\n<p>ARTISTAS: &#8211;<\/p>\n\n\n\n<p>ARTE: Art. Amenemar<\/p>\n\n\n\n<p><\/p>\n\n\n\n<ul class=\"wp-block-list\">\n<li>T\u00cdTULO: <em>Pintura e Desenho \u2013 Em busca de talentos Regionais.<\/em><\/li>\n<\/ul>\n\n\n\n<p>LOCAL: &#8211;<\/p>\n\n\n\n<p>DATA: &#8211;<\/p>\n\n\n\n<p>ARTISTAS: &#8211;<\/p>\n\n\n\n<p>ARTE: &#8211;<\/p>\n\n\n\n<p><\/p>\n\n\n\n<ul class=\"wp-block-list\">\n<li>T\u00cdTULO: <em>Zaira Caldas exp\u00f5e seus trabalhos desenhos em metal retrospectivos.<\/em><\/li>\n<\/ul>\n\n\n\n<p>LOCAL: Galeria de arte Pedro Am\u00e9rico<\/p>\n\n\n\n<p>DATA: 03\/09\/1976<\/p>\n\n\n\n<p>ARTISTAS: Zaira Caldas<\/p>\n\n\n\n<p>ARTE: &#8211;<\/p>\n\n\n\n<p><\/p>\n\n\n\n<ul class=\"wp-block-list\">\n<li>T\u00cdTULO: <em>Gamela mostra pintura e cer\u00e2mica Z\u00e9 Lucena e Tota.<\/em><\/li>\n<\/ul>\n\n\n\n<p>LOCAL: Galeria Gamela.<\/p>\n\n\n\n<p>DATA: 30\/04-15\/05\/1981<\/p>\n\n\n\n<p>ARTISTAS: Z\u00e9 Lucena e Tota<\/p>\n\n\n\n<p>ARTE: &#8211;<\/p>\n\n\n\n<p><\/p>\n\n\n\n<ul class=\"wp-block-list\">\n<li>T\u00cdTULO: <em>Via Sacra, 2\u00b0 exposi\u00e7\u00e3o de pinturas.<\/em><\/li>\n<\/ul>\n\n\n\n<p>LOCAL: Galeria Gamela<\/p>\n\n\n\n<p>DATA: 22\/03-12\/04\/1989<\/p>\n\n\n\n<p>ARTISTAS: Tadeu Lira<\/p>\n\n\n\n<p>ARTE: &#8211;<\/p>\n\n\n\n<p><\/p>\n\n\n\n<ul class=\"wp-block-list\">\n<li>T\u00cdTULO: A vida dos \u00cdndios.<\/li>\n<\/ul>\n\n\n\n<p>LOCAL: Galeria Gamela<\/p>\n\n\n\n<p>DATA: 15\/09-29\/09\/1988<\/p>\n\n\n\n<p>ARTISTAS: Tadeu Lira.<\/p>\n\n\n\n<p>ARTE: &#8211;<\/p>\n\n\n\n<p><\/p>\n\n\n\n<ul class=\"wp-block-list\">\n<li>T\u00cdTULO: <em>pinturas e desenhos \u2013 Sergio Lucena<\/em><\/li>\n<\/ul>\n\n\n\n<p>LOCAL: Galeria Gamela.<\/p>\n\n\n\n<p>DATA: 03\/03-31\/03\/1991<\/p>\n\n\n\n<p>ARTISTAS: S\u00e9rgio Lucena.<\/p>\n\n\n\n<p>ARTE: &#8211;<\/p>\n\n\n\n<p>Obs.: tem duplicata.<\/p>\n\n\n\n<p><\/p>\n\n\n\n<ul class=\"wp-block-list\">\n<li>T\u00cdTULO: <em>Sergio Lucena.<\/em><\/li>\n<\/ul>\n\n\n\n<p>LOCAL: Galeria Gamela<\/p>\n\n\n\n<p>DATA: 16\/10-29\/10\/1986<\/p>\n\n\n\n<p>ARTISTAS: &#8211;<\/p>\n\n\n\n<p>ARTE: &#8211;<\/p>\n\n\n\n<p><\/p>\n\n\n\n<ul class=\"wp-block-list\">\n<li>T\u00cdTULO: <em>Artistas Paraibanos exp\u00f5e.<\/em><\/li>\n<\/ul>\n\n\n\n<p>LOCAL: Galeria Metropolitana Alo\u00edsio Magalh\u00e3es (PE) \/MAAC<\/p>\n\n\n\n<p>DATA: 18\/11-30\/11 e 14\/10-30\/10<\/p>\n\n\n\n<p>ARTISTAS: Saulo; Irene Medeiros; Luiz de farias Barroso; Dory Focke; Wellington Medeiros.<\/p>\n\n\n\n<p>ARTE: &#8211;<\/p>\n\n\n\n<p><\/p>\n\n\n\n<ul class=\"wp-block-list\">\n<li>T\u00cdTULO: <em>Fragmenta\u00e7\u00e3o.<\/em><\/li>\n<\/ul>\n\n\n\n<p>LOCAL: Museu da Universidade Federal do Par\u00e1<\/p>\n\n\n\n<p>DATA: 09\/10-31\/10\/1991<\/p>\n\n\n\n<p>ARTISTAS: Ror\u00f3 de S\u00e1<\/p>\n\n\n\n<p>ARTE: &#8211;<\/p>\n\n\n\n<p><\/p>\n\n\n\n<ul class=\"wp-block-list\">\n<li>T\u00cdTULO: <em>Raul C\u00f3rdula.<\/em><\/li>\n<\/ul>\n\n\n\n<p>LOCAL: Officina (PE)<\/p>\n\n\n\n<p>DATA: 03\/10-20\/10\/1985<\/p>\n\n\n\n<p>ARTISTAS: Raul C\u00f3rdula<\/p>\n\n\n\n<p>ARTE: &#8211;<\/p>\n\n\n\n<p><\/p>\n\n\n\n<ul class=\"wp-block-list\">\n<li>T\u00cdTULO: <em>Raul C\u00f3rdula.<\/em><\/li>\n<\/ul>\n\n\n\n<p>LOCAL: Hall do Teatro universit\u00e1rio UFMT<\/p>\n\n\n\n<p>DATA: 03\/08-15\/08 (?1984)<\/p>\n\n\n\n<p>ARTISTAS: Raul C\u00f3rdula.<\/p>\n\n\n\n<p>ARTE: &#8211;<\/p>\n\n\n\n<p><\/p>\n\n\n\n<ul class=\"wp-block-list\">\n<li>T\u00cdTULO: <em>Pinturas Recentes.<\/em><\/li>\n<\/ul>\n\n\n\n<p>LOCAL: Arteaequitetura<\/p>\n\n\n\n<p>DATA: 06\/11-20\/11\/1981<\/p>\n\n\n\n<p>ARTISTAS: Raul C\u00f3rdula.<\/p>\n\n\n\n<p>ARTE: &#8211;<\/p>\n\n\n\n<p><\/p>\n\n\n\n<ul class=\"wp-block-list\">\n<li>T\u00cdTULO: <em>Desenhos.<\/em><\/li>\n<\/ul>\n\n\n\n<p>LOCAL: Galeria de arte do clube juvenil<\/p>\n\n\n\n<p>DATA: 12\/07-04\/08\/1982<\/p>\n\n\n\n<p>ARTISTAS: Raul C\u00f3rdula.<\/p>\n\n\n\n<p>ARTE: &#8211;<\/p>\n\n\n\n<p><\/p>\n\n\n\n<ul class=\"wp-block-list\">\n<li>T\u00cdTULO: 2\u00b0 Festival latino-americano de arte e cultura; IIFLAAC<\/li>\n<\/ul>\n\n\n\n<p>LOCAL: &#8211;<\/p>\n\n\n\n<p>DATA: 04\/08-13\/08\/1989<\/p>\n\n\n\n<p>ARTISTAS: &#8211;<\/p>\n\n\n\n<p>ARTE: &#8211;<\/p>\n\n\n\n<p>Obs.: tem duplicata.<\/p>\n\n\n\n<p><\/p>\n\n\n\n<ul class=\"wp-block-list\">\n<li>T\u00cdTULO: <em>Pela mem\u00f3ria cultural.<\/em><\/li>\n<\/ul>\n\n\n\n<p>LOCAL: Pinacoteca<\/p>\n\n\n\n<p>DATA: 23\/03-20\/04\/1987<\/p>\n\n\n\n<p>ARTISTAS: &#8211;<\/p>\n\n\n\n<p>ARTE: &#8211;<\/p>\n\n\n\n<p>Obs.: tem duplicata.<\/p>\n\n\n\n<p><\/p>\n\n\n\n<ul class=\"wp-block-list\">\n<li>T\u00cdTULO: <em>Pierre Chalita<\/em><\/li>\n<\/ul>\n\n\n\n<p>LOCAL: NAC<\/p>\n\n\n\n<p>DATA: 13\/03\/1988<\/p>\n\n\n\n<p>ARTISTAS: Pierre Chalita<\/p>\n\n\n\n<p>ARTE: &#8211;<\/p>\n\n\n\n<p><\/p>\n\n\n\n<ul class=\"wp-block-list\">\n<li>T\u00cdTULO: <em>Os meninos do Brasil.<\/em><\/li>\n<\/ul>\n\n\n\n<p>LOCAL: Funda\u00e7\u00e3o da Casa de Jos\u00e9 Am\u00e9rico<\/p>\n\n\n\n<p>DATA: 25\/02\/1985<\/p>\n\n\n\n<p>ARTISTAS: P. Ramalho.<\/p>\n\n\n\n<p>ARTE: &#8211;<\/p>\n\n\n\n<p><\/p>\n\n\n\n<ul class=\"wp-block-list\">\n<li>T\u00cdTULO: <em>O trabalho, coletivo de fotografias.<\/em><\/li>\n<\/ul>\n\n\n\n<p>LOCAL: MAAC<\/p>\n\n\n\n<p>DATA: 01\/10-12\/10\/1982<\/p>\n\n\n\n<p>ARTISTAS: Nego Miranda.<\/p>\n\n\n\n<p>ARTE: &#8211;<\/p>\n\n\n\n<p><\/p>\n\n\n\n<ul class=\"wp-block-list\">\n<li>T\u00cdTULO: <em>Otto Cavalcanti.<\/em><\/li>\n<\/ul>\n\n\n\n<p>LOCAL: Nac<\/p>\n\n\n\n<p>DATA: 26\/08-15\/09\/1988<\/p>\n\n\n\n<p>ARTISTAS: Otto Cavalcanti.<\/p>\n\n\n\n<p>ARTE: &#8211;<\/p>\n\n\n\n<p><\/p>\n\n\n\n<ul class=\"wp-block-list\">\n<li>T\u00cdTULO: <em>A Xilogravura na Hist\u00f3ria da arte brasileira.<\/em><\/li>\n<\/ul>\n\n\n\n<p>LOCAL: Galeria de arte Archidy Picado<\/p>\n\n\n\n<p>DATA: 20\/03-30\/03\/1986<\/p>\n\n\n\n<p>ARTISTAS: Oswaldo Goeldi<\/p>\n\n\n\n<p>ARTE: &#8211;<\/p>\n\n\n\n<p><\/p>\n\n\n\n<ul class=\"wp-block-list\">\n<li>T\u00cdTULO: <em>Pinturas e esculturas.<\/em><\/li>\n<\/ul>\n\n\n\n<p>LOCAL: Caixa econ\u00f4mica Ag. Cabo Branco<\/p>\n\n\n\n<p>DATA: 18\/07-29\/07<\/p>\n\n\n\n<p>ARTISTAS: Ori\u00e9bir; Lau Ferreira; Irmat.<\/p>\n\n\n\n<p>ARTE: &#8211;<\/p>\n\n\n\n<p><\/p>\n\n\n\n<ul class=\"wp-block-list\">\n<li>T\u00cdTULO: <em>VI Mostra novos artistas paraibanos.<\/em><\/li>\n<\/ul>\n\n\n\n<p>LOCAL: FUNESC<\/p>\n\n\n\n<p>DATA: 16\/03-31\/03\/1989<\/p>\n\n\n\n<p>ARTISTAS: &#8211;<\/p>\n\n\n\n<p>ARTE: &#8211;<\/p>\n\n\n\n<p><\/p>\n\n\n\n<ul class=\"wp-block-list\">\n<li>T\u00cdTULO: <em>II encontro regional de arte educa\u00e7\u00e3o (ANARTE)<\/em><\/li>\n<\/ul>\n\n\n\n<p>LOCAL: NAC<\/p>\n\n\n\n<p>DATA: 19\/10-21\/10\/1984<\/p>\n\n\n\n<p>ARTISTAS: Fred Svendsen.<\/p>\n\n\n\n<p>ARTE: &#8211;<\/p>\n\n\n\n<p><\/p>\n\n\n\n<ul class=\"wp-block-list\">\n<li>T\u00cdTULO: <em>Arte atual campinense.<\/em><\/li>\n<\/ul>\n\n\n\n<p>LOCAL: MAAC<\/p>\n\n\n\n<p>DATA: 07\/06-07\/07\/1989<\/p>\n\n\n\n<p>ARTISTAS: &#8211;<\/p>\n\n\n\n<p>ARTE: &#8211;<\/p>\n\n\n\n<p><\/p>\n\n\n\n<ul class=\"wp-block-list\">\n<li>T\u00cdTULO: <em>Pintando em carne viva.<\/em><\/li>\n<\/ul>\n\n\n\n<p>LOCAL: MAAC<\/p>\n\n\n\n<p>DATA: 08\/10-15\/10\/1987<\/p>\n\n\n\n<p>ARTISTAS: &#8211;<\/p>\n\n\n\n<p>ARTE: &#8211;<\/p>\n\n\n\n<p><\/p>\n\n\n\n<ul class=\"wp-block-list\">\n<li>T\u00cdTULO: <em>11\u00b0 Sal\u00e3o Nacional de Artes Pl\u00e1sticas.<\/em><\/li>\n<\/ul>\n\n\n\n<p>LOCAL: FUNARTE<\/p>\n\n\n\n<p>DATA: &#8211;<\/p>\n\n\n\n<p>ARTISTAS: &#8211;<\/p>\n\n\n\n<p>ARTE: &#8211;<\/p>\n\n\n\n<p><\/p>\n\n\n\n<ul class=\"wp-block-list\">\n<li>T\u00cdTULO: <em>A Para\u00edba no acervo do MAAC.<\/em><\/li>\n<\/ul>\n\n\n\n<p>LOCAL: MAAC<\/p>\n\n\n\n<p>DATA: 15\/06-15\/07\/1988<\/p>\n\n\n\n<p>ARTISTAS: Miguel Guilherme; Pedro Am\u00e9rico; Luan Freitas; Ant\u00f4nio Dias.<\/p>\n\n\n\n<p>ARTE: &#8211;<\/p>\n\n\n\n<p><\/p>\n\n\n\n<ul class=\"wp-block-list\">\n<li>T\u00cdTULO: <em>I mostra paraibana jovem de artes pl\u00e1sticas.<\/em><\/li>\n<\/ul>\n\n\n\n<p>LOCAL: Museu de arte de FURNE (CG)<\/p>\n\n\n\n<p>DATA: 26\/01-03\/02\/1975<\/p>\n\n\n\n<p>ARTISTAS: Aprigio<\/p>\n\n\n\n<p>ARTE: &#8211;<\/p>\n\n\n\n<p><\/p>\n\n\n\n<ul class=\"wp-block-list\">\n<li>T\u00cdTULO: <em>Intervalo.<\/em><\/li>\n<\/ul>\n\n\n\n<p>LOCAL: Galeria Archidy Picado<\/p>\n\n\n\n<p>DATA: 10\/05-17\/06\/2018<\/p>\n\n\n\n<p>ARTISTAS: Mar\u00edlia Scarabello<\/p>\n\n\n\n<p>ARTE: &#8211;<\/p>\n\n\n\n<p><\/p>\n\n\n\n<ul class=\"wp-block-list\">\n<li>T\u00cdTULO: <em>Fotografias.<\/em><\/li>\n<\/ul>\n\n\n\n<p>LOCAL: Galeria de Arte Pedro Am\u00e9rico.<\/p>\n\n\n\n<p>DATA: 27\/10-13\/11\/1978<\/p>\n\n\n\n<p>ARTISTAS: Milton Montenegro; Georges Racz.<\/p>\n\n\n\n<p>ARTE: &#8211;<\/p>\n\n\n\n<p><\/p>\n\n\n\n<ul class=\"wp-block-list\">\n<li>T\u00cdTULO: <em>Coletivo 1.<\/em><\/li>\n<\/ul>\n\n\n\n<p>LOCAL: Usina Cultural Energisa<\/p>\n\n\n\n<p>DATA: 17\/07-24\/08\/2014<\/p>\n\n\n\n<p>ARTISTAS: Murilo Santos; Cristina Carvalho; Cybele Dantas; Thiago Trapo.<\/p>\n\n\n\n<p>ARTE: &#8211;<\/p>\n\n\n\n<p><\/p>\n\n\n\n<ul class=\"wp-block-list\">\n<li>T\u00cdTULO: <em>I Retrospectiva.<\/em><\/li>\n<\/ul>\n\n\n\n<p>LOCAL: Espa\u00e7o cultural Jos\u00e9 Lins do Rego.<\/p>\n\n\n\n<p>DATA: 15\/09\/1984<\/p>\n\n\n\n<p>ARTISTAS: Miriam<\/p>\n\n\n\n<p>ARTE: &#8211;<\/p>\n\n\n\n<p><\/p>\n\n\n\n<ul class=\"wp-block-list\">\n<li>T\u00cdTULO: <em>Fazendo amor e amando arte.<\/em><\/li>\n<\/ul>\n\n\n\n<p>LOCAL: Pirata bar e rest\u00f4r (Fortaleza)<\/p>\n\n\n\n<p>DATA: 27\/10\/1988<\/p>\n\n\n\n<p>ARTISTAS: Mano Alencar; Ana Beatriz.<\/p>\n\n\n\n<p>ARTE: &#8211;<\/p>\n\n\n\n<p><\/p>\n\n\n\n<ul class=\"wp-block-list\">\n<li>T\u00cdTULO: <em>Caminho das cores.<\/em><\/li>\n<\/ul>\n\n\n\n<p>LOCAL: &#8211;<\/p>\n\n\n\n<p>DATA: 1985<\/p>\n\n\n\n<p>ARTISTAS: Marlene da Costa de Almeida.<\/p>\n\n\n\n<p>ARTE: &#8211;<\/p>\n\n\n\n<p><\/p>\n\n\n\n<ul class=\"wp-block-list\">\n<li>T\u00cdTULO: <em>Terra.<\/em><\/li>\n<\/ul>\n\n\n\n<p>LOCAL: Ateli\u00ea \u2013 Jo\u00e3o Pessoa, Bairro dos Estados.<\/p>\n\n\n\n<p>DATA: 01\/10-15\/10\/1987<\/p>\n\n\n\n<p>ARTISTAS: Marlene da Costa de Almeida.<\/p>\n\n\n\n<p>ARTE: &#8211;<\/p>\n\n\n\n<p><\/p>\n\n\n\n<ul class=\"wp-block-list\">\n<li>T\u00cdTULO: <em>Poema em tinta de terra.<\/em><\/li>\n<\/ul>\n\n\n\n<p>LOCAL: Galeria Gamela<\/p>\n\n\n\n<p>DATA: 01\/10-15\/10\/1987<\/p>\n\n\n\n<p>ARTISTAS: Marlene da Costa de Almeida.<\/p>\n\n\n\n<p>ARTE: &#8211;<\/p>\n\n\n\n<p>Obs.: tem duplicata.<\/p>\n\n\n\n<p><\/p>\n\n\n\n<ul class=\"wp-block-list\">\n<li>T\u00cdTULO: <em>Maria dos bichos, retrospectiva (acervo Nuppo).<\/em><\/li>\n<\/ul>\n\n\n\n<p>LOCAL: Centro cultural de S. Francisco<\/p>\n\n\n\n<p>DATA: 05\/01-30\/01\/2000<\/p>\n\n\n\n<p>ARTISTAS: Maria dos Bichos.<\/p>\n\n\n\n<p>ARTE: &#8211;<\/p>\n\n\n\n<p><\/p>\n\n\n\n<ul class=\"wp-block-list\">\n<li>T\u00cdTULO: <em>Marcos Pinto vai pintar o sexo sentido.<\/em><\/li>\n<\/ul>\n\n\n\n<p>LOCAL: SOL MAR hotel<\/p>\n\n\n\n<p>DATA: 28\/04\/1988<\/p>\n\n\n\n<p>ARTISTAS: Marcos Pinto.<\/p>\n\n\n\n<p>ARTE: &#8211;<\/p>\n\n\n\n<p><\/p>\n\n\n\n<ul class=\"wp-block-list\">\n<li>T\u00cdTULO: <em>Saudad.<\/em><\/li>\n<\/ul>\n\n\n\n<p>LOCAL: Av. Europa 877<\/p>\n\n\n\n<p>DATA: 15\/10-30\/10\/1980<\/p>\n\n\n\n<p>ARTISTAS: Marcos Pinto de Morais.<\/p>\n\n\n\n<p>ARTE: &#8211;<\/p>\n\n\n\n<p><\/p>\n\n\n\n<ul class=\"wp-block-list\">\n<li>T\u00cdTULO: <em>Curto \u2013 circuito \u2013 Jos\u00e9 Pagano.<\/em><\/li>\n<\/ul>\n\n\n\n<p>LOCAL: PINACOTECA<\/p>\n\n\n\n<p>DATA: 1990<\/p>\n\n\n\n<p>ARTISTAS: Jos\u00e9 Pagano.<\/p>\n\n\n\n<p>ARTE: &#8211;<\/p>\n\n\n\n<p><\/p>\n\n\n\n<ul class=\"wp-block-list\">\n<li>T\u00cdTULO:<em> IX Semana cultural Jos\u00e9 Lins do Rego.<\/em><\/li>\n<\/ul>\n\n\n\n<p>LOCAL: &#8211;<\/p>\n\n\n\n<p>DATA: 08\/09-13\/09\/1991<\/p>\n\n\n\n<p>ARTISTAS: &#8211;<\/p>\n\n\n\n<p>ARTE: &#8211;<\/p>\n\n\n\n<p><\/p>\n\n\n\n<ul class=\"wp-block-list\">\n<li>T\u00cdTULO: <em>Jos\u00e9 Altino exp\u00f5e xilogravuras.<\/em><\/li>\n<\/ul>\n\n\n\n<p>LOCAL: Galeria de arte do centro cultural c\u00e2ndido Mendes (RJ)<\/p>\n\n\n\n<p>DATA: 12\/08-26\/08\/1985<\/p>\n\n\n\n<p>ARTISTAS: Jos\u00e9 Atino.<\/p>\n\n\n\n<p>ARTE: &#8211;<\/p>\n\n\n\n<p><\/p>\n\n\n\n<ul class=\"wp-block-list\">\n<li>T\u00cdTULO: III Semana cultural Jos\u00e9 Lins do Rego<\/li>\n<\/ul>\n\n\n\n<p>LOCAL: &#8211;<\/p>\n\n\n\n<p>DATA: 29\/05-03\/06\/1985<\/p>\n\n\n\n<p>ARTISTAS: Fl\u00e1vio Tavares<\/p>\n\n\n\n<p>ARTE: &#8211;<\/p>\n\n\n\n<p><\/p>\n\n\n\n<ul class=\"wp-block-list\">\n<li>T\u00cdTULO: <em>Jos\u00e9 Altino pintura Xilogravura.<\/em><\/li>\n<\/ul>\n\n\n\n<p>LOCAL: Galeria Gamela.<\/p>\n\n\n\n<p>DATA: 07\/04\/1982<\/p>\n\n\n\n<p>ARTISTAS: Jos\u00e9 Altino.<\/p>\n\n\n\n<p>ARTE: &#8211;<\/p>\n\n\n\n<p><\/p>\n\n\n\n<ul class=\"wp-block-list\">\n<li>T\u00cdTULO: <em>Jos\u00e9 Altino exp\u00f5e xilogravura.<\/em><\/li>\n<\/ul>\n\n\n\n<p>LOCAL: Centro cultural S\u00e3o Paulo (SP) \/ Galeria Gamela<\/p>\n\n\n\n<p>DATA: 19\/11-15\/12\/1985 e 07\/12-12\/12\/1985<\/p>\n\n\n\n<p>ARTISTAS: Jos\u00e9 Altino.<\/p>\n\n\n\n<p>ARTE: &#8211;<\/p>\n\n\n\n<p><\/p>\n\n\n\n<ul class=\"wp-block-list\">\n<li>T\u00cdTULO: <em>Fotografias.<\/em><\/li>\n<\/ul>\n\n\n\n<p>LOCAL: Galeria Gamela<\/p>\n\n\n\n<p>DATA: 07\/12-15\/12\/1989<\/p>\n\n\n\n<p>ARTISTAS: Gustavo Moura<\/p>\n\n\n\n<p>ARTE: &#8211;<\/p>\n\n\n\n<p><\/p>\n\n\n\n<ul class=\"wp-block-list\">\n<li>T\u00cdTULO: <em>Temas Populares do Nordeste.<\/em><\/li>\n<\/ul>\n\n\n\n<p>LOCAL: Galeria da biblioteca p\u00fablica C\u00e2mara Cascudo.<\/p>\n\n\n\n<p>DATA: 06\/12-12\/12\/1985<\/p>\n\n\n\n<p>ARTISTAS: Irene.<\/p>\n\n\n\n<p>ARTE: &#8211;<\/p>\n\n\n\n<p><\/p>\n\n\n\n<ul class=\"wp-block-list\">\n<li>T\u00cdTULO: <em>Desenhos Afonso Bernal.<\/em><\/li>\n<\/ul>\n\n\n\n<p>LOCAL: Galeria de artes Pedro Am\u00e9rico.<\/p>\n\n\n\n<p>DATA: 02\/06-16\/06 (d\u00e9cada de 70)<\/p>\n\n\n\n<p>ARTISTAS: Afonso Bernal.<\/p>\n\n\n\n<p>ARTE: &#8211;<\/p>\n\n\n\n<p><\/p>\n\n\n\n<ul class=\"wp-block-list\">\n<li>T\u00cdTULO: <em>Archidy Picado \u2013 desenhos \u2013 pinturas.<\/em><\/li>\n<\/ul>\n\n\n\n<p>LOCAL: Galeria de artes Pedro Am\u00e9rico.<\/p>\n\n\n\n<p>DATA: 12\/05-26\/05 (d\u00e9cada de 70)<\/p>\n\n\n\n<p>ARTISTAS: Archidy Picado.<\/p>\n\n\n\n<p>ARTE: &#8211;<\/p>\n\n\n\n<p><\/p>\n\n\n\n<ul class=\"wp-block-list\">\n<li>T\u00cdTULO: <em>III Sal\u00e3o de humor.<\/em><\/li>\n<\/ul>\n\n\n\n<p>LOCAL: Galeria da Caixa Econ\u00f4mica Federal<\/p>\n\n\n\n<p>DATA: 10-22\/11\/1988<\/p>\n\n\n\n<p>ARTISTAS: &#8211;<\/p>\n\n\n\n<p>ARTE: Wililliam.<\/p>\n\n\n\n<p><\/p>\n\n\n\n<ul class=\"wp-block-list\">\n<li>T\u00cdTULO: <em>Atl\u00e2ntida meu amor.<\/em><\/li>\n<\/ul>\n\n\n\n<p>LOCAL: Galeria Gamela.<\/p>\n\n\n\n<p>DATA: 22\/09-06\/10\/1992<\/p>\n\n\n\n<p>ARTISTAS: Fred Svendsen.<\/p>\n\n\n\n<p>ARTE: &#8211;<\/p>\n\n\n\n<p><\/p>\n\n\n\n<ul class=\"wp-block-list\">\n<li>T\u00cdTULO: <em>6 professores da COEX.<\/em><\/li>\n<\/ul>\n\n\n\n<p>LOCAL: Galeria Pedro Am\u00e9rico.<\/p>\n\n\n\n<p>DATA: 21\/04\/78<\/p>\n\n\n\n<p>ARTISTAS: &#8211;<\/p>\n\n\n\n<p>ARTE: &#8211;<\/p>\n\n\n\n<p><\/p>\n\n\n\n<ul class=\"wp-block-list\">\n<li>T\u00cdTULO: &#8211; \u00a0<\/li>\n<\/ul>\n\n\n\n<p>LOCAL: Pinacoteca UFPB<\/p>\n\n\n\n<p>DATA: 22\/11\/1988<\/p>\n\n\n\n<p>ARTISTAS: Fred Svendsen.<\/p>\n\n\n\n<p>ARTE: &#8211;<\/p>\n\n\n\n<p><\/p>\n\n\n\n<ul class=\"wp-block-list\">\n<li>T\u00cdTULO: <em>Perfil do artista.<\/em><\/li>\n<\/ul>\n\n\n\n<p>LOCAL: NAC.<\/p>\n\n\n\n<p>DATA: 05\/03-29\/03\/1996<\/p>\n\n\n\n<p>ARTISTAS: Fred Svendsen.<\/p>\n\n\n\n<p>ARTE: &#8211;<\/p>\n\n\n\n<p><\/p>\n\n\n\n<ul class=\"wp-block-list\">\n<li>T\u00cdTULO: <em>Rosas de Hiroshima.<\/em><\/li>\n<\/ul>\n\n\n\n<p>LOCAL: Galeria Macuna\u00edma &#8211; RJ<\/p>\n\n\n\n<p>DATA: 05\/03-25\/03<\/p>\n\n\n\n<p>ARTISTAS: Fred Svendsen.<\/p>\n\n\n\n<p>ARTE: &#8211;<\/p>\n\n\n\n<p><\/p>\n\n\n\n<ul class=\"wp-block-list\">\n<li>T\u00cdTULO: <em>Nunca.<\/em><\/li>\n<\/ul>\n\n\n\n<p>LOCAL: Usina Cultural energisa.<\/p>\n\n\n\n<p>DATA: 23\/05-23\/06\/2013<\/p>\n\n\n\n<p>ARTISTAS: Fred Svendsen<\/p>\n\n\n\n<p>ARTE: &#8211;<\/p>\n\n\n\n<p><\/p>\n\n\n\n<ul class=\"wp-block-list\">\n<li>T\u00cdTULO: <em>Pinturas e desenhos.<\/em><\/li>\n<\/ul>\n\n\n\n<p>LOCAL: Galeria Lautreamont (Recife-PE)<\/p>\n\n\n\n<p>DATA: 28\/04\/1988<\/p>\n\n\n\n<p>ARTISTAS: Francisco Neves.<\/p>\n\n\n\n<p>ARTE: &#8211;<\/p>\n\n\n\n<p><\/p>\n\n\n\n<ul class=\"wp-block-list\">\n<li>T\u00cdTULO:<\/li>\n<\/ul>\n\n\n\n<p>LOCAL:<\/p>\n\n\n\n<p>DATA:<\/p>\n\n\n\n<p>ARTISTAS:<\/p>\n\n\n\n<p>ARTE:<\/p>\n\n\n\n<p><\/p>\n\n\n\n<ul class=\"wp-block-list\">\n<li>T\u00cdTULO: <em>Fl\u00e1vio Tavares, Sergio Lucena.<\/em><\/li>\n<\/ul>\n\n\n\n<p>LOCAL: Galeria Gamela.<\/p>\n\n\n\n<p>DATA: 18-29\/12\/1986<\/p>\n\n\n\n<p>ARTISTAS: Fl\u00e1vio Tavares e Sergio Lucena.<\/p>\n\n\n\n<p>ARTE: &#8211;<\/p>\n\n\n\n<p><\/p>\n\n\n\n<ul class=\"wp-block-list\">\n<li>T\u00cdTULO: <em>Coletiva de pintores da Amaz\u00f4nia.<\/em><\/li>\n<\/ul>\n\n\n\n<p>LOCAL: Centro cultural de S\u00e3o Francisco.<\/p>\n\n\n\n<p>DATA: 30\/08-17\/09\/1995<\/p>\n\n\n\n<p>ARTISTAS: Ernandes Melo; Manoel Bispo; Paulo Sergio Felix; H\u00e9lio Melo.<\/p>\n\n\n\n<p>ARTE: &#8211;<\/p>\n\n\n\n<p><\/p>\n\n\n\n<ul class=\"wp-block-list\">\n<li>T\u00cdTULO:<em> \u00c1lbum de desenhos e calend\u00e1rio, texto da divina com\u00e9dia de Dante.<\/em><\/li>\n<\/ul>\n\n\n\n<p>LOCAL: Galeria Gamela.<\/p>\n\n\n\n<p>DATA: 19\/01\/1984<\/p>\n\n\n\n<p>ARTISTAS: Flavio Tavares.<\/p>\n\n\n\n<p>ARTE: &#8211;<\/p>\n\n\n\n<p><\/p>\n\n\n\n<ul class=\"wp-block-list\">\n<li>T\u00cdTULO: <em>Pinturas sobre papel, Chico Pereira.<\/em><\/li>\n<\/ul>\n\n\n\n<p>LOCAL: Galeria Gamela.<\/p>\n\n\n\n<p>DATA: 19\/06-30\/06\/1984<\/p>\n\n\n\n<p>ARTISTAS: Chico Pereira.<\/p>\n\n\n\n<p>ARTE: &#8211;<\/p>\n\n\n\n<p><\/p>\n\n\n\n<ul class=\"wp-block-list\">\n<li>T\u00cdTULO:<em> Chico Ferreira exp\u00f5e pinturas e cer\u00e2micas.<\/em><\/li>\n<\/ul>\n\n\n\n<p>LOCAL: Escrit\u00f3rio de arte.<\/p>\n\n\n\n<p>DATA: 26\/09-10\/10\/1986<\/p>\n\n\n\n<p>ARTISTAS: Chico Ferreira<\/p>\n\n\n\n<p>ARTE: &#8211;<\/p>\n\n\n\n<p><\/p>\n\n\n\n<ul class=\"wp-block-list\">\n<li>T\u00cdTULO: <em>Chico Pereira Pinturas.<\/em><\/li>\n<\/ul>\n\n\n\n<p>LOCAL: Museu de arte Assis Chateaubriand (Universidade regional do Nordeste, Campina Grande).<\/p>\n\n\n\n<p>DATA: 27\/08\/1982<\/p>\n\n\n\n<p>ARTISTAS: Chico Pereira.<\/p>\n\n\n\n<p>ARTE: &#8211;<\/p>\n\n\n\n<p><\/p>\n\n\n\n<ul class=\"wp-block-list\">\n<li>T\u00cdTULO: <em>Exposi\u00e7\u00e3o de Pintura e Cer\u00e2mica.<\/em><\/li>\n<\/ul>\n\n\n\n<p>LOCAL: Escrit\u00f3rio de arte.<\/p>\n\n\n\n<p>DATA: 23\/10-07\/11\/1987<\/p>\n\n\n\n<p>ARTISTAS: Chico Ferreira.<\/p>\n\n\n\n<p>ARTE: &#8211;<\/p>\n\n\n\n<p><\/p>\n\n\n\n<ul class=\"wp-block-list\">\n<li>T\u00cdTULO: <em>Pinturas de Chico Dantas.<\/em><\/li>\n<\/ul>\n\n\n\n<p>LOCAL: Galeria Gamela.<\/p>\n\n\n\n<p>DATA: 13-27\/11\/1986<\/p>\n\n\n\n<p>ARTISTAS: Chico Dantas.<\/p>\n\n\n\n<p>ARTE: &#8211;<\/p>\n\n\n\n<p><\/p>\n\n\n\n<ul class=\"wp-block-list\">\n<li>T\u00cdTULO: <em>Chico Pereira.<\/em><\/li>\n<\/ul>\n\n\n\n<p>LOCAL: Galeria de arte Pernambucana<\/p>\n\n\n\n<p>DATA: 20-32\/12\/1988<\/p>\n\n\n\n<p>ARTISTAS: Chico Pereira.<\/p>\n\n\n\n<p>ARTE: &#8211;<\/p>\n\n\n\n<p><\/p>\n\n\n\n<ul class=\"wp-block-list\">\n<li>T\u00cdTULO: <em>Camilo Aranha exp\u00f5e pinturas cabe\u00e7as.<\/em><\/li>\n<\/ul>\n\n\n\n<p>LOCAL: Caixa econ\u00f4mica Federal \u2013 Ag Cabo Branco.<\/p>\n\n\n\n<p>DATA: 20\/06 \u00e0 01\/07\/1988<\/p>\n\n\n\n<p>ARTISTAS: Camilo Aranha.<\/p>\n\n\n\n<p>ARTE: &#8211;<\/p>\n\n\n\n<p><\/p>\n\n\n\n<ul class=\"wp-block-list\">\n<li>T\u00cdTULO: \u00a0<em>Bruno Steinbach exp\u00f5e desenhos e gravuras.<\/em><\/li>\n<\/ul>\n\n\n\n<p>LOCAL: Galeria de Arte Pedro Am\u00e9rico.<\/p>\n\n\n\n<p>DATA: 15\/09\/1978<\/p>\n\n\n\n<p>ARTISTAS: Bruno Steinbach.<\/p>\n\n\n\n<p>ARTE: &#8211;<\/p>\n\n\n\n<p><\/p>\n\n\n\n<ul class=\"wp-block-list\">\n<li>T\u00cdTULO: <em>FURA-FURA.<\/em><\/li>\n<\/ul>\n\n\n\n<p>LOCAL: ACERT.<\/p>\n\n\n\n<p>DATA: &#8211;<\/p>\n\n\n\n<p>ARTISTAS: Carlos Clara Gomes, Francisco Reis, Jos\u00e9 Rui, Luis Lapa, Luis Viegas.<\/p>\n\n\n\n<p>ARTE: &#8211;<\/p>\n\n\n\n<p><\/p>\n\n\n\n<ul class=\"wp-block-list\">\n<li>T\u00cdTULO: <em>Campina Grande.<\/em><\/li>\n<\/ul>\n\n\n\n<p>LOCAL: Centro nacional de pesquisas do algod\u00e3o.<\/p>\n\n\n\n<p>DATA: 1981<\/p>\n\n\n\n<p>ARTISTAS: Dona Irene.<\/p>\n\n\n\n<p>ARTE: &#8211;<\/p>\n\n\n\n<p><\/p>\n\n\n\n<ul class=\"wp-block-list\">\n<li>T\u00cdTULO: <em>A primeira coletiva.<\/em><\/li>\n<\/ul>\n\n\n\n<p>LOCAL: Usina cultural energisa.<\/p>\n\n\n\n<p>DATA:&nbsp; 19\/01-26\/02\/2012<\/p>\n\n\n\n<p>ARTISTAS: Amanda Mel; Braz Marinho; La\u00e9rcio Redondo.<\/p>\n\n\n\n<p>ARTE: &#8211;<\/p>\n\n\n\n<p>Obs.: tem duplicata.<\/p>\n\n\n\n<p><\/p>\n\n\n\n<ul class=\"wp-block-list\">\n<li>T\u00cdTULO: \u00a0<em>15 artistas Italianos.<\/em><\/li>\n<\/ul>\n\n\n\n<p>LOCAL: NAC.<\/p>\n\n\n\n<p>DATA: 10\/05-07\/06\/1996<\/p>\n\n\n\n<p>ARTISTAS: Ant\u00f4nio Calabrese; Ant\u00f4nio Massari; Ana Vancheri; Alba Savoi; Francesca Cataleli; Gabriela Pompei; Giustina Prestento; Gloria Persiane; Mario Bizarri; M. Laurepiccinelli; Vanna Niodotti; V. Gigli; Vitaldo Conte; Vit\u00f3rio Fava; Remo Brindisi.<\/p>\n\n\n\n<p>ARTE: &#8211;<\/p>\n\n\n\n<p><\/p>\n\n\n\n<ul class=\"wp-block-list\">\n<li>T\u00cdTULO: <em>Arte Caixa.<\/em><\/li>\n<\/ul>\n\n\n\n<p>LOCAL: Galeria da Caixa \u2013 Ag\u00eancia Campina Grande<\/p>\n\n\n\n<p>DATA: 20\/06-21\/07\/1989<\/p>\n\n\n\n<p>ARTISTAS: \u00c2ngela Cirre; Carlos Paschoal; Dory Focke; Eliane Brasileiro Quirino; Gilma Sousa; Lairson Beserra; Luiz Farias Barroso; Rom\u00e3o Mineiro; Saulo Ant\u00f4nio; Zilene Neila.<\/p>\n\n\n\n<p>ARTE: &#8211;<\/p>\n\n\n\n<p><\/p>\n\n\n\n<ul class=\"wp-block-list\">\n<li>T\u00cdTULO: <em>Auto da Compadecida.<\/em><\/li>\n<\/ul>\n\n\n\n<p>LOCAL: Teatro universit\u00e1rio.<\/p>\n\n\n\n<p>DATA: &#8211;<\/p>\n\n\n\n<p>ARTISTAS: Ariano Suassuna; Dire\u00e7\u00e3o Fernando Teixeira; Jos\u00e9 Cris\u00f3logo.<\/p>\n\n\n\n<p>ARTE: &#8211;<\/p>\n\n\n\n<p><\/p>\n\n\n\n<ul class=\"wp-block-list\">\n<li>T\u00cdTULO: <em>Cursos de reciclagem.<\/em><\/li>\n<\/ul>\n\n\n\n<p>LOCAL: Pinacoteca.<\/p>\n\n\n\n<p>DATA: 24\/08 a 03\/09<\/p>\n\n\n\n<p>ARTISTAS:&nbsp; &#8211;<\/p>\n\n\n\n<p>ARTE: &#8211;<\/p>\n\n\n\n<p><\/p>\n\n\n\n<ul class=\"wp-block-list\">\n<li>T\u00cdTULO: <em>Anfus Pombo.<\/em><\/li>\n<\/ul>\n\n\n\n<p>LOCAL: Museu de arte Assis Chateaubriand.<\/p>\n\n\n\n<p>DATA: 13-23\/09\/1989<\/p>\n\n\n\n<p>ARTISTAS: Anfus Pombo.<\/p>\n\n\n\n<p>ARTE: &#8211;<\/p>\n\n\n\n<p><\/p>\n\n\n\n<ul class=\"wp-block-list\">\n<li>T\u00cdTULO: <em>Alo\u00edsio Magalh\u00e3es e o desenho industrial no Brasil.<\/em><\/li>\n<\/ul>\n\n\n\n<p>LOCAL: N\u00facleo de arte contempor\u00e2nea (NAC)<\/p>\n\n\n\n<p>DATA: 09\/11-30\/11\/1984<\/p>\n\n\n\n<p>ARTISTAS: Alo\u00edsio Magalh\u00e3es.<\/p>\n\n\n\n<p>ARTE: &#8211;<\/p>\n\n\n\n<p><\/p>\n\n\n\n<ul class=\"wp-block-list\">\n<li>T\u00cdTULO: <em>Alexandre Filho \u2013 48 anos de Pintura.<\/em><\/li>\n<\/ul>\n\n\n\n<p>LOCAL: Usina Cultural Energisa.<\/p>\n\n\n\n<p>DATA: 11\/07-12\/08\/2012<\/p>\n\n\n\n<p>ARTISTAS: Alexandre Filho.<\/p>\n\n\n\n<p>ARTE: &#8211;<\/p>\n\n\n\n<p>Obs.: tem 3.<\/p>\n\n\n\n<p>LOCAL: Archidy Picado<\/p>\n\n\n\n<p><\/p>\n\n\n\n<ul class=\"wp-block-list\">\n<li>T\u00cdTULO: <em>O vapor alado seduz o p\u00e1ssaro fechado \u00e0 chave: Mostra surrealista.<\/em><\/li>\n<\/ul>\n\n\n\n<p>DATA: 19\/07-31\/07\/1986<\/p>\n\n\n\n<p>ARTISTAS: Alberto Junior; Braz Junior; Hildebrando Farias; Maerlant Denis; Marcos Carvalho; J. N\u00f3brega.<\/p>\n\n\n\n<p>ARTE: &#8211;<\/p>\n\n\n\n<p><\/p>\n\n\n\n<ul class=\"wp-block-list\">\n<li>T\u00cdTULO: <em>O olhar da alteridade.<\/em><\/li>\n<\/ul>\n\n\n\n<p>LOCAL: Usina Cultural energisa.<\/p>\n\n\n\n<p>DATA: 05\/06-13\/07\/2014<\/p>\n\n\n\n<p>ARTISTAS: Alberto Moreira.<\/p>\n\n\n\n<p>ARTE: &#8211;<\/p>\n\n\n\n<p><\/p>\n\n\n\n<ul class=\"wp-block-list\">\n<li>T\u00cdTULO: <em>Coletiva Z.<\/em><\/li>\n<\/ul>\n\n\n\n<p>LOCAL: Usina Cultural Energisa.<\/p>\n\n\n\n<p>DATA: 15\/01-28\/02\/2015<\/p>\n\n\n\n<p>ARTISTAS: Danilo Moveo; Abi\u00e9zer Lima; W\u00eanio Pinheiro; Francisco Milhoran\u00e7a;<\/p>\n\n\n\n<p>ARTE: &#8211;<\/p>\n\n\n\n<p>Obs.: tem duplicata.<\/p>\n\n\n\n<p><\/p>\n\n\n\n<ul class=\"wp-block-list\">\n<li>T\u00cdTULO: <em>Concha.<\/em><\/li>\n<\/ul>\n\n\n\n<p>LOCAL: Pinacoteca.<\/p>\n\n\n\n<p>DATA: 02\/04-07\/06\/2019<\/p>\n\n\n\n<p>ARTISTAS: &#8211;<\/p>\n\n\n\n<p>ARTE: &#8211;<\/p>\n\n\n\n<p><\/p>\n\n\n\n<ul class=\"wp-block-list\">\n<li>T\u00cdTULO: <em>Mancha.<\/em><\/li>\n<\/ul>\n\n\n\n<p>LOCAL: Pinacoteca.<\/p>\n\n\n\n<p>DATA: 18\/06-23\/07\/2019<\/p>\n\n\n\n<p>ARTISTAS: &#8211;<\/p>\n\n\n\n<p>ARTE: &#8211;<\/p>\n","protected":false},"excerpt":{"rendered":"<p>Cat\u00e1logo dos Cartazes da PINACOTECA LOCAL: Pernambucana Galeria de Arte DATA: 20\/12\/1988\u00a0 \u2013 31\/12\/1988\u00a0 ARTISTAS: [&hellip;]<\/p>\n","protected":false},"author":332,"featured_media":0,"parent":0,"menu_order":0,"comment_status":"closed","ping_status":"closed","template":"","meta":{"footnotes":""},"class_list":["post-3346","page","type-page","status-publish","hentry"],"_links":{"self":[{"href":"https:\/\/www.ufpb.br\/pinacoteca\/wp-json\/wp\/v2\/pages\/3346","targetHints":{"allow":["GET"]}}],"collection":[{"href":"https:\/\/www.ufpb.br\/pinacoteca\/wp-json\/wp\/v2\/pages"}],"about":[{"href":"https:\/\/www.ufpb.br\/pinacoteca\/wp-json\/wp\/v2\/types\/page"}],"author":[{"embeddable":true,"href":"https:\/\/www.ufpb.br\/pinacoteca\/wp-json\/wp\/v2\/users\/332"}],"replies":[{"embeddable":true,"href":"https:\/\/www.ufpb.br\/pinacoteca\/wp-json\/wp\/v2\/comments?post=3346"}],"version-history":[{"count":2,"href":"https:\/\/www.ufpb.br\/pinacoteca\/wp-json\/wp\/v2\/pages\/3346\/revisions"}],"predecessor-version":[{"id":3383,"href":"https:\/\/www.ufpb.br\/pinacoteca\/wp-json\/wp\/v2\/pages\/3346\/revisions\/3383"}],"wp:attachment":[{"href":"https:\/\/www.ufpb.br\/pinacoteca\/wp-json\/wp\/v2\/media?parent=3346"}],"curies":[{"name":"wp","href":"https:\/\/api.w.org\/{rel}","templated":true}]}}