{"id":377,"date":"2024-09-26T11:26:28","date_gmt":"2024-09-26T14:26:28","guid":{"rendered":"https:\/\/www.ufpb.br\/pinacoteca2\/?page_id=377"},"modified":"2024-10-11T10:49:19","modified_gmt":"2024-10-11T13:49:19","slug":"toco","status":"publish","type":"page","link":"https:\/\/www.ufpb.br\/pinacoteca\/acervo\/colecao-pinacoteca-ufpb\/toco\/","title":{"rendered":"Toco"},"content":{"rendered":"\n<p>Obras<\/p>\n\n\n\n<figure class=\"wp-block-image size-full\"><img loading=\"lazy\" decoding=\"async\" width=\"560\" height=\"768\" src=\"https:\/\/www.ufpb.br\/pinacoteca2\/wp-content\/uploads\/sites\/79\/sites\/210\/2024\/10\/2babeadd-8473-41b5-b4fb-0ce90f5e119d.jpeg\" alt=\"\" class=\"wp-image-1220\" srcset=\"https:\/\/www.ufpb.br\/pinacoteca\/wp-content\/uploads\/sites\/79\/sites\/210\/2024\/10\/2babeadd-8473-41b5-b4fb-0ce90f5e119d.jpeg 560w, https:\/\/www.ufpb.br\/pinacoteca\/wp-content\/uploads\/sites\/79\/sites\/210\/2024\/10\/2babeadd-8473-41b5-b4fb-0ce90f5e119d-219x300.jpeg 219w\" sizes=\"auto, (max-width: 560px) 100vw, 560px\" \/><figcaption class=\"wp-element-caption\">Sem t\u00edtulo, 1988. T\u00e9cnica: gravura em metal a cores. Dimens\u00f5es: 67,7 cm x 50 cm. Oficina de Gravura\/Artes\/UFPB. Foto: Maycon Albuquerque. <\/figcaption><\/figure>\n\n\n\n<p><\/p>\n\n\n\n<figure class=\"wp-block-image size-full is-resized\"><img loading=\"lazy\" decoding=\"async\" width=\"768\" height=\"564\" src=\"https:\/\/www.ufpb.br\/pinacoteca2\/wp-content\/uploads\/sites\/79\/sites\/210\/2024\/10\/2ca6d8b2-6eff-4e0e-b80a-db0577b55fb8.jpeg\" alt=\"\" class=\"wp-image-1223\" style=\"width:752px;height:auto\" srcset=\"https:\/\/www.ufpb.br\/pinacoteca\/wp-content\/uploads\/sites\/79\/sites\/210\/2024\/10\/2ca6d8b2-6eff-4e0e-b80a-db0577b55fb8.jpeg 768w, https:\/\/www.ufpb.br\/pinacoteca\/wp-content\/uploads\/sites\/79\/sites\/210\/2024\/10\/2ca6d8b2-6eff-4e0e-b80a-db0577b55fb8-300x220.jpeg 300w\" sizes=\"auto, (max-width: 768px) 100vw, 768px\" \/><figcaption class=\"wp-element-caption\"><strong>Sem t\u00edtulo, 1988.<\/strong> T\u00e9cnica: gravura em metal a cores. Dimens\u00f5es: 42,1 cm x 57,5 cm. Oficina de Gravura\/Artes\/UFPB. Foto: Maycon Albuquerque. <br><br><br><br><\/figcaption><\/figure>\n\n\n\n<figure class=\"wp-block-image size-full\"><img loading=\"lazy\" decoding=\"async\" width=\"768\" height=\"600\" src=\"https:\/\/www.ufpb.br\/pinacoteca2\/wp-content\/uploads\/sites\/79\/sites\/210\/2024\/10\/39fb0589-f81f-45e4-b51e-70c3b6750bdd.jpeg\" alt=\"\" class=\"wp-image-1224\" srcset=\"https:\/\/www.ufpb.br\/pinacoteca\/wp-content\/uploads\/sites\/79\/sites\/210\/2024\/10\/39fb0589-f81f-45e4-b51e-70c3b6750bdd.jpeg 768w, https:\/\/www.ufpb.br\/pinacoteca\/wp-content\/uploads\/sites\/79\/sites\/210\/2024\/10\/39fb0589-f81f-45e4-b51e-70c3b6750bdd-300x234.jpeg 300w\" sizes=\"auto, (max-width: 768px) 100vw, 768px\" \/><figcaption class=\"wp-element-caption\"><strong>Sem t\u00edtulo, 1988.<\/strong> T\u00e9cnica: gravura em metal a cores. Dimens\u00f5es: 25 cm x 35 cm. Oficina de Gravura\/Artes\/UFPB. Foto: Maycon Albuquerque. <\/figcaption><\/figure>\n\n\n\n<p><\/p>\n\n\n\n<figure class=\"wp-block-image size-full\"><img loading=\"lazy\" decoding=\"async\" width=\"486\" height=\"768\" src=\"https:\/\/www.ufpb.br\/pinacoteca2\/wp-content\/uploads\/sites\/79\/sites\/210\/2024\/10\/772f6838-d9c7-42db-ae06-a992029dbd01.jpeg\" alt=\"\" class=\"wp-image-1227\" srcset=\"https:\/\/www.ufpb.br\/pinacoteca\/wp-content\/uploads\/sites\/79\/sites\/210\/2024\/10\/772f6838-d9c7-42db-ae06-a992029dbd01.jpeg 486w, https:\/\/www.ufpb.br\/pinacoteca\/wp-content\/uploads\/sites\/79\/sites\/210\/2024\/10\/772f6838-d9c7-42db-ae06-a992029dbd01-190x300.jpeg 190w\" sizes=\"auto, (max-width: 486px) 100vw, 486px\" \/><figcaption class=\"wp-element-caption\"><strong>Sem t\u00edtulo, s\/d.<\/strong> <strong>T\u00e9cnica<\/strong>: gravura em metal a cores. Dimens\u00f5es: 40,3 cm x 31,3 cm. Oficina de Gravura\/Artes\/UFPB. Foto: Maycon Albuquerque.<\/figcaption><\/figure>\n\n\n\n<p><\/p>\n\n\n\n<figure class=\"wp-block-image size-full\"><img loading=\"lazy\" decoding=\"async\" width=\"564\" height=\"768\" src=\"https:\/\/www.ufpb.br\/pinacoteca2\/wp-content\/uploads\/sites\/79\/sites\/210\/2024\/10\/8197ce8f-b926-400d-ac22-d17d112d427f.jpeg\" alt=\"\" class=\"wp-image-1229\" srcset=\"https:\/\/www.ufpb.br\/pinacoteca\/wp-content\/uploads\/sites\/79\/sites\/210\/2024\/10\/8197ce8f-b926-400d-ac22-d17d112d427f.jpeg 564w, https:\/\/www.ufpb.br\/pinacoteca\/wp-content\/uploads\/sites\/79\/sites\/210\/2024\/10\/8197ce8f-b926-400d-ac22-d17d112d427f-220x300.jpeg 220w\" sizes=\"auto, (max-width: 564px) 100vw, 564px\" \/><figcaption class=\"wp-element-caption\"><strong>Sem t\u00edtulo, 1988.<\/strong> T\u00e9cnica: gravura em metal a cores. Dimens\u00f5es: 62,8 cm x 45,4 cm. Oficina de Gravura\/Artes\/UFPB. Foto: Maycon Albuquerque. <\/figcaption><\/figure>\n\n\n\n<p><\/p>\n\n\n\n<figure class=\"wp-block-image size-full\"><img loading=\"lazy\" decoding=\"async\" width=\"768\" height=\"552\" src=\"https:\/\/www.ufpb.br\/pinacoteca2\/wp-content\/uploads\/sites\/79\/sites\/210\/2024\/10\/a18427be-062f-499e-b49e-a4f9935a3f5a.jpeg\" alt=\"\" class=\"wp-image-1232\" srcset=\"https:\/\/www.ufpb.br\/pinacoteca\/wp-content\/uploads\/sites\/79\/sites\/210\/2024\/10\/a18427be-062f-499e-b49e-a4f9935a3f5a.jpeg 768w, https:\/\/www.ufpb.br\/pinacoteca\/wp-content\/uploads\/sites\/79\/sites\/210\/2024\/10\/a18427be-062f-499e-b49e-a4f9935a3f5a-300x216.jpeg 300w\" sizes=\"auto, (max-width: 768px) 100vw, 768px\" \/><figcaption class=\"wp-element-caption\"><strong>Sem t\u00edtulo, 1990.<\/strong> T\u00e9cnica: gravura em metal a cores. Dimens\u00f5es: 24 cm x 33 cm. Oficina de Gravura\/Artes\/UFPB. Foto: Maycon Albuquerque.<\/figcaption><\/figure>\n","protected":false},"excerpt":{"rendered":"<p>Obras<\/p>\n","protected":false},"author":143,"featured_media":0,"parent":71,"menu_order":0,"comment_status":"closed","ping_status":"closed","template":"","meta":{"footnotes":""},"class_list":["post-377","page","type-page","status-publish","hentry"],"_links":{"self":[{"href":"https:\/\/www.ufpb.br\/pinacoteca\/wp-json\/wp\/v2\/pages\/377","targetHints":{"allow":["GET"]}}],"collection":[{"href":"https:\/\/www.ufpb.br\/pinacoteca\/wp-json\/wp\/v2\/pages"}],"about":[{"href":"https:\/\/www.ufpb.br\/pinacoteca\/wp-json\/wp\/v2\/types\/page"}],"author":[{"embeddable":true,"href":"https:\/\/www.ufpb.br\/pinacoteca\/wp-json\/wp\/v2\/users\/143"}],"replies":[{"embeddable":true,"href":"https:\/\/www.ufpb.br\/pinacoteca\/wp-json\/wp\/v2\/comments?post=377"}],"version-history":[{"count":3,"href":"https:\/\/www.ufpb.br\/pinacoteca\/wp-json\/wp\/v2\/pages\/377\/revisions"}],"predecessor-version":[{"id":1233,"href":"https:\/\/www.ufpb.br\/pinacoteca\/wp-json\/wp\/v2\/pages\/377\/revisions\/1233"}],"up":[{"embeddable":true,"href":"https:\/\/www.ufpb.br\/pinacoteca\/wp-json\/wp\/v2\/pages\/71"}],"wp:attachment":[{"href":"https:\/\/www.ufpb.br\/pinacoteca\/wp-json\/wp\/v2\/media?parent=377"}],"curies":[{"name":"wp","href":"https:\/\/api.w.org\/{rel}","templated":true}]}}