{"id":3784,"date":"2026-02-25T11:35:41","date_gmt":"2026-02-25T14:35:41","guid":{"rendered":"https:\/\/www.ufpb.br\/pinacoteca\/?page_id=3784"},"modified":"2026-03-31T09:05:58","modified_gmt":"2026-03-31T12:05:58","slug":"mirabeau-menezes","status":"publish","type":"page","link":"https:\/\/www.ufpb.br\/pinacoteca\/mirabeau-menezes\/","title":{"rendered":"Mirabeau Menezes"},"content":{"rendered":"\n<hr class=\"wp-block-separator has-alpha-channel-opacity\" \/>\n\n\n\n<div style=\"height:35px\" aria-hidden=\"true\" class=\"wp-block-spacer\"><\/div>\n\n\n\n<p>Mirabeau Menezes, nascido em 17 de mar\u00e7o de 1964 em Jo\u00e3o Pessoa, Para\u00edba, \u00e9 um artista visual com uma trajet\u00f3ria consolidada como artes\u00e3o, escultor e pintor. Desde cedo conviveu com o ambiente art\u00edstico, influenciado por seu pai, o saxofonista Joaquim Ferreira. Iniciou sua carreira como escultor em madeira, mas foi na pintura que encontrou seu principal meio de express\u00e3o. Desenvolveu um estilo pr\u00f3prio, ecl\u00e9tico e original, que transita entre o figurativo e o abstrato, explorando intensamente as cores e as texturas. Suas obras dialogam com o cotidiano nordestino, mas buscam uma dimens\u00e3o universal na comunica\u00e7\u00e3o est\u00e9tica e emocional.<\/p>\n\n\n\n<h2 class=\"wp-block-heading\"><div class=\"linha-header\">Obras: <\/div><\/h2>\n\n\n\n<figure class=\"wp-block-image size-full\"><img loading=\"lazy\" decoding=\"async\" width=\"257\" height=\"343\" src=\"https:\/\/www.ufpb.br\/pinacoteca\/wp-content\/uploads\/sites\/79\/sites\/210\/2026\/02\/image-16.png\" alt=\"\" class=\"wp-image-3788\" srcset=\"https:\/\/www.ufpb.br\/pinacoteca\/wp-content\/uploads\/sites\/79\/sites\/210\/2026\/02\/image-16.png 257w, https:\/\/www.ufpb.br\/pinacoteca\/wp-content\/uploads\/sites\/79\/sites\/210\/2026\/02\/image-16-225x300.png 225w\" sizes=\"auto, (max-width: 257px) 100vw, 257px\" \/><\/figure>\n\n\n\n<figure class=\"wp-block-image size-full\"><img loading=\"lazy\" decoding=\"async\" width=\"136\" height=\"502\" src=\"https:\/\/www.ufpb.br\/pinacoteca\/wp-content\/uploads\/sites\/79\/sites\/210\/2026\/02\/image-17.png\" alt=\"\" class=\"wp-image-3789\" srcset=\"https:\/\/www.ufpb.br\/pinacoteca\/wp-content\/uploads\/sites\/79\/sites\/210\/2026\/02\/image-17.png 136w, https:\/\/www.ufpb.br\/pinacoteca\/wp-content\/uploads\/sites\/79\/sites\/210\/2026\/02\/image-17-81x300.png 81w\" sizes=\"auto, (max-width: 136px) 100vw, 136px\" \/><figcaption class=\"wp-element-caption\">Varadouro, 2025. T\u00e9cnica Mista. 164cm x 46,5cm<\/figcaption><\/figure>\n\n\n\n<figure class=\"wp-block-image size-full\"><img loading=\"lazy\" decoding=\"async\" width=\"548\" height=\"513\" src=\"https:\/\/www.ufpb.br\/pinacoteca\/wp-content\/uploads\/sites\/79\/sites\/210\/2026\/02\/image-18.png\" alt=\"\" class=\"wp-image-3790\" srcset=\"https:\/\/www.ufpb.br\/pinacoteca\/wp-content\/uploads\/sites\/79\/sites\/210\/2026\/02\/image-18.png 548w, https:\/\/www.ufpb.br\/pinacoteca\/wp-content\/uploads\/sites\/79\/sites\/210\/2026\/02\/image-18-300x281.png 300w\" sizes=\"auto, (max-width: 548px) 100vw, 548px\" \/><figcaption class=\"wp-element-caption\">Sem t\u00edtulo, 2022. T\u00e9cnica? Acr\u00edlica s\/ eucatex. Dimens\u00f5es: 15,5cm x 16,3cm.<\/figcaption><\/figure>\n\n\n\n<figure class=\"wp-block-image size-full\"><img loading=\"lazy\" decoding=\"async\" width=\"1024\" height=\"768\" src=\"https:\/\/www.ufpb.br\/pinacoteca\/wp-content\/uploads\/sites\/79\/sites\/210\/2026\/02\/image-19.png\" alt=\"\" class=\"wp-image-3791\" srcset=\"https:\/\/www.ufpb.br\/pinacoteca\/wp-content\/uploads\/sites\/79\/sites\/210\/2026\/02\/image-19.png 1024w, https:\/\/www.ufpb.br\/pinacoteca\/wp-content\/uploads\/sites\/79\/sites\/210\/2026\/02\/image-19-300x225.png 300w, https:\/\/www.ufpb.br\/pinacoteca\/wp-content\/uploads\/sites\/79\/sites\/210\/2026\/02\/image-19-768x576.png 768w\" sizes=\"auto, (max-width: 1024px) 100vw, 1024px\" \/><figcaption class=\"wp-element-caption\">\u201c<strong>S\u00e3o Jorge<\/strong>\u201c, 2022. T\u00e9cnica: Acr\u00edlica s\/ tela. Dimens\u00f5es: 145 x 146 cm. Doa\u00e7\u00e3o do artista<\/figcaption><\/figure>\n","protected":false},"excerpt":{"rendered":"<p>Mirabeau Menezes, nascido em 17 de mar\u00e7o de 1964 em Jo\u00e3o Pessoa, Para\u00edba, \u00e9 um [&hellip;]<\/p>\n","protected":false},"author":332,"featured_media":0,"parent":0,"menu_order":0,"comment_status":"closed","ping_status":"closed","template":"","meta":{"footnotes":""},"class_list":["post-3784","page","type-page","status-publish","hentry"],"_links":{"self":[{"href":"https:\/\/www.ufpb.br\/pinacoteca\/wp-json\/wp\/v2\/pages\/3784","targetHints":{"allow":["GET"]}}],"collection":[{"href":"https:\/\/www.ufpb.br\/pinacoteca\/wp-json\/wp\/v2\/pages"}],"about":[{"href":"https:\/\/www.ufpb.br\/pinacoteca\/wp-json\/wp\/v2\/types\/page"}],"author":[{"embeddable":true,"href":"https:\/\/www.ufpb.br\/pinacoteca\/wp-json\/wp\/v2\/users\/332"}],"replies":[{"embeddable":true,"href":"https:\/\/www.ufpb.br\/pinacoteca\/wp-json\/wp\/v2\/comments?post=3784"}],"version-history":[{"count":2,"href":"https:\/\/www.ufpb.br\/pinacoteca\/wp-json\/wp\/v2\/pages\/3784\/revisions"}],"predecessor-version":[{"id":4050,"href":"https:\/\/www.ufpb.br\/pinacoteca\/wp-json\/wp\/v2\/pages\/3784\/revisions\/4050"}],"wp:attachment":[{"href":"https:\/\/www.ufpb.br\/pinacoteca\/wp-json\/wp\/v2\/media?parent=3784"}],"curies":[{"name":"wp","href":"https:\/\/api.w.org\/{rel}","templated":true}]}}