{"id":4081,"date":"2026-03-31T09:48:20","date_gmt":"2026-03-31T12:48:20","guid":{"rendered":"https:\/\/www.ufpb.br\/pinacoteca\/?page_id=4081"},"modified":"2026-04-06T10:53:07","modified_gmt":"2026-04-06T13:53:07","slug":"dayron-giro","status":"publish","type":"page","link":"https:\/\/www.ufpb.br\/pinacoteca\/dayron-giro\/","title":{"rendered":"Dayron Giro"},"content":{"rendered":"\n<hr class=\"wp-block-separator has-alpha-channel-opacity\" \/>\n\n\n\n<p>Dayron Giro (2002) graduou-se em Designer de Comunica\u00e7\u00e3o Visual (2025) no Instituto Superior de Design da Universidade de Havana (ISD\u00cd), \u00e9 especialista em ilustra\u00e7\u00f5es, gr\u00e1ficos conceituais, branding e p\u00f4ster cubano. Dayron j\u00e1 exp\u00f4s seus trabalhos em pa\u00edses como: Brasil, M\u00e9xico, It\u00e1lia, Espanha, Pol\u00f4nia, Equador, e Estados Unidos, J\u00e1 participou de concursos de design como: a Bienal Internacional de P\u00f4steres no M\u00e9xico e o Concurso de Design Estudantil de Taiwan.<\/p>\n\n\n\n<div style=\"height:6px\" aria-hidden=\"true\" class=\"wp-block-spacer\"><\/div>\n\n\n\n<h2 class=\"wp-block-heading\"><div class=\"linha-header\">Obras:<\/div><\/h2>\n\n\n\n<div style=\"height:7px\" aria-hidden=\"true\" class=\"wp-block-spacer\"><\/div>\n\n\n\n<figure class=\"wp-block-image size-full\"><img loading=\"lazy\" decoding=\"async\" width=\"446\" height=\"435\" src=\"https:\/\/www.ufpb.br\/pinacoteca\/wp-content\/uploads\/sites\/79\/sites\/210\/2026\/03\/image-95.png\" alt=\"\" class=\"wp-image-4083\" srcset=\"https:\/\/www.ufpb.br\/pinacoteca\/wp-content\/uploads\/sites\/79\/sites\/210\/2026\/03\/image-95.png 446w, https:\/\/www.ufpb.br\/pinacoteca\/wp-content\/uploads\/sites\/79\/sites\/210\/2026\/03\/image-95-300x293.png 300w\" sizes=\"auto, (max-width: 446px) 100vw, 446px\" \/><figcaption class=\"wp-element-caption\"><strong>GUATAC\u00d3N<\/strong>, s\/d. T\u00e9cnica: Serigrafia. Dimens\u00f5es: 40 X 40cm. Doa\u00e7\u00e3o feita por Gabriel Bechara Filho.<\/figcaption><\/figure>\n","protected":false},"excerpt":{"rendered":"<p>Dayron Giro (2002) graduou-se em Designer de Comunica\u00e7\u00e3o Visual (2025) no Instituto Superior de Design [&hellip;]<\/p>\n","protected":false},"author":332,"featured_media":0,"parent":0,"menu_order":0,"comment_status":"closed","ping_status":"closed","template":"","meta":{"footnotes":""},"class_list":["post-4081","page","type-page","status-publish","hentry"],"_links":{"self":[{"href":"https:\/\/www.ufpb.br\/pinacoteca\/wp-json\/wp\/v2\/pages\/4081","targetHints":{"allow":["GET"]}}],"collection":[{"href":"https:\/\/www.ufpb.br\/pinacoteca\/wp-json\/wp\/v2\/pages"}],"about":[{"href":"https:\/\/www.ufpb.br\/pinacoteca\/wp-json\/wp\/v2\/types\/page"}],"author":[{"embeddable":true,"href":"https:\/\/www.ufpb.br\/pinacoteca\/wp-json\/wp\/v2\/users\/332"}],"replies":[{"embeddable":true,"href":"https:\/\/www.ufpb.br\/pinacoteca\/wp-json\/wp\/v2\/comments?post=4081"}],"version-history":[{"count":2,"href":"https:\/\/www.ufpb.br\/pinacoteca\/wp-json\/wp\/v2\/pages\/4081\/revisions"}],"predecessor-version":[{"id":4225,"href":"https:\/\/www.ufpb.br\/pinacoteca\/wp-json\/wp\/v2\/pages\/4081\/revisions\/4225"}],"wp:attachment":[{"href":"https:\/\/www.ufpb.br\/pinacoteca\/wp-json\/wp\/v2\/media?parent=4081"}],"curies":[{"name":"wp","href":"https:\/\/api.w.org\/{rel}","templated":true}]}}