{"id":4087,"date":"2026-03-31T10:14:59","date_gmt":"2026-03-31T13:14:59","guid":{"rendered":"https:\/\/www.ufpb.br\/pinacoteca\/?page_id=4087"},"modified":"2026-03-31T10:14:59","modified_gmt":"2026-03-31T13:14:59","slug":"amelia-pelaez","status":"publish","type":"page","link":"https:\/\/www.ufpb.br\/pinacoteca\/amelia-pelaez\/","title":{"rendered":"Am\u00e9lia Pelaez"},"content":{"rendered":"\n<hr class=\"wp-block-separator has-alpha-channel-opacity\" \/>\n\n\n\n<p><\/p>\n\n\n\n<p>Amelia Pel\u00e1ez (1896\u20131968) foi uma artista modernista cubana conhecida por suas obras vibrantes que misturam elementos arquitet\u00f4nicos e ornamentais da cultura colonial. Estudou em Havana e Paris, influenciada pelo cubismo e purismo. Participou de exposi\u00e7\u00f5es internacionais como a Bienal de Veneza e o MoMA. \u00c9 considerada uma das grandes figuras da arte moderna em Cuba.<\/p>\n\n\n\n<div style=\"height:16px\" aria-hidden=\"true\" class=\"wp-block-spacer\"><\/div>\n\n\n\n<h2 class=\"wp-block-heading\"><div class=\"linha-header\">Obras:<\/div><\/h2>\n\n\n\n<div style=\"height:5px\" aria-hidden=\"true\" class=\"wp-block-spacer\"><\/div>\n\n\n\n<figure class=\"wp-block-image size-full is-resized\"><img loading=\"lazy\" decoding=\"async\" width=\"290\" height=\"360\" src=\"https:\/\/www.ufpb.br\/pinacoteca\/wp-content\/uploads\/sites\/79\/sites\/210\/2026\/03\/image-96.png\" alt=\"\" class=\"wp-image-4089\" style=\"width:350px;height:auto\" srcset=\"https:\/\/www.ufpb.br\/pinacoteca\/wp-content\/uploads\/sites\/79\/sites\/210\/2026\/03\/image-96.png 290w, https:\/\/www.ufpb.br\/pinacoteca\/wp-content\/uploads\/sites\/79\/sites\/210\/2026\/03\/image-96-242x300.png 242w\" sizes=\"auto, (max-width: 290px) 100vw, 290px\" \/><figcaption class=\"wp-element-caption\">Sem t\u00edtulo, 1966. T\u00e9cnica: Serigrafia. Dimens\u00f5es: 26,3 X 22cm. 18\/75. Doa\u00e7\u00e3o feita por Gabriel Bechara Filho. <\/figcaption><\/figure>\n\n\n\n<div style=\"height:6px\" aria-hidden=\"true\" class=\"wp-block-spacer\"><\/div>\n\n\n\n<figure class=\"wp-block-image size-full is-resized\"><img loading=\"lazy\" decoding=\"async\" width=\"290\" height=\"355\" src=\"https:\/\/www.ufpb.br\/pinacoteca\/wp-content\/uploads\/sites\/79\/sites\/210\/2026\/03\/image-97.png\" alt=\"\" class=\"wp-image-4090\" style=\"width:357px;height:auto\" srcset=\"https:\/\/www.ufpb.br\/pinacoteca\/wp-content\/uploads\/sites\/79\/sites\/210\/2026\/03\/image-97.png 290w, https:\/\/www.ufpb.br\/pinacoteca\/wp-content\/uploads\/sites\/79\/sites\/210\/2026\/03\/image-97-245x300.png 245w\" sizes=\"auto, (max-width: 290px) 100vw, 290px\" \/><figcaption class=\"wp-element-caption\">Sem t\u00edtulo, 1960. T\u00e9cnica: Serigrafia. Dimens\u00f5es: 27,7 X 21,5cm. 18\/75. Doa\u00e7\u00e3o feita por Gabriel Bechara Filho.<\/figcaption><\/figure>\n","protected":false},"excerpt":{"rendered":"<p>Amelia Pel\u00e1ez (1896\u20131968) foi uma artista modernista cubana conhecida por suas obras vibrantes que misturam [&hellip;]<\/p>\n","protected":false},"author":332,"featured_media":0,"parent":0,"menu_order":0,"comment_status":"closed","ping_status":"closed","template":"","meta":{"footnotes":""},"class_list":["post-4087","page","type-page","status-publish","hentry"],"_links":{"self":[{"href":"https:\/\/www.ufpb.br\/pinacoteca\/wp-json\/wp\/v2\/pages\/4087","targetHints":{"allow":["GET"]}}],"collection":[{"href":"https:\/\/www.ufpb.br\/pinacoteca\/wp-json\/wp\/v2\/pages"}],"about":[{"href":"https:\/\/www.ufpb.br\/pinacoteca\/wp-json\/wp\/v2\/types\/page"}],"author":[{"embeddable":true,"href":"https:\/\/www.ufpb.br\/pinacoteca\/wp-json\/wp\/v2\/users\/332"}],"replies":[{"embeddable":true,"href":"https:\/\/www.ufpb.br\/pinacoteca\/wp-json\/wp\/v2\/comments?post=4087"}],"version-history":[{"count":1,"href":"https:\/\/www.ufpb.br\/pinacoteca\/wp-json\/wp\/v2\/pages\/4087\/revisions"}],"predecessor-version":[{"id":4091,"href":"https:\/\/www.ufpb.br\/pinacoteca\/wp-json\/wp\/v2\/pages\/4087\/revisions\/4091"}],"wp:attachment":[{"href":"https:\/\/www.ufpb.br\/pinacoteca\/wp-json\/wp\/v2\/media?parent=4087"}],"curies":[{"name":"wp","href":"https:\/\/api.w.org\/{rel}","templated":true}]}}