{"id":4118,"date":"2026-03-31T10:55:50","date_gmt":"2026-03-31T13:55:50","guid":{"rendered":"https:\/\/www.ufpb.br\/pinacoteca\/?page_id=4118"},"modified":"2026-03-31T10:55:50","modified_gmt":"2026-03-31T13:55:50","slug":"otavio-maia","status":"publish","type":"page","link":"https:\/\/www.ufpb.br\/pinacoteca\/otavio-maia\/","title":{"rendered":"Ot\u00e1vio Maia"},"content":{"rendered":"\n<hr class=\"wp-block-separator has-alpha-channel-opacity\" \/>\n\n\n\n<p><\/p>\n\n\n\n<p>Ot\u00e1vio Maia \u00e9 artista pl\u00e1stico, restaurador e educador com forma\u00e7\u00e3o em Educa\u00e7\u00e3o Art\u00edstica (UFPB, 1984), Jornalismo (UFPB, 1997) e especializa\u00e7\u00e3o em Conserva\u00e7\u00e3o e Restaura\u00e7\u00e3o de Bens Culturais M\u00f3veis (UFMG, 2000). Atua como t\u00e9cnico e professor estatut\u00e1rio do Governo da Para\u00edba, vinculado ao Museu de Arte Assis Chateaubriand, em Campina Grande, onde \u00e9 respons\u00e1vel pela conserva\u00e7\u00e3o do acervo. Tem ampla experi\u00eancia em pintura, escultura, fotografia, curadoria, montagem de exposi\u00e7\u00f5es e documenta\u00e7\u00e3o t\u00e9cnica de obras de arte. Realizou est\u00e1gios na Fran\u00e7a e no CECOR\/UFMG, aprofundando sua atua\u00e7\u00e3o em arte-educa\u00e7\u00e3o e preserva\u00e7\u00e3o cultural.<\/p>\n\n\n\n<div style=\"height:3px\" aria-hidden=\"true\" class=\"wp-block-spacer\"><\/div>\n\n\n\n<h2 class=\"wp-block-heading\"><div class=\"linha-header\">Obras:<\/div><\/h2>\n\n\n\n<div style=\"height:6px\" aria-hidden=\"true\" class=\"wp-block-spacer\"><\/div>\n\n\n\n<figure class=\"wp-block-image size-full is-resized\"><img loading=\"lazy\" decoding=\"async\" width=\"362\" height=\"416\" src=\"https:\/\/www.ufpb.br\/pinacoteca\/wp-content\/uploads\/sites\/79\/sites\/210\/2026\/03\/image-104.png\" alt=\"\" class=\"wp-image-4124\" style=\"aspect-ratio:0.8701874319197687;width:409px;height:auto\" srcset=\"https:\/\/www.ufpb.br\/pinacoteca\/wp-content\/uploads\/sites\/79\/sites\/210\/2026\/03\/image-104.png 362w, https:\/\/www.ufpb.br\/pinacoteca\/wp-content\/uploads\/sites\/79\/sites\/210\/2026\/03\/image-104-261x300.png 261w\" sizes=\"auto, (max-width: 362px) 100vw, 362px\" \/><figcaption class=\"wp-element-caption\"><strong>Enigma VI<\/strong>, 1987. T\u00e9cnica: Ol\u00e9o s\/ Eucatex. Dimens\u00f5es: 68 X 78cm. Doa\u00e7\u00e3o da fam\u00edlia.<\/figcaption><\/figure>\n","protected":false},"excerpt":{"rendered":"<p>Ot\u00e1vio Maia \u00e9 artista pl\u00e1stico, restaurador e educador com forma\u00e7\u00e3o em Educa\u00e7\u00e3o Art\u00edstica (UFPB, 1984), [&hellip;]<\/p>\n","protected":false},"author":332,"featured_media":0,"parent":0,"menu_order":0,"comment_status":"closed","ping_status":"closed","template":"","meta":{"footnotes":""},"class_list":["post-4118","page","type-page","status-publish","hentry"],"_links":{"self":[{"href":"https:\/\/www.ufpb.br\/pinacoteca\/wp-json\/wp\/v2\/pages\/4118","targetHints":{"allow":["GET"]}}],"collection":[{"href":"https:\/\/www.ufpb.br\/pinacoteca\/wp-json\/wp\/v2\/pages"}],"about":[{"href":"https:\/\/www.ufpb.br\/pinacoteca\/wp-json\/wp\/v2\/types\/page"}],"author":[{"embeddable":true,"href":"https:\/\/www.ufpb.br\/pinacoteca\/wp-json\/wp\/v2\/users\/332"}],"replies":[{"embeddable":true,"href":"https:\/\/www.ufpb.br\/pinacoteca\/wp-json\/wp\/v2\/comments?post=4118"}],"version-history":[{"count":1,"href":"https:\/\/www.ufpb.br\/pinacoteca\/wp-json\/wp\/v2\/pages\/4118\/revisions"}],"predecessor-version":[{"id":4125,"href":"https:\/\/www.ufpb.br\/pinacoteca\/wp-json\/wp\/v2\/pages\/4118\/revisions\/4125"}],"wp:attachment":[{"href":"https:\/\/www.ufpb.br\/pinacoteca\/wp-json\/wp\/v2\/media?parent=4118"}],"curies":[{"name":"wp","href":"https:\/\/api.w.org\/{rel}","templated":true}]}}