{"id":4127,"date":"2026-03-31T11:13:57","date_gmt":"2026-03-31T14:13:57","guid":{"rendered":"https:\/\/www.ufpb.br\/pinacoteca\/?page_id=4127"},"modified":"2026-04-06T10:41:12","modified_gmt":"2026-04-06T13:41:12","slug":"madriano-basilio","status":"publish","type":"page","link":"https:\/\/www.ufpb.br\/pinacoteca\/madriano-basilio\/","title":{"rendered":"Madriano Bas\u00edlio"},"content":{"rendered":"\n<hr class=\"wp-block-separator has-alpha-channel-opacity\" \/>\n\n\n\n<p><\/p>\n\n\n\n<p>Madriano Basilio da Silva Alves nasceu em Guarabira, Para\u00edba. Assina suas obras como M. Bas\u00edlio e \u00e9 um artista visual, ceramista. Participou das seguintes exposi\u00e7\u00f5es: 15 artistas dos anos 90 (9\/12\/1999 \u2013 30\/12\/1999), 6\u00aa FENART: arte do povo brasileiro! (27\/5\/2000 \u2013 3\/6\/2000-0, Arte Cer\u00e2mica (10\/3\/2005 \u2013 24\/4\/2005), 3\u00ba Sal\u00e3o Nacional de Cer\u00e2mica (30\/6\/2010 \u2013 3\/10\/2010) e Bienal Na\u00effs do Brasil 2016 (19\/8\/2016 \u2013 27\/11\/2016).<\/p>\n\n\n\n<div style=\"height:10px\" aria-hidden=\"true\" class=\"wp-block-spacer\"><\/div>\n\n\n\n<h2 class=\"wp-block-heading\"><div class=\"linha-header\">Obras:<\/div><\/h2>\n\n\n\n<div style=\"height:8px\" aria-hidden=\"true\" class=\"wp-block-spacer\"><\/div>\n\n\n\n<figure class=\"wp-block-image size-full is-resized\"><img loading=\"lazy\" decoding=\"async\" width=\"899\" height=\"942\" src=\"https:\/\/www.ufpb.br\/pinacoteca\/wp-content\/uploads\/sites\/79\/sites\/210\/2026\/03\/image-107.png\" alt=\"\" class=\"wp-image-4131\" style=\"aspect-ratio:0.9543769143962598;width:424px;height:auto\" srcset=\"https:\/\/www.ufpb.br\/pinacoteca\/wp-content\/uploads\/sites\/79\/sites\/210\/2026\/03\/image-107.png 899w, https:\/\/www.ufpb.br\/pinacoteca\/wp-content\/uploads\/sites\/79\/sites\/210\/2026\/03\/image-107-286x300.png 286w, https:\/\/www.ufpb.br\/pinacoteca\/wp-content\/uploads\/sites\/79\/sites\/210\/2026\/03\/image-107-768x805.png 768w\" sizes=\"auto, (max-width: 899px) 100vw, 899px\" \/><figcaption class=\"wp-element-caption\">Sem t\u00edtulo, 2018. T\u00e9cnica:: Cer\u00e2mica. Dimens\u00f5es variadas. Doa\u00e7\u00e3o feita por Gabriel Bechara Filho.<\/figcaption><\/figure>\n\n\n\n<div style=\"height:8px\" aria-hidden=\"true\" class=\"wp-block-spacer\"><\/div>\n\n\n\n<figure class=\"wp-block-image size-full\"><img loading=\"lazy\" decoding=\"async\" width=\"321\" height=\"370\" src=\"https:\/\/www.ufpb.br\/pinacoteca\/wp-content\/uploads\/sites\/79\/sites\/210\/2026\/03\/image.jpeg\" alt=\"\" class=\"wp-image-4132\" srcset=\"https:\/\/www.ufpb.br\/pinacoteca\/wp-content\/uploads\/sites\/79\/sites\/210\/2026\/03\/image.jpeg 321w, https:\/\/www.ufpb.br\/pinacoteca\/wp-content\/uploads\/sites\/79\/sites\/210\/2026\/03\/image-260x300.jpeg 260w\" sizes=\"auto, (max-width: 321px) 100vw, 321px\" \/><figcaption class=\"wp-element-caption\">Sem t\u00edtulo, 1999. T\u00e9cnica: Terracota. Dimens\u00f5es: 38 X 31 X 34cm. Doa\u00e7\u00e3o de Gabriel Bechara Filho.<\/figcaption><\/figure>\n\n\n\n<div style=\"height:7px\" aria-hidden=\"true\" class=\"wp-block-spacer\"><\/div>\n\n\n\n<figure class=\"wp-block-image size-large\"><img loading=\"lazy\" decoding=\"async\" width=\"1008\" height=\"1024\" src=\"https:\/\/www.ufpb.br\/pinacoteca\/wp-content\/uploads\/sites\/79\/sites\/210\/2026\/04\/image-6-1008x1024.png\" alt=\"\" class=\"wp-image-4206\" srcset=\"https:\/\/www.ufpb.br\/pinacoteca\/wp-content\/uploads\/sites\/79\/sites\/210\/2026\/04\/image-6-1008x1024.png 1008w, https:\/\/www.ufpb.br\/pinacoteca\/wp-content\/uploads\/sites\/79\/sites\/210\/2026\/04\/image-6-295x300.png 295w, https:\/\/www.ufpb.br\/pinacoteca\/wp-content\/uploads\/sites\/79\/sites\/210\/2026\/04\/image-6-768x780.png 768w, https:\/\/www.ufpb.br\/pinacoteca\/wp-content\/uploads\/sites\/79\/sites\/210\/2026\/04\/image-6-1512x1536.png 1512w, https:\/\/www.ufpb.br\/pinacoteca\/wp-content\/uploads\/sites\/79\/sites\/210\/2026\/04\/image-6.png 1575w\" sizes=\"auto, (max-width: 1008px) 100vw, 1008px\" \/><figcaption class=\"wp-element-caption\">Sem t\u00edtulo, 2013. T\u00e9cnica: Terracota. Dimens\u00f5es: 10 X 7,9cm. Doa\u00e7\u00e3o feita por Gabriel Bechara Filho.<\/figcaption><\/figure>\n\n\n\n<div style=\"height:5px\" aria-hidden=\"true\" class=\"wp-block-spacer\"><\/div>\n\n\n\n<figure class=\"wp-block-image size-large\"><img loading=\"lazy\" decoding=\"async\" width=\"900\" height=\"1024\" src=\"https:\/\/www.ufpb.br\/pinacoteca\/wp-content\/uploads\/sites\/79\/sites\/210\/2026\/04\/image-7-900x1024.png\" alt=\"\" class=\"wp-image-4207\" srcset=\"https:\/\/www.ufpb.br\/pinacoteca\/wp-content\/uploads\/sites\/79\/sites\/210\/2026\/04\/image-7-900x1024.png 900w, https:\/\/www.ufpb.br\/pinacoteca\/wp-content\/uploads\/sites\/79\/sites\/210\/2026\/04\/image-7-264x300.png 264w, https:\/\/www.ufpb.br\/pinacoteca\/wp-content\/uploads\/sites\/79\/sites\/210\/2026\/04\/image-7-768x873.png 768w, https:\/\/www.ufpb.br\/pinacoteca\/wp-content\/uploads\/sites\/79\/sites\/210\/2026\/04\/image-7-1351x1536.png 1351w, https:\/\/www.ufpb.br\/pinacoteca\/wp-content\/uploads\/sites\/79\/sites\/210\/2026\/04\/image-7.png 1407w\" sizes=\"auto, (max-width: 900px) 100vw, 900px\" \/><figcaption class=\"wp-element-caption\">Sem t\u00edtulo, 2013. T\u00e9cnica: Terracota. Dimens\u00f5es: 10,5 X 9,2cm. Doa\u00e7\u00e3o feita por Gabriel Bechara Filho.<\/figcaption><\/figure>\n\n\n\n<div style=\"height:6px\" aria-hidden=\"true\" class=\"wp-block-spacer\"><\/div>\n\n\n\n<figure class=\"wp-block-image size-large\"><img loading=\"lazy\" decoding=\"async\" width=\"931\" height=\"1024\" src=\"https:\/\/www.ufpb.br\/pinacoteca\/wp-content\/uploads\/sites\/79\/sites\/210\/2026\/04\/image-8-931x1024.png\" alt=\"\" class=\"wp-image-4208\" srcset=\"https:\/\/www.ufpb.br\/pinacoteca\/wp-content\/uploads\/sites\/79\/sites\/210\/2026\/04\/image-8-931x1024.png 931w, https:\/\/www.ufpb.br\/pinacoteca\/wp-content\/uploads\/sites\/79\/sites\/210\/2026\/04\/image-8-273x300.png 273w, https:\/\/www.ufpb.br\/pinacoteca\/wp-content\/uploads\/sites\/79\/sites\/210\/2026\/04\/image-8-768x845.png 768w, https:\/\/www.ufpb.br\/pinacoteca\/wp-content\/uploads\/sites\/79\/sites\/210\/2026\/04\/image-8-1396x1536.png 1396w, https:\/\/www.ufpb.br\/pinacoteca\/wp-content\/uploads\/sites\/79\/sites\/210\/2026\/04\/image-8.png 1454w\" sizes=\"auto, (max-width: 931px) 100vw, 931px\" \/><figcaption class=\"wp-element-caption\">Sem t\u00edtulo, 2013. T\u00e9cnica: Terracota. Dimens\u00f5es: 9,5 X 8,5cm. Doa\u00e7\u00e3o feita por Gabriel Bechara Filho.<\/figcaption><\/figure>\n\n\n\n<div style=\"height:6px\" aria-hidden=\"true\" class=\"wp-block-spacer\"><\/div>\n\n\n\n<figure class=\"wp-block-image size-large\"><img loading=\"lazy\" decoding=\"async\" width=\"977\" height=\"1024\" src=\"https:\/\/www.ufpb.br\/pinacoteca\/wp-content\/uploads\/sites\/79\/sites\/210\/2026\/04\/image-9-977x1024.png\" alt=\"\" class=\"wp-image-4209\" srcset=\"https:\/\/www.ufpb.br\/pinacoteca\/wp-content\/uploads\/sites\/79\/sites\/210\/2026\/04\/image-9-977x1024.png 977w, https:\/\/www.ufpb.br\/pinacoteca\/wp-content\/uploads\/sites\/79\/sites\/210\/2026\/04\/image-9-286x300.png 286w, https:\/\/www.ufpb.br\/pinacoteca\/wp-content\/uploads\/sites\/79\/sites\/210\/2026\/04\/image-9-768x805.png 768w, https:\/\/www.ufpb.br\/pinacoteca\/wp-content\/uploads\/sites\/79\/sites\/210\/2026\/04\/image-9-1465x1536.png 1465w, https:\/\/www.ufpb.br\/pinacoteca\/wp-content\/uploads\/sites\/79\/sites\/210\/2026\/04\/image-9.png 1526w\" sizes=\"auto, (max-width: 977px) 100vw, 977px\" \/><figcaption class=\"wp-element-caption\">Anjo do Tambor, 2015. T\u00e9cnica: Terracota. Dimens\u00f5es: 9 X 12,5cm. Doa\u00e7\u00e3o feita por Gabriel Bechara Filho.<\/figcaption><\/figure>\n\n\n\n<div style=\"height:4px\" aria-hidden=\"true\" class=\"wp-block-spacer\"><\/div>\n\n\n\n<figure class=\"wp-block-image size-large\"><img loading=\"lazy\" decoding=\"async\" width=\"768\" height=\"1024\" src=\"https:\/\/www.ufpb.br\/pinacoteca\/wp-content\/uploads\/sites\/79\/sites\/210\/2026\/04\/image-10-768x1024.png\" alt=\"\" class=\"wp-image-4210\" srcset=\"https:\/\/www.ufpb.br\/pinacoteca\/wp-content\/uploads\/sites\/79\/sites\/210\/2026\/04\/image-10-768x1024.png 768w, https:\/\/www.ufpb.br\/pinacoteca\/wp-content\/uploads\/sites\/79\/sites\/210\/2026\/04\/image-10-225x300.png 225w, https:\/\/www.ufpb.br\/pinacoteca\/wp-content\/uploads\/sites\/79\/sites\/210\/2026\/04\/image-10-1152x1536.png 1152w, https:\/\/www.ufpb.br\/pinacoteca\/wp-content\/uploads\/sites\/79\/sites\/210\/2026\/04\/image-10.png 1200w\" sizes=\"auto, (max-width: 768px) 100vw, 768px\" \/><figcaption class=\"wp-element-caption\">Sem t\u00edtulo, 2013. T\u00e9cnica: Terracota. Dimens\u00f5es: 10,1 X 11,5cm. Doa\u00e7\u00e3o feita por Gabriel Bechara Filho.<\/figcaption><\/figure>\n\n\n\n<div style=\"height:6px\" aria-hidden=\"true\" class=\"wp-block-spacer\"><\/div>\n\n\n\n<figure class=\"wp-block-image size-large\"><img loading=\"lazy\" decoding=\"async\" width=\"1024\" height=\"942\" src=\"https:\/\/www.ufpb.br\/pinacoteca\/wp-content\/uploads\/sites\/79\/sites\/210\/2026\/04\/image-11-1024x942.png\" alt=\"\" class=\"wp-image-4211\" srcset=\"https:\/\/www.ufpb.br\/pinacoteca\/wp-content\/uploads\/sites\/79\/sites\/210\/2026\/04\/image-11-1024x942.png 1024w, https:\/\/www.ufpb.br\/pinacoteca\/wp-content\/uploads\/sites\/79\/sites\/210\/2026\/04\/image-11-300x276.png 300w, https:\/\/www.ufpb.br\/pinacoteca\/wp-content\/uploads\/sites\/79\/sites\/210\/2026\/04\/image-11-768x707.png 768w, https:\/\/www.ufpb.br\/pinacoteca\/wp-content\/uploads\/sites\/79\/sites\/210\/2026\/04\/image-11-1536x1413.png 1536w, https:\/\/www.ufpb.br\/pinacoteca\/wp-content\/uploads\/sites\/79\/sites\/210\/2026\/04\/image-11.png 1600w\" sizes=\"auto, (max-width: 1024px) 100vw, 1024px\" \/><figcaption class=\"wp-element-caption\">Sem t\u00edtulo, 2013. T\u00e9cnica: Terracota. Dimens\u00f5es: 4,9 X 12,5cm. Doa\u00e7\u00e3o feita por Gabriel Bechara Filho.<\/figcaption><\/figure>\n\n\n\n<div style=\"height:8px\" aria-hidden=\"true\" class=\"wp-block-spacer\"><\/div>\n\n\n\n<figure class=\"wp-block-image size-large\"><img loading=\"lazy\" decoding=\"async\" width=\"777\" height=\"1024\" src=\"https:\/\/www.ufpb.br\/pinacoteca\/wp-content\/uploads\/sites\/79\/sites\/210\/2026\/04\/image-12-777x1024.png\" alt=\"\" class=\"wp-image-4212\" srcset=\"https:\/\/www.ufpb.br\/pinacoteca\/wp-content\/uploads\/sites\/79\/sites\/210\/2026\/04\/image-12-777x1024.png 777w, https:\/\/www.ufpb.br\/pinacoteca\/wp-content\/uploads\/sites\/79\/sites\/210\/2026\/04\/image-12-228x300.png 228w, https:\/\/www.ufpb.br\/pinacoteca\/wp-content\/uploads\/sites\/79\/sites\/210\/2026\/04\/image-12-768x1012.png 768w, https:\/\/www.ufpb.br\/pinacoteca\/wp-content\/uploads\/sites\/79\/sites\/210\/2026\/04\/image-12-1165x1536.png 1165w, https:\/\/www.ufpb.br\/pinacoteca\/wp-content\/uploads\/sites\/79\/sites\/210\/2026\/04\/image-12.png 1214w\" sizes=\"auto, (max-width: 777px) 100vw, 777px\" \/><figcaption class=\"wp-element-caption\">Sem t\u00edtulo, 2013. T\u00e9cnica: Terracota. Dimens\u00f5es: 7,9 X 8,5cm. Doa\u00e7\u00e3o feita por Gabriel Bechara Filho.<\/figcaption><\/figure>\n\n\n\n<div style=\"height:4px\" aria-hidden=\"true\" class=\"wp-block-spacer\"><\/div>\n\n\n\n<figure class=\"wp-block-image size-large\"><img loading=\"lazy\" decoding=\"async\" width=\"719\" height=\"1024\" src=\"https:\/\/www.ufpb.br\/pinacoteca\/wp-content\/uploads\/sites\/79\/sites\/210\/2026\/04\/image-13-719x1024.png\" alt=\"\" class=\"wp-image-4214\" srcset=\"https:\/\/www.ufpb.br\/pinacoteca\/wp-content\/uploads\/sites\/79\/sites\/210\/2026\/04\/image-13-719x1024.png 719w, https:\/\/www.ufpb.br\/pinacoteca\/wp-content\/uploads\/sites\/79\/sites\/210\/2026\/04\/image-13-211x300.png 211w, https:\/\/www.ufpb.br\/pinacoteca\/wp-content\/uploads\/sites\/79\/sites\/210\/2026\/04\/image-13-768x1094.png 768w, https:\/\/www.ufpb.br\/pinacoteca\/wp-content\/uploads\/sites\/79\/sites\/210\/2026\/04\/image-13-1078x1536.png 1078w, https:\/\/www.ufpb.br\/pinacoteca\/wp-content\/uploads\/sites\/79\/sites\/210\/2026\/04\/image-13.png 1123w\" sizes=\"auto, (max-width: 719px) 100vw, 719px\" \/><figcaption class=\"wp-element-caption\">Sem t\u00edtulo, 2013. T\u00e9cnica: Terracota. Dimens\u00f5es: 15,5 X 10cm. Doa\u00e7\u00e3o feita por Gabriel Bechara Filho.<\/figcaption><\/figure>\n\n\n\n<div style=\"height:4px\" aria-hidden=\"true\" class=\"wp-block-spacer\"><\/div>\n\n\n\n<figure class=\"wp-block-image size-large\"><img loading=\"lazy\" decoding=\"async\" width=\"781\" height=\"1024\" src=\"https:\/\/www.ufpb.br\/pinacoteca\/wp-content\/uploads\/sites\/79\/sites\/210\/2026\/04\/image-14-781x1024.png\" alt=\"\" class=\"wp-image-4216\" srcset=\"https:\/\/www.ufpb.br\/pinacoteca\/wp-content\/uploads\/sites\/79\/sites\/210\/2026\/04\/image-14-781x1024.png 781w, https:\/\/www.ufpb.br\/pinacoteca\/wp-content\/uploads\/sites\/79\/sites\/210\/2026\/04\/image-14-229x300.png 229w, https:\/\/www.ufpb.br\/pinacoteca\/wp-content\/uploads\/sites\/79\/sites\/210\/2026\/04\/image-14-768x1007.png 768w, https:\/\/www.ufpb.br\/pinacoteca\/wp-content\/uploads\/sites\/79\/sites\/210\/2026\/04\/image-14-1171x1536.png 1171w, https:\/\/www.ufpb.br\/pinacoteca\/wp-content\/uploads\/sites\/79\/sites\/210\/2026\/04\/image-14.png 1220w\" sizes=\"auto, (max-width: 781px) 100vw, 781px\" \/><figcaption class=\"wp-element-caption\">Sem t\u00edtulo, 2013. T\u00e9cnica: Terracota. Dimens\u00f5es: 19 X 13cm. Doa\u00e7\u00e3o feita por Gabriel Bechara Filho.<\/figcaption><\/figure>\n\n\n\n<div style=\"height:7px\" aria-hidden=\"true\" class=\"wp-block-spacer\"><\/div>\n\n\n\n<figure class=\"wp-block-image size-large\"><img loading=\"lazy\" decoding=\"async\" width=\"1024\" height=\"768\" src=\"https:\/\/www.ufpb.br\/pinacoteca\/wp-content\/uploads\/sites\/79\/sites\/210\/2026\/04\/image-15-1024x768.png\" alt=\"\" class=\"wp-image-4217\" srcset=\"https:\/\/www.ufpb.br\/pinacoteca\/wp-content\/uploads\/sites\/79\/sites\/210\/2026\/04\/image-15-1024x768.png 1024w, https:\/\/www.ufpb.br\/pinacoteca\/wp-content\/uploads\/sites\/79\/sites\/210\/2026\/04\/image-15-300x225.png 300w, https:\/\/www.ufpb.br\/pinacoteca\/wp-content\/uploads\/sites\/79\/sites\/210\/2026\/04\/image-15-768x576.png 768w, https:\/\/www.ufpb.br\/pinacoteca\/wp-content\/uploads\/sites\/79\/sites\/210\/2026\/04\/image-15-1536x1152.png 1536w, https:\/\/www.ufpb.br\/pinacoteca\/wp-content\/uploads\/sites\/79\/sites\/210\/2026\/04\/image-15.png 1600w\" sizes=\"auto, (max-width: 1024px) 100vw, 1024px\" \/><figcaption class=\"wp-element-caption\">Sem t\u00edtulo, 2002. T\u00e9cnica: Terracota. Dimens\u00f5es: 26,5 X 43,4cm. Doa\u00e7\u00e3o feita por Gabriel Bechara Filho.<\/figcaption><\/figure>\n\n\n\n<div style=\"height:5px\" aria-hidden=\"true\" class=\"wp-block-spacer\"><\/div>\n\n\n\n<div style=\"height:7px\" aria-hidden=\"true\" class=\"wp-block-spacer\"><\/div>\n\n\n\n<figure class=\"wp-block-image size-full\"><img loading=\"lazy\" decoding=\"async\" width=\"440\" height=\"427\" src=\"https:\/\/www.ufpb.br\/pinacoteca\/wp-content\/uploads\/sites\/79\/sites\/210\/2026\/03\/image-105.png\" alt=\"\" class=\"wp-image-4129\" srcset=\"https:\/\/www.ufpb.br\/pinacoteca\/wp-content\/uploads\/sites\/79\/sites\/210\/2026\/03\/image-105.png 440w, https:\/\/www.ufpb.br\/pinacoteca\/wp-content\/uploads\/sites\/79\/sites\/210\/2026\/03\/image-105-300x291.png 300w\" sizes=\"auto, (max-width: 440px) 100vw, 440px\" \/><figcaption class=\"wp-element-caption\">Sem t\u00edtulo, 2018. T\u00e9cnica: Acr\u00edlica s\/ tela. Dimens\u00f5es: 10 X 10cm. Doa\u00e7\u00e3o feita por Gabriel Bechara Filho. <\/figcaption><\/figure>\n\n\n\n<div style=\"height:7px\" aria-hidden=\"true\" class=\"wp-block-spacer\"><\/div>\n\n\n\n<figure class=\"wp-block-image size-full is-resized\"><img loading=\"lazy\" decoding=\"async\" width=\"324\" height=\"449\" src=\"https:\/\/www.ufpb.br\/pinacoteca\/wp-content\/uploads\/sites\/79\/sites\/210\/2026\/03\/image-106.png\" alt=\"\" class=\"wp-image-4130\" style=\"aspect-ratio:0.7216189879585161;width:386px;height:auto\" srcset=\"https:\/\/www.ufpb.br\/pinacoteca\/wp-content\/uploads\/sites\/79\/sites\/210\/2026\/03\/image-106.png 324w, https:\/\/www.ufpb.br\/pinacoteca\/wp-content\/uploads\/sites\/79\/sites\/210\/2026\/03\/image-106-216x300.png 216w\" sizes=\"auto, (max-width: 324px) 100vw, 324px\" \/><figcaption class=\"wp-element-caption\"><strong>Anjo Divino III<\/strong>, 2017. T\u00e9cnica: Acr\u00edlica s\/ tela. Dimens\u00f5es: 15 X 10cm. Doa\u00e7\u00e3o feita por Gabriel Bechara Filho.<\/figcaption><\/figure>\n\n\n\n<div style=\"height:7px\" aria-hidden=\"true\" class=\"wp-block-spacer\"><\/div>\n\n\n\n<figure class=\"wp-block-image size-large is-resized\"><img loading=\"lazy\" decoding=\"async\" width=\"1024\" height=\"768\" src=\"http:\/\/www.ufpb.br\/pinacoteca\/wp-content\/uploads\/sites\/79\/sites\/210\/2026\/04\/WhatsApp-Image-2026-03-31-at-11.36.16-1024x768.jpeg\" alt=\"\" class=\"wp-image-4135\" style=\"width:503px;height:auto\" srcset=\"https:\/\/www.ufpb.br\/pinacoteca\/wp-content\/uploads\/sites\/79\/sites\/210\/2026\/04\/WhatsApp-Image-2026-03-31-at-11.36.16-1024x768.jpeg 1024w, https:\/\/www.ufpb.br\/pinacoteca\/wp-content\/uploads\/sites\/79\/sites\/210\/2026\/04\/WhatsApp-Image-2026-03-31-at-11.36.16-300x225.jpeg 300w, https:\/\/www.ufpb.br\/pinacoteca\/wp-content\/uploads\/sites\/79\/sites\/210\/2026\/04\/WhatsApp-Image-2026-03-31-at-11.36.16-768x576.jpeg 768w, https:\/\/www.ufpb.br\/pinacoteca\/wp-content\/uploads\/sites\/79\/sites\/210\/2026\/04\/WhatsApp-Image-2026-03-31-at-11.36.16-1536x1152.jpeg 1536w, https:\/\/www.ufpb.br\/pinacoteca\/wp-content\/uploads\/sites\/79\/sites\/210\/2026\/04\/WhatsApp-Image-2026-03-31-at-11.36.16.jpeg 1600w\" sizes=\"auto, (max-width: 1024px) 100vw, 1024px\" \/><figcaption class=\"wp-element-caption\"><strong>Orat\u00f3rio de Nossa Sra<\/strong>, 2017. T\u00e9cnica: Acr\u00edlica s\/ tela. Dimens\u00f5es: 10 X 15cm. Doa\u00e7\u00e3o feita por Gabriel Bechara Filho.<\/figcaption><\/figure>\n\n\n\n<div style=\"height:6px\" aria-hidden=\"true\" class=\"wp-block-spacer\"><\/div>\n\n\n\n<figure class=\"wp-block-image size-large is-resized\"><img loading=\"lazy\" decoding=\"async\" width=\"1024\" height=\"768\" src=\"http:\/\/www.ufpb.br\/pinacoteca\/wp-content\/uploads\/sites\/79\/sites\/210\/2026\/04\/WhatsApp-Image-2026-03-31-at-11.37.38-1024x768.jpeg\" alt=\"\" class=\"wp-image-4137\" style=\"aspect-ratio:1.3333796312371957;width:547px;height:auto\" srcset=\"https:\/\/www.ufpb.br\/pinacoteca\/wp-content\/uploads\/sites\/79\/sites\/210\/2026\/04\/WhatsApp-Image-2026-03-31-at-11.37.38-1024x768.jpeg 1024w, https:\/\/www.ufpb.br\/pinacoteca\/wp-content\/uploads\/sites\/79\/sites\/210\/2026\/04\/WhatsApp-Image-2026-03-31-at-11.37.38-300x225.jpeg 300w, https:\/\/www.ufpb.br\/pinacoteca\/wp-content\/uploads\/sites\/79\/sites\/210\/2026\/04\/WhatsApp-Image-2026-03-31-at-11.37.38-768x576.jpeg 768w, https:\/\/www.ufpb.br\/pinacoteca\/wp-content\/uploads\/sites\/79\/sites\/210\/2026\/04\/WhatsApp-Image-2026-03-31-at-11.37.38-1536x1152.jpeg 1536w, https:\/\/www.ufpb.br\/pinacoteca\/wp-content\/uploads\/sites\/79\/sites\/210\/2026\/04\/WhatsApp-Image-2026-03-31-at-11.37.38.jpeg 1600w\" sizes=\"auto, (max-width: 1024px) 100vw, 1024px\" \/><figcaption class=\"wp-element-caption\">Sem t\u00edtulo, 2019. T\u00e9cnica: Acr\u00edlica s\/ tela. Dimens\u00f5es: 9 X 12cm. Doa\u00e7\u00e3o feita por Gabriel Bechara Filho.<\/figcaption><\/figure>\n\n\n\n<div style=\"height:5px\" aria-hidden=\"true\" class=\"wp-block-spacer\"><\/div>\n\n\n\n<figure class=\"wp-block-image size-large is-resized\"><img loading=\"lazy\" decoding=\"async\" width=\"768\" height=\"1024\" src=\"http:\/\/www.ufpb.br\/pinacoteca\/wp-content\/uploads\/sites\/79\/sites\/210\/2026\/04\/WhatsApp-Image-2026-03-31-at-11.39.55-768x1024.jpeg\" alt=\"\" class=\"wp-image-4138\" style=\"aspect-ratio:0.7500079181579198;width:532px;height:auto\" srcset=\"https:\/\/www.ufpb.br\/pinacoteca\/wp-content\/uploads\/sites\/79\/sites\/210\/2026\/04\/WhatsApp-Image-2026-03-31-at-11.39.55-768x1024.jpeg 768w, https:\/\/www.ufpb.br\/pinacoteca\/wp-content\/uploads\/sites\/79\/sites\/210\/2026\/04\/WhatsApp-Image-2026-03-31-at-11.39.55-225x300.jpeg 225w, https:\/\/www.ufpb.br\/pinacoteca\/wp-content\/uploads\/sites\/79\/sites\/210\/2026\/04\/WhatsApp-Image-2026-03-31-at-11.39.55-1152x1536.jpeg 1152w, https:\/\/www.ufpb.br\/pinacoteca\/wp-content\/uploads\/sites\/79\/sites\/210\/2026\/04\/WhatsApp-Image-2026-03-31-at-11.39.55.jpeg 1200w\" sizes=\"auto, (max-width: 768px) 100vw, 768px\" \/><figcaption class=\"wp-element-caption\">Sem t\u00edtulo, 2018. T\u00e9cnica: Acr\u00edlica s\/ tela. Dimens\u00f5es: 10 X 10cm. Doa\u00e7\u00e3o feita por Gabriel Bechara Filho.<\/figcaption><\/figure>\n\n\n\n<div style=\"height:7px\" aria-hidden=\"true\" class=\"wp-block-spacer\"><\/div>\n\n\n\n<figure class=\"wp-block-image size-large is-resized\"><img loading=\"lazy\" decoding=\"async\" width=\"1024\" height=\"768\" src=\"http:\/\/www.ufpb.br\/pinacoteca\/wp-content\/uploads\/sites\/79\/sites\/210\/2026\/04\/WhatsApp-Image-2026-04-01-at-09.54.47-1024x768.jpeg\" alt=\"\" class=\"wp-image-4139\" style=\"width:543px;height:auto\" srcset=\"https:\/\/www.ufpb.br\/pinacoteca\/wp-content\/uploads\/sites\/79\/sites\/210\/2026\/04\/WhatsApp-Image-2026-04-01-at-09.54.47-1024x768.jpeg 1024w, https:\/\/www.ufpb.br\/pinacoteca\/wp-content\/uploads\/sites\/79\/sites\/210\/2026\/04\/WhatsApp-Image-2026-04-01-at-09.54.47-300x225.jpeg 300w, https:\/\/www.ufpb.br\/pinacoteca\/wp-content\/uploads\/sites\/79\/sites\/210\/2026\/04\/WhatsApp-Image-2026-04-01-at-09.54.47-768x576.jpeg 768w, https:\/\/www.ufpb.br\/pinacoteca\/wp-content\/uploads\/sites\/79\/sites\/210\/2026\/04\/WhatsApp-Image-2026-04-01-at-09.54.47-1536x1152.jpeg 1536w, https:\/\/www.ufpb.br\/pinacoteca\/wp-content\/uploads\/sites\/79\/sites\/210\/2026\/04\/WhatsApp-Image-2026-04-01-at-09.54.47.jpeg 1600w\" sizes=\"auto, (max-width: 1024px) 100vw, 1024px\" \/><figcaption class=\"wp-element-caption\"><strong>Circo de Anjos IV<\/strong>, 2016. T\u00e9cnica: Acr\u00edlica s\/ tela. Dimens\u00f5es: 20 X 15cm. Doa\u00e7\u00e3o feita por Gabriel Bechara Filho<\/figcaption><\/figure>\n\n\n\n<div style=\"height:7px\" aria-hidden=\"true\" class=\"wp-block-spacer\"><\/div>\n\n\n\n<figure class=\"wp-block-image size-large is-resized\"><img loading=\"lazy\" decoding=\"async\" width=\"768\" height=\"1024\" src=\"http:\/\/www.ufpb.br\/pinacoteca\/wp-content\/uploads\/sites\/79\/sites\/210\/2026\/04\/WhatsApp-Image-2026-04-01-at-09.54.47-1-768x1024.jpeg\" alt=\"\" class=\"wp-image-4140\" style=\"aspect-ratio:0.7500079181579198;width:533px;height:auto\" srcset=\"https:\/\/www.ufpb.br\/pinacoteca\/wp-content\/uploads\/sites\/79\/sites\/210\/2026\/04\/WhatsApp-Image-2026-04-01-at-09.54.47-1-768x1024.jpeg 768w, https:\/\/www.ufpb.br\/pinacoteca\/wp-content\/uploads\/sites\/79\/sites\/210\/2026\/04\/WhatsApp-Image-2026-04-01-at-09.54.47-1-225x300.jpeg 225w, https:\/\/www.ufpb.br\/pinacoteca\/wp-content\/uploads\/sites\/79\/sites\/210\/2026\/04\/WhatsApp-Image-2026-04-01-at-09.54.47-1-1152x1536.jpeg 1152w, https:\/\/www.ufpb.br\/pinacoteca\/wp-content\/uploads\/sites\/79\/sites\/210\/2026\/04\/WhatsApp-Image-2026-04-01-at-09.54.47-1.jpeg 1200w\" sizes=\"auto, (max-width: 768px) 100vw, 768px\" \/><figcaption class=\"wp-element-caption\"><strong>Ben\u00e7\u00e3o de Anjo<\/strong>, 2017. T\u00e9cnica: Acrilica s\/ tela. Dimens\u00f5es: 15 X 15cm. Doa\u00e7\u00e3o feita por Gabriel Bechara Filho.<\/figcaption><\/figure>\n\n\n\n<div style=\"height:6px\" aria-hidden=\"true\" class=\"wp-block-spacer\"><\/div>\n\n\n\n<figure class=\"wp-block-image size-large is-resized\"><img loading=\"lazy\" decoding=\"async\" width=\"1024\" height=\"768\" src=\"http:\/\/www.ufpb.br\/pinacoteca\/wp-content\/uploads\/sites\/79\/sites\/210\/2026\/04\/WhatsApp-Image-2026-04-01-at-09.54.48-1-1024x768.jpeg\" alt=\"\" class=\"wp-image-4141\" style=\"width:573px;height:auto\" srcset=\"https:\/\/www.ufpb.br\/pinacoteca\/wp-content\/uploads\/sites\/79\/sites\/210\/2026\/04\/WhatsApp-Image-2026-04-01-at-09.54.48-1-1024x768.jpeg 1024w, https:\/\/www.ufpb.br\/pinacoteca\/wp-content\/uploads\/sites\/79\/sites\/210\/2026\/04\/WhatsApp-Image-2026-04-01-at-09.54.48-1-300x225.jpeg 300w, https:\/\/www.ufpb.br\/pinacoteca\/wp-content\/uploads\/sites\/79\/sites\/210\/2026\/04\/WhatsApp-Image-2026-04-01-at-09.54.48-1-768x576.jpeg 768w, https:\/\/www.ufpb.br\/pinacoteca\/wp-content\/uploads\/sites\/79\/sites\/210\/2026\/04\/WhatsApp-Image-2026-04-01-at-09.54.48-1-1536x1152.jpeg 1536w, https:\/\/www.ufpb.br\/pinacoteca\/wp-content\/uploads\/sites\/79\/sites\/210\/2026\/04\/WhatsApp-Image-2026-04-01-at-09.54.48-1.jpeg 1600w\" sizes=\"auto, (max-width: 1024px) 100vw, 1024px\" \/><figcaption class=\"wp-element-caption\">Sem t\u00edtulo, 2019. T\u00e9cnica: Acrilica s\/ tela. Dimens\u00f5es: 9 X 12cm. Doa\u00e7\u00e3o feita por Gabriel Bechara Filho.<\/figcaption><\/figure>\n\n\n\n<div style=\"height:7px\" aria-hidden=\"true\" class=\"wp-block-spacer\"><\/div>\n\n\n\n<figure class=\"wp-block-image size-large is-resized\"><img loading=\"lazy\" decoding=\"async\" width=\"1024\" height=\"768\" src=\"http:\/\/www.ufpb.br\/pinacoteca\/wp-content\/uploads\/sites\/79\/sites\/210\/2026\/04\/WhatsApp-Image-2026-04-01-at-09.54.48-2-1024x768.jpeg\" alt=\"\" class=\"wp-image-4142\" style=\"width:591px;height:auto\" srcset=\"https:\/\/www.ufpb.br\/pinacoteca\/wp-content\/uploads\/sites\/79\/sites\/210\/2026\/04\/WhatsApp-Image-2026-04-01-at-09.54.48-2-1024x768.jpeg 1024w, https:\/\/www.ufpb.br\/pinacoteca\/wp-content\/uploads\/sites\/79\/sites\/210\/2026\/04\/WhatsApp-Image-2026-04-01-at-09.54.48-2-300x225.jpeg 300w, https:\/\/www.ufpb.br\/pinacoteca\/wp-content\/uploads\/sites\/79\/sites\/210\/2026\/04\/WhatsApp-Image-2026-04-01-at-09.54.48-2-768x576.jpeg 768w, https:\/\/www.ufpb.br\/pinacoteca\/wp-content\/uploads\/sites\/79\/sites\/210\/2026\/04\/WhatsApp-Image-2026-04-01-at-09.54.48-2-1536x1152.jpeg 1536w, https:\/\/www.ufpb.br\/pinacoteca\/wp-content\/uploads\/sites\/79\/sites\/210\/2026\/04\/WhatsApp-Image-2026-04-01-at-09.54.48-2.jpeg 1600w\" sizes=\"auto, (max-width: 1024px) 100vw, 1024px\" \/><figcaption class=\"wp-element-caption\">Sem t\u00edtulo, 2018. T\u00e9cnica: Acr\u00edlica s\/ tela. Dimens\u00f5es: 12 X 9cm. Doa\u00e7\u00e3o feita por Gabriel Bechara Filho.<\/figcaption><\/figure>\n\n\n\n<div style=\"height:8px\" aria-hidden=\"true\" class=\"wp-block-spacer\"><\/div>\n\n\n\n<figure class=\"wp-block-image size-large is-resized\"><img loading=\"lazy\" decoding=\"async\" width=\"1024\" height=\"768\" src=\"http:\/\/www.ufpb.br\/pinacoteca\/wp-content\/uploads\/sites\/79\/sites\/210\/2026\/04\/WhatsApp-Image-2026-04-01-at-09.54.48-3-1024x768.jpeg\" alt=\"\" class=\"wp-image-4143\" style=\"width:609px;height:auto\" srcset=\"https:\/\/www.ufpb.br\/pinacoteca\/wp-content\/uploads\/sites\/79\/sites\/210\/2026\/04\/WhatsApp-Image-2026-04-01-at-09.54.48-3-1024x768.jpeg 1024w, https:\/\/www.ufpb.br\/pinacoteca\/wp-content\/uploads\/sites\/79\/sites\/210\/2026\/04\/WhatsApp-Image-2026-04-01-at-09.54.48-3-300x225.jpeg 300w, https:\/\/www.ufpb.br\/pinacoteca\/wp-content\/uploads\/sites\/79\/sites\/210\/2026\/04\/WhatsApp-Image-2026-04-01-at-09.54.48-3-768x576.jpeg 768w, https:\/\/www.ufpb.br\/pinacoteca\/wp-content\/uploads\/sites\/79\/sites\/210\/2026\/04\/WhatsApp-Image-2026-04-01-at-09.54.48-3-1536x1152.jpeg 1536w, https:\/\/www.ufpb.br\/pinacoteca\/wp-content\/uploads\/sites\/79\/sites\/210\/2026\/04\/WhatsApp-Image-2026-04-01-at-09.54.48-3.jpeg 1600w\" sizes=\"auto, (max-width: 1024px) 100vw, 1024px\" \/><figcaption class=\"wp-element-caption\">Sem t\u00edtulo, 2019. T\u00e9cnica: Acr\u00edlica s\/ tela. Dimens\u00f5es: 9 x 12cm. Doa\u00e7\u00e3o feita por Gabriel Bechara Filho.<\/figcaption><\/figure>\n\n\n\n<div style=\"height:5px\" aria-hidden=\"true\" class=\"wp-block-spacer\"><\/div>\n\n\n\n<figure class=\"wp-block-image size-large is-resized\"><img loading=\"lazy\" decoding=\"async\" width=\"768\" height=\"1024\" src=\"http:\/\/www.ufpb.br\/pinacoteca\/wp-content\/uploads\/sites\/79\/sites\/210\/2026\/04\/WhatsApp-Image-2026-04-01-at-09.54.49-768x1024.jpeg\" alt=\"\" class=\"wp-image-4144\" style=\"aspect-ratio:0.7500079181579198;width:609px;height:auto\" srcset=\"https:\/\/www.ufpb.br\/pinacoteca\/wp-content\/uploads\/sites\/79\/sites\/210\/2026\/04\/WhatsApp-Image-2026-04-01-at-09.54.49-768x1024.jpeg 768w, https:\/\/www.ufpb.br\/pinacoteca\/wp-content\/uploads\/sites\/79\/sites\/210\/2026\/04\/WhatsApp-Image-2026-04-01-at-09.54.49-225x300.jpeg 225w, https:\/\/www.ufpb.br\/pinacoteca\/wp-content\/uploads\/sites\/79\/sites\/210\/2026\/04\/WhatsApp-Image-2026-04-01-at-09.54.49-1152x1536.jpeg 1152w, https:\/\/www.ufpb.br\/pinacoteca\/wp-content\/uploads\/sites\/79\/sites\/210\/2026\/04\/WhatsApp-Image-2026-04-01-at-09.54.49.jpeg 1200w\" sizes=\"auto, (max-width: 768px) 100vw, 768px\" \/><figcaption class=\"wp-element-caption\">Sem t\u00edtulo, 2019. T\u00e9cnica: Acr\u00edlica s\/ tela. Dimens\u00f5es: 10 X 15cm. Doa\u00e7\u00e3o feita por Gabriel Bechara Filho.<\/figcaption><\/figure>\n\n\n\n<div style=\"height:4px\" aria-hidden=\"true\" class=\"wp-block-spacer\"><\/div>\n\n\n\n<figure class=\"wp-block-image size-large is-resized\"><img loading=\"lazy\" decoding=\"async\" width=\"1009\" height=\"1024\" src=\"https:\/\/www.ufpb.br\/pinacoteca\/wp-content\/uploads\/sites\/79\/sites\/210\/2026\/04\/image-1-1009x1024.png\" alt=\"\" class=\"wp-image-4198\" style=\"aspect-ratio:0.9856399583766909;width:603px;height:auto\" srcset=\"https:\/\/www.ufpb.br\/pinacoteca\/wp-content\/uploads\/sites\/79\/sites\/210\/2026\/04\/image-1-1009x1024.png 1009w, https:\/\/www.ufpb.br\/pinacoteca\/wp-content\/uploads\/sites\/79\/sites\/210\/2026\/04\/image-1-296x300.png 296w, https:\/\/www.ufpb.br\/pinacoteca\/wp-content\/uploads\/sites\/79\/sites\/210\/2026\/04\/image-1-768x779.png 768w, https:\/\/www.ufpb.br\/pinacoteca\/wp-content\/uploads\/sites\/79\/sites\/210\/2026\/04\/image-1-1514x1536.png 1514w, https:\/\/www.ufpb.br\/pinacoteca\/wp-content\/uploads\/sites\/79\/sites\/210\/2026\/04\/image-1.png 1577w\" sizes=\"auto, (max-width: 1009px) 100vw, 1009px\" \/><figcaption class=\"wp-element-caption\">Sem t\u00edtulo, 2019. T\u00e9cnica: Acr\u00edlica s\/ tela. Dimens\u00f5es: 15 X 15cm. Doa\u00e7\u00e3o feita por Gabriel Bechara Filho.<\/figcaption><\/figure>\n\n\n\n<div style=\"height:6px\" aria-hidden=\"true\" class=\"wp-block-spacer\"><\/div>\n\n\n\n<figure class=\"wp-block-image size-large is-resized\"><img loading=\"lazy\" decoding=\"async\" width=\"998\" height=\"1024\" src=\"https:\/\/www.ufpb.br\/pinacoteca\/wp-content\/uploads\/sites\/79\/sites\/210\/2026\/04\/image-2-998x1024.png\" alt=\"\" class=\"wp-image-4202\" style=\"aspect-ratio:0.9749871332990221;width:595px;height:auto\" srcset=\"https:\/\/www.ufpb.br\/pinacoteca\/wp-content\/uploads\/sites\/79\/sites\/210\/2026\/04\/image-2-998x1024.png 998w, https:\/\/www.ufpb.br\/pinacoteca\/wp-content\/uploads\/sites\/79\/sites\/210\/2026\/04\/image-2-292x300.png 292w, https:\/\/www.ufpb.br\/pinacoteca\/wp-content\/uploads\/sites\/79\/sites\/210\/2026\/04\/image-2-768x788.png 768w, https:\/\/www.ufpb.br\/pinacoteca\/wp-content\/uploads\/sites\/79\/sites\/210\/2026\/04\/image-2-1498x1536.png 1498w, https:\/\/www.ufpb.br\/pinacoteca\/wp-content\/uploads\/sites\/79\/sites\/210\/2026\/04\/image-2.png 1559w\" sizes=\"auto, (max-width: 998px) 100vw, 998px\" \/><figcaption class=\"wp-element-caption\">Sem t\u00edtulo, 2019. T\u00e9cnica: Acr\u00edlica s\/ tela. Dimens\u00f5es: 12,2 X 15cm. Doa\u00e7\u00e3o feita por Gabriel Bechara Filho.<\/figcaption><\/figure>\n\n\n\n<div style=\"height:7px\" aria-hidden=\"true\" class=\"wp-block-spacer\"><\/div>\n\n\n\n<figure class=\"wp-block-image size-large is-resized\"><img loading=\"lazy\" decoding=\"async\" width=\"865\" height=\"1024\" src=\"https:\/\/www.ufpb.br\/pinacoteca\/wp-content\/uploads\/sites\/79\/sites\/210\/2026\/04\/image-3-865x1024.png\" alt=\"\" class=\"wp-image-4203\" style=\"aspect-ratio:0.8442970727707063;width:598px;height:auto\" srcset=\"https:\/\/www.ufpb.br\/pinacoteca\/wp-content\/uploads\/sites\/79\/sites\/210\/2026\/04\/image-3-865x1024.png 865w, https:\/\/www.ufpb.br\/pinacoteca\/wp-content\/uploads\/sites\/79\/sites\/210\/2026\/04\/image-3-253x300.png 253w, https:\/\/www.ufpb.br\/pinacoteca\/wp-content\/uploads\/sites\/79\/sites\/210\/2026\/04\/image-3-768x910.png 768w, https:\/\/www.ufpb.br\/pinacoteca\/wp-content\/uploads\/sites\/79\/sites\/210\/2026\/04\/image-3-1297x1536.png 1297w, https:\/\/www.ufpb.br\/pinacoteca\/wp-content\/uploads\/sites\/79\/sites\/210\/2026\/04\/image-3.png 1350w\" sizes=\"auto, (max-width: 865px) 100vw, 865px\" \/><figcaption class=\"wp-element-caption\">Sem t\u00edtulo, 2018. T\u00e9cnica: Acr\u00edlica s\/ tela. Dimens\u00f5es: 15 X 12cm. Doa\u00e7\u00e3o feita por Gabriel Bechara Filho.<\/figcaption><\/figure>\n\n\n\n<div style=\"height:8px\" aria-hidden=\"true\" class=\"wp-block-spacer\"><\/div>\n\n\n\n<figure class=\"wp-block-image size-large is-resized\"><img loading=\"lazy\" decoding=\"async\" width=\"1018\" height=\"1024\" src=\"https:\/\/www.ufpb.br\/pinacoteca\/wp-content\/uploads\/sites\/79\/sites\/210\/2026\/04\/image-4-1018x1024.png\" alt=\"\" class=\"wp-image-4204\" style=\"aspect-ratio:0.9943939362126525;width:598px;height:auto\" srcset=\"https:\/\/www.ufpb.br\/pinacoteca\/wp-content\/uploads\/sites\/79\/sites\/210\/2026\/04\/image-4-1018x1024.png 1018w, https:\/\/www.ufpb.br\/pinacoteca\/wp-content\/uploads\/sites\/79\/sites\/210\/2026\/04\/image-4-298x300.png 298w, https:\/\/www.ufpb.br\/pinacoteca\/wp-content\/uploads\/sites\/79\/sites\/210\/2026\/04\/image-4-150x150.png 150w, https:\/\/www.ufpb.br\/pinacoteca\/wp-content\/uploads\/sites\/79\/sites\/210\/2026\/04\/image-4-768x772.png 768w, https:\/\/www.ufpb.br\/pinacoteca\/wp-content\/uploads\/sites\/79\/sites\/210\/2026\/04\/image-4-1527x1536.png 1527w, https:\/\/www.ufpb.br\/pinacoteca\/wp-content\/uploads\/sites\/79\/sites\/210\/2026\/04\/image-4.png 1591w\" sizes=\"auto, (max-width: 1018px) 100vw, 1018px\" \/><figcaption class=\"wp-element-caption\">Sem t\u00edtulo, 2018. T\u00e9cnica: Acr\u00edlica s\/ tela. Dimens\u00f5es: 12 x 15cm. Doa\u00e7\u00e3o feita por Gabriel Bechara Filho.<\/figcaption><\/figure>\n\n\n\n<div style=\"height:7px\" aria-hidden=\"true\" class=\"wp-block-spacer\"><\/div>\n\n\n\n<figure class=\"wp-block-image size-large is-resized\"><img loading=\"lazy\" decoding=\"async\" width=\"982\" height=\"1024\" src=\"https:\/\/www.ufpb.br\/pinacoteca\/wp-content\/uploads\/sites\/79\/sites\/210\/2026\/04\/image-5-982x1024.png\" alt=\"\" class=\"wp-image-4205\" style=\"aspect-ratio:0.9594036139696945;width:602px;height:auto\" srcset=\"https:\/\/www.ufpb.br\/pinacoteca\/wp-content\/uploads\/sites\/79\/sites\/210\/2026\/04\/image-5-982x1024.png 982w, https:\/\/www.ufpb.br\/pinacoteca\/wp-content\/uploads\/sites\/79\/sites\/210\/2026\/04\/image-5-288x300.png 288w, https:\/\/www.ufpb.br\/pinacoteca\/wp-content\/uploads\/sites\/79\/sites\/210\/2026\/04\/image-5-768x801.png 768w, https:\/\/www.ufpb.br\/pinacoteca\/wp-content\/uploads\/sites\/79\/sites\/210\/2026\/04\/image-5-1474x1536.png 1474w, https:\/\/www.ufpb.br\/pinacoteca\/wp-content\/uploads\/sites\/79\/sites\/210\/2026\/04\/image-5.png 1535w\" sizes=\"auto, (max-width: 982px) 100vw, 982px\" \/><figcaption class=\"wp-element-caption\">Sem t\u00edtulo, 2017. T\u00e9cnica: Acr\u00edlica s\/ tela. Dimens\u00f5es: 15 x 15cm. Doa\u00e7\u00e3o feita por Gabriel Bechara Filho.<\/figcaption><\/figure>\n\n\n\n<p><\/p>\n","protected":false},"excerpt":{"rendered":"<p>Madriano Basilio da Silva Alves nasceu em Guarabira, Para\u00edba. Assina suas obras como M. Bas\u00edlio [&hellip;]<\/p>\n","protected":false},"author":332,"featured_media":0,"parent":0,"menu_order":0,"comment_status":"closed","ping_status":"closed","template":"","meta":{"footnotes":""},"class_list":["post-4127","page","type-page","status-publish","hentry"],"_links":{"self":[{"href":"https:\/\/www.ufpb.br\/pinacoteca\/wp-json\/wp\/v2\/pages\/4127","targetHints":{"allow":["GET"]}}],"collection":[{"href":"https:\/\/www.ufpb.br\/pinacoteca\/wp-json\/wp\/v2\/pages"}],"about":[{"href":"https:\/\/www.ufpb.br\/pinacoteca\/wp-json\/wp\/v2\/types\/page"}],"author":[{"embeddable":true,"href":"https:\/\/www.ufpb.br\/pinacoteca\/wp-json\/wp\/v2\/users\/332"}],"replies":[{"embeddable":true,"href":"https:\/\/www.ufpb.br\/pinacoteca\/wp-json\/wp\/v2\/comments?post=4127"}],"version-history":[{"count":4,"href":"https:\/\/www.ufpb.br\/pinacoteca\/wp-json\/wp\/v2\/pages\/4127\/revisions"}],"predecessor-version":[{"id":4218,"href":"https:\/\/www.ufpb.br\/pinacoteca\/wp-json\/wp\/v2\/pages\/4127\/revisions\/4218"}],"wp:attachment":[{"href":"https:\/\/www.ufpb.br\/pinacoteca\/wp-json\/wp\/v2\/media?parent=4127"}],"curies":[{"name":"wp","href":"https:\/\/api.w.org\/{rel}","templated":true}]}}