{"id":4268,"date":"2026-04-08T09:20:18","date_gmt":"2026-04-08T12:20:18","guid":{"rendered":"https:\/\/www.ufpb.br\/pinacoteca\/?page_id=4268"},"modified":"2026-04-08T09:20:18","modified_gmt":"2026-04-08T12:20:18","slug":"sofia-bauchwitz","status":"publish","type":"page","link":"https:\/\/www.ufpb.br\/pinacoteca\/sofia-bauchwitz\/","title":{"rendered":"Sofia Bauchwitz"},"content":{"rendered":"\n<hr class=\"wp-block-separator has-alpha-channel-opacity\" \/>\n\n\n\n<p><\/p>\n\n\n\n<p>Sofia Porto Bauchwitz (1988) \u00e9 artista visual, pesquisadora, professora, curadora e cr\u00edtica de arte. Graduada em Artes Visuais pela Universidade Federal do Rio Grande do Norte (UFRN), Mestre em Pesquisa em Arte e Cria\u00e7\u00e3o (2013) e Doutora em Belas Artes com a tese \u201cEl Artista Errante y El Discurso como Cartograf\u00eda\u201d (CAPES, 2017), ambos os t\u00edtulos foram obtidos por meio da Universidade Complutense de Madrid. Em 2015 foi artista residente no Museu de Arte de Viena (MAK) em Los Angeles, suas produ\u00e7\u00f5es j\u00e1 passaram por diversos lugares, alguns deles sendo: Arnhem Museum (Holanda), Funda\u00e7\u00e3o Eug\u00eanio de Almeida (\u00c9vora, Portugal), Museu Murilo la Greca (Recife, Brasil), Sala de Arte Joven de Madrid (Espanha) e Zeicheninstitut ( Kassel, Alemanha).Sofia realizou o projeto de cartografia de discursos art\u00edsticos \u201cFronteiras e Estados de S\u00edtio\u201d que ocorreu entre 2014 e 2016, este trabalho recebeu tr\u00eas edi\u00e7\u00f5es e passou pela Pinacoteca do Rio Grande do Norte (2014), Casa do Brasil em Madrid\/Embaixada Brasileira (2016) e no Centro de Arte Complutense (2016).<\/p>\n\n\n\n<div style=\"height:21px\" aria-hidden=\"true\" class=\"wp-block-spacer\"><\/div>\n\n\n\n<h2 class=\"wp-block-heading\"><div class=\"linha-header\">Obras<\/div><\/h2>\n\n\n\n<figure class=\"wp-block-image size-full\"><img loading=\"lazy\" decoding=\"async\" width=\"670\" height=\"502\" src=\"https:\/\/www.ufpb.br\/pinacoteca\/wp-content\/uploads\/sites\/79\/sites\/210\/2026\/04\/image-19.png\" alt=\"\" class=\"wp-image-4270\" srcset=\"https:\/\/www.ufpb.br\/pinacoteca\/wp-content\/uploads\/sites\/79\/sites\/210\/2026\/04\/image-19.png 670w, https:\/\/www.ufpb.br\/pinacoteca\/wp-content\/uploads\/sites\/79\/sites\/210\/2026\/04\/image-19-300x225.png 300w\" sizes=\"auto, (max-width: 670px) 100vw, 670px\" \/><figcaption class=\"wp-element-caption\">Da s\u00e9rie &#8220;<strong>Avistamento<\/strong>&#8220;, s\/d. T\u00e9cnica: Nanquim s\/ papel milimetrado. Dimens\u00f5es: 42 X 30cm. Doa\u00e7\u00e3o da artista. <\/figcaption><\/figure>\n","protected":false},"excerpt":{"rendered":"<p>Sofia Porto Bauchwitz (1988) \u00e9 artista visual, pesquisadora, professora, curadora e cr\u00edtica de arte. Graduada [&hellip;]<\/p>\n","protected":false},"author":332,"featured_media":0,"parent":0,"menu_order":0,"comment_status":"closed","ping_status":"closed","template":"","meta":{"footnotes":""},"class_list":["post-4268","page","type-page","status-publish","hentry"],"_links":{"self":[{"href":"https:\/\/www.ufpb.br\/pinacoteca\/wp-json\/wp\/v2\/pages\/4268","targetHints":{"allow":["GET"]}}],"collection":[{"href":"https:\/\/www.ufpb.br\/pinacoteca\/wp-json\/wp\/v2\/pages"}],"about":[{"href":"https:\/\/www.ufpb.br\/pinacoteca\/wp-json\/wp\/v2\/types\/page"}],"author":[{"embeddable":true,"href":"https:\/\/www.ufpb.br\/pinacoteca\/wp-json\/wp\/v2\/users\/332"}],"replies":[{"embeddable":true,"href":"https:\/\/www.ufpb.br\/pinacoteca\/wp-json\/wp\/v2\/comments?post=4268"}],"version-history":[{"count":1,"href":"https:\/\/www.ufpb.br\/pinacoteca\/wp-json\/wp\/v2\/pages\/4268\/revisions"}],"predecessor-version":[{"id":4271,"href":"https:\/\/www.ufpb.br\/pinacoteca\/wp-json\/wp\/v2\/pages\/4268\/revisions\/4271"}],"wp:attachment":[{"href":"https:\/\/www.ufpb.br\/pinacoteca\/wp-json\/wp\/v2\/media?parent=4268"}],"curies":[{"name":"wp","href":"https:\/\/api.w.org\/{rel}","templated":true}]}}