{"id":5133,"date":"2026-06-30T09:09:47","date_gmt":"2026-06-30T12:09:47","guid":{"rendered":"https:\/\/www.ufpb.br\/pinacoteca\/?page_id=5133"},"modified":"2026-06-30T09:24:12","modified_gmt":"2026-06-30T12:24:12","slug":"dieter-ruckhaberle","status":"publish","type":"page","link":"https:\/\/www.ufpb.br\/pinacoteca\/acervo\/colecao-pinacoteca-ufpb\/dieter-ruckhaberle\/","title":{"rendered":"Dieter Ruckhaberle"},"content":{"rendered":"\n<hr class=\"wp-block-separator has-alpha-channel-opacity\" \/>\n\n\n\n<div style=\"height:22px\" aria-hidden=\"true\" class=\"wp-block-spacer\"><\/div>\n\n\n\n<p class=\"wp-block-paragraph\"><strong>Dieter Ruckhaberle<\/strong> (1938\u20132018) foi uma das figuras mais marcantes e influentes do cen\u00e1rio cultural da Berlim Ocidental na segunda metade do s\u00e9culo XX. Pintor, curador e um incans\u00e1vel ativista pol\u00edtico-cultural, ele dedicou a sua vida n\u00e3o apenas \u00e0 cria\u00e7\u00e3o art\u00edstica, mas tamb\u00e9m \u00e0 melhoria das condi\u00e7\u00f5es de vida e trabalho da sua classe. Ele foi fundamental na estrutura\u00e7\u00e3o do apoio \u00e0 arte na Alemanha, atuando como cofundador de institui\u00e7\u00f5es art\u00edsticas de peso na capital alem\u00e3, como a Neue Gesellschaft f\u00fcr bildende Kunst (nGbK) e o Neues Berliner Kunstverein (NBK). Sua lideran\u00e7a tamb\u00e9m foi crucial na cria\u00e7\u00e3o da K\u00fcnstlersozialkasse, o pioneiro fundo de previd\u00eancia social e sa\u00fade subsidiado para artistas no pa\u00eds, e do sindicato IG Medien.<\/p>\n\n\n\n<p class=\"wp-block-paragraph\">Entre 1977 e 1993, Ruckhaberle consolidou sua reputa\u00e7\u00e3o internacional como o diretor fundador da prestigiada <em>Staatliche Kunsthalle Berlin<\/em>. Sob o seu comando, o museu organizou grandes exposi\u00e7\u00f5es hist\u00f3ricas e retrospectivas de impacto global, cobrindo nomes como Robert Rauschenberg e Fernand L\u00e9ger, al\u00e9m de mostras cr\u00edticas e profundas sobre o impacto do fascismo na Europa. Como artista pl\u00e1stico, ele construiu um acervo extenso e expressionista que transitava livremente entre o figurativo e o abstrato, marcado por uma po\u00e9tica contempor\u00e2nea, cr\u00edtica e cheia de sensibilidade humana.<\/p>\n\n\n\n<p class=\"wp-block-paragraph\">A partir do fim dos anos 1980, o curador desenvolveu uma conex\u00e3o profunda com o Brasil, inicialmente liderando workshops art\u00edsticos em cidades como S\u00e3o Paulo, Rio de Janeiro e Macei\u00f3. Essa paix\u00e3o fez com que ele passasse a dividir a sua vida entre Berlim e <strong>Jo\u00e3o Pessoa<\/strong>, na Para\u00edba, onde passava longas temporadas. O mar, as praias locais e a vibrante cultura paraibana influenciaram diretamente a leveza, a luz e as cores intensas de suas \u00faltimas fases de pintura. Antes de falecer, ele consolidou o seu \u00faltimo grande projeto na Alemanha, o <em>K\u00fcnstlerhof Frohnau<\/em>, um complexo nos arredores de Berlim que oferece ateli\u00eas acess\u00edveis para criadores visuais. Hoje, seu legado permanece vivo atrav\u00e9s do <em>Pr\u00eamio Ruckhaberle<\/em>, concedido anualmente a artistas que, assim como ele, dialogam de forma contundente com as quest\u00f5es pol\u00edticas e sociais contempor\u00e2neas.<\/p>\n\n\n\n<h2 class=\"wp-block-heading\"><div class=\"linha-header\">Obras<\/div><\/h2>\n\n\n\n<div style=\"height:11px\" aria-hidden=\"true\" class=\"wp-block-spacer\"><\/div>\n\n\n\n<figure class=\"wp-block-image size-full\"><img loading=\"lazy\" decoding=\"async\" width=\"1020\" height=\"908\" src=\"https:\/\/www.ufpb.br\/pinacoteca\/wp-content\/uploads\/sites\/79\/sites\/210\/2026\/06\/aaa.png\" alt=\"\" class=\"wp-image-5137\" srcset=\"https:\/\/www.ufpb.br\/pinacoteca\/wp-content\/uploads\/sites\/79\/sites\/210\/2026\/06\/aaa.png 1020w, https:\/\/www.ufpb.br\/pinacoteca\/wp-content\/uploads\/sites\/79\/sites\/210\/2026\/06\/aaa-300x267.png 300w, https:\/\/www.ufpb.br\/pinacoteca\/wp-content\/uploads\/sites\/79\/sites\/210\/2026\/06\/aaa-768x684.png 768w\" sizes=\"auto, (max-width: 1020px) 100vw, 1020px\" \/><figcaption class=\"wp-element-caption\">Sem t\u00edtulo, 2007. T\u00e9cnica: Acr\u00edlica s\/ madeira. Dimens\u00f5es: 157 x 175cm. Doa\u00e7\u00e3o feita pelo artista Walter Wagner. <\/figcaption><\/figure>\n","protected":false},"excerpt":{"rendered":"<p>Dieter Ruckhaberle (1938\u20132018) foi uma das figuras mais marcantes e influentes do cen\u00e1rio cultural da [&hellip;]<\/p>\n","protected":false},"author":332,"featured_media":0,"parent":71,"menu_order":0,"comment_status":"closed","ping_status":"closed","template":"","meta":{"footnotes":""},"class_list":["post-5133","page","type-page","status-publish","hentry"],"_links":{"self":[{"href":"https:\/\/www.ufpb.br\/pinacoteca\/wp-json\/wp\/v2\/pages\/5133","targetHints":{"allow":["GET"]}}],"collection":[{"href":"https:\/\/www.ufpb.br\/pinacoteca\/wp-json\/wp\/v2\/pages"}],"about":[{"href":"https:\/\/www.ufpb.br\/pinacoteca\/wp-json\/wp\/v2\/types\/page"}],"author":[{"embeddable":true,"href":"https:\/\/www.ufpb.br\/pinacoteca\/wp-json\/wp\/v2\/users\/332"}],"replies":[{"embeddable":true,"href":"https:\/\/www.ufpb.br\/pinacoteca\/wp-json\/wp\/v2\/comments?post=5133"}],"version-history":[{"count":2,"href":"https:\/\/www.ufpb.br\/pinacoteca\/wp-json\/wp\/v2\/pages\/5133\/revisions"}],"predecessor-version":[{"id":5138,"href":"https:\/\/www.ufpb.br\/pinacoteca\/wp-json\/wp\/v2\/pages\/5133\/revisions\/5138"}],"up":[{"embeddable":true,"href":"https:\/\/www.ufpb.br\/pinacoteca\/wp-json\/wp\/v2\/pages\/71"}],"wp:attachment":[{"href":"https:\/\/www.ufpb.br\/pinacoteca\/wp-json\/wp\/v2\/media?parent=5133"}],"curies":[{"name":"wp","href":"https:\/\/api.w.org\/{rel}","templated":true}]}}