{"id":805,"date":"2024-10-06T09:10:08","date_gmt":"2024-10-06T12:10:08","guid":{"rendered":"https:\/\/www.ufpb.br\/pinacoteca2\/?page_id=805"},"modified":"2025-08-08T09:51:58","modified_gmt":"2025-08-08T12:51:58","slug":"galerias-de-arte","status":"publish","type":"page","link":"https:\/\/www.ufpb.br\/pinacoteca\/galerias-de-arte\/","title":{"rendered":"Galerias de Arte"},"content":{"rendered":"\n<hr class=\"wp-block-separator has-text-color has-cyan-bluish-gray-color has-alpha-channel-opacity has-cyan-bluish-gray-background-color has-background\" \/>\n\n\n\n<div style=\"height:40px\" aria-hidden=\"true\" class=\"wp-block-spacer\"><\/div>\n\n\n\n<p><strong>Galeria de Arte Virtual<\/strong><\/p>\n\n\n\n<p>A Galeria de Arte&nbsp;Virtual da Pinacoteca da UFPB tem o objetivo de apresentar exposi\u00e7\u00f5es virtuais de artistas jovens do Norte\/Nordeste para que a produ\u00e7\u00e3o dos artistas dessa regi\u00e3o possam ter maior visibilidade. Esse contato poder\u00e1 se realizar unicamente acessando os endere\u00e7os virtuais fornecidos em cada cat\u00e1logo. Essa galeria tenta suprir a imensa car\u00eancia de galerias de arte contempor\u00e2nea no Nordeste, uma vez que convivemos com um quadro de hiper-concentra\u00e7\u00e3o do mercado de arte brasileiro em S\u00e3o Paulo em detrimento do resto do pa\u00eds. A universidade n\u00e3o \u00e9 uma inst\u00e2ncia separada das demandas sociais e sempre que poss\u00edvel deve contribuir nos espa\u00e7os carentes onde a iniciativa privada ainda tem presen\u00e7a fr\u00e1gil. Os artistas jovens precisam de maior visibilidade para comercializarem seus trabalhos, e esse \u00e9 a nossa meta priorit\u00e1ria.<\/p>\n\n\n\n<p><a href=\"https:\/\/www.ufpb.br\/pinacoteca\/galerias-de-arte\/catalogos\/\" data-type=\"page\" data-id=\"1513\">Cat\u00e1logos<\/a><\/p>\n\n\n\n<p><a href=\"https:\/\/www.ufpb.br\/pinacoteca\/galerias-de-arte\/exposicoes\/\" data-type=\"page\" data-id=\"37\">Exposi\u00e7\u00f5es<\/a><\/p>\n\n\n\n<p><a href=\"https:\/\/www.ufpb.br\/pinacoteca\/video-arte\/\" data-type=\"page\" data-id=\"1524\">Video Arte<\/a><\/p>\n\n\n\n<div style=\"height:30px\" aria-hidden=\"true\" class=\"wp-block-spacer\"><\/div>\n\n\n\n<h3 class=\"wp-block-heading\">Exposi\u00e7\u00f5es:<\/h3>\n\n\n\n<div style=\"height:20px\" aria-hidden=\"true\" class=\"wp-block-spacer\"><\/div>\n\n\n\n<p><strong><a href=\"https:\/\/issuu.com\/pinacotecaufpb\/docs\/pinacoteca_-_novas_aquisi_es_-_completa\" target=\"_blank\" rel=\"noreferrer noopener\">Novas Aquisi\u00e7\u00f5es&nbsp;<\/a>\/2023<\/strong><\/p>\n\n\n\n<p>Dire\u00e7\u00f5es\u00a0<a href=\"http:\/\/issuu.com\/pinacotecaufpb\/docs\/dire_esdire\" target=\"_blank\" rel=\"noreferrer noopener\">Humberto Peixoto<\/a>\u00a0\/2022<\/p>\n\n\n\n<p class=\" \">M\u00e1scaras da Alegria&nbsp;<a href=\"https:\/\/issuu.com\/pinacotecaufpb\/docs\/humberto_peixoto_m_scaras_da_alegria\" target=\"_blank\" rel=\"noreferrer noopener\">Humberto Peixoto<\/a>&nbsp;\/2021<\/p>\n\n\n\n<p class=\" \">Cores e Sombras&nbsp;<a href=\"https:\/\/issuu.com\/pinacotecaufpb\/docs\/rene_fontes\" target=\"_blank\" rel=\"noreferrer noopener\">Ren\u00e9 Fontes<\/a>&nbsp;\/2021<\/p>\n\n\n\n<p class=\" \">Por uma arqueologia do descarte&nbsp;<a href=\"https:\/\/issuu.com\/pinacotecaufpb\/docs\/pinacoteca_exposi__o\" target=\"_blank\" rel=\"noreferrer noopener\">Cris Peres<\/a>&nbsp;\/2020<\/p>\n\n\n\n<p class=\" \">Que corpo \u00e9 esse?&nbsp;<a href=\"https:\/\/issuu.com\/pinacotecaufpb\/docs\/guto_oca\" target=\"_blank\" rel=\"noreferrer noopener\">Guto Oca<\/a>&nbsp;\/2020<\/p>\n\n\n\n<p class=\" \">Layla Gabrielle&nbsp;<a href=\"http:\/\/issuu.com\/pinacotecaufpb\/docs\/obras_galeria_da_pinacoteca\" target=\"_blank\" rel=\"noreferrer noopener\">Layla Gabrielle<\/a>&nbsp;\/2020<\/p>\n\n\n\n<p class=\" \">Poros<a href=\"https:\/\/issuu.com\/pinacotecaufpb\/docs\/poros_morgana_ceballos_pinacoteca_da_ufpb_\" target=\"_blank\" rel=\"noreferrer noopener\">&nbsp;Morgana Ceballos<\/a>&nbsp;\/2020<\/p>\n\n\n\n<p class=\" \"><a href=\"https:\/\/issuu.com\/pinacotecaufpb\/docs\/obras_galeria_da_pinacoteca\" target=\"_blank\" rel=\"noreferrer noopener\"><\/a><a href=\"https:\/\/issuu.com\/pinacotecaufpb\/docs\/portf_lio_-_andr__luiz_santana_almeida_lima_-_2020\" target=\"_blank\" rel=\"noreferrer noopener\">ALSAL (Andr\u00e9 Luiz Santana)<\/a>&nbsp;\/2020<\/p>\n\n\n\n<p class=\" \">Lugar geom\u00e9trico&nbsp;<a href=\"https:\/\/issuu.com\/pinacotecaufpb\/docs\/mozileide_neri\" target=\"_blank\" rel=\"noreferrer noopener\">Mozileide Neri<\/a>&nbsp;\/2020<\/p>\n\n\n\n<p class=\" \">Creatus<a href=\"https:\/\/issuu.com\/pinacotecaufpb\/docs\/mica\" target=\"_blank\" rel=\"noreferrer noopener\">&nbsp;Mica Novaes<\/a>&nbsp;\/2020<\/p>\n\n\n\n<p class=\" \">Turbul\u00eancias<a href=\"https:\/\/issuu.com\/pinacotecaufpb\/docs\/exposi__o_turbul_ncias_de_cristina_medeiros._curad\" target=\"_blank\" rel=\"noreferrer noopener\">&nbsp;Cris Medeiros<\/a>&nbsp;\/2020<\/p>\n\n\n\n<p class=\" \">C\u00f4rda<a href=\"https:\/\/issuu.com\/pinacotecaufpb\/docs\/rafael_chavez\" target=\"_blank\" rel=\"noreferrer noopener\">&nbsp;Rafael Chavez<\/a>&nbsp;\/2020<\/p>\n\n\n\n<p class=\" \">&nbsp;<\/p>\n\n\n\n<h3 class=\"wp-block-heading\"><strong>Galeria do Curso de Artes Visuais<\/strong><\/h3>\n\n\n\n<div style=\"height:20px\" aria-hidden=\"true\" class=\"wp-block-spacer\"><\/div>\n\n\n\n<p class=\" \">Essa galeria visa divulgar o trabalho dos alunos do curso de Artes Visuais da Universidade Federal da Para\u00edba.<\/p>\n\n\n\n<p class=\" \"><a href=\"https:\/\/issuu.com\/pinacotecaufpb\/docs\/zona_abissal\" target=\"_blank\" rel=\"noreferrer noopener\">Zona Abissal<\/a>&nbsp;\/ 2023<\/p>\n\n\n\n<p class=\" \"><a href=\"http:\/\/drive.google.com\/file\/d\/1KhM8qq75OAFMcVC6FRi8jrCtFcrwK6CE\/view?usp=sharing\" target=\"_blank\" rel=\"noreferrer noopener\">Regulamento<\/a><\/p>\n\n\n\n<p><\/p>\n\n\n\n<p><\/p>\n","protected":false},"excerpt":{"rendered":"<p>Galeria de Arte Virtual A Galeria de Arte&nbsp;Virtual da Pinacoteca da UFPB tem o objetivo [&hellip;]<\/p>\n","protected":false},"author":47,"featured_media":0,"parent":0,"menu_order":0,"comment_status":"closed","ping_status":"closed","template":"","meta":{"footnotes":""},"class_list":["post-805","page","type-page","status-publish","hentry"],"_links":{"self":[{"href":"https:\/\/www.ufpb.br\/pinacoteca\/wp-json\/wp\/v2\/pages\/805","targetHints":{"allow":["GET"]}}],"collection":[{"href":"https:\/\/www.ufpb.br\/pinacoteca\/wp-json\/wp\/v2\/pages"}],"about":[{"href":"https:\/\/www.ufpb.br\/pinacoteca\/wp-json\/wp\/v2\/types\/page"}],"author":[{"embeddable":true,"href":"https:\/\/www.ufpb.br\/pinacoteca\/wp-json\/wp\/v2\/users\/47"}],"replies":[{"embeddable":true,"href":"https:\/\/www.ufpb.br\/pinacoteca\/wp-json\/wp\/v2\/comments?post=805"}],"version-history":[{"count":13,"href":"https:\/\/www.ufpb.br\/pinacoteca\/wp-json\/wp\/v2\/pages\/805\/revisions"}],"predecessor-version":[{"id":3367,"href":"https:\/\/www.ufpb.br\/pinacoteca\/wp-json\/wp\/v2\/pages\/805\/revisions\/3367"}],"wp:attachment":[{"href":"https:\/\/www.ufpb.br\/pinacoteca\/wp-json\/wp\/v2\/media?parent=805"}],"curies":[{"name":"wp","href":"https:\/\/api.w.org\/{rel}","templated":true}]}}