{"id":181,"date":"2026-06-01T07:00:00","date_gmt":"2026-06-01T10:00:00","guid":{"rendered":"https:\/\/www.ufpb.br\/sods\/?page_id=181"},"modified":"2026-07-29T08:32:09","modified_gmt":"2026-07-29T11:32:09","slug":"eleicao-taes-para-o-consuni","status":"publish","type":"page","link":"https:\/\/www.ufpb.br\/sods\/consuni\/eleicao-taes-para-o-consuni\/","title":{"rendered":"Elei\u00e7\u00e3o TAES para o Consuni"},"content":{"rendered":"\n<details class=\"wp-block-details is-layout-flow wp-block-details-is-layout-flow\"><summary><strong>Edital<\/strong><\/summary>\n<p class=\"has-text-align-center wp-block-paragraph\"><strong>EDITAL N\u00ba <\/strong><strong>01<\/strong><strong>\/2026 \u2013 SODS\/REITORIA<\/strong><\/p>\n\n\n\n<p class=\"has-text-align-center wp-block-paragraph\"><strong>PROCESSO ELEITORAL PARA REPRESENTA\u00c7\u00c3O T\u00c9CNICO-ADMINISTRATIVA NO CONSUNI<\/strong><\/p>\n\n\n\n<p class=\"wp-block-paragraph\">A Comiss\u00e3o Eleitoral, designada por Portaria 2\/2026 da Secretaria dos \u00d3rg\u00e3os da Administra\u00e7\u00e3o Superior &#8211; SODS no uso de suas atribui\u00e7\u00f5es legais, em conformidade com a <strong>Resolu\u00e7\u00e3o n\u00ba 05\/2026 do CONSUNI<\/strong>, torna p\u00fablico o processo de escolha dos Representantes dos Servidores T\u00e9cnico-Administrativos em Educa\u00e7\u00e3o (TAE) junto ao Conselho Universit\u00e1rio \u2013 CONSUNI\/UFPB, mediante as condi\u00e7\u00f5es estabelecidas neste Edital.<\/p>\n\n\n\n<p class=\"wp-block-paragraph\"><strong>Art. 1\u00ba.<\/strong> A elei\u00e7\u00e3o destina-se ao preenchimento de 08 (oito) vagas para representantes titulares e seus respectivos suplentes, observados os seguintes crit\u00e9rios:<\/p>\n\n\n\n<p class=\"wp-block-paragraph\"><strong>I \u2013<\/strong> O mandato ser\u00e1 de 02 (dois) anos;<\/p>\n\n\n\n<p class=\"wp-block-paragraph\"><strong>II \u2013<\/strong> \u00c9 permitida uma recondu\u00e7\u00e3o por igual per\u00edodo;<\/p>\n\n\n\n<p class=\"wp-block-paragraph\"><strong>III \u2013<\/strong> \u00c9 vedada a reelei\u00e7\u00e3o consecutiva ap\u00f3s dois mandatos.<\/p>\n\n\n\n<p class=\"wp-block-paragraph\"><strong>Art. 2\u00ba.<\/strong> Poder\u00e3o votar todos os servidores integrantes do Plano de Carreira dos Cargos T\u00e9cnico-Administrativos em Educa\u00e7\u00e3o (PCCTAE) da UFPB, conforme as seguintes condi\u00e7\u00f5es:<\/p>\n\n\n\n<p class=\"wp-block-paragraph\"><strong>\u00a7 1\u00ba.<\/strong> Est\u00e3o aptos os servidores ativos e aqueles legalmente afastados nos termos do Art. 81 da Lei n\u00ba 8.112\/1990.<\/p>\n\n\n\n<p class=\"wp-block-paragraph\"><strong>\u00a7 2\u00ba.<\/strong> N\u00e3o poder\u00e3o votar:<\/p>\n\n\n\n<p class=\"wp-block-paragraph\"><strong>a)<\/strong> Servidores licenciados para tratar de interesses particulares;<\/p>\n\n\n\n<p class=\"wp-block-paragraph\"><strong>b)<\/strong> Servidores cedidos \u00e0 UFPB.<\/p>\n\n\n\n<p class=\"wp-block-paragraph\"><strong>Art. 3\u00ba.<\/strong> As candidaturas dever\u00e3o ser registradas em chapas compostas obrigatoriamente por titular e suplente, observando-se que:<\/p>\n\n\n\n<p class=\"wp-block-paragraph\"><strong>I \u2013<\/strong> O candidato deve ser servidor TAE em efetivo exerc\u00edcio;<\/p>\n\n\n\n<p class=\"wp-block-paragraph\"><strong>II \u2013<\/strong> \u00c9 vedada a candidatura de servidores afastados para a qualifica\u00e7\u00e3o profissional<\/p>\n\n\n\n<p class=\"wp-block-paragraph\"><em>strito sensu<\/em> ou de longa dura\u00e7\u00e3o em tempo integral at\u00e9 o dia da inscri\u00e7\u00e3o;<\/p>\n\n\n\n<p class=\"wp-block-paragraph\"><strong>III \u2013<\/strong> O servidor n\u00e3o poder\u00e1 exercer mandato simult\u00e2neo em mais de um Conselho Superior.<\/p>\n\n\n\n<p class=\"wp-block-paragraph\"><strong>Art. 4\u00ba.<\/strong> As inscri\u00e7\u00f5es das candidaturas ser\u00e3o realizadas exclusivamente via processo eletr\u00f4nico no SIPAC, mediante o envio de:<\/p>\n\n\n\n<p class=\"wp-block-paragraph\"><strong>I \u2013<\/strong> Requerimento de inscri\u00e7\u00e3o devidamente assinado por titular e suplente (Anexo II);<\/p>\n\n\n\n<p class=\"wp-block-paragraph\"><strong>II \u2013<\/strong> Foto 3&#215;4 de ambos os candidatos (Padr\u00e3o SCE\/STI: formato PNG, dimens\u00f5es aproximadas de 190 p\u00edxeis de largura x 260 p\u00edxeis de altura, enquadramento de rosto);<\/p>\n\n\n\n<p class=\"wp-block-paragraph\"><strong>III \u2013<\/strong> Declara\u00e7\u00e3o individual emitida pela Corregedoria da UFPB atestando a aus\u00eancia de penalidades administrativas vigentes nos termos da Lei n\u00ba 8.112\/1990.<\/p>\n\n\n\n<p class=\"wp-block-paragraph\"><strong>IV &#8211;<\/strong> Declara\u00e7\u00e3o individual emitida pela PROGEP atestando que o servidor se encontra em efetivo exerc\u00edcio de suas fun\u00e7\u00f5es, demonstrando a n\u00e3o incid\u00eancia nas veda\u00e7\u00f5es de afastamento para qualifica\u00e7\u00e3o profissional <em>stricto sensu<\/em> ou demais afastamentos de longa dura\u00e7\u00e3o em tempo integral.<\/p>\n\n\n\n<p class=\"wp-block-paragraph\"><strong>\u00a71\u00ba<\/strong> O requerimento de inscri\u00e7\u00e3o conter\u00e1 o Nome, Matr\u00edcula SIAPE, Cargo e o nome da chapa da candidatura<\/p>\n\n\n\n<p class=\"wp-block-paragraph\"><strong>\u00a72\u00ba.<\/strong> A lista de candidaturas homologadas ser\u00e1 publicada no site da SODS at\u00e9 30 dias antes da elei\u00e7\u00e3o.<\/p>\n\n\n\n<p class=\"wp-block-paragraph\"><strong>\u00a73\u00ba.<\/strong> O processo deve ser encaminhado \u00e0 unidade: 11.01.74 &#8211; REITORIA &#8211; SECRETARIA DOS ORG\u00c3OS DELIBERATIVOS SUPERIORES.<\/p>\n\n\n\n<p class=\"wp-block-paragraph\"><strong>Art. 5\u00ba.<\/strong> A vota\u00e7\u00e3o ser\u00e1 direta, secreta e realizada por meio de sistema eletr\u00f4nico institucional (SIGELEI\u00c7\u00c3O).<\/p>\n\n\n\n<p class=\"wp-block-paragraph\"><strong>\u00a7 1\u00ba.<\/strong> O voto \u00e9 facultativo.<\/p>\n\n\n\n<p class=\"wp-block-paragraph\"><strong>\u00a7 2\u00ba.<\/strong> Cada eleitor poder\u00e1 votar em tantas candidaturas quantas forem as vagas em disputa para o Conselho.<\/p>\n\n\n\n<p class=\"wp-block-paragraph\"><strong>Art. 6\u00ba. <\/strong>Ser\u00e3o consideradas eleitas as chapas candidatas mais votadas da totalidade de votos, observado o limite de vagas.<\/p>\n\n\n\n<p class=\"wp-block-paragraph\"><strong>Art. 7\u00ba.<\/strong> Em caso de empate entre chapas, ser\u00e3o adotados, sucessivamente, os crit\u00e9rios de:<\/p>\n\n\n\n<p class=\"wp-block-paragraph\"><strong>I \u2013<\/strong> Maior tempo de servi\u00e7o na UFPB;<\/p>\n\n\n\n<p class=\"wp-block-paragraph\"><strong>II \u2013<\/strong> Maior idade.<\/p>\n\n\n\n<p class=\"wp-block-paragraph\"><strong>Art. 8\u00ba.<\/strong> Recursos e impugna\u00e7\u00f5es dever\u00e3o ser apresentados \u00e0 Comiss\u00e3o Eleitoral no prazo de at\u00e9 02 (dois) dias corridos da publica\u00e7\u00e3o do ato.<\/p>\n\n\n\n<p class=\"wp-block-paragraph\"><strong>\u00a7 1\u00ba.<\/strong> A Comiss\u00e3o responder\u00e1 aos recursos em at\u00e9 03 (tr\u00eas) dias corridos.<\/p>\n\n\n\n<p class=\"wp-block-paragraph\"><strong>\u00a7 2\u00ba.<\/strong> Das decis\u00f5es da Comiss\u00e3o, caber\u00e1 recurso ao Consuni no prazo de 5 (cinco) dias corridos, contado a partir da ci\u00eancia ou divulga\u00e7\u00e3o oficial da decis\u00e3o recorrida, observando as normas estabelecidas na Resolu\u00e7\u00e3o Consuni 04\/2002 e Lei n\u00ba 9.784\/1999.<\/p>\n\n\n\n<p class=\"wp-block-paragraph\"><strong>Art. 9\u00ba<\/strong>. As datas de realiza\u00e7\u00e3o de todas as etapas do processo eleitoral seguir\u00e3o estritamente as previs\u00f5es estabelecidas no Cronograma constante no Anexo I deste Edital.<\/p>\n\n\n\n<p class=\"wp-block-paragraph\"><strong>Art. 10.<\/strong> Qualquer cidad\u00e3o \u00e9 parte leg\u00edtima para interpor impugna\u00e7\u00e3o contra as disposi\u00e7\u00f5es deste Edital.<\/p>\n\n\n\n<p class=\"wp-block-paragraph\"><strong>\u00a7 1\u00ba.<\/strong> A pe\u00e7a de impugna\u00e7\u00e3o dever\u00e1 ser fundamentada e encaminhada exclusivamente para o e-mail oficial da Comiss\u00e3o Eleitoral &#8211; <a href=\"mailto:comissaoeleitoraltaes2026@gmail.com\">comissaoeleitoraltaes2026@gmail.com<\/a>, impreterivelmente at\u00e9 o dia 05 de junho de 2026.<\/p>\n\n\n\n<p class=\"wp-block-paragraph\"><strong>\u00a7 2\u00ba.<\/strong> As impugna\u00e7\u00f5es enviadas ap\u00f3s o prazo estabelecido no <em>caput<\/em>, ou por canais diversos do especificado no \u00a7 1\u00ba, n\u00e3o ser\u00e3o conhecidas por motivo de intempestividade e inadequa\u00e7\u00e3o da via eleita.<\/p>\n\n\n\n<p class=\"wp-block-paragraph\"><strong>Art. 11.<\/strong> Os casos omissos neste Edital ser\u00e3o resolvidos pela Comiss\u00e3o Eleitoral, em observ\u00e2ncia ao Estatuto, Regimento Geral da UFPB e a Resolu\u00e7\u00e3o n\u00ba 05\/2026 do CONSUNI.<\/p>\n\n\n\n<p class=\"wp-block-paragraph\"><strong>Comiss\u00e3o Eleitoral<\/strong><\/p>\n\n\n\n<p class=\"wp-block-paragraph\"><\/p>\n\n\n\n<p class=\"has-text-align-center wp-block-paragraph\">ANEXO I \u2013 CRONOGRAMA OFICIAL DO PROCESSO ELEITORAL<\/p>\n\n\n\n<figure class=\"wp-block-table\"><table class=\"has-fixed-layout\"><thead><tr><td><strong>Item<\/strong><\/td><td><strong>Evento<\/strong><\/td><td><strong>Data \/ Per\u00edodo<\/strong><\/td><td><strong>Local \/ Canal Oficial<\/strong><\/td><\/tr><\/thead><tbody><tr><td><strong>01<\/strong><\/td><td><strong>Publica\u00e7\u00e3o do Edital de Abertura<\/strong><\/td><td><strong>01\/06\/2026<\/strong><\/td><td>Site eletr\u00f4nico da SODS<\/td><\/tr><tr><td><strong>02<\/strong><\/td><td>Prazo para impugna\u00e7\u00e3o do Edital de Abertura<\/td><td>At\u00e9 05\/06\/2026<\/td><td>e-mail da comiss\u00e3o<\/td><\/tr><tr><td><strong>03<\/strong><\/td><td>Publica\u00e7\u00e3o das respostas \u00e0s impugna\u00e7\u00f5es do Edital<\/td><td>10\/06\/2026<\/td><td>Site eletr\u00f4nico da SODS<\/td><\/tr><tr><td><strong>04<\/strong><\/td><td><strong>Per\u00edodo de Inscri\u00e7\u00e3o das Chapas (Candidaturas)<\/strong><\/td><td><strong>15\/06 a 19\/06\/2026<\/strong><\/td><td>Sistema Eletr\u00f4nico (SIPAC)<\/td><\/tr><tr><td><strong>05<\/strong><\/td><td>Divulga\u00e7\u00e3o da Lista Preliminar de Chapas Inscritas<\/td><td>23\/06\/2026<\/td><td>Site eletr\u00f4nico da SODS<\/td><\/tr><tr><td><strong>06<\/strong><\/td><td>Prazo para impugna\u00e7\u00e3o\/recurso contra a lista de inscritos<\/td><td>At\u00e9 30\/06\/2026<\/td><td>Sistema Eletr\u00f4nico (SIPAC)<\/td><\/tr><tr><td><strong>07<\/strong><\/td><td>An\u00e1lise dos recursos contra as inscri\u00e7\u00f5es pela Comiss\u00e3o<\/td><td>02\/07\/2026<\/td><td>Interno \/ Comiss\u00e3o<\/td><\/tr><tr><td><strong>08<\/strong><\/td><td><strong>Divulga\u00e7\u00e3o da Lista Definitiva de Candidaturas Homologadas<\/strong><\/td><td><strong>03\/07\/2026<\/strong><\/td><td>Site eletr\u00f4nico da SODS<\/td><\/tr><tr><td><strong>09<\/strong><\/td><td>Per\u00edodo de Campanha Eleitoral Autorizada<\/td><td>05\/07 a 17\/07\/2026<\/td><td>Ambientes institucionais, redes sociais<\/td><\/tr><tr><td><strong>10<\/strong><\/td><td><strong>Divulga\u00e7\u00e3o da Lista Preliminar de Eleitores Aptos<\/strong><\/td><td><strong>06\/07\/2026<\/strong><\/td><td>Site eletr\u00f4nico da SODS<\/td><\/tr><tr><td><strong>11<\/strong><\/td><td>Prazo para impugna\u00e7\u00e3o\/recurso contra a lista de eleitores<\/td><td>07\/07 e 08\/07\/2026<\/td><td>Sistema Eletr\u00f4nico<\/td><\/tr><tr><td><strong>12<\/strong><\/td><td>Publica\u00e7\u00e3o da <strong>Lista Definitiva de Eleitores Aptos<\/strong><\/td><td>10\/07\/2026<\/td><td>Site eletr\u00f4nico da SODS<\/td><\/tr><tr><td><strong>13<\/strong><\/td><td><strong>Realiza\u00e7\u00e3o da Vota\u00e7\u00e3o (Dia da Elei\u00e7\u00e3o)<\/strong><\/td><td><strong>21\/07\/2026<\/strong><\/td><td><strong>Sistema SIGELEI\u00c7\u00c3O<\/strong><\/td><\/tr><tr><td><strong>14<\/strong><\/td><td>Divulga\u00e7\u00e3o Preliminar do Resultado e Homologa\u00e7\u00e3o das Urnas<\/td><td>22\/07\/2026<\/td><td>Site eletr\u00f4nico da SODS<\/td><\/tr><tr><td><strong>15<\/strong><\/td><td>Prazo para impugna\u00e7\u00e3o\/recurso ao Resultado Preliminar<\/td><td>22\/07 e 23\/07\/2026<\/td><td>Sistema Eletr\u00f4nico<\/td><\/tr><tr><td><strong>16<\/strong><\/td><td><strong>Divulga\u00e7\u00e3o do Resultado Final e Homologa\u00e7\u00e3o<\/strong><\/td><td><strong>28\/07\/2026<\/strong><\/td><td>Site eletr\u00f4nico da SODS<\/td><\/tr><\/tbody><\/table><\/figure>\n\n\n\n<p class=\"wp-block-paragraph\"><\/p>\n\n\n\n<p class=\"has-text-align-center wp-block-paragraph\">ANEXO II \u2013 MODELO DE REQUERIMENTO DE INSCRI\u00c7\u00c3O DE CHAPA<\/p>\n\n\n\n<p class=\"wp-block-paragraph\"><strong>\u00c0 COMISS\u00c3O ELEITORAL DO PROCESSO DE ESCOLHA DOS REPRESENTANTES DOS SERVIDORES T\u00c9CNICOS-ADMINISTRATIVOS NO CONSUNI\/UFPB<\/strong><\/p>\n\n\n\n<p class=\"wp-block-paragraph\">1. Dados de Identifica\u00e7\u00e3o da Chapa<\/p>\n\n\n\n<p class=\"wp-block-paragraph\"><strong>Nome da Chapa:<\/strong><\/p>\n\n\n\n<p class=\"wp-block-paragraph\">2. Dados dos Candidatos<\/p>\n\n\n\n<figure class=\"wp-block-table\"><table class=\"has-fixed-layout\"><tbody><tr><td colspan=\"2\"><strong>TITULAR:<\/strong><\/td><\/tr><tr><td><strong>Nome Completo:<\/strong><\/td><td><br><\/td><\/tr><tr><td><strong>Matr\u00edcula SIAPE:<\/strong><\/td><td><br><\/td><\/tr><tr><td><strong>Cargo Efetivo:<\/strong><\/td><td><br><\/td><\/tr><tr><td><strong>Lota\u00e7\u00e3o\/Setor:<\/strong><\/td><td><br><\/td><\/tr><tr><td><strong>E-mail Institucional:<\/strong><\/td><td><br><\/td><\/tr><tr><td colspan=\"2\"><strong>SUPLENTE:<\/strong><\/td><\/tr><tr><td><strong>Nome Completo:<\/strong><\/td><td><br><\/td><\/tr><tr><td><strong>Matr\u00edcula SIAPE:<\/strong><\/td><td><br><\/td><\/tr><tr><td><strong>Cargo Efetivo:<\/strong><\/td><td><br><\/td><\/tr><tr><td><strong>Lota\u00e7\u00e3o\/Setor:<\/strong><\/td><td><br><\/td><\/tr><tr><td><strong>E-mail Institucional:<\/strong><\/td><td><br><\/td><\/tr><\/tbody><\/table><\/figure>\n\n\n\n<p class=\"wp-block-paragraph\">3. Termo de Requerimento e Compromisso<\/p>\n\n\n\n<p class=\"wp-block-paragraph\">Os servidores abaixo assinados requerem a inscri\u00e7\u00e3o da chapa acima qualificada para concorrer \u00e0s vagas de Representantes dos Servidores T\u00e9cnico-Administrativos em Educa\u00e7\u00e3o (TAE) no Colegiado Pleno do CONSUNI.<\/p>\n\n\n\n<p class=\"wp-block-paragraph\">Declaramos estar cientes e de acordo com todas as normas regulamentares estabelecidas na Resolu\u00e7\u00e3o n\u00ba 05\/2026 do CONSUNI e nas disposi\u00e7\u00f5es do presente Edital.<\/p>\n\n\n\n<p class=\"wp-block-paragraph\"><strong>Assinatura do Candidato Titular<\/strong><\/p>\n\n\n\n<p class=\"wp-block-paragraph\"><strong>Assinatura do Candidato Suplente<\/strong><\/p>\n\n\n\n<p class=\"wp-block-paragraph\">Obs.: O documento deve ser nato digital, ou seja, digitado e assinado diretamente no SIPAC<\/p>\n<\/details>\n\n\n\n<details class=\"wp-block-details is-layout-flow wp-block-details-is-layout-flow\"><summary><strong>Not\u00edcias sobre as elei\u00e7\u00f5es<\/strong><\/summary>\n<details class=\"wp-block-details is-layout-flow wp-block-details-is-layout-flow\"><summary><strong>CONSUNI aprova Edital para Elei\u00e7\u00e3o da Representa\u00e7\u00e3o TAE; inscri\u00e7\u00f5es come\u00e7am no dia 15 de junho<\/strong><\/summary>\n<p class=\"wp-block-paragraph\">O Conselho Universit\u00e1rio (CONSUNI) da UFPB aprovou, em reuni\u00e3o realizada na \u00faltima sexta-feira, a minuta do Edital n\u00ba 01\/2026, que nortear\u00e1 o processo eleitoral para a escolha dos novos representantes dos Servidores T\u00e9cnico-Administrativos em Educa\u00e7\u00e3o (TAE) junto ao colegiado pleno.<\/p>\n\n\n\n<p class=\"wp-block-paragraph\">O certame ser\u00e1 conduzido por uma Comiss\u00e3o Eleitoral designada por Portaria n\u00ba 2\/2026 e seguir\u00e1 as diretrizes da&nbsp;<strong>Resolu\u00e7\u00e3o n\u00ba 05\/2026 do CONSUNI<\/strong>. O mandato dos eleitos ser\u00e1 de dois anos.<\/p>\n\n\n\n<p class=\"wp-block-paragraph\">O per\u00edodo de inscri\u00e7\u00e3o das chapas (compostas obrigatoriamente por titular e suplente) ocorrer\u00e1 entre os dias&nbsp;<strong>15 e 19 de junho de 2026<\/strong>, por meio de processo eletr\u00f4nico no SIPAC, enviado \u00e0 SODS.<\/p>\n\n\n\n<p class=\"wp-block-paragraph\"><strong>Documenta\u00e7\u00e3o Obrigat\u00f3ria: Onde emitir cada declara\u00e7\u00e3o?<\/strong><\/p>\n\n\n\n<p class=\"wp-block-paragraph\">Para homologa\u00e7\u00e3o da candidatura, os interessados devem ficar atentos aos locais corretos de emiss\u00e3o dos documentos exigidos pelo edital:<\/p>\n\n\n\n<ul class=\"wp-block-list\">\n<li><strong>Declara\u00e7\u00e3o de Antecedentes Administrativos (PAD e Sindic\u00e2ncia):<\/strong>&nbsp;Deve ser solicitada diretamente \u00e0&nbsp;<strong>Corregedoria Geral da UFPB<\/strong>.\n<ul class=\"wp-block-list\">\n<li><em>E-mail:<\/em>&nbsp;<a href=\"mailto:corregedoria.geral@reitoria.ufpb.br\">corregedoria.geral@reitoria.ufpb.br<\/a><\/li>\n<\/ul>\n<\/li>\n\n\n\n<li><strong>Declara\u00e7\u00e3o de V\u00ednculo Funcional (Efetivo Exerc\u00edcio):<\/strong>&nbsp;O pr\u00f3prio servidor pode extrair o documento de forma eletr\u00f4nica diretamente atrav\u00e9s do portal do&nbsp;<strong>SIGRH ou SOUGOV<\/strong>.<\/li>\n\n\n\n<li><strong>Declara\u00e7\u00e3o de Afastamento de Longa Dura\u00e7\u00e3o e Qualifica\u00e7\u00e3o:<\/strong>&nbsp;Necess\u00e1ria para comprovar a n\u00e3o incid\u00eancia em veda\u00e7\u00f5es de afastamento integral: Para comprovar que n\u00e3o est\u00e1 afastado para qualifica\u00e7\u00e3o, para tratar de interesses particulares ou para atividade pol\u00edtica, o servidor deve solicitar o documento \u00e0 Divis\u00e3o de Legisla\u00e7\u00e3o e Controle de Processos (DLCP\/PROGEP). A solicita\u00e7\u00e3o deve ser feita via processo eletr\u00f4nico no SIPAC, informando expressamente que a finalidade \u00e9 a inscri\u00e7\u00e3o no presente edital.<\/li>\n\n\n\n<li><strong>Declara\u00e7\u00e3o de Afastamento de Longa Dura\u00e7\u00e3o para Qualifica\u00e7\u00e3o:<\/strong>&nbsp;Necess\u00e1ria para comprovar a n\u00e3o incid\u00eancia em veda\u00e7\u00f5es de afastamento integral para qualifica\u00e7\u00e3o, deve ser solicitada \u00e0&nbsp;<strong>Divis\u00e3o de Educa\u00e7\u00e3o e Capacita\u00e7\u00e3o Profissional (DECP)<\/strong>, vinculada \u00e0 PROGEP.\n<ul class=\"wp-block-list\">\n<li><em>E-mail:<\/em>&nbsp;<a href=\"mailto:decp@progep.ufpb.br\">decp@progep.ufpb.br<\/a><\/li>\n<\/ul>\n<\/li>\n\n\n\n<li><strong>Declara\u00e7\u00e3o de Afastamento de Longa Dura\u00e7\u00e3o para interesses Particulares ou Atividade Pol\u00edtica:&nbsp;<\/strong>Para comprovar que n\u00e3o est\u00e1 afastado para tratar de interesses particulares ou para atividade pol\u00edtica, o servidor deve solicitar o documento \u00e0 Divis\u00e3o de Legisla\u00e7\u00e3o e Controle de Processos (DLCP). A solicita\u00e7\u00e3o deve ser feita via processo eletr\u00f4nico no SIPAC, informando expressamente que a finalidade \u00e9 a inscri\u00e7\u00e3o no presente edital.<\/li>\n<\/ul>\n\n\n\n<p class=\"wp-block-paragraph\"><strong>Pr\u00f3ximos Passos<\/strong><\/p>\n\n\n\n<p class=\"wp-block-paragraph\">Qualquer cidad\u00e3o poder\u00e1 apresentar impugna\u00e7\u00e3o motivada ao texto do edital at\u00e9 o dia&nbsp;<strong>05 de junho de 2026<\/strong>. O cronograma completo, o modelo de requerimento e as normas de campanha podem ser consultados na \u00edntegra no link abaixo.<\/p>\n\n\n\n<p class=\"wp-block-paragraph\"><strong>Clique abaixo para acessar o Edital n\u00ba 01\/2026 e seus Anexos<\/strong><\/p>\n\n\n\n<figure class=\"wp-block-embed is-type-wp-embed is-provider-secretaria-dos-rg-os-deliberativos-da-administra-o-superior wp-block-embed-secretaria-dos-rg-os-deliberativos-da-administra-o-superior\"><div class=\"wp-block-embed__wrapper\">\n<blockquote class=\"wp-embedded-content\" data-secret=\"vkb3UdgKRr\"><a href=\"https:\/\/www.ufpb.br\/sods\/consuni\/eleicao-taes-para-o-consuni\/\">Elei\u00e7\u00e3o TAES para o Consuni<\/a><\/blockquote><iframe loading=\"lazy\" class=\"wp-embedded-content\" sandbox=\"allow-scripts\" security=\"restricted\" style=\"position: absolute; visibility: hidden;\" title=\"\u201cElei\u00e7\u00e3o TAES para o Consuni\u201d \u2014 Secretaria dos \u00d3rg\u00e3os Deliberativos da Administra\u00e7\u00e3o Superior\" src=\"https:\/\/www.ufpb.br\/sods\/consuni\/eleicao-taes-para-o-consuni\/embed\/#?secret=QOAu2iNDpa#?secret=vkb3UdgKRr\" data-secret=\"vkb3UdgKRr\" width=\"500\" height=\"282\" frameborder=\"0\" marginwidth=\"0\" marginheight=\"0\" scrolling=\"no\"><\/iframe>\n<\/div><\/figure>\n\n\n\n<p class=\"wp-block-paragraph\"><\/p>\n\n\n\n<p class=\"wp-block-paragraph\"><\/p>\n\n\n\n<p class=\"wp-block-paragraph\"><\/p>\n<\/details>\n\n\n\n<details class=\"wp-block-details is-layout-flow wp-block-details-is-layout-flow\"><summary><strong>Comiss\u00e3o Eleitoral informa: Edital para Elei\u00e7\u00e3o do CONSUNI n\u00e3o recebeu impugna\u00e7\u00f5es; inscri\u00e7\u00f5es come\u00e7am dia 15<\/strong><\/summary>\n<p class=\"wp-block-paragraph\">A Comiss\u00e3o Eleitoral do processo de escolha dos Representantes dos Servidores T\u00e9cnico-Administrativos em Educa\u00e7\u00e3o (TAE) junto ao Conselho Universit\u00e1rio (CONSUNI\/UFPB) comunica a toda a comunidade universit\u00e1ria que, encerrado o prazo regulamentar no \u00faltimo dia 05 de junho,&nbsp;<strong>n\u00e3o houve a interposi\u00e7\u00e3o de impugna\u00e7\u00e3o ao Edital n\u00ba 01\/2026<\/strong>.<\/p>\n\n\n\n<p class=\"wp-block-paragraph\">Com a consolida\u00e7\u00e3o do texto do edital aprovado pelo pleno do CONSUNI, o cronograma oficial segue mantido sem altera\u00e7\u00f5es.<\/p>\n\n\n\n<p class=\"wp-block-paragraph\"><strong>Pr\u00f3xima Etapa: Inscri\u00e7\u00e3o de Candidaturas<\/strong><br>O per\u00edodo para o registro das chapas (compostas obrigatoriamente por titular e suplente) estar\u00e1 aberto de 15 a 19 de junho de 2026.<\/p>\n\n\n\n<p class=\"wp-block-paragraph\">As inscri\u00e7\u00f5es dever\u00e3o ser realizadas de forma eletr\u00f4nica atrav\u00e9s do SIPAC. A Comiss\u00e3o orienta \u00e0s pessoas interessadas em concorrer a providenciarem tempestivamente as documenta\u00e7\u00f5es obrigat\u00f3rias junto aos \u00f3rg\u00e3os competentes (Corregedoria, SIGRH e DLCP), conforme detalhado na publica\u00e7\u00e3o anterior.<\/p>\n<\/details>\n\n\n\n<p class=\"wp-block-paragraph\"><\/p>\n\n\n\n<p class=\"wp-block-paragraph\"><\/p>\n\n\n\n<p class=\"wp-block-paragraph\"><\/p>\n\n\n\n<p class=\"wp-block-paragraph\"><\/p>\n\n\n\n<p class=\"wp-block-paragraph\"><\/p>\n\n\n\n<p class=\"wp-block-paragraph\"><\/p>\n\n\n\n<p class=\"wp-block-paragraph\"><\/p>\n\n\n\n<p class=\"wp-block-paragraph\"><\/p>\n\n\n\n<p class=\"wp-block-paragraph\"><\/p>\n<\/details>\n\n\n\n<details class=\"wp-block-details is-layout-flow wp-block-details-is-layout-flow\"><summary><strong>Comiss\u00e3o Eleitoral divulga Lista Preliminar de Inscri\u00e7\u00f5es para a Elei\u00e7\u00e3o do CONSUNI <\/strong><\/summary>\n<p class=\"wp-block-paragraph\">A Comiss\u00e3o Eleitoral do processo de escolha dos Representantes dos Servidores T\u00e9cnico-Administrativos em Educa\u00e7\u00e3o (TAE) junto ao Conselho Universit\u00e1rio (CONSUNI\/UFPB) torna p\u00fablico, nesta ter\u00e7a-feira (23\/06), a lista preliminar com o resultado da an\u00e1lise dos pedidos de inscri\u00e7\u00e3o de chapas.<\/p>\n\n\n\n<p class=\"wp-block-paragraph\">Ao todo, foram submetidos 11 pedidos de registro. Ap\u00f3s a verifica\u00e7\u00e3o detalhada dos crit\u00e9rios de elegibilidade e da documenta\u00e7\u00e3o obrigat\u00f3ria prevista no Art. 4\u00ba do Edital n\u00ba 01\/2026, <strong>07 candidaturas foram deferidas<\/strong> e <strong>04 foram indeferidas<\/strong>.<\/p>\n\n\n\n<p class=\"wp-block-paragraph\"><strong>Prazo para Recursos e Impugna\u00e7\u00f5es<\/strong><\/p>\n\n\n\n<p class=\"wp-block-paragraph\">Conforme estabelecido no cronograma oficial, as chapas que tiveram suas inscri\u00e7\u00f5es indeferidas, ou qualquer servidor que deseje apresentar contesta\u00e7\u00e3o, poder\u00e3o interpor recurso por meio de Processo eletr\u00f4nico at\u00e9 o dia <strong>30 de junho de 2026 <\/strong>encaminhado para a unidade: 11.01.74 \u2013 REITORIA \u2013 SECRETARIA DOS ORG\u00c3OS DELIBERATIVOS SUPERIORES.<\/p>\n\n\n\n<p class=\"wp-block-paragraph\"><strong>Rela\u00e7\u00e3o Preliminar de Chapas e Situa\u00e7\u00e3o de Regularidade<\/strong><\/p>\n\n\n\n<p class=\"wp-block-paragraph\">Abaixo est\u00e3o listados os processos avaliados, com os respectivos nomes de chapa, integrantes e as justificativas nos casos de indeferimento:<\/p>\n\n\n\n<p class=\"wp-block-paragraph\"><strong>Candidaturas DEFERIDAS<\/strong><\/p>\n\n\n\n<ol start=\"1\" class=\"wp-block-list\">\n<li><strong>Processo n\u00ba 23074.058729\/2026-28<\/strong>\n<ul class=\"wp-block-list\">\n<li><strong>Chapa:<\/strong> REPRESENTA TAES<\/li>\n\n\n\n<li><strong>Candidatos:<\/strong> Emerson de Souza Lima (Titular) e Sebastiao Pereira Santos (Suplente)<\/li>\n<\/ul>\n<\/li>\n\n\n\n<li><strong>Processo n\u00ba 23074.058847\/2026-43<\/strong>\n<ul class=\"wp-block-list\">\n<li><strong>Chapa:<\/strong> Democracia e Participa\u00e7\u00e3o na UFPB<\/li>\n\n\n\n<li><strong>Candidatos:<\/strong> Luciana Roseli Ledra de Azevedo (Titular) e Ednaldo Alves Costa (Suplente)<\/li>\n<\/ul>\n<\/li>\n\n\n\n<li><strong>Processo n\u00ba 23074.058848\/2026-16<\/strong>\n<ul class=\"wp-block-list\">\n<li><strong>Chapa:<\/strong> T@Es CON-INCLUS\u00c3O<\/li>\n\n\n\n<li><strong>Candidatos:<\/strong> Anam\u00e9lia Soares N\u00f3brega (Titular) e Emily da Silva Nascimento (Suplente)<\/li>\n<\/ul>\n<\/li>\n\n\n\n<li><strong>Processo n\u00ba 23074.058856\/2026-91<\/strong>\n<ul class=\"wp-block-list\">\n<li><strong>Chapa:<\/strong> UFPB Plena: Experi\u00eancia que Defende<\/li>\n\n\n\n<li><strong>Candidatos:<\/strong> Manoel Lopes de Macedo Neto (Titular) e Ana Paula de Souza Lima (Suplente)<\/li>\n<\/ul>\n<\/li>\n\n\n\n<li><strong>Processo n\u00ba 23074.058872\/2026-47<\/strong>\n<ul class=\"wp-block-list\">\n<li><strong>Chapa:<\/strong> Juntas, pelos TAEs UFPB<\/li>\n\n\n\n<li><strong>Candidatos:<\/strong> Luzinete do Nascimento Ferreira (Titular) e Gilvanedja Ferreira Mendes da Silva (Suplente)<\/li>\n<\/ul>\n<\/li>\n\n\n\n<li><strong>Processo n\u00ba 23074.059155\/2026-69<\/strong>\n<ul class=\"wp-block-list\">\n<li><strong>Chapa:<\/strong> Unidos pelo conselho<\/li>\n\n\n\n<li><strong>Candidatos:<\/strong> Rafaella Camilla Meira Prado de Brito (Titular) e Wellington da Silva Lyra (Suplente)<\/li>\n<\/ul>\n<\/li>\n\n\n\n<li><strong>Processo n\u00ba 23074.059238\/2026-59<\/strong>\n<ul class=\"wp-block-list\">\n<li><strong>Chapa:<\/strong> A\u00e7\u00e3o e Movimento<\/li>\n\n\n\n<li><strong>Candidatos:<\/strong> Glauco Fernandes Machado (Titular) e Jos\u00e9 Luiz da Silva (Suplente)<\/li>\n<\/ul>\n<\/li>\n<\/ol>\n\n\n\n<p class=\"wp-block-paragraph\"><strong>Candidaturas INDEFERIDAS<\/strong><\/p>\n\n\n\n<ol start=\"1\" class=\"wp-block-list\">\n<li><strong>Processo n\u00ba 23074.058834\/2026-06<\/strong>\n<ul class=\"wp-block-list\">\n<li><strong>Candidatos:<\/strong> Janilde Guedes Lima (Titular) e Henrique Jorge Pontes Sampaio (Suplente)<\/li>\n\n\n\n<li><strong>Motivo:<\/strong> O nome da chapa n\u00e3o foi informado. Al\u00e9m disso, em rela\u00e7\u00e3o aos documentos do Art. 4\u00ba (Inciso IV), houve falha na instru\u00e7\u00e3o processual: n\u00e3o foi enviada a Declara\u00e7\u00e3o de afastamento do suplente, constando em duplicidade o documento da candidata titular.<\/li>\n<\/ul>\n<\/li>\n\n\n\n<li><strong>Processo n\u00ba 23074.059193\/2026-13<\/strong>\n<ul class=\"wp-block-list\">\n<li><strong>Chapa:<\/strong> Gratid\u00e3o<\/li>\n\n\n\n<li><strong>Candidatos:<\/strong> Vicente Bernardo de Souza (Titular) e M\u00e9rcia Aparecida da Silva Camara (Suplente)<\/li>\n\n\n\n<li><strong>Motivo:<\/strong> Descumprimento do Art. 4\u00ba, Inciso I, devido \u00e0 aus\u00eancia de assinatura da candidata suplente no formul\u00e1rio de inscri\u00e7\u00e3o. Aus\u00eancia tamb\u00e9m da declara\u00e7\u00e3o de afastamentos exigida no Inciso IV de ambas as candidaturas.<\/li>\n<\/ul>\n<\/li>\n\n\n\n<li><strong>Processo n\u00ba 23074.059243\/2026-21<\/strong>\n<ul class=\"wp-block-list\">\n<li><strong>Chapa:<\/strong> ELO UFPB<\/li>\n\n\n\n<li><strong>Candidatos:<\/strong> Igor Ara\u00fajo Alves (Titular) e Raimundo Jos\u00e9 Duarte (Suplente)<\/li>\n\n\n\n<li><strong>Motivo:<\/strong> Descumprimento do Art. 4\u00ba, Inciso I. O formul\u00e1rio de inscri\u00e7\u00e3o foi enviado incompleto, restando ausente a se\u00e7\u00e3o obrigat\u00f3ria relativa ao \u201cTermo de Requerimento e Compromisso\u201d.<\/li>\n<\/ul>\n<\/li>\n\n\n\n<li><strong>Processo n\u00ba 23074.059327\/2026-81<\/strong>\n<ul class=\"wp-block-list\">\n<li><strong>Chapa:<\/strong> Resist\u00eancia e Luta<\/li>\n\n\n\n<li><strong>Candidatos:<\/strong> Rachel de Souza Melo (Titular) e Lena Leite Dias (Suplente)<\/li>\n\n\n\n<li><strong>Motivo:<\/strong> Inscri\u00e7\u00e3o realizada fora do prazo regulamentar estabelecido no edital.<\/li>\n<\/ul>\n<\/li>\n<\/ol>\n\n\n\n<p class=\"wp-block-paragraph\"><strong>Pr\u00f3ximos Passos<\/strong><\/p>\n\n\n\n<p class=\"wp-block-paragraph\">Ap\u00f3s o encerramento do prazo de recursos e a devida an\u00e1lise pela Comiss\u00e3o no dia 02\/07, a <strong>Lista Definitiva de Candidaturas Homologadas<\/strong> ser\u00e1 publicada no site da SODS no dia <strong>03 de julho de 2026<\/strong>, habilitando as chapas validadas ao in\u00edcio do per\u00edodo de campanha eleitoral.<\/p>\n<\/details>\n\n\n\n<details class=\"wp-block-details is-layout-flow wp-block-details-is-layout-flow\"><summary><strong>Comiss\u00e3o Eleitoral publica Homologa\u00e7\u00e3o Definitiva de inscri\u00e7\u00f5es e divulga n\u00fameros oficiais das chapas<\/strong><\/summary>\n<p class=\"wp-block-paragraph\">A Comiss\u00e3o Eleitoral do processo de escolha dos Representantes dos Servidores T\u00e9cnico-Administrativos em Educa\u00e7\u00e3o (TAE) junto ao Conselho Universit\u00e1rio (CONSUNI\/UFPB) torna p\u00fablica, a <strong>Lista Definitiva de Candidaturas Homologadas<\/strong>.<\/p>\n\n\n\n<p class=\"wp-block-paragraph\">Ap\u00f3s a conclus\u00e3o e o julgamento dos 4 (quatro) recursos administrativos interpostos contra o resultado preliminar, em reuni\u00e3o realizada no dia 02 de julho de 2026, os pareceres conclusivos, contendo as fundamenta\u00e7\u00f5es e decis\u00f5es detalhadas, foram anexados diretamente aos respectivos processos eletr\u00f4nicos no SIPAC para a consulta direta dos interessados. O resultado final das delibera\u00e7\u00f5es firmou o deferimento de 2 (dois) recursos e o indeferimento de 2 (dois) recursos.<\/p>\n\n\n\n<p class=\"wp-block-paragraph\">O resultado das delibera\u00e7\u00f5es firmou-se nos seguintes termos:<\/p>\n\n\n\n<ul class=\"wp-block-list\">\n<li><strong>Recursos DEFERIDOS:<\/strong>\n<ul class=\"wp-block-list\">\n<li><strong>Chapa ELO UFPB<\/strong>, composta por Igor Ara\u00fajo Alves (Titular) e Raimundo Jos\u00e9 Duarte (Suplente);<\/li>\n\n\n\n<li><strong>Chapa Voz Ativa<\/strong>, composta por Janilde Guedes Lima (Titular) e Henrique Jorge Pontes Sampaio (Suplente).<\/li>\n<\/ul>\n<\/li>\n\n\n\n<li><strong>Recursos INDEFERIDOS:<\/strong>\n<ul class=\"wp-block-list\">\n<li><strong>Chapa Resist\u00eancia e Luta<\/strong>, composta por Rachel de Souza Melo (Titular) e Lena Leite Dias (Suplente).<\/li>\n\n\n\n<li><strong>Chapa Gratid\u00e3o<\/strong>, composta por Vicente Bernardo de Souza (Titular) e M\u00e9rcia Aparecida da Silva Camara (Suplente).<\/li>\n<\/ul>\n<\/li>\n<\/ul>\n\n\n\n<p class=\"wp-block-paragraph\">Com a consolida\u00e7\u00e3o desta etapa, o certame conta oficialmente com <strong>09 (nove) chapas homologadas<\/strong> aptas a disputar as vagas do conselho superior.<\/p>\n\n\n\n<p class=\"wp-block-paragraph\"><strong>N\u00fameros Oficiais das Chapas para a Urna Eletr\u00f4nica<\/strong><\/p>\n\n\n\n<p class=\"wp-block-paragraph\">A Comiss\u00e3o Eleitoral tamb\u00e9m divulga a rela\u00e7\u00e3o final resultante do sorteio p\u00fablico realizado para a defini\u00e7\u00e3o dos n\u00fameros oficiais que identificar\u00e3o cada candidatura na urna eletr\u00f4nica do sistema SIGELEI\u00c7\u00c3O:<\/p>\n\n\n\n<ul class=\"wp-block-list\">\n<li><strong>Chapa 1: Unidos pelo conselho<\/strong>\n<ul class=\"wp-block-list\">\n<li><em>Candidatos:<\/em> Rafaella Camilla Meira Prado de Brito (Titular) e Wellington da Silva Lyra (Suplente)<\/li>\n<\/ul>\n<\/li>\n\n\n\n<li><strong>Chapa 2: Juntas, pelos TAEs UFPB<\/strong>\n<ul class=\"wp-block-list\">\n<li><em>Candidatos:<\/em> Luzinete do Nascimento Ferreira (Titular) e Gilvanedja Ferreira Mendes da Silva (Suplente)<\/li>\n<\/ul>\n<\/li>\n\n\n\n<li><strong>Chapa 3: ELO UFPB<\/strong>\n<ul class=\"wp-block-list\">\n<li><em>Candidatos:<\/em> Igor Ara\u00fajo Alves (Titular) e Raimundo Jos\u00e9 Duarte (Suplente)<\/li>\n<\/ul>\n<\/li>\n\n\n\n<li><strong>Chapa 4: T@Es CON-INCLUS\u00c3O<\/strong>\n<ul class=\"wp-block-list\">\n<li><em>Candidatos:<\/em> Anam\u00e9lia Soares N\u00f3brega (Titular) e Emily da Silva Nascimento (Suplente)<\/li>\n<\/ul>\n<\/li>\n\n\n\n<li><strong>Chapa 5: UFPB Plena: Experi\u00eancia que Defende<\/strong>\n<ul class=\"wp-block-list\">\n<li><em>Candidatos:<\/em> Manoel Lopes de Macedo Neto (Titular) e Ana Paula de Souza Lima (Suplente)<\/li>\n<\/ul>\n<\/li>\n\n\n\n<li><strong>Chapa 6: REPRESENTA TAES<\/strong>\n<ul class=\"wp-block-list\">\n<li><em>Candidatos:<\/em> Emerson de Souza Lima (Titular) e Sebastiao Pereira Santos (Suplente)<\/li>\n<\/ul>\n<\/li>\n\n\n\n<li><strong>Chapa 7: Voz Ativa<\/strong>\n<ul class=\"wp-block-list\">\n<li><em>Candidatos:<\/em> Janilde Guedes Lima (Titular) e Henrique Jorge Pontes Sampaio (Suplente)<\/li>\n<\/ul>\n<\/li>\n\n\n\n<li><strong>Chapa 8: A\u00e7\u00e3o e Movimento<\/strong>\n<ul class=\"wp-block-list\">\n<li><em>Candidatos:<\/em> Glauco Fernandes Machado (Titular) e Jos\u00e9 Luiz da Silva (Suplente)<\/li>\n<\/ul>\n<\/li>\n\n\n\n<li><strong>Chapa 9: Democracia e Participa\u00e7\u00e3o na UFPB<\/strong>\n<ul class=\"wp-block-list\">\n<li><em>Candidatos:<\/em> Luciana Roseli Ledra de Azevedo (Titular) e Ednaldo Alves Costa (Suplente)<\/li>\n<\/ul>\n<\/li>\n<\/ul>\n\n\n\n<p class=\"wp-block-paragraph\"><strong>In\u00edcio da Campanha Eleitoral<\/strong><\/p>\n\n\n\n<p class=\"wp-block-paragraph\">De acordo com o cronograma planejado, a partir do pr\u00f3ximo domingo, <strong>05 de julho de 2026<\/strong>, as chapas listadas acima estar\u00e3o oficialmente autorizadas a iniciar as atividades de campanha eleitoral nos ambientes institucionais.<\/p>\n\n\n\n<p class=\"wp-block-paragraph\"><\/p>\n\n\n\n<p class=\"wp-block-paragraph\"><\/p>\n<\/details>\n\n\n\n<details class=\"wp-block-details is-layout-flow wp-block-details-is-layout-flow\"><summary><strong>Comiss\u00e3o Eleitoral divulga Lista Preliminar de Eleitores Aptos para a Elei\u00e7\u00e3o<br>do CONSUNI<\/strong><\/summary>\n<p class=\"wp-block-paragraph\">A Comiss\u00e3o Eleitoral do processo de escolha dos Representantes dos Servidores T\u00e9cnico-Administrativos em Educa\u00e7\u00e3o (TAE) junto ao Conselho Universit\u00e1rio (CONSUNI\/UFPB) torna p\u00fablica, nesta segunda-feira (<strong>06\/07\/2026<\/strong>), a <strong>Lista Preliminar de Eleitores Aptos a Votar<\/strong>.<\/p>\n\n\n\n<p class=\"wp-block-paragraph\">A publica\u00e7\u00e3o atende rigorosamente ao disposto no Art. 4\u00ba, \u00a7 2\u00ba da Resolu\u00e7\u00e3o n\u00ba 05\/2026 do CONSUNI, assegurando a publicidade do col\u00e9gio eleitoral com a anteced\u00eancia m\u00ednima de 15 (quinze) dias da data do pleito. A listagem foi gerada a partir da base de dados funcional do SIGRH, englobando os servidores t\u00e9cnico-administrativos ativos e aqueles legalmente afastados sob o amparo do Art. 81 da Lei n\u00ba 8.112\/1990.<\/p>\n\n\n\n<p class=\"wp-block-paragraph\">Conforme as veda\u00e7\u00f5es regimentais do Art. 4\u00ba, \u00a7 1\u00ba da mesma Resolu\u00e7\u00e3o, n\u00e3o constam na lista os servidores t\u00e9cnico-administrativos que se encontram licenciados para tratar de interesses particulares ou que estejam cedidos \u00e0 UFPB por outros \u00f3rg\u00e3os.<\/p>\n\n\n\n<p class=\"wp-block-paragraph\"><strong>Prazo e Procedimento para Recursos e Impugna\u00e7\u00f5es<\/strong><\/p>\n\n\n\n<p class=\"wp-block-paragraph\">Caso o servidor identifique a omiss\u00e3o de seu nome ou qualquer inconsist\u00eancia em seus dados funcionais na listagem preliminar, poder\u00e1 interpor recurso para a devida regulariza\u00e7\u00e3o.<\/p>\n\n\n\n<ul class=\"wp-block-list\">\n<li><strong>Per\u00edodo para Recursos:<\/strong> Dias <strong>07 e 08 de julho de 2026<\/strong>.<\/li>\n\n\n\n<li><strong>Canal de Envio:<\/strong> Os requerimentos fundamentados devem ser encaminhados exclusivamente para o e-mail oficial da Comiss\u00e3o Eleitoral: comissaoeleitoraltaes2026@gmail.com.<\/li>\n\n\n\n<li><strong>Prazo de Julgamento:<\/strong> Conforme o regimento, os pedidos de impugna\u00e7\u00e3o ser\u00e3o julgados pela Comiss\u00e3o Eleitoral no prazo m\u00e1ximo de 72 (setenta e duas) horas ap\u00f3s o recebimento.<\/li>\n<\/ul>\n\n\n\n<p class=\"wp-block-paragraph\">A consolida\u00e7\u00e3o dos dados e a publica\u00e7\u00e3o da <strong>Lista Definitiva de Eleitores Aptos<\/strong> ocorrer\u00e1 no dia <strong>10 de julho de 2026<\/strong>, balizando a carga oficial de votantes que ser\u00e1 inserida no sistema SIGELEI\u00c7\u00c3O para o dia da vota\u00e7\u00e3o (21\/07\/2026).<\/p>\n\n\n\n<p class=\"wp-block-paragraph\"><a href=\"https:\/\/drive.google.com\/drive\/folders\/19K8pEU4-X3DfHC0irT5ViDo5DOhax0Bp\">https:\/\/drive.google.com\/drive\/folders\/19K8pEU4-X3DfHC0irT5ViDo5DOhax0Bp<\/a><\/p>\n\n\n\n<p class=\"wp-block-paragraph\"><strong>[Clique aqui para acessar a Lista Preliminar de Eleitores Aptos]<\/strong><\/p>\n<\/details>\n\n\n\n<details class=\"wp-block-details is-layout-flow wp-block-details-is-layout-flow\"><summary><strong>Comiss\u00e3o Eleitoral informa: Lista Preliminar de Eleitores para o CONSUNI n\u00e3o recebeu impugna\u00e7\u00f5es e torna-se definitiva<\/strong><\/summary>\n<p class=\"wp-block-paragraph\">A Comiss\u00e3o Eleitoral do processo de escolha dos Representantes dos Servidores T\u00e9cnico-Administrativos em Educa\u00e7\u00e3o (TAE) junto ao Conselho Universit\u00e1rio (CONSUNI\/UFPB) comunica a toda a comunidade universit\u00e1ria que, encerrado o prazo regulamentar para a interposi\u00e7\u00e3o de recursos, n\u00e3o houve nenhuma impugna\u00e7\u00e3o ou pedido de retifica\u00e7\u00e3o \u00e0 Lista Preliminar de Eleitores, publicada no \u00faltimo dia 06 de julho de 2026.<\/p>\n\n\n\n<p class=\"wp-block-paragraph\">Diante da aus\u00eancia de manifesta\u00e7\u00f5es ou contesta\u00e7\u00e3o por parte dos(as) servidores(as), a Comiss\u00e3o Eleitoral declara como definitiva e v\u00e1lida a listagem de votantes originalmente divulgada.<\/p>\n\n\n\n<p class=\"wp-block-paragraph\">O col\u00e9gio eleitoral ali consolidado servir\u00e1 como base oficial para a carga de usu\u00e1rios(as) aptos(as) a votarem no sistema SIGELEI\u00c7\u00c3O. A vota\u00e7\u00e3o eletr\u00f4nica ocorrer\u00e1 no dia 21 de julho de 2026, das 07h \u00e0s 23h.<\/p>\n\n\n\n<p class=\"wp-block-paragraph\"><a href=\"https:\/\/drive.google.com\/drive\/folders\/19K8pEU4-X3DfHC0irT5ViDo5DOhax0Bp\">https:\/\/drive.google.com\/drive\/folders\/19K8pEU4-X3DfHC0irT5ViDo5DOhax0Bp<\/a><\/p>\n\n\n\n<p class=\"wp-block-paragraph\">[Clique aqui para acessar a Lista Definitiva de Eleitores Aptos]&nbsp;&nbsp;<\/p>\n<\/details>\n\n\n\n<details class=\"wp-block-details is-layout-flow wp-block-details-is-layout-flow\"><summary><strong>Comiss\u00e3o Eleitoral divulga Resultado Preliminar da Elei\u00e7\u00e3o para Representa\u00e7\u00e3o dos TAEs no CONSUNI\/UFPB<\/strong><\/summary>\n<p class=\"wp-block-paragraph\">A Comiss\u00e3o Eleitoral do processo de escolha dos Representantes dos Servidores T\u00e9cnico-Administrativos em Educa\u00e7\u00e3o (TAE) junto ao Conselho Universit\u00e1rio (CONSUNI\/UFPB) divulga, o Resultado Preliminar da Vota\u00e7\u00e3o, apurado e auditado por meio do sistema SIGElei\u00e7\u00e3o ap\u00f3s o t\u00e9rmino do pleito realizado em 21\/07\/2026.<\/p>\n\n\n\n<p class=\"wp-block-paragraph\">A vota\u00e7\u00e3o registrou a participa\u00e7\u00e3o de 25,91% da categoria apta a votar. De acordo com a sistem\u00e1tica estabelecida pelo Edital n\u00ba 01\/2026 e pela Resolu\u00e7\u00e3o n\u00ba 05\/2026 &#8211; CONSUNI, cada eleitor p\u00f4de assinalar at\u00e9 08 (oito) escolhas na urna eletr\u00f4nica, acompanhando o n\u00famero total de vagas ofertadas no certame. Ao todo, a apura\u00e7\u00e3o contabilizou 4.957 votos v\u00e1lidos direcionados \u00e0s chapas concorrentes, al\u00e9m de 968 votos em branco e 531 votos nulos.<\/p>\n\n\n\n<p class=\"wp-block-paragraph\"><strong>Resultado da Vota\u00e7\u00e3o por Chapa e Classifica\u00e7\u00e3o<\/strong><\/p>\n\n\n\n<p class=\"wp-block-paragraph\">De acordo com o quantitativo de <strong>08 (oito) vagas<\/strong> ofertadas pelo edital, apresentam-se a seguir as chapas classificadas em ordem decrescente de vota\u00e7\u00e3o, com a indica\u00e7\u00e3o das <strong>8 (oito) chapas preliminarmente eleitas<\/strong>:<\/p>\n\n\n\n<figure class=\"wp-block-table\"><table class=\"has-fixed-layout\"><thead><tr><td><strong>Pos.<\/strong><\/td><td><strong>Chapa<\/strong><\/td><td><strong>Votos V\u00e1lidos<\/strong><\/td><td><strong>Situa\u00e7\u00e3o Preliminar<\/strong><\/td><\/tr><\/thead><tbody><tr><td><strong>1\u00ba<\/strong><\/td><td><strong>Chapa 01 \u2013 Unidos pelo conselho<\/strong><\/td><td><strong>615<\/strong><\/td><td><strong>ELEITA<\/strong><\/td><\/tr><tr><td><strong>2\u00ba<\/strong><\/td><td><strong>Chapa 02 \u2013 Juntas, pelos TAES UFPB<\/strong><\/td><td><strong>597<\/strong><\/td><td><strong>ELEITA<\/strong><\/td><\/tr><tr><td><strong>3\u00ba<\/strong><\/td><td><strong>Chapa 04 \u2013 T@Es CON-INCLUS\u00c3O<\/strong><\/td><td><strong>594<\/strong><\/td><td><strong>ELEITA<\/strong><\/td><\/tr><tr><td><strong>4\u00ba<\/strong><\/td><td><strong>Chapa 03 \u2013 ELO UFPB<\/strong><\/td><td><strong>585<\/strong><\/td><td><strong>ELEITA<\/strong><\/td><\/tr><tr><td><strong>5\u00ba<\/strong><\/td><td><strong>Chapa 08 \u2013 A\u00e7\u00e3o e Movimento<\/strong><\/td><td><strong>570<\/strong><\/td><td><strong>ELEITA<\/strong><\/td><\/tr><tr><td><strong>6\u00ba<\/strong><\/td><td><strong>Chapa 07 \u2013 Voz Ativa<\/strong><\/td><td><strong>548<\/strong><\/td><td><strong>ELEITA<\/strong><\/td><\/tr><tr><td><strong>7\u00ba<\/strong><\/td><td><strong>Chapa 09 \u2013 Democracia e Participa\u00e7\u00e3o na UFPB<\/strong><\/td><td><strong>533<\/strong><\/td><td><strong>ELEITA<\/strong><\/td><\/tr><tr><td><strong>8\u00ba<\/strong><\/td><td><strong>Chapa 06 \u2013 REPRESENTA TAES<\/strong><\/td><td><strong>532<\/strong><\/td><td><strong>ELEITA<\/strong><\/td><\/tr><tr><td>9\u00ba<\/td><td>Chapa 05 \u2013 UFPB Plena: Experi\u00eancia que Defende<\/td><td>383<\/td><td>Suplente \/ N\u00e3o Eleita<\/td><\/tr><\/tbody><\/table><\/figure>\n\n\n\n<p class=\"wp-block-paragraph\"><strong>Prazo para Recursos e Pr\u00f3ximos Passos<\/strong><\/p>\n\n\n\n<p class=\"wp-block-paragraph\">Conforme estabelecido no cronograma oficial da elei\u00e7\u00e3o, as chapas concorrentes que desejarem interpor recursos ou impugna\u00e7\u00f5es em face do Resultado Preliminar poder\u00e3o faz\u00ea-lo dentro do per\u00edodo de 22\/07 a 23\/07\/2026, atrav\u00e9s de Processo Eletr\u00f4nico no SIPAC, dirigido \u00e0 Comiss\u00e3o Eleitoral e encaminhado \u00e0 unidade: 11.01.74 \u2013 REITORIA \u2013 SECRETARIA DOS ORG\u00c3OS DELIBERATIVOS SUPERIORES.<\/p>\n\n\n\n<ul class=\"wp-block-list\">\n<li><strong>An\u00e1lise e Julgamento de Recursos:<\/strong> A Comiss\u00e3o Eleitoral estar\u00e1 reunida no dia <strong>27 de julho de 2026<\/strong> para apreciar eventuais contesta\u00e7\u00f5es.<\/li>\n\n\n\n<li><strong>Homologa\u00e7\u00e3o:<\/strong> A publica\u00e7\u00e3o da homologa\u00e7\u00e3o definitiva do resultado ocorrer\u00e1 no dia <strong>28<\/strong><strong> de julho de 2026<\/strong>.<\/li>\n<\/ul>\n\n\n\n<p class=\"wp-block-paragraph\">[Clique aqui para visualizar o relat\u00f3rio extra\u00eddo do SIGElei\u00e7\u00e3o) <a href=\"https:\/\/drive.google.com\/drive\/folders\/19K8pEU4-X3DfHC0irT5ViDo5DOhax0Bp?hl=pt-br\">https:\/\/drive.google.com\/drive\/folders\/19K8pEU4-X3DfHC0irT5ViDo5DOhax0Bp?hl=pt-br<\/a><\/p>\n<\/details>\n\n\n\n<details class=\"wp-block-details is-layout-flow wp-block-details-is-layout-flow\"><summary><strong>Resultado Final e Definitivo da Elei\u00e7\u00e3o da Representa\u00e7\u00e3o TAEs para o CONSUNI\/UFPB<\/strong><\/summary>\n<p class=\"wp-block-paragraph\">A Comiss\u00e3o Eleitoral do processo de escolha dos Representantes dos Servidores T\u00e9cnico-Administrativos em Educa\u00e7\u00e3o (TAE) junto ao Conselho Universit\u00e1rio (CONSUNI\/UFPB) torna p\u00fablico, o Resultado Final e Definitivo da Elei\u00e7\u00e3o.<\/p>\n\n\n\n<p class=\"wp-block-paragraph\">Ap\u00f3s a publica\u00e7\u00e3o do resultado preliminar no \u00faltimo dia 22 de julho e transcorrido o prazo regulamentar para a interposi\u00e7\u00e3o de recursos e considerando que n\u00e3o foram apresentados recursos ou impugna\u00e7\u00f5es contra a contagem dos votos.<\/p>\n\n\n\n<p class=\"wp-block-paragraph\">Desta forma, ratifica-se integralmente a apura\u00e7\u00e3o emitida pelo sistema SIGElei\u00e7\u00e3o, consolidando-se o pleito sem altera\u00e7\u00f5es no resultado.<\/p>\n\n\n\n<p class=\"wp-block-paragraph\"><strong>Chapas Eleitas para o CONSUNI\/UFPB<\/strong><\/p>\n\n\n\n<p class=\"wp-block-paragraph\">De acordo com o n\u00famero de vagas ofertadas no certame, declaram-se oficialmente eleitas as 08 (oito) chapas mais votadas:<\/p>\n\n\n\n<figure class=\"wp-block-table\"><table class=\"has-fixed-layout\"><thead><tr><td><strong>Pos.<\/strong><\/td><td><strong>N\u00ba<\/strong><\/td><td><strong>Chapa Concorrente<\/strong><\/td><td><strong>Candidatos (Titular e Suplente)<\/strong><\/td><td><strong>Votos<\/strong><\/td><td><strong>Situa\u00e7\u00e3o Final<\/strong><\/td><\/tr><\/thead><tbody><tr><td><strong>1\u00ba<\/strong><\/td><td><strong>01<\/strong><\/td><td><strong>Unidos pelo conselho<\/strong><\/td><td>Rafaella Camilla Meira Prado de Brito \/ Wellington da Silva Lyra<\/td><td><strong>615<\/strong><\/td><td><strong>ELEITA<\/strong><\/td><\/tr><tr><td><strong>2\u00ba<\/strong><\/td><td><strong>02<\/strong><\/td><td><strong>Juntas, pelos TAES UFPB<\/strong><\/td><td>Luzinete do Nascimento Ferreira \/ Gilvanedja Ferreira Mendes da Silva<\/td><td><strong>597<\/strong><\/td><td><strong>ELEITA<\/strong><\/td><\/tr><tr><td><strong>3\u00ba<\/strong><\/td><td><strong>04<\/strong><\/td><td><strong>T@Es CON-INCLUS\u00c3O<\/strong><\/td><td>Anam\u00e9lia Soares N\u00f3brega \/ Emily da Silva Nascimento<\/td><td><strong>594<\/strong><\/td><td><strong>ELEITA<\/strong><\/td><\/tr><tr><td><strong>4\u00ba<\/strong><\/td><td><strong>03<\/strong><\/td><td><strong>ELO UFPB<\/strong><\/td><td>Igor Ara\u00fajo Alves \/ Raimundo Jos\u00e9 Duarte<\/td><td><strong>585<\/strong><\/td><td><strong>ELEITA<\/strong><\/td><\/tr><tr><td><strong>5\u00ba<\/strong><\/td><td><strong>08<\/strong><\/td><td><strong>A\u00e7\u00e3o e Movimento<\/strong><\/td><td>Glauco Fernandes Machado \/ Jos\u00e9 Luiz da Silva<\/td><td><strong>570<\/strong><\/td><td><strong>ELEITA<\/strong><\/td><\/tr><tr><td><strong>6\u00ba<\/strong><\/td><td><strong>07<\/strong><\/td><td><strong>Voz Ativa<\/strong><\/td><td>Janilde Guedes Lima \/ Henrique Jorge Pontes Sampaio<\/td><td><strong>548<\/strong><\/td><td><strong>ELEITA<\/strong><\/td><\/tr><tr><td><strong>7\u00ba<\/strong><\/td><td><strong>09<\/strong><\/td><td><strong>Democracia e Participa\u00e7\u00e3o na UFPB<\/strong><\/td><td>Luciana Roseli Ledra de Azevedo \/ Ednaldo Alves Costa<\/td><td><strong>533<\/strong><\/td><td><strong>ELEITA<\/strong><\/td><\/tr><tr><td><strong>8\u00ba<\/strong><\/td><td><strong>06<\/strong><\/td><td><strong>REPRESENTA TAES<\/strong><\/td><td>Emerson de Souza Lima \/ Sebastiao Pereira Santos<\/td><td><strong>532<\/strong><\/td><td><strong>ELEITA<\/strong><\/td><\/tr><tr><td>9\u00ba<\/td><td>05<\/td><td>UFPB Plena: Experi\u00eancia que Defende<\/td><td>Manoel Lopes de Macedo Neto \/ Ana Paula de Souza Lima<\/td><td>383<\/td><td>Suplente<\/td><\/tr><\/tbody><\/table><\/figure>\n\n\n\n<p class=\"wp-block-paragraph\"><strong>Encaminhamentos e Posse<\/strong><\/p>\n\n\n\n<p class=\"wp-block-paragraph\">Com a publica\u00e7\u00e3o do resultado final e envio do Relat\u00f3rio Final das Atividades \u00e0 Secretaria dos \u00d3rg\u00e3os Deliberativos da Administra\u00e7\u00e3o Superior (SODS). O resultado segue para homologa\u00e7\u00e3o pelo CONSUNI e demais atos administrativos relativos \u00e0 posse dos(as) conselheiros(as).<\/p>\n\n\n\n<p class=\"wp-block-paragraph\"><\/p>\n<\/details>\n","protected":false},"excerpt":{"rendered":"","protected":false},"author":47,"featured_media":0,"parent":42,"menu_order":0,"comment_status":"closed","ping_status":"closed","template":"","meta":{"footnotes":""},"class_list":["post-181","page","type-page","status-publish","hentry"],"_links":{"self":[{"href":"https:\/\/www.ufpb.br\/sods\/wp-json\/wp\/v2\/pages\/181","targetHints":{"allow":["GET"]}}],"collection":[{"href":"https:\/\/www.ufpb.br\/sods\/wp-json\/wp\/v2\/pages"}],"about":[{"href":"https:\/\/www.ufpb.br\/sods\/wp-json\/wp\/v2\/types\/page"}],"author":[{"embeddable":true,"href":"https:\/\/www.ufpb.br\/sods\/wp-json\/wp\/v2\/users\/47"}],"replies":[{"embeddable":true,"href":"https:\/\/www.ufpb.br\/sods\/wp-json\/wp\/v2\/comments?post=181"}],"version-history":[{"count":21,"href":"https:\/\/www.ufpb.br\/sods\/wp-json\/wp\/v2\/pages\/181\/revisions"}],"predecessor-version":[{"id":237,"href":"https:\/\/www.ufpb.br\/sods\/wp-json\/wp\/v2\/pages\/181\/revisions\/237"}],"up":[{"embeddable":true,"href":"https:\/\/www.ufpb.br\/sods\/wp-json\/wp\/v2\/pages\/42"}],"wp:attachment":[{"href":"https:\/\/www.ufpb.br\/sods\/wp-json\/wp\/v2\/media?parent=181"}],"curies":[{"name":"wp","href":"https:\/\/api.w.org\/{rel}","templated":true}]}}