{"id":35,"date":"2025-12-16T13:00:31","date_gmt":"2025-12-16T16:00:31","guid":{"rendered":"https:\/\/www.ufpb.br\/sods\/?page_id=35"},"modified":"2026-04-24T08:52:55","modified_gmt":"2026-04-24T11:52:55","slug":"consepe","status":"publish","type":"page","link":"https:\/\/www.ufpb.br\/sods\/consepe\/","title":{"rendered":"CONSEPE"},"content":{"rendered":"\n<details class=\"wp-block-details is-layout-flow wp-block-details-is-layout-flow\"><summary>O CONSEPE<\/summary>\n<p>O &nbsp;Conselho Superior de Ensino, Pesquisa e Extens\u00e3o (CONSEPE), \u00f3rg\u00e3o deliberativo superior da Universidade em mat\u00e9ria de natureza acad\u00eamica, comp\u00f5e-se:<\/p>\n\n\n\n<p>I &#8211; do Reitor, como Presidente;<\/p>\n\n\n\n<p>II &#8211; do Vice-Reitor, como Vice-Presidente;<\/p>\n\n\n\n<p>III &#8211; do Pr\u00f3-Reitor de Gradua\u00e7\u00e3o;<\/p>\n\n\n\n<p>IV &#8211; do Pr\u00f3-Reitor de P\u00f3s-Gradua\u00e7\u00e3o e Pesquisa;<\/p>\n\n\n\n<p>V &#8211; do Pr\u00f3-Reitor de Extens\u00e3o e Assuntos Comunit\u00e1rios;<\/p>\n\n\n\n<p>VI &#8211; de dois representantes do pessoal docente de cada Centro dos&nbsp;<em>campi<\/em>&nbsp;I, II e III;<\/p>\n\n\n\n<p>VII &#8211; de um representante da comunidade;<\/p>\n\n\n\n<p>VIII &#8211; da representa\u00e7\u00e3o do pessoal discente;<\/p>\n\n\n\n<p>IX &#8211; da representa\u00e7\u00e3o do pessoal t\u00e9cnico-administrativo.&nbsp;1\u00ba A representa\u00e7\u00e3o prevista no inciso IX \u00e9 privativa de servidores de n\u00edvel superior, vinculados \u00e0 atividade de pesquisa ou extens\u00e3o.<\/p>\n\n\n\n<p>2\u00ba O Reitor poder\u00e1 convocar assessores e representantes dos \u00f3rg\u00e3os suplementares para as reuni\u00f5es do CONSEPE, com direito a voz e sem direito a voto.<\/p>\n<\/details>\n\n\n\n<details class=\"wp-block-details is-layout-flow wp-block-details-is-layout-flow\"><summary>Pautas<\/summary>\n<p><strong><a href=\"https:\/\/sigrh.ufpb.br\/sigrh\/public\/colegiados\/resolucoes.jsf\" data-type=\"link\" data-id=\"https:\/\/sigrh.ufpb.br\/sigrh\/public\/colegiados\/resolucoes.jsf\">Consulte a pauta dos Conselhos Superiores da UFPB <\/a><\/strong><\/p>\n<\/details>\n\n\n\n<details class=\"wp-block-details is-layout-flow wp-block-details-is-layout-flow\"><summary>Composi\u00e7\u00e3o Geral<\/summary>\n<p><strong>COMPOSI\u00c7\u00c3O ATUAL DO&nbsp;CONSELHO SUPERIOR DE ENSINO, PESQUISA E EXTENS\u00c3O<\/strong><\/p>\n\n\n\n<p><strong>&nbsp;<\/strong><a href=\"http:\/\/www.ufpb.br\/sods\/secretaria\/Estatuto.htm#Art.%2026\" target=\"_blank\" rel=\"noreferrer noopener\"><strong>(art. 26-Estatuto da UFPB)<\/strong><\/a><\/p>\n\n\n\n<figure class=\"wp-block-table\"><table class=\"has-fixed-layout\"><tbody><tr><td><strong>Nome<\/strong><\/td><td>Centro<\/td><td><strong>T\u00e9rmino do mandato<\/strong><\/td><td><strong>Endere\u00e7o Eletr\u00f4nico<\/strong><\/td><\/tr><tr><td><strong>Terezinha Domiciano Dantas Martins<\/strong><\/td><td>Reitora&nbsp;<\/td><td>12.11.2028<\/td><td><a href=\"mailto:gabinete@reitoria.ufpb.br\">gabinete@reitoria.ufpb.br<\/a><\/td><\/tr><tr><td><strong>M\u00f4nica N\u00f3brega<\/strong><\/td><td>Vice-Reitora<\/td><td>12.11.2028<\/td><td><a href=\"mailto:vicereitoria@ufpb.br\">vicereitoria@ufpb.br<\/a><\/td><\/tr><tr><td>B<strong>ernardina Maria Juvenal Freire de Oliveira<\/strong><\/td><td>PROEX&nbsp;<\/td><td>12.11.2028<\/td><td><a href=\"mailto:extencao@prac.u%E7fpb.br\">extensao@prac.ufpb.br<\/a>&nbsp;<\/td><\/tr><tr><td><strong>Ana Cl\u00e1udia da Silva Rodrigues<\/strong><\/td><td>PRG&nbsp;<\/td><td>12.11.2028<\/td><td><a href=\"mailto:secret@prg.ufpb.br\">prg@prg.ufpb.br<\/a>&nbsp;<\/td><\/tr><tr><td><strong>Evandro Leite de Souza<\/strong><\/td><td>PRPG&nbsp;<\/td><td>12.11.2028<\/td><td><a href=\"mailto:sec.prpg@gmail.com\">sec.prpg@gmail.com<\/a><\/td><\/tr><tr><td><strong>Jos\u00e9 Roberto Soares do Nascimento<\/strong><\/td><td>PROPESQ<\/td><td>12.11.2028<\/td><td><a href=\"mailto:secretaria@propesq.ufpb.br\">secretaria@propesq.ufpb.br<\/a> <a href=\"mailto:proreitor@propesq.ufpb.br\">proreitor@propesq.ufpb.br<\/a><\/td><\/tr><tr><td><strong>Georgia Dantas Macedo<\/strong><\/td><td>PRAPE<\/td><td>12.11.2028<\/td><td><a href=\"mailto:gabinete.prape@ufpb.br\">gabinete.prape@ufpb.br<\/a><\/td><\/tr><tr><td><strong>Yuri Wanderley Cavalcanti<\/strong><\/td><td>CCS\/DCOS<\/td><td>12\/03\/2027<\/td><td><a href=\"mailto:yuri.wanderley@yahoo.com.br\">yuri.wanderley@yahoo.com.br<\/a><\/td><\/tr><tr><td>Oriana Deyze Correia Paiva Leadebal<\/td><td>CCS\/Dep. de Enfermagem Cl\u00ednica<\/td><td>12\/03\/2027<\/td><td><a href=\"mailto:odcpl@academico.ufpb.br\">odcpl@academico.ufpb.br<\/a><\/td><\/tr><tr><td><strong>Giorvan \u00c2nderson dos Santos Alves<\/strong><\/td><td>CCS\/DCS<\/td><td>11\/03\/2027<\/td><td><em>anderson_ufpb@yahoo.com.br<\/em><\/td><\/tr><tr><td>Leonildo Santos do Nascimento J\u00fanior<\/td><td>CCS\/Dep. de Fisioterapia<\/td><td>11\/03\/2027<\/td><td>leonildofisio@gmail.com<\/td><\/tr><tr><td>&nbsp;<\/td><td>CCM<\/td><td><\/td><td><\/td><\/tr><tr><td><\/td><td>CCM<\/td><td><\/td><td><\/td><\/tr><tr><td>&nbsp;<strong>Eduardo S\u00e9rgio Soares Sousa<\/strong><\/td><td>CCM \u2013 Dep.Obste. Ginec&nbsp;<\/td><td>03.02.2027&nbsp;<\/td><td><em>esergiosousa@uol.com.br<\/em>&nbsp;<\/td><\/tr><tr><td>&nbsp;\u00c1lvaro Ferreira Lima J\u00fanior<\/td><td>CCM &#8211; D . Cirurgia&nbsp;<\/td><td>03.02.2027&nbsp;<\/td><td>&nbsp;<\/td><\/tr><tr><td><\/td><td>CT<\/td><td><\/td><td><\/td><\/tr><tr><td><\/td><td>CT<\/td><td><\/td><td><\/td><\/tr><tr><td><\/td><td>CT<\/td><td><\/td><td><\/td><\/tr><tr><td><\/td><td>CT<\/td><td><\/td><td><\/td><\/tr><tr><td><strong>Anne Karoline C\u00e2ndido Ara\u00fajo<\/strong><\/td><td>CPT-ETS<\/td><td>09.06.2027<\/td><td><a href=\"mailto:anne.araujo@academico.ufpb.br\">anne.araujo@academico.ufpb.br<\/a><\/td><\/tr><tr><td>Bruna Rodrigues de Sousa<\/td><td>CPT-ETS<\/td><td>09.06.2027<\/td><td><a href=\"mailto:andreamendesetspb@hotmail.com\">bruna.rodrigues@academico.ufpb.br<\/a><\/td><\/tr><tr><td><strong>Mariza de Oliveira Pinheiro<\/strong><\/td><td>CTP-ETS<\/td><td>12.06.2027<\/td><td><em>mop@academico.ufpb.br<\/em><\/td><\/tr><tr><td>Vilson Lacerda Brasileiro Junior<\/td><td>CTP-ETS<\/td><td>12.06.2027<\/td><td><em>vilsonjnr@gmail.com<\/em><\/td><\/tr><tr><td><strong>Ana Cl\u00e1udia Cruz C\u00f3rdula<\/strong><\/td><td>CCSA-&nbsp;<em>D.C. I&nbsp;<\/em><\/td><td>15\/05\/2026<\/td><td><em>acccordula@gmail.com<\/em>&nbsp;<\/td><\/tr><tr><td>Juliana Fernandes Moreira<\/td><td>CCSA\/<\/td><td>15\/05\/2026<\/td><td>juliana.moreira@academico.ufpb.br<\/td><\/tr><tr><td><strong>Alandey Severo Leite da Silva<\/strong><\/td><td>CCSA\/D. Adm.<\/td><td>03\/10\/2027<\/td><td><em>alandey.severo@academico.ufpb.br<\/em><\/td><\/tr><tr><td>Sheila Sayuri Kataoka<\/td><td>CCSA\/DFC<\/td><td>03\/10\/2027<\/td><td><em>sheila<\/em>.<em>kataoka<\/em>@academico.<em>ufpb<\/em>.br<\/td><\/tr><tr><td><strong>Fellipe Silveira Marini<\/strong><\/td><td>CCEN\/ Dep. de F\u00edsica<\/td><td>17\/09\/2027<\/td><td><em>fsmarini@yahoo.com.br<\/em><\/td><\/tr><tr><td>Fernando Ferreira de Morais<\/td><td>CCEN\/Dep. de Sistematica e Ecologia<\/td><td>17\/09\/2027<\/td><td><em>fernando.morais@academico.ufpb.br<\/em><\/td><\/tr><tr><td><strong>Carlos Ant\u00f4nio de Sousa Pires<\/strong><\/td><td>CCEN\/Dep. de Biol. Molecular<\/td><td>03\/10\/2027<\/td><td><em>antonio.baruty@dbm.ufpb.br<\/em><\/td><\/tr><tr><td>Carolyne Wanessa Lins de Andrade Farias<\/td><td>CCEN\/Dep de Geociencias<\/td><td>03\/10\/2027<\/td><td><em>alexandro.medeiros@academico.ufpb.br<\/em><\/td><\/tr><tr><td><strong>Maria Rennally Soares da Silva<\/strong><\/td><td><strong>CCHLA&nbsp;<\/strong><\/td><td>03.02.2028<\/td><td><em>maria.rennally@academico.ufpb.br<\/em><\/td><\/tr><tr><td>Maur\u00edcio Augusto<br>Pimentel Liesen Nascimento<\/td><td>CCHLA<\/td><td>03.02.2028<\/td><td><\/td><\/tr><tr><td>&nbsp;<strong>Miriane da Silva Santos Barboza<\/strong><\/td><td><strong>CCHLA&nbsp;<\/strong><\/td><td>16.10.2027<\/td><td><em>miriane@cchla.ufpb.br<\/em><\/td><\/tr><tr><td>&nbsp;Christiane Maria de Sena Diniz<\/td><td>CCHLA<\/td><td>16.10.2027<\/td><td><em>chrica08@hotmail.com<\/em><\/td><\/tr><tr><td><strong>Maria Deborah Cabral de Sousa<\/strong><\/td><td><strong>CE<\/strong><\/td><td>16.04.2028<\/td><td>deborahcabral.s@gmail.com<\/td><\/tr><tr><td>Em\u00edlia Cristina Ferreira de Barros<\/td><td>CE<\/td><td>16.04.2028<\/td><td>emilia.barros@academico.ufpb.br<\/td><\/tr><tr><td><strong>Marcus Quintanilha da Silva<\/strong><\/td><td><strong>CE<\/strong><\/td><td>16.04.2028<\/td><td>marcusquintanilhasilva0@gmail.com<\/td><\/tr><tr><td>Maria da Concei\u00e7\u00e3o Gomes de Miranda<\/td><td>CE<\/td><td>16.04.2028<\/td><td>ceicapbmiranda@gmail.com<\/td><\/tr><tr><td><strong>Oona de Oliveira Caju<\/strong><\/td><td>CCJ<\/td><td>16.10.2027<\/td><td>&nbsp;<a href=\"mailto:oona.caju@academico.ufpb.br\">oona.caju@academico.ufpb.br<\/a><\/td><\/tr><tr><td>Tatyane Guimar\u00e3es Oliveira<\/td><td>CCJ<\/td><td>16.10.2027<\/td><td>&nbsp;<a href=\"mailto:tatygut@ccj.ufpb.br\">tatygut@ccj.ufpb.br<\/a><\/td><\/tr><tr><td><strong>Jos\u00e9 Baptista de Mello Neto<\/strong><\/td><td>CCJ<\/td><td>13\/06\/2027<\/td><td><em>jbaptista_neto@uol.com.br<\/em><\/td><\/tr><tr><td>Herry Charriery da Costa Santos<\/td><td>CCJ<\/td><td>13\/06\/2027<\/td><td><em>herrycs@bol.com.br<\/em><\/td><\/tr><tr><td><strong>Cauby Dantas<\/strong><\/td><td>CCA \/ DCFS<\/td><td>13\/06\/2027<\/td><td><em>caubydantas1960@gmail.com<\/em><\/td><\/tr><tr><td>&nbsp;<\/td><td>CCA<\/td><td>&nbsp;<\/td><td>&nbsp;<\/td><\/tr><tr><td>&nbsp;<\/td><td>CCA<\/td><td>&nbsp;<\/td><td>&nbsp;<\/td><\/tr><tr><td>&nbsp;<\/td><td>CCA<\/td><td>&nbsp;<\/td><td>&nbsp;<\/td><\/tr><tr><td><strong>Izabela Souza Lopes Rangel<\/strong><\/td><td>CCHSA\/<\/td><td>15.04.2027<\/td><td>&nbsp;<em>izabelaisl@yahoo.com.br<\/em><\/td><\/tr><tr><td>Anabelle Camarotti de Lima Batista<\/td><td>CCHSA\/<\/td><td>15.04.2027<\/td><td><a href=\"mailto:philipe.araujo@academico.ufpb.br\">bellecamarotti@gmail.com<\/a><\/td><\/tr><tr><td><strong>Cl\u00e1udio Germano dos Santos Oliveira<\/strong><\/td><td>CCHSA\/ DCSA<\/td><td>29.04.2026<\/td><td><a href=\"mailto:claudio.oliveira@academico.ufpb.br\">claudio.oliveira@academico.ufpb.br<\/a><\/td><\/tr><tr><td>Gustavo Correia Xavier<\/td><td>CCHSA\/ DCSA<\/td><td>29.04.2026<\/td><td><a href=\"mailto:gustavocorreiaxavier@gmail.com\">gustavocorreiaxavier@gmail.com<\/a><\/td><\/tr><tr><td><strong>Cibelle da Silva Santiago<\/strong><\/td><td>&nbsp;CCAE\/DCSA<\/td><td>13\/06\/2027<\/td><td><a href=\"mailto:santiago.cibelle@gmail.com\">santiago.cibelle@gmail.com<\/a><\/td><\/tr><tr><td>Franklin Roosevelt Martins de Castro<\/td><td>&nbsp;CCAE\/DCE<\/td><td>13\/06\/2027<\/td><td><em>frankdecastro79@gmail.com<\/em><\/td><\/tr><tr><td><strong>Jos\u00e9 Elias dos Santos Filho<\/strong><\/td><td>CCAE\/DCSA<\/td><td>09\/06\/2027<\/td><td><em>jose.elias@academico.ufpb.br<\/em><\/td><\/tr><tr><td>Ana Maria Magalh\u00e3es Correia<\/td><td>CCAE\/DCE<\/td><td>09\/06\/2027<\/td><td><em>aninhamagalhaes25@gmail.com<\/em><\/td><\/tr><tr><td><strong>Ana Alice da Silva Xavier Costa<\/strong><\/td><td>CTDR- DTA<\/td><td>04\/07\/2026<\/td><td><a href=\"mailto:ana.alice@academico.ufpb.br\"><em>ana.alice@academico.ufpb.br<\/em><\/a><\/td><\/tr><tr><td>Juliana Kessia Barbosa Soares<\/td><td>CTDR &#8211; DG<\/td><td>04\/07\/2026<\/td><td><em>julianakessia2@gmail.com<\/em><\/td><\/tr><tr><td>&nbsp;<strong>Estef\u00e2nia Fernandes Garcia<\/strong><\/td><td>CTDR\/<\/td><td>09.06.2027<\/td><td><em>ESTEFANIAFGARCIA@YAHOO.COM.BR<\/em><a href=\"mailto:anaemiliacv@hotmail.com\">&nbsp;<\/a><\/td><\/tr><tr><td>&nbsp;Adriana Maria Fernandes de Oliveira Golzio<\/td><td>CTDR\/<\/td><td>09.06.2027<\/td><td>&nbsp;adriana.golzio@academico.ufpb.br<\/td><\/tr><tr><td>&nbsp;<strong>Luiz Moreira Coelho Junior<\/strong><\/td><td>CEAR \/<\/td><td>09.06.2027<\/td><td>&nbsp;<em>luiz@cear.ufpb.br<\/em><\/td><\/tr><tr><td>&nbsp;Victor Felipe Moura Bezerra Melo<\/td><td>CEAR \/<\/td><td>09.06.2027<\/td><td>&nbsp;<em>victor@cear.ufpb.br<\/em><\/td><\/tr><tr><td>&nbsp;<strong>Alexsandro Jos\u00e9 Virg\u00ednio dos Santos<\/strong><\/td><td>CEAR\/<\/td><td>13\/06\/2027<\/td><td>&nbsp;<em>alexsandro@cear.ufpb.br<\/em><\/td><\/tr><tr><td>&nbsp;Waslon Terllizzie Ara\u00fajo Lopes<\/td><td>CEAR\/<\/td><td>13\/06\/2027<\/td><td>&nbsp;<em>waslon@cear.ufpb.br<\/em><\/td><\/tr><tr><td>&nbsp;<strong>Carla Pereira dos Santos<\/strong><\/td><td>CCTA \/Dep Educ Mu<\/td><td>17.09.2027<\/td><td>&nbsp;<a href=\"mailto:musiviver@hotmail.com\">musiviver@hotmail.com<\/a><\/td><\/tr><tr><td>&nbsp;Leonardo Meira Dantas&nbsp;<\/td><td>CCTA \/ Dep Musica<\/td><td>17.09.2027<\/td><td>leomeira.aulas@emo.ufpb.br&nbsp;<\/td><\/tr><tr><td>&nbsp;<\/td><td>CCTA \/&nbsp;<\/td><td>&nbsp;<\/td><td>&nbsp;<\/td><\/tr><tr><td>&nbsp;<\/td><td>CCTA \/<\/td><td>&nbsp;<\/td><td>&nbsp;<\/td><\/tr><tr><td>&nbsp;<strong>Tatiana Ara\u00fajo Sim\u00f5es<\/strong><\/td><td>CI \/<\/td><td>11.02.2027&nbsp;<\/td><td>&nbsp;<em>tatiana@ci.ufpb.br<\/em><\/td><\/tr><tr><td>&nbsp;<\/td><td>CI \/<\/td><td>&nbsp;<\/td><td>&nbsp;<\/td><\/tr><tr><td>&nbsp;<strong>Elizabet Maria Spohr de Medeiros<\/strong><\/td><td>CI \/<\/td><td>03.02.2027<\/td><td>&nbsp;<em>elizabet@ci.ufpb.br<\/em><\/td><\/tr><tr><td>&nbsp;<\/td><td>CI \/<\/td><td>&nbsp;<\/td><td>&nbsp;<\/td><\/tr><tr><td>&nbsp;<strong>Sildivane Valc\u00e1cia Silva<\/strong><\/td><td>CBiotec\/<\/td><td>09\/07\/27<\/td><td>&nbsp;<em>sildivane@cbiotec.ufpb.br<\/em><\/td><\/tr><tr><td>&nbsp;Valdir de Andrade Braga<\/td><td>CBiotec\/<\/td><td>09\/07\/27<\/td><td>&nbsp;<em>valdir@cbiotec.ufpb.br<\/em><\/td><\/tr><tr><td><strong>Am\u00e1lia Geiza Gama Pessoa<\/strong><\/td><td>CBiotec\/ Dep. de Biologia Cel. e molec.<\/td><td>21\/06\/2025<\/td><td><a href=\"mailto:amaliagpessoa@cbiotec.ufpb.br\">amaliagpessoa@cbiotec.ufpb.br<\/a>&nbsp;<\/td><\/tr><tr><td>Luciano Coutinho Silva<\/td><td>CBiotec\/Dep. de Biologia Cel. e molec.<\/td><td>21\/06\/2025<\/td><td><a href=\"mailto:luciano@cbiotec.ufpb.br\">luciano@cbiotec.ufpb.br<\/a>;&nbsp;<\/td><\/tr><tr><td><strong>Pedro Douglas Alves Braga<\/strong><\/td><td>Representante Discente<\/td><td>05\/03\/2027<\/td><td><a href=\"mailto:pedro.douglas@academico.ufpb.br\">pedro.douglas@academico.ufpb.br<\/a><\/td><\/tr><tr><td>Edson Antonio de Moraes Pinho e Souza<\/td><td>Representante Discente Suplente<\/td><td>05\/03\/2027<\/td><td><a href=\"mailto:edsonamps@gmail.com\" target=\"_blank\" rel=\"noreferrer noopener\">edsonamps@gmail.com<\/a><\/td><\/tr><tr><td><strong>Jo\u00e3o Pedro Fraz\u00e3o Vasconcelos<\/strong><\/td><td>Representante Discente<\/td><td>05\/03\/2027<\/td><td><a href=\"mailto:jpfv@academico.ufpb.br\" target=\"_blank\" rel=\"noreferrer noopener\">jpfv@academico.ufpb.br<\/a><\/td><\/tr><tr><td>Jos\u00e9 Anderson Gon\u00e7alves da Costa<\/td><td>Representante Discente Suplente<\/td><td>05\/03\/2027<\/td><td><a href=\"mailto:jagc3@academico.ufpb.br\" target=\"_blank\" rel=\"noreferrer noopener\">jagc3@academico.ufpb.br<\/a><\/td><\/tr><tr><td><strong>David<\/strong><strong>Figueir\u00eado<\/strong><strong>da<\/strong><strong>Silva<\/strong><\/td><td>Representante Discente<\/td><td>05\/03\/2027<\/td><td><a href=\"mailto:david.figueiredo@academico.ufpb.br\" target=\"_blank\" rel=\"noreferrer noopener\">david.figueiredo@academico.ufpb.br<\/a><\/td><\/tr><tr><td>\u00c1lvaro David da Silva Dantas<\/td><td>Representante Discente<\/td><td>05\/03\/2027<\/td><td><a href=\"mailto:alvaro.dantas@academico.ufpb.br\" target=\"_blank\" rel=\"noreferrer noopener\">alvaro.dantas@academico.ufpb.br<\/a><\/td><\/tr><tr><td><strong>Amanda<\/strong><strong>Karem<\/strong><strong>Barboza<\/strong><strong>de<\/strong><strong>Freitas<\/strong><\/td><td>Representante Discente<\/td><td>05\/03\/2027<\/td><td><a href=\"mailto:akbf@academico.ufpb.br\" target=\"_blank\" rel=\"noreferrer noopener\">akbf@academico.ufpb.br<\/a><\/td><\/tr><tr><td>Luc\u00e1ssia Mendes dos Santos<\/td><td>Representante Discente<\/td><td>05\/03\/2027<\/td><td><a href=\"mailto:lucassiamendes35@gmail.com\" target=\"_blank\" rel=\"noreferrer noopener\">lucassiamendes35@gmail.com<\/a> &nbsp;<\/td><\/tr><tr><td><strong>Francilania<\/strong><strong>Ara\u00fajo<\/strong><strong>Jorge<\/strong><\/td><td>Representante Discente<\/td><td>24\/02\/2027<\/td><td><a href=\"mailto:francilania.jorge@academico.ufpb.br\" target=\"_blank\" rel=\"noreferrer noopener\">francilania.jorge@academico.ufpb.br<\/a><\/td><\/tr><tr><td>Tiago Nascimento da Silva<\/td><td>Representante Discente<\/td><td>24\/02\/2027<\/td><td><a href=\"mailto:nascimentothiago82@gmail.com\" target=\"_blank\" rel=\"noreferrer noopener\">nascimentothiago82@gmail.com<\/a><\/td><\/tr><tr><td><strong>Victor<\/strong><strong>Carlos<\/strong><strong>de<\/strong><strong>Lima<\/strong><strong>Arruda<\/strong><\/td><td>Representante Discente<\/td><td>24\/02\/2027<\/td><td><a href=\"mailto:victoormanoel01@gmail.com\" target=\"_blank\" rel=\"noreferrer noopener\">victoormanoel01@gmail.com<\/a><\/td><\/tr><tr><td>Andr\u00e9 Luiz da Costa Gomes<\/td><td>Representante Discente<\/td><td>24\/02\/2027<\/td><td>&nbsp;<a href=\"mailto:gomesdecopb@gmail.com\" target=\"_blank\" rel=\"noreferrer noopener\">gomesdecopb@gmail.com<\/a><\/td><\/tr><tr><td>(*)&nbsp;<\/td><td>Comunidade<\/td><td>Vinculado ao Conselho Social Consultivo<\/td><td><br><\/td><\/tr><\/tbody><\/table><\/figure>\n\n\n\n<p><\/p>\n<\/details>\n\n\n\n<details class=\"wp-block-details is-layout-flow wp-block-details-is-layout-flow\"><summary>Composi\u00e7\u00e3o da C\u00e2mara de P\u00f3s-Gradua\u00e7\u00e3o, Pesquisa e Extens\u00e3o do Consepe<\/summary>\n<p><strong>COMPOSI\u00c7\u00c3O ATUAL DA C\u00c2MARA DE P\u00d3S-GRADUA\u00c7\u00c3O, PESQUISA E EXTENS\u00c3O DO CONSELHO SUPERIOR DE ENSINO, PESQUISA E EXTENS\u00c3O&nbsp;<\/strong><strong>de acordo com o Artigo 28, \u00a72\u00ba do Estatuto, e da Resolu\u00e7\u00e3o n\u00ba 17\/2019 do Consuni;<\/strong><\/p>\n\n\n\n<p>Obs.: Nomes em negrito s\u00e3o os titulares\/ AS DATAS S\u00c3O DOS T\u00c9RMINOS DOS MANDATOS<\/p>\n\n\n\n<figure class=\"wp-block-table\"><table class=\"has-fixed-layout\"><tbody><tr><td><strong>Nome<\/strong>&nbsp;<\/td><td><strong>Centro<\/strong><\/td><td><strong>T\u00e9rmino do mandato<\/strong><\/td><td><strong>Endere\u00e7o Eletr\u00f4nico<\/strong><\/td><\/tr><tr><td><strong>Evandro Leite de Souza<\/strong><\/td><td>PRPG<\/td><td>&nbsp;&nbsp;12.11.2028<\/td><td><a href=\"mailto:sec.prpg@gmail.com\">sec.prpg@gmail.com<\/a><\/td><\/tr><tr><td><strong>Jos\u00e9 Roberto Soares do Nascimento<\/strong><\/td><td>PROPESQ<\/td><td>&nbsp;&nbsp;12.11.2028<\/td><td><a href=\"mailto:secretaria@propesq.ufpb.br\">secretaria@propesq.ufpb.br<\/a><a href=\"mailto:proreitor@propesq.ufpb.br\">proreitor@propesq.ufpb.br<\/a>jroberto@fisica.ufpb.br<\/td><\/tr><tr><td><strong>Bernardina Maria Juvenal Freire de Oliveira<\/strong><\/td><td>PROEX&nbsp;<\/td><td>&nbsp;12.11.2028&nbsp;<\/td><td><a href=\"mailto:extencao@prac.u%E7fpb.br\">gabinete@proex.ufpb.br<\/a>;&nbsp;<a href=\"mailto:bernardinaoliveira@proex.ufpb.br\">bernardinaoliveira@proex.ufpb.br<\/a><\/td><\/tr><tr><td>&nbsp;<strong>Miriane da Silva Santos Barboza<\/strong><\/td><td><strong>CCHLA \/<\/strong><\/td><td>16.10.2027<\/td><td><em>miriane@cchla.ufpb.br<\/em><\/td><\/tr><tr><td>&nbsp;Christiane Maria de Sena Diniz<\/td><td>CCHLA\/<\/td><td>16.10.2027<\/td><td><em>chrica08@hotmail.com<\/em><\/td><\/tr><tr><td>&nbsp;<strong>Estef\u00e2nia Fernandes Garcia<\/strong><\/td><td><strong>CTDR\/<\/strong><\/td><td>09.06.2027<\/td><td>&nbsp;<em>ESTEFANIAFGARCIA@YAHOO.COM.BR<\/em><\/td><\/tr><tr><td>&nbsp;Adriana Maria Fernandes de Oliveira Golzio<\/td><td>CTDR\/<\/td><td>09.06.2027<\/td><td>adriana.golzio@academico.ufpb.br&nbsp;<\/td><\/tr><tr><td><strong>Marcus Quintanilha da Silva<\/strong><\/td><td><strong>CE<\/strong><\/td><td>16.04.2028<br><\/td><td>marcusquintanilhasilva0@gmail.com<br><\/td><\/tr><tr><td>Maria da Concei\u00e7\u00e3o Gomes de Miranda<br><\/td><td>CE<\/td><td>16.04.2028<br><\/td><td>ceicapbmiranda@gmail.com<br><\/td><\/tr><tr><td><strong>Yuri Wanderley Cavalcanti<\/strong><\/td><td>CCS\/DCOS<\/td><td>12\/03\/2027<\/td><td><a href=\"mailto:yuri.wanderley@yahoo.com.br\">yuri.wanderley@yahoo.com.br<\/a><\/td><\/tr><tr><td>Oriana Deyze Correia Paiva Leadebal<\/td><td>CCS\/Dep. de Enfermagem Clinica<\/td><td>12\/03\/2027<\/td><td><a href=\"mailto:odcpl@academico.ufpb.br\">odcpl@academico.ufpb.br<\/a><\/td><\/tr><tr><td><strong>Oona de Oliveira Caju<\/strong><\/td><td>CCJ<\/td><td>16.10.2027<\/td><td><a href=\"mailto:oona.caju@academico.ufpb.br\">oona.caju@academico.ufpb.br<\/a><\/td><\/tr><tr><td>Tatyane Guimar\u00e3es Oliveira<\/td><td>CCJ<\/td><td>16.10.2027<\/td><td><a href=\"mailto:tatygut@ccj.ufpb.br\">tatygut@ccj.ufpb.br<\/a><\/td><\/tr><tr><td>&nbsp;<\/td><td>CCA\/<\/td><td>&nbsp;<\/td><td>&nbsp;<\/td><\/tr><tr><td>&nbsp;<\/td><td>CCA\/<\/td><td>&nbsp;<\/td><td>&nbsp;<\/td><\/tr><tr><td><strong>Anne Karoline C\u00e2ndido Ara\u00fajo<\/strong><\/td><td>CPT-ETS \/ DRPAS<\/td><td>09.06.2027<\/td><td><a href=\"mailto:anne.araujo@academico.ufpb.br\">anne.araujo@academico.ufpb.br<\/a><\/td><\/tr><tr><td>Bruna Rodrigues de Sousa<\/td><td>CPT-ETS<\/td><td>09.06.2027<\/td><td>bruna.rodrigues@academico.ufpb.br<\/td><\/tr><tr><td><strong>Jos\u00e9 Elias dos Santos Filho<\/strong>&nbsp;<\/td><td>CCAE\/<\/td><td>09.06.2027<\/td><td>&nbsp;<em>jose.elias@academico.ufpb.br<\/em><\/td><\/tr><tr><td>&nbsp;Ana Maria Magalh\u00e3es Correia<\/td><td>CCAE\/<\/td><td>09.06.2027<\/td><td>&nbsp;<em>aninhamagalhaes25@gmail.com<\/em><\/td><\/tr><tr><td>&nbsp;<strong>Luiz Moreira Coelho Junior<\/strong><\/td><td>CEAR\/<\/td><td>09.06.2027<\/td><td><em>luiz@cear.ufpb.br<\/em>&nbsp;<\/td><\/tr><tr><td>&nbsp;Victor Felipe Moura Bezerra Mel<\/td><td>CEAR\/<\/td><td>09.06.2027<\/td><td>&nbsp;<em>victor@cear.ufpb.br<\/em><\/td><\/tr><tr><td><strong>Fellipe Silveira Marini<\/strong><\/td><td>CCEN\/ Dep. de F\u00edsica<\/td><td>17\/09\/2027<\/td><td><em>fsmarini@yahoo.com.br<\/em><\/td><\/tr><tr><td>Fernando Ferreira de Morais<\/td><td>CCEN\/Dep. de Sistematica e Ecologia<\/td><td>17\/09\/2027<\/td><td><em>fernando.morais@academico.ufpb.br<\/em><\/td><\/tr><tr><td><strong>Cl\u00e1udio Germano dos Santos Oliveira<\/strong><\/td><td>CCHSA\/ DCSA<\/td><td>29.04.2026<\/td><td><a href=\"mailto:claudio.oliveira@academico.ufpb.br\">claudio.oliveira@academico.ufpb.br<\/a><\/td><\/tr><tr><td><br><\/td><td><br><\/td><td><br><\/td><td><br><\/td><\/tr><tr><td><strong>Tatiana Ara\u00fajo Sim\u00f5es<\/strong><\/td><td>CI \/ DCC<\/td><td>11.02.2027<\/td><td><em>tatiana@ci.ufpb.br<\/em><\/td><\/tr><tr><td>&nbsp;<\/td><td>CI \/<\/td><td>&nbsp;<\/td><td>&nbsp;<\/td><\/tr><tr><td><strong>Andr\u00e9 Luiz da Costa Gomes<\/strong><\/td><td>Representante Discente<\/td><td>24\/02\/2027<\/td><td><a href=\"mailto:gomesdecopb@gmail.com\" target=\"_blank\" rel=\"noreferrer noopener\">gomesdecopb@gmail.com<\/a><\/td><\/tr><tr><td>Francilania Ara\u00fajo Jorge<\/td><td>Representante Discente<\/td><td>24\/02\/2027<\/td><td><a href=\"mailto:francilania.jorge@academico.ufpb.br\" target=\"_blank\" rel=\"noreferrer noopener\">francilania.jorge@academico.ufpb.br<\/a><\/td><\/tr><tr><td><strong>Victor <\/strong><strong>Carlos <\/strong><strong>de <\/strong><strong>Lima <\/strong><strong>Arruda<\/strong><\/td><td>Representante Discente<\/td><td>24\/02\/2027<\/td><td><a href=\"mailto:victoormanoel01@gmail.com\" target=\"_blank\" rel=\"noreferrer noopener\">victoormanoel01@gmail.com<\/a><\/td><\/tr><tr><td>Tiago Nascimento da Silva<\/td><td>Representante Discente<\/td><td>24\/02\/2027<\/td><td><a href=\"mailto:nascimentothiago82@gmail.com\" target=\"_blank\" rel=\"noreferrer noopener\">nascimentothiago82@gmail.com<\/a><\/td><\/tr><\/tbody><\/table><\/figure>\n\n\n\n<p><\/p>\n<\/details>\n\n\n\n<details class=\"wp-block-details is-layout-flow wp-block-details-is-layout-flow\"><summary>Composi\u00e7\u00e3o da C\u00e2mara de Gradua\u00e7\u00e3o, de Educa\u00e7\u00e3o B\u00e1sica, T\u00e9cn<\/summary>\n<p><strong>COMPOSI\u00c7\u00c3O ATUAL DA C\u00c2MARA DE GRADUA\u00c7\u00c3O DO CONSELHO SUPERIOR DE ENSINO, PESQUISA E EXTENS\u00c3O&nbsp;<\/strong><strong>de acordo com o Artigo 28, \u00a72\u00ba do Estatuto, e da Resolu\u00e7\u00e3o n\u00ba 17\/2019 do Consuni;<\/strong><\/p>\n\n\n\n<p>Obs.: Nomes em negrito s\u00e3o os titulares\/ AS DATAS S\u00c3O DOS T\u00c9RMINOS DOS MANDATOS<\/p>\n\n\n\n<figure class=\"wp-block-table\"><table class=\"has-fixed-layout\"><tbody><tr><td><strong>Nome<\/strong><\/td><td><strong>Centro<\/strong><\/td><td><strong>T\u00e9rmino do mandato<\/strong><\/td><td><strong>Endere\u00e7o Eletr\u00f4nico<\/strong><\/td><\/tr><tr><td>Ana Cl\u00e1udia da Silva Rodrigues<\/td><td>PRG&nbsp;<\/td><td>12.11.2028<\/td><td><a href=\"mailto:secret@prg.ufpb.br\">prg@prg.ufpb.br<\/a><\/td><\/tr><tr><td>Georgia Dantas Macedo<\/td><td>PRAPE<\/td><td>12.11.2028<\/td><td>gabinete.prape@ufpb.brgeorgia@prape.ufpb.br<\/td><\/tr><tr><td><strong>Carla Pereira dos Santos<\/strong><\/td><td>CCTA<\/td><td>17\/09\/2027<\/td><td><a href=\"mailto:musiviver@hotmail.com\">musiviver@hotmail.com<\/a><\/td><\/tr><tr><td>Leonardo Meira Dantas<\/td><td>CCTA<\/td><td>17\/09\/2027<\/td><td>leomeira.aulas@emo.ufpb.br<\/td><\/tr><tr><td>&nbsp;<\/td><td>CCTA<\/td><td>&nbsp;<\/td><td>&nbsp;<\/td><\/tr><tr><td>&nbsp;<\/td><td>CCTA<\/td><td>&nbsp;<\/td><td>&nbsp;<\/td><\/tr><tr><td><strong>Jos\u00e9 Baptista de Mello Neto<\/strong><\/td><td>CCJ\/DCJ<\/td><td>13\/06\/2027<\/td><td>&nbsp;<a href=\"mailto:jbaptista_neto@uol.com.br\" target=\"_blank\" rel=\"noreferrer noopener\">jbaptista_neto@uol.com.br<\/a>&nbsp;<\/td><\/tr><tr><td>Herry Charriery da Costa Santos<\/td><td>CCJ\/ DDP<\/td><td>13\/06\/2027<\/td><td><a href=\"mailto:herrycs@bol.com.br\" target=\"_blank\" rel=\"noreferrer noopener\">herrycs@bol.com.br<\/a><\/td><\/tr><tr><td><strong>Alandey Severo Leite da Silva<\/strong><\/td><td>CCSA\/<\/td><td>03\/10\/2027<\/td><td><em>alandey.severo@academico.ufpb.br<\/em><\/td><\/tr><tr><td>Sheila Sayuri Kataoka<\/td><td>CCSA\/DFC<\/td><td>03\/10\/2027<\/td><td><em>sheila<\/em>.<em>kataoka<\/em>@academico.<em>ufpb<\/em>.br.&nbsp;<\/td><\/tr><tr><td><strong>Ana Cl\u00e1udia Cruz C\u00f3rdula<\/strong><\/td><td>CCSA-&nbsp;<em>DCI&nbsp;<\/em><\/td><td>15\/05\/2026<\/td><td><em>acccordula@gmail.com<\/em>&nbsp;<\/td><\/tr><tr><td>Juliana Fernandes Moreira<\/td><td>CCSA<\/td><td>15\/05\/2026<\/td><td><em><a href=\"mailto:juliana.moreira@academico.ufpb.br\">juliana.moreira@academico.ufpb.br<\/a><\/em><\/td><\/tr><tr><td><strong>Cibelle da Silva Santiago<\/strong><\/td><td>&nbsp;CCAE\/DCSA<\/td><td>13\/06\/2027<\/td><td><a href=\"mailto:santiago.cibelle@gmail.com\">santiago.cibelle@gmail.com<\/a><\/td><\/tr><tr><td>Franklin Roosevelt Martins de Castro<\/td><td>CCAE\/DL<\/td><td>13\/06\/2027<\/td><td><em>frankdecastro79@gmail.com<\/em>&nbsp;<\/td><\/tr><tr><td><strong>Maria Rennally Soares da Silva<\/strong><\/td><td><strong>CCHLA&nbsp;<\/strong><\/td><td>03.02.2028<\/td><td><em>maria.rennally@academico.ufpb.br<\/em><\/td><\/tr><tr><td>Maur\u00edcio Augusto<br>Pimentel Liesen Nascimento<\/td><td>CCHLA<\/td><td>03.02.2028<\/td><td><\/td><\/tr><tr><td><strong>Maria Deborah Cabral de Sousa<\/strong><\/td><td><strong>CE<\/strong><\/td><td>16.04.2028<br><\/td><td>deborahcabral.s@gmail.com<br><\/td><\/tr><tr><td>Em\u00edlia Cristina Ferreira de Barros<\/td><td>CE<\/td><td>16.04.2028<br><\/td><td>ceicapbmiranda@gmail.com<br><\/td><\/tr><tr><td>&nbsp;<strong>Sildivane Valc\u00e1cia Silva<\/strong><\/td><td>CBiotec \/&nbsp;DBCM<\/td><td>09\/07\/27<\/td><td>&nbsp;<em>sildivane@cbiotec.ufpb.br<\/em><\/td><\/tr><tr><td>&nbsp;Valdir de Andrade Braga<\/td><td>CBiotec \/&nbsp;DBTC<\/td><td>09\/07\/27<\/td><td>&nbsp;<em>valdir@cbiotec.ufpb.br<\/em><\/td><\/tr><tr><td><strong>Am\u00e1lia Geiza Gama Pessoa<\/strong><\/td><td>CBiotec \/ D. B. C.M<\/td><td>21\/06\/2025<\/td><td><a href=\"mailto:amaliagpessoa@cbiotec.ufpb.br\">amaliagpessoa@cbiotec.ufpb.br<\/a><\/td><\/tr><tr><td>Luciano Coutinho Silva<\/td><td>CBiotec\/D B.C. M<\/td><td>21\/06\/2025<\/td><td><a href=\"mailto:luciano@cbiotec.ufpb.br\">luciano@cbiotec.ufpb.br<\/a>;<\/td><\/tr><tr><td><strong>Ana Alice da Silva Xavier Costa<\/strong><\/td><td>CTDR- DTA<\/td><td>04\/07\/2026<\/td><td><em><a href=\"mailto:ana.alice@academico.ufpb.br\">ana.alice@academico.ufpb.br<\/a><\/em><\/td><\/tr><tr><td>Juliana Kessia Barbosa Soares<\/td><td>CTDR &#8211; DG<\/td><td>04\/07\/2026<\/td><td><em>julianakessia2@gmail.com<\/em><\/td><\/tr><tr><td><strong>Giorvan \u00c2nderson dos Santos Alves<\/strong><\/td><td>CCS\/Dep Fono<\/td><td>11\/03\/2027<\/td><td>anderson_ufpb@yahoo.com.br<\/td><\/tr><tr><td>Leonildo Santos do Nascimento J\u00fanior<\/td><td>CCS\/Dep. de Fisio.<\/td><td>11\/03\/2027<\/td><td>leonildofisio@gmail.com<\/td><\/tr><tr><td><strong>Izabela Souza Lopes Rangel<\/strong><\/td><td>CCHSA<\/td><td>15\/04\/2027<\/td><td>&nbsp;<em>izabelaisl@yahoo.com.br<\/em><\/td><\/tr><tr><td>&nbsp;Anabelle Camarotti de Lima Batista<\/td><td>CCHSA\/ D.A<\/td><td>15\/04\/2027<\/td><td>&nbsp;<a href=\"mailto:philipe.araujo@academico.ufpb.br\">bellecamarotti@gmail.com<\/a><\/td><\/tr><tr><td>&nbsp;<strong>Alexsandro Jos\u00e9 Virg\u00ednio dos Santos<\/strong><\/td><td>CEAR<\/td><td>13.06.2027<\/td><td>&nbsp;<em>alexsandro@cear.ufpb.br<\/em><\/td><\/tr><tr><td>&nbsp;Waslon Terllizzie Ara\u00fajo Lopes<\/td><td>CEAR<\/td><td>\u00a013.06.2027<\/td><td>&nbsp;<em>waslon@cear.ufpb.br<\/em><\/td><\/tr><tr><td><strong>Carlos Ant\u00f4nio de Sousa Pires<\/strong><\/td><td>CCEN\/Dep. de Biol. Molecular<\/td><td>03\/10\/2027<\/td><td><em>antonio.baruty@dbm.ufpb.br<\/em><\/td><\/tr><tr><td>Carolyne Wanessa Lins de Andrade Farias<\/td><td>CCEN\/Dep de Geociencias<\/td><td>03\/10\/2027<\/td><td><em>alexandro.medeiros@academico.ufpb.br<\/em><\/td><\/tr><tr><td><strong>Elizabet Maria Spohr de Medeiros<\/strong><\/td><td>CI \/DCC<\/td><td>03.02.2027<\/td><td><em>elizabet@ci.ufpb.br<\/em><\/td><\/tr><tr><td>&nbsp;<\/td><td>&nbsp;CI<\/td><td>&nbsp;<\/td><td>&nbsp;<\/td><\/tr><tr><td><\/td><td>CT<\/td><td><\/td><td><\/td><\/tr><tr><td><\/td><td>CT<\/td><td><\/td><td><\/td><\/tr><tr><td><\/td><td>CT<\/td><td><\/td><td><\/td><\/tr><tr><td><\/td><td>CT<\/td><td><\/td><td><\/td><\/tr><tr><td><strong>Cauby Dantas<\/strong><\/td><td>CCA \/ DCFS<\/td><td>&nbsp;12.06.2027<\/td><td><em>caubydantas1960@gmail.com<\/em><\/td><\/tr><tr><td>&nbsp;<\/td><td>CCA<\/td><td>&nbsp;<\/td><td>&nbsp;<\/td><\/tr><tr><td><strong>Mariza de Oliveira Pinheiro<\/strong><\/td><td>CPT-ETS<\/td><td>12.06.2027<\/td><td><a href=\"mailto:mop@academico.ufpb.br\" target=\"_blank\" rel=\"noreferrer noopener\">mop@academico.ufpb.br<\/a><\/td><\/tr><tr><td>Vilson Lacerda Brasileiro J\u00fanior<\/td><td>CPT-ETS<\/td><td>12.06.2027<\/td><td><a href=\"mailto:vilsonjnr@gmail.com\" target=\"_blank\" rel=\"noreferrer noopener\">vilsonjnr@gmail.com<\/a><\/td><\/tr><tr><td><br><\/td><td>CCM<\/td><td><br><\/td><td><br><\/td><\/tr><tr><td><br><\/td><td>CCM<\/td><td><br><\/td><td><br><\/td><\/tr><tr><td><strong>Eduardo S\u00e9rgio Soares Sousa<\/strong><\/td><td>CCM \u2013 Dep.Obste. Ginec<\/td><td>03.02.2027<\/td><td><em>esergiosousa@uol.com.br<\/em><\/td><\/tr><tr><td>\u00c1lvaro Ferreira Lima J\u00fanior<\/td><td>CCM &#8211; D . Cirurgia<\/td><td>03.02.2027<\/td><td>&nbsp;<\/td><\/tr><tr><td><strong>Pedro Douglas Alves Braga<\/strong><\/td><td>Representante Discente<\/td><td>05\/03\/2027<\/td><td><a href=\"mailto:pedro.douglas@academico.ufpb.br\">pedro.douglas@academico.ufpb.br<\/a><\/td><\/tr><tr><td>Edson Antonio de Moraes Pinho e Souza<\/td><td>Representante Discente Suplente<\/td><td>05\/03\/2027<\/td><td><a href=\"mailto:edsonamps@gmail.com\" target=\"_blank\" rel=\"noreferrer noopener\">edsonamps@gmail.com<\/a><\/td><\/tr><tr><td><strong>Jo\u00e3o Pedro Fraz\u00e3o Vasconcelos<\/strong><\/td><td>Representante Discente<\/td><td>05\/03\/2027<\/td><td><a href=\"mailto:jpfv@academico.ufpb.br\" target=\"_blank\" rel=\"noreferrer noopener\">jpfv@academico.ufpb.br<\/a><\/td><\/tr><tr><td>Jos\u00e9 Anderson Gon\u00e7alves da Costa<\/td><td>Representante Discente Suplente<\/td><td>05\/03\/2027<\/td><td><a href=\"mailto:jagc3@academico.ufpb.br\" target=\"_blank\" rel=\"noreferrer noopener\">jagc3@academico.ufpb.br<\/a><\/td><\/tr><tr><td><strong>David <\/strong><strong>Figueir\u00eado <\/strong><strong>da <\/strong><strong>Silva<\/strong><\/td><td>Representante Discente<\/td><td>05\/03\/2027<\/td><td><a href=\"mailto:david.figueiredo@academico.ufpb.br\" target=\"_blank\" rel=\"noreferrer noopener\">david.figueiredo@academico.ufpb.br<\/a><\/td><\/tr><tr><td>\u00c1lvaro David da Silva Dantas<\/td><td>Representante Discente<\/td><td>05\/03\/2027<\/td><td><a href=\"mailto:alvaro.dantas@academico.ufpb.br\" target=\"_blank\" rel=\"noreferrer noopener\">alvaro.dantas@academico.ufpb.br<\/a><\/td><\/tr><tr><td><strong>Amanda <\/strong><strong>Karem <\/strong><strong>Barboza <\/strong><strong>de <\/strong><strong>Freitas<\/strong><\/td><td>Representante Discente<\/td><td>05\/03\/2027<\/td><td><a href=\"mailto:akbf@academico.ufpb.br\" target=\"_blank\" rel=\"noreferrer noopener\">akbf@academico.ufpb.br<\/a><\/td><\/tr><tr><td>Luc\u00e1ssia Mendes dos Santos<\/td><td>Representante Discente<\/td><td>05\/03\/2027<\/td><td><a href=\"mailto:lucassiamendes35@gmail.com\" target=\"_blank\" rel=\"noreferrer noopener\">lucassiamendes35@gmail.com<\/a> &nbsp;<\/td><\/tr><\/tbody><\/table><\/figure>\n\n\n\n<p><\/p>\n<\/details>\n\n\n\n<details class=\"wp-block-details is-layout-flow wp-block-details-is-layout-flow\"><summary>Calend\u00e1rio de Reuni\u00f5es<\/summary>\n<figure class=\"wp-block-embed is-type-wp-embed is-provider-secretaria-dos-rg-os-deliberativos-da-administra-o-superior wp-block-embed-secretaria-dos-rg-os-deliberativos-da-administra-o-superior\"><div class=\"wp-block-embed__wrapper\">\n<blockquote class=\"wp-embedded-content\" data-secret=\"q6gbfDLKSf\"><a href=\"https:\/\/www.ufpb.br\/sods\/calendario-dos-conselhos\/\">Calend\u00e1rio dos Conselhos\u00a0<\/a><\/blockquote><iframe loading=\"lazy\" class=\"wp-embedded-content\" sandbox=\"allow-scripts\" security=\"restricted\" style=\"position: absolute; visibility: hidden;\" title=\"&#8220;Calend\u00e1rio dos Conselhos\u00a0&#8221; &#8212; Secretaria dos \u00d3rg\u00e3os Deliberativos da Administra\u00e7\u00e3o Superior\" src=\"https:\/\/www.ufpb.br\/sods\/calendario-dos-conselhos\/embed\/#?secret=I8kczkuTgv#?secret=q6gbfDLKSf\" data-secret=\"q6gbfDLKSf\" width=\"500\" height=\"282\" frameborder=\"0\" marginwidth=\"0\" marginheight=\"0\" scrolling=\"no\"><\/iframe>\n<\/div><\/figure>\n<\/details>\n\n\n\n<p><\/p>\n","protected":false},"excerpt":{"rendered":"","protected":false},"author":47,"featured_media":0,"parent":0,"menu_order":0,"comment_status":"closed","ping_status":"closed","template":"","meta":{"footnotes":""},"class_list":["post-35","page","type-page","status-publish","hentry"],"_links":{"self":[{"href":"https:\/\/www.ufpb.br\/sods\/wp-json\/wp\/v2\/pages\/35","targetHints":{"allow":["GET"]}}],"collection":[{"href":"https:\/\/www.ufpb.br\/sods\/wp-json\/wp\/v2\/pages"}],"about":[{"href":"https:\/\/www.ufpb.br\/sods\/wp-json\/wp\/v2\/types\/page"}],"author":[{"embeddable":true,"href":"https:\/\/www.ufpb.br\/sods\/wp-json\/wp\/v2\/users\/47"}],"replies":[{"embeddable":true,"href":"https:\/\/www.ufpb.br\/sods\/wp-json\/wp\/v2\/comments?post=35"}],"version-history":[{"count":15,"href":"https:\/\/www.ufpb.br\/sods\/wp-json\/wp\/v2\/pages\/35\/revisions"}],"predecessor-version":[{"id":156,"href":"https:\/\/www.ufpb.br\/sods\/wp-json\/wp\/v2\/pages\/35\/revisions\/156"}],"wp:attachment":[{"href":"https:\/\/www.ufpb.br\/sods\/wp-json\/wp\/v2\/media?parent=35"}],"curies":[{"name":"wp","href":"https:\/\/api.w.org\/{rel}","templated":true}]}}