{"id":22,"date":"2025-04-28T19:13:26","date_gmt":"2025-04-28T22:13:26","guid":{"rendered":"https:\/\/www.ufpb.br\/sof\/?page_id=22"},"modified":"2026-04-17T18:37:56","modified_gmt":"2026-04-17T21:37:56","slug":"coordenacao-de-orcamento-e-financas-cof","status":"publish","type":"page","link":"https:\/\/www.ufpb.br\/sof\/institucional\/coordenacao-de-orcamento-e-financas-cof\/","title":{"rendered":"Coordena\u00e7\u00e3o de Or\u00e7amento e Finan\u00e7as &#8211; COF"},"content":{"rendered":"\n<p>A&nbsp;<strong>Coordena\u00e7\u00e3o de Or\u00e7amento e Finan\u00e7as &#8211; COF<\/strong>&nbsp;\u00e9 respons\u00e1vel pelas a\u00e7\u00f5es de movimenta\u00e7\u00e3o, controle e execu\u00e7\u00e3o dos recursos financeiros da Unidade Gestora, de modo que a gest\u00e3o financeira da SOF ocorra conforme as normas e diretrizes estipuladas, contribuindo , desta maneira, para melhorar o perfil de atua\u00e7\u00e3o da Superintend\u00eancia.<\/p>\n\n\n\n<p><strong>Respons\u00e1vel pelo Setor:<\/strong>&nbsp;F\u00e1bio Assun\u00e7\u00e3o de Castro&nbsp;<em>(Coordenador).<br><\/em><strong>Hor\u00e1rio de funcionamento:&nbsp;<\/strong><em>7h \u00e0s 17h.<br><\/em><strong>Telefone:<\/strong>&nbsp;<em>3216-7317.<br><\/em><strong>E-mail:<\/strong>&nbsp;<em><a href=\"mailto:cof@sof.ufpb.br\">cof@sof.ufpb.br<\/a>.<\/em><\/p>\n\n\n\n<p class=\" \">&nbsp;<\/p>\n\n\n\n<p class=\" \"><strong>Equipe:<\/strong><\/p>\n\n\n\n<p><\/p>\n\n\n\n<figure class=\"wp-block-table has-small-font-size\"><table class=\"has-fixed-layout\"><tbody><tr><td><strong>Servidor(a)<\/strong><\/td><td><strong>Cargo\/Fun\u00e7\u00e3o<\/strong><\/td><td><strong>\u00c1rea de Atua\u00e7\u00e3o<\/strong><\/td><td><strong>Contato<\/strong><\/td><\/tr><tr><td>Lenita Pessoa de Souza<\/td><td>Coordenador<\/td><td>Coordena\u00e7\u00e3o<\/td><td>lenita@sof.ufpb.br<\/td><\/tr><tr><td>Dis\u00e2ngela Ladislau Serrano de Castro<\/td><td>Contadora<\/td><td>Coordena\u00e7\u00e3o Substituta \/ Exec. Or\u00e7ament\u00e1ria e SCDP<\/td><td>disangela@sof.ufpb.br<\/td><\/tr><tr><td>Willame Onias Alves<\/td><td>Contador<\/td><td>Conformidade de Gest\u00e3o<\/td><td>willameonias@sof.ufpb.br<\/td><\/tr><tr><td>Richard Matheus Almeida da Silva Rocha<\/td><td>T\u00e9cnico em<br>Contabilidade<\/td><td>Conformidade de Gest\u00e3o Substituto<\/td><td>richard@sof.ufpb.br<\/td><\/tr><tr><td>Amanda Martins Nicolau<\/td><td>Contadora<\/td><td>Exec. Or\u00e7ament\u00e1ria <\/td><td>amanda@sof.ufpb.br<\/td><\/tr><tr><td>Andrea Cavalcante Castro<\/td><td>Contadora<\/td><td>Apropria\u00e7\u00e3o.<\/td><td>andreacastro@sof.ufpb.br<\/td><\/tr><tr><td>Carlos Jose Figueiredo de Castro<\/td><td>T\u00e9cnico em Contabilidade<\/td><td>Apropria\u00e7\u00e3o.<\/td><td>case.castro@sof.ufpb.br<\/td><\/tr><tr><td>Igor Kristian Chianca Venancio&nbsp;<\/td><td>T\u00e9cnico em Contabilidade<\/td><td>Apropria\u00e7\u00e3o.<\/td><td>igor.venancio@sof.ufpb.br<\/td><\/tr><tr><td>Tiago de Souza Andrade<\/td><td>Auxiliar Administrativo<\/td><td>Pagamentos e SCDP<\/td><td>tiago.andrade@sof.ufpb.br<\/td><\/tr><tr><td>Elaine de Oliveira Chagas<\/td><td>Contadora<\/td><td>Exec. Or\u00e7ament\u00e1ria \/ Contratos<\/td><td>elaine@sof.ufpb.br<\/td><\/tr><tr><td>Adriana de C. F. de Albuquerque<\/td><td>T\u00e9cnica em Contabilidade<\/td><td>Apropria\u00e7\u00e3o.<\/td><td>adrianacassia@sof.ufpb.br<\/td><\/tr><\/tbody><\/table><\/figure>\n\n\n\n<p class=\" \"><a href=\"https:\/\/drive.ufpb.br\/s\/GNHkaKisioLFEJr\">Atribui\u00e7\u00f5es e Compet\u00eancias da COF\/SOF<strong>&nbsp;<br><\/strong><\/a><strong><a href=\"https:\/\/drive.ufpb.br\/s\/gXZZ6t38kZoNLBB\">Cronograma de Atividades<\/a><\/strong><\/p>\n\n\n\n<p><\/p>\n","protected":false},"excerpt":{"rendered":"<p>A&nbsp;Coordena\u00e7\u00e3o de Or\u00e7amento e Finan\u00e7as &#8211; COF&nbsp;\u00e9 respons\u00e1vel pelas a\u00e7\u00f5es de movimenta\u00e7\u00e3o, controle e execu\u00e7\u00e3o dos recursos financeiros da Unidade Gestora, de modo que a gest\u00e3o financeira da SOF ocorra conforme as normas e diretrizes estipuladas, contribuindo , desta maneira, para melhorar o perfil de atua\u00e7\u00e3o da Superintend\u00eancia. Respons\u00e1vel pelo Setor:&nbsp;F\u00e1bio Assun\u00e7\u00e3o de Castro&nbsp;(Coordenador).Hor\u00e1rio de [&hellip;]<\/p>\n","protected":false},"author":47,"featured_media":0,"parent":96,"menu_order":0,"comment_status":"closed","ping_status":"closed","template":"","meta":{"footnotes":""},"class_list":["post-22","page","type-page","status-publish","hentry"],"_links":{"self":[{"href":"https:\/\/www.ufpb.br\/sof\/wp-json\/wp\/v2\/pages\/22","targetHints":{"allow":["GET"]}}],"collection":[{"href":"https:\/\/www.ufpb.br\/sof\/wp-json\/wp\/v2\/pages"}],"about":[{"href":"https:\/\/www.ufpb.br\/sof\/wp-json\/wp\/v2\/types\/page"}],"author":[{"embeddable":true,"href":"https:\/\/www.ufpb.br\/sof\/wp-json\/wp\/v2\/users\/47"}],"replies":[{"embeddable":true,"href":"https:\/\/www.ufpb.br\/sof\/wp-json\/wp\/v2\/comments?post=22"}],"version-history":[{"count":7,"href":"https:\/\/www.ufpb.br\/sof\/wp-json\/wp\/v2\/pages\/22\/revisions"}],"predecessor-version":[{"id":351,"href":"https:\/\/www.ufpb.br\/sof\/wp-json\/wp\/v2\/pages\/22\/revisions\/351"}],"up":[{"embeddable":true,"href":"https:\/\/www.ufpb.br\/sof\/wp-json\/wp\/v2\/pages\/96"}],"wp:attachment":[{"href":"https:\/\/www.ufpb.br\/sof\/wp-json\/wp\/v2\/media?parent=22"}],"curies":[{"name":"wp","href":"https:\/\/api.w.org\/{rel}","templated":true}]}}