{"id":32,"date":"2025-04-28T19:17:17","date_gmt":"2025-04-28T22:17:17","guid":{"rendered":"https:\/\/www.ufpb.br\/sof\/?page_id=32"},"modified":"2025-04-28T21:02:19","modified_gmt":"2025-04-29T00:02:19","slug":"outorgas-de-uso","status":"publish","type":"page","link":"https:\/\/www.ufpb.br\/sof\/servicos\/outorgas-de-uso\/","title":{"rendered":"Outorgas de Uso"},"content":{"rendered":"\n<p>Outorgas de Uso (Cess\u00f5es, Permiss\u00f5es, Concess\u00f5es e Autoriza\u00e7\u00f5es) no \u00e2mbito da Universidade Federal da Para\u00edba, conforme Resolu\u00e7\u00e3o CONSUNI n\u00ba 19, de 1\u00ba de Outubro de 2019.<\/p>\n\n\n\n<p>Nesta se\u00e7\u00e3o est\u00e3o dispon\u00edveis informa\u00e7\u00f5es acerca das Outorgas de Uso (Cess\u00f5es, Permiss\u00f5es, Concess\u00f5es e Autoriza\u00e7\u00f5es) no \u00e2mbito da Universidade Federal da Para\u00edba, conforme Resolu\u00e7\u00e3o CONSUNI n\u00ba 19, de 1\u00ba de Outubro de 2019.<\/p>\n\n\n\n<p id=\"E137\">Prezados cession\u00e1rios,<br>Para fins de gest\u00e3o e melhor organiza\u00e7\u00e3o do setor de outorgas, ficam estabelecidos os hor\u00e1rios para que os respons\u00e1veis pelo setor possam atend\u00ea-los presencialmente em busca de esclarecimentos e demais tratativas quanto \u00e0 cess\u00e3o de uso na Universidade Federal da Para\u00edba.<\/p>\n\n\n\n<p id=\"E144\"><strong>HOR\u00c1RIOS DE RECEBIMENTO DOS CESSION\u00c1RIOS&nbsp;PRESENCIALMENTE<\/strong><\/p>\n\n\n\n<figure class=\"wp-block-table\"><table class=\"has-fixed-layout\"><tbody><tr><td><strong>DIA DA SEMANA<\/strong><\/td><td><strong>HOR\u00c1RIOS<\/strong><\/td><\/tr><tr><td>SEGUNDA-FEIRA<\/td><td>De 13:00 a 16:00<\/td><\/tr><tr><td>TER\u00c7A-FEIRA<\/td><td>N\u00c3O ATENDIMENTO<\/td><\/tr><tr><td>QUARTA-FEIRA<\/td><td>De 08:00 a 12:00 e 13:00 a 16:00<\/td><\/tr><tr><td>QUINTA-FEIRA<\/td><td>N\u00c3O ATENDIMENTO<\/td><\/tr><tr><td>SEXTA-FEIRA<\/td><td>De 08:00 a 12:00<\/td><\/tr><\/tbody><\/table><\/figure>\n\n\n\n<p id=\"E194\"><em>D\u00favidas, sugest\u00f5es, elogios e cr\u00edticas poder\u00e3o ser encaminhadas para o<strong>&nbsp;e-mail:&nbsp;cessao@sof.ufpb.br ou telefone: (83) 3216-7311.<\/strong><\/em><\/p>\n\n\n\n<p><em>Para acessar ao inteiro teor de um processo&nbsp;<strong><a href=\"https:\/\/sipac.ufpb.br\/public\/jsp\/portal.jsf\" target=\"_blank\" rel=\"noreferrer noopener\">clique aqui<\/a><\/strong>&nbsp;e em seguida acesse consultas &gt; processos e digite o NUP.<\/em><\/p>\n\n\n\n<h3 class=\"wp-block-heading\">Outorgas Vigentes<\/h3>\n\n\n\n<figure class=\"wp-block-table\"><table class=\"has-fixed-layout\"><thead><tr><th colspan=\"5\">CAMPUS I\u2003<\/th><\/tr><tr><th>LOCALIZA\u00c7\u00c3O\u2003<\/th><th>TERMO\u2003<\/th><th>ATIVIDADE\u2003<\/th><th>RESPONS\u00c1VEL\u2003<\/th><th>VIG\u00caNCIA\u2003<\/th><\/tr><\/thead><tbody><tr><td>CENTRO DE CI\u00caNCIAS EXATAS E DA NATUREZA (CCEN)<\/td><td>020\/2023<\/td><td>REPROGRAFIA<\/td><td>IVANILDO LIRA<\/td><td>01\/10\/202\/\/5<\/td><\/tr><tr><td rowspan=\"2\">CENTRO DE CI\u00caNCIAS HUMANAS, LETRAS E ARTES (CCHLA)<\/td><td>012\/2023<\/td><td>ALIMENTA\u00c7\u00c3O<\/td><td>MARIA HELENA<\/td><td>21\/08\/2025<\/td><\/tr><tr><td>002\/2025<\/td><td>ALIMENTA\u00c7\u00c3O<\/td><td>ISA MARIA<\/td><td>01\/02\/2026<\/td><\/tr><tr><td>CENTRO DE CI\u00caNCIAS JUR\u00cdDICAS (CCJ)<\/td><td>002\/2024<\/td><td>REPROGRAFIA<\/td><td>MARIA TEREZA BORGES<\/td><td>29\/07\/2025<\/td><\/tr><tr><td>CENTRO DE CI\u00caNCIAS JUR\u00cdDICAS (CCJ) &#8211; SANTA RITA<\/td><td>008\/2024<\/td><td>ALIMENTA\u00c7\u00c3O<\/td><td>ROSEMARY XAVIER<\/td><td>01\/11\/2025<\/td><\/tr><tr><td>CENTRO DE CI\u00caNCIAS M\u00c9DICAS (CCM)<\/td><td>006\/2023<\/td><td>ALIMENTA\u00c7\u00c3O<\/td><td>FABIANA GILZA<\/td><td>27\/02\/2026<\/td><\/tr><tr><td rowspan=\"3\">CENTRO DE CI\u00caNCIAS DA SA\u00daDE (CCS)<\/td><td>006\/2021<\/td><td>REPROGRAFIA<\/td><td>JACQUELINE MARIA<\/td><td>17\/12\/2025<\/td><\/tr><tr><td>&#8211;<\/td><td>ALIMENTA\u00c7\u00c3O<\/td><td>JACQUELINE MARIA<\/td><td>AGUARDANDO REFORMA<\/td><\/tr><tr><td>003\/2024<\/td><td>ALIMENTA\u00c7\u00c3O<\/td><td>ANT\u00d4NIO GOMES<\/td><td>01\/10\/2025<\/td><\/tr><tr><td>CENTRO DE CI\u00caNCIAS SOCIAIS APLICADAS (CCSA)<\/td><td>&#8211;<\/td><td>&#8211;<\/td><td>&#8211;<\/td><td>&#8211;<\/td><\/tr><tr><td rowspan=\"2\">CENTRO DE COMUNICA\u00c7\u00c3O, TURISMO E ARTES (CCTA)<\/td><td>003\/2025<\/td><td>REPROGRAFIA<\/td><td>IVANILDO LIRA<\/td><td>06\/03\/2026<\/td><\/tr><tr><td>004\/2024<\/td><td>BANCO<\/td><td>CAIXA ECON\u00d4MICA FEDERAL<\/td><td>01\/12\/2025<\/td><\/tr><tr><td rowspan=\"4\">CENTRO DE EDUCA\u00c7\u00c3O (CE)<\/td><td>017\/2023<\/td><td>REPROGRAFIA<\/td><td>VANDERLEIA TOMAZ<\/td><td>01\/08\/2025<\/td><\/tr><tr><td>009\/2023<\/td><td>ALIMENTA\u00c7\u00c3O<\/td><td>CRISTIANE MAR\u00cdLIA<\/td><td>05\/06\/2025<\/td><\/tr><tr><td>011\/2023<\/td><td>ALIMENTA\u00c7\u00c3O<\/td><td>JACQUELINE MARIA<\/td><td>11\/08\/2025<\/td><\/tr><tr><td>&#8211;<\/td><td>ALIMENTA\u00c7\u00c3O<\/td><td>ANT\u00d4NIO CARNA\u00daBA<\/td><td>EM ELABORA\u00c7\u00c3O<\/td><\/tr><tr><td>CENTRO DE ENERGIAS ALTERNATIVAS E RENOV\u00c1VEIS (CEAR)<\/td><td>&#8211;<\/td><td>&#8211;<\/td><td>&#8211;<\/td><td>&#8211;<\/td><\/tr><tr><td>CENTRO DE INFORM\u00c1TICA (CI)<\/td><td>&#8211;<\/td><td>&#8211;<\/td><td>&#8211;<\/td><td>&#8211;<\/td><\/tr><tr><td rowspan=\"2\">CENTRO DE TECNOLOGIA (CT)<\/td><td>016\/2023<\/td><td>REPROGRAFIA<\/td><td>VANDERLEIA TOMAZ<\/td><td>01\/08\/2025<\/td><\/tr><tr><td>001\/2025<\/td><td>ALIMENTA\u00c7\u00c3O<\/td><td>ISA MARIA<\/td><td>01\/03\/2026<\/td><\/tr><tr><td>CENTRAL DE AULAS&nbsp;<\/td><td>015\/2023<\/td><td>REPROGRAFIA<\/td><td>ANT\u00d4NIO CARNA\u00daBA<\/td><td>01\/12\/2025<\/td><\/tr><tr><td rowspan=\"6\">CENTRO DE VIV\u00caNCIAS<\/td><td>002\/2021<\/td><td>BANCO<\/td><td>FABIANA VITAL<\/td><td>11\/10\/2025<\/td><\/tr><tr><td>001\/2021<\/td><td>LOG\u00cdSTICA<\/td><td>EMPRESA BRASILEIRA DE CORREIOS E TEL\u00c9GRAFOS<\/td><td>13\/10\/2025<\/td><\/tr><tr><td>002\/2022<\/td><td>ENTIDADE SEM FINS LUCRATIVOS<\/td><td>PARQTEC<\/td><td>18\/05\/2025<\/td><\/tr><tr><td>001\/2023<\/td><td>SINDICATO<\/td><td>SINTUR<\/td><td>01\/02\/2026<\/td><\/tr><tr><td>005\/2024<\/td><td>COOPERATIVA<\/td><td>SICREDI<\/td><td>01\/11\/2025<\/td><\/tr><tr><td>006\/\/2024<\/td><td>COOPERATIVA<\/td><td>SICREDI<\/td><td>01\/11\/2025<\/td><\/tr><tr><td rowspan=\"4\">\u00c1REAS COMUNS<\/td><td>007\/2023<\/td><td>ALIMENTA\u00c7\u00c3O<\/td><td>FABIANA GILZA<\/td><td>27\/02\/2026<\/td><\/tr><tr><td>008\/2023<\/td><td>ALIMENTA\u00c7\u00c3O<\/td><td>ANA RITA<\/td><td>05\/05\/2025<\/td><\/tr><tr><td>003\/2024<\/td><td>ALIMENTA\u00c7\u00c3O<\/td><td>ANT\u00d4NIO GOMES<\/td><td>01\/10\/2025<\/td><\/tr><tr><td>004\/2024<\/td><td>COOPERATIVA<\/td><td>SICREDI<\/td><td>05\/11\/2025<\/td><\/tr><\/tbody><\/table><\/figure>\n\n\n\n<figure class=\"wp-block-table\"><table class=\"has-fixed-layout\"><thead><tr><th colspan=\"5\">CAMPUS II\u2003<\/th><\/tr><tr><th>LOCALIZA\u00c7\u00c3O\u2003<\/th><th>TERMO\u2003<\/th><th>ATIVIDADE\u2003<\/th><th>RESPONS\u00c1VEL\u2003<\/th><th>VIG\u00caNCIA\u2003<\/th><\/tr><\/thead><tbody><tr><td>\u00c1REAS COMUNS<\/td><td>009\/2024<\/td><td>ALIMENTA\u00c7\u00c3O<\/td><td>JANILDO PEREIRA<\/td><td>01\/11\/2025<\/td><\/tr><\/tbody><\/table><\/figure>\n\n\n\n<figure class=\"wp-block-table\"><table class=\"has-fixed-layout\"><thead><tr><th colspan=\"5\">CAMPUS III\u2003<\/th><\/tr><tr><th>LOCALIZA\u00c7\u00c3O\u2003<\/th><th>TERMO\u2003<\/th><th>ATIVIDADE\u2003<\/th><th>RESPONS\u00c1VEL\u2003<\/th><th>VIG\u00caNCIA\u2003<\/th><\/tr><\/thead><tbody><tr><td>&#8211;<\/td><td>&#8211;<\/td><td>&#8211;<\/td><td>&#8211;<\/td><td>&#8211;<\/td><\/tr><\/tbody><\/table><\/figure>\n\n\n\n<figure class=\"wp-block-table\"><table class=\"has-fixed-layout\"><thead><tr><th colspan=\"5\">CAMPUS IV\u2003<\/th><\/tr><tr><th>LOCALIZA\u00c7\u00c3O\u2003<\/th><th>TERMO\u2003<\/th><th>ATIVIDADE\u2003<\/th><th>RESPONS\u00c1VEL\u2003<\/th><th>VIG\u00caNCIA\u2003<\/th><\/tr><\/thead><tbody><tr><td>&#8211;<\/td><td>&#8211;<\/td><td>&#8211;<\/td><td>&#8211;<\/td><td>&#8211;<\/td><\/tr><\/tbody><\/table><\/figure>\n\n\n\n<p><strong>Normas Aplic\u00e1veis<\/strong><\/p>\n\n\n\n<p><strong><a href=\"https:\/\/drive.ufpb.br\/s\/m9NTNnncyMf49Qj\" target=\"_blank\" rel=\"noreferrer noopener\"># OFICIO CIRCULAR<\/a><\/strong>&nbsp;&#8211; Comunicado \u00e0 comunidade acerca da utiliza\u00e7\u00e3o de espa\u00e7o em dia de aplica\u00e7\u00e3o de provas de vestibular e concurso&nbsp;p\u00fablico.<\/p>\n\n\n\n<p><strong><a href=\"https:\/\/drive.ufpb.br\/s\/iKnXas9C2aZCpQx\" target=\"_blank\" rel=\"noreferrer noopener\">#&nbsp;Instru\u00e7\u00e3o Normativa n\u00b0 001\/2023 UFPB<\/a><\/strong>&nbsp;&#8211; Taxa Compartilhada<\/p>\n\n\n\n<p><strong><a href=\"https:\/\/drive.ufpb.br\/s\/ngeCwJ3KZErrrPt\" target=\"_blank\" rel=\"noreferrer noopener\"><strong><\/strong><\/a><a href=\"https:\/\/drive.ufpb.br\/s\/GnmGJeLZGWpp38G\" target=\"_blank\" rel=\"noreferrer noopener\">#&nbsp;Portaria n\u00ba 28\/2023<\/a><\/strong><a href=\"https:\/\/drive.ufpb.br\/s\/ngeCwJ3KZErrrPt\" target=\"_blank\" rel=\"noreferrer noopener\">&nbsp;<\/a>&#8211;&nbsp;Institui valores referenciais a serem cobrados pela utiliza\u00e7\u00e3o dos espa\u00e7os f\u00edsicos, constru\u00eddos ou n\u00e3o, nas depend\u00eancias da UFPB.<strong><a href=\"https:\/\/drive.ufpb.br\/s\/qocXzstKgAqQwYb\" target=\"_blank\" rel=\"noreferrer noopener\"><br>#&nbsp;Portaria n\u00ba 256\/2022<\/a><\/strong>&nbsp;&#8211;&nbsp;Estabelece retorno a cobran\u00e7a aos cession\u00e1rios pelo uso de espa\u00e7os na UFPB.<br><strong><a href=\"https:\/\/drive.ufpb.br\/s\/WMAdB8oQA48RwBj\" target=\"_blank\" rel=\"noreferrer noopener\">#&nbsp;Portaria n\u00ba 243\/2022<\/a><\/strong>&nbsp;&#8211;&nbsp;Estabelece retorno a cobran\u00e7a aos cession\u00e1rios pelo uso de espa\u00e7os na UFPB.<\/p>\n\n\n\n<p><strong><a href=\"http:\/\/www.planalto.gov.br\/ccivil_03\/decreto\/2001\/d3725.htm\" target=\"_blank\" rel=\"noreferrer noopener\"># Decreto n\u00ba 3.725\/2001<\/a><\/strong>&nbsp;&#8211;&nbsp;Regulamenta a Lei no 9.636, de 15 de maio de 1998, que disp\u00f5e sobre a regulariza\u00e7\u00e3o, administra\u00e7\u00e3o, aforamento e aliena\u00e7\u00e3o de bens im\u00f3veis de dom\u00ednio da Uni\u00e3o, e d\u00e1 outras provid\u00eancias.<br><strong><a href=\"http:\/\/www.planalto.gov.br\/ccivil_03\/decreto\/Antigos\/D99509.htm\" target=\"_blank\" rel=\"noreferrer noopener\"># Decreto n\u00ba 99.509\/1990<\/a><\/strong>&nbsp;&#8211;&nbsp;Veda contribui\u00e7\u00f5es com recursos p\u00fablicos, em favor de clubes e associa\u00e7\u00f5es de servidores ou empregados de \u00f3rg\u00e3os e entidades da Administra\u00e7\u00e3o P\u00fablica Federal, e d\u00e1 outras provid\u00eancias.<\/p>\n\n\n\n<p class=\" \"><strong><a href=\"https:\/\/sig-arq.ufpb.br\/arquivos\/2019009022025716587004a8766fc575f\/consuni.19.2019.pdf\" target=\"_blank\" rel=\"noreferrer noopener\"># Resolu\u00e7\u00e3o n\u00ba 19\/2019<\/a><\/strong>&nbsp;&#8211; Regulamenta a ocupa\u00e7\u00e3o de espa\u00e7os f\u00edsicos e im\u00f3veis da Universidade Federal da Para\u00edba, que sejam disponibilizados para Cess\u00e3o de Uso, objetivando a explora\u00e7\u00e3o comercial e de servi\u00e7os por particulares.<\/p>\n\n\n\n<p class=\" \"><strong>Materiais de Apoio e Documentos Padronizados<\/strong><\/p>\n\n\n\n<p class=\" \"><a href=\"https:\/\/drive.ufpb.br\/s\/j28XRPDTf2Znw62\" target=\"_blank\" rel=\"noreferrer noopener\"># Modelo de&nbsp;Relat\u00f3rio de Ocorr\u00eancias.<br># Modelo de&nbsp;Of\u00edcio de Notifica\u00e7\u00e3o de Desocupa\u00e7\u00e3o por revoga\u00e7\u00e3o de Termo de Cess\u00e3o.<br><\/a><a href=\"https:\/\/drive.ufpb.br\/s\/rXg69GQJfWxZSPa\" target=\"_blank\" rel=\"noreferrer noopener\"># Modelo de Documento de Formaliza\u00e7\u00e3o de Demanda (DFD) &#8211; OUTORGA.<\/a><br><a href=\"https:\/\/drive.ufpb.br\/s\/P2jY3LE5iez9HFs\" target=\"_blank\" rel=\"noreferrer noopener\"># Modelo de Estudo T\u00e9cnicos Preliminares (ETP) &#8211; OUTORGA<\/a>.<br><a href=\"https:\/\/drive.ufpb.br\/s\/HFYsoxF6PpKCMcH\" target=\"_blank\" rel=\"noreferrer noopener\"># Modelo de Requerimento para Autoriza\u00e7\u00e3o de Uso Tempor\u00e1rio de Espa\u00e7o na UFPB.<\/a><\/p>\n\n\n\n<p class=\" \">&nbsp;&nbsp;<\/p>\n\n\n\n<p class=\" \"><strong>AVALIA\u00c7\u00c3O DOS USU\u00c1RIOS &#8211; LANCHONETES NA UFPB.<\/strong><br>Formul\u00e1rio visando obter a sua opini\u00e3o no que diz respeito ao servi\u00e7o de alimenta\u00e7\u00e3o prestado por este estabelecimento comercial &#8211;&nbsp;<a href=\"https:\/\/forms.office.com\/r\/MhEn9zTadE\" target=\"_blank\" rel=\"noreferrer noopener\">clique aqui<\/a><\/p>\n\n\n\n<p class=\" \">&nbsp;<\/p>\n\n\n\n<p class=\" \"><strong>CARD\u00c1PIO DAS LANCHONETES<\/strong><\/p>\n\n\n\n<p><a href=\"https:\/\/drive.ufpb.br\/s\/GcEjKp3DNPPQCam\" target=\"_blank\" rel=\"noreferrer noopener\"># CARD\u00c1PIO &#8211; BODE E BRASA CAMPUS IV (CTDR)<\/a><br><a href=\"https:\/\/drive.ufpb.br\/s\/7ryCeMP62Q5oqEi\" target=\"_blank\" rel=\"noreferrer noopener\">#&nbsp;CARD\u00c1PIO &#8211; BODE E BRASA CAMPUS IV (MAMANGUAPE)<\/a><br><a href=\"https:\/\/drive.ufpb.br\/s\/mYnp25q3dsDXtWs\" target=\"_blank\" rel=\"noreferrer noopener\"># CARD\u00c1PIO &#8211; BODE E BRASA CAMPUS IV (RIO TINTO)<\/a><br><a href=\"https:\/\/drive.ufpb.br\/s\/ajLAtoeLm7sTf3P\" target=\"_blank\" rel=\"noreferrer noopener\"># CARD\u00c1PIO &#8211; CENTRAL<\/a><br><a href=\"https:\/\/drive.ufpb.br\/s\/4fw5P8QJEKRcwge\" target=\"_blank\" rel=\"noreferrer noopener\">#&nbsp;CARD\u00c1PIO &#8211; CIA DO LANCHE<\/a><br><a href=\"https:\/\/drive.ufpb.br\/s\/oZ3nz7ox9oQ8MHM\" target=\"_blank\" rel=\"noreferrer noopener\">#&nbsp;CARD\u00c1PIO &#8211; DA MARIA<\/a><br><a href=\"https:\/\/drive.ufpb.br\/s\/gSSJAEy4cKBNEdz\" target=\"_blank\" rel=\"noreferrer noopener\">#&nbsp;CARD\u00c1PIO &#8211; GAMELEIRA<\/a><br><a href=\"https:\/\/drive.ufpb.br\/s\/nSj6xmCsm353NJd\" target=\"_blank\" rel=\"noreferrer noopener\">#&nbsp;CARD\u00c1PIO &#8211; GIGA LANCHES<\/a><br><a href=\"https:\/\/drive.ufpb.br\/s\/XSq7Wqydc4XtGj2\" target=\"_blank\" rel=\"noreferrer noopener\">#&nbsp;CARD\u00c1PIO &#8211; QUIOSQUE D3<\/a><\/p>\n","protected":false},"excerpt":{"rendered":"<p>Outorgas de Uso (Cess\u00f5es, Permiss\u00f5es, Concess\u00f5es e Autoriza\u00e7\u00f5es) no \u00e2mbito da Universidade Federal da Para\u00edba, conforme Resolu\u00e7\u00e3o CONSUNI n\u00ba 19, de 1\u00ba de Outubro de 2019. Nesta se\u00e7\u00e3o est\u00e3o dispon\u00edveis informa\u00e7\u00f5es acerca das Outorgas de Uso (Cess\u00f5es, Permiss\u00f5es, Concess\u00f5es e Autoriza\u00e7\u00f5es) no \u00e2mbito da Universidade Federal da Para\u00edba, conforme Resolu\u00e7\u00e3o CONSUNI n\u00ba 19, de 1\u00ba [&hellip;]<\/p>\n","protected":false},"author":47,"featured_media":0,"parent":101,"menu_order":0,"comment_status":"closed","ping_status":"closed","template":"","meta":{"footnotes":""},"class_list":["post-32","page","type-page","status-publish","hentry"],"_links":{"self":[{"href":"https:\/\/www.ufpb.br\/sof\/wp-json\/wp\/v2\/pages\/32","targetHints":{"allow":["GET"]}}],"collection":[{"href":"https:\/\/www.ufpb.br\/sof\/wp-json\/wp\/v2\/pages"}],"about":[{"href":"https:\/\/www.ufpb.br\/sof\/wp-json\/wp\/v2\/types\/page"}],"author":[{"embeddable":true,"href":"https:\/\/www.ufpb.br\/sof\/wp-json\/wp\/v2\/users\/47"}],"replies":[{"embeddable":true,"href":"https:\/\/www.ufpb.br\/sof\/wp-json\/wp\/v2\/comments?post=32"}],"version-history":[{"count":1,"href":"https:\/\/www.ufpb.br\/sof\/wp-json\/wp\/v2\/pages\/32\/revisions"}],"predecessor-version":[{"id":33,"href":"https:\/\/www.ufpb.br\/sof\/wp-json\/wp\/v2\/pages\/32\/revisions\/33"}],"up":[{"embeddable":true,"href":"https:\/\/www.ufpb.br\/sof\/wp-json\/wp\/v2\/pages\/101"}],"wp:attachment":[{"href":"https:\/\/www.ufpb.br\/sof\/wp-json\/wp\/v2\/media?parent=32"}],"curies":[{"name":"wp","href":"https:\/\/api.w.org\/{rel}","templated":true}]}}