{"id":9,"date":"2025-04-28T19:06:38","date_gmt":"2025-04-28T22:06:38","guid":{"rendered":"https:\/\/www.ufpb.br\/sof\/?page_id=9"},"modified":"2025-04-28T20:55:23","modified_gmt":"2025-04-28T23:55:23","slug":"quem-somos","status":"publish","type":"page","link":"https:\/\/www.ufpb.br\/sof\/institucional\/quem-somos\/","title":{"rendered":"Quem somos?"},"content":{"rendered":"\n<p>A Superintend\u00eancia de Or\u00e7amento e Finan\u00e7as \u2013 SOF foi criada a partir da&nbsp;<strong><a href=\"https:\/\/sig-arq.ufpb.br\/arquivos\/20190640167d3e117672914d8b7f80e7d\/Runi42_2018.pdf\" target=\"_blank\" rel=\"noreferrer noopener\">Resolu\u00e7\u00e3o n\u00ba 42\/2018<\/a><\/strong>, de 30\/01\/2019, e iniciou suas atividades em 15\/03\/2019, com a publica\u00e7\u00e3o, no Di\u00e1rio Oficial da Uni\u00e3o, da nomea\u00e7\u00e3o do Superintendente de Or\u00e7amento e Finan\u00e7as.<\/p>\n\n\n\n<p>Pouco tempo depois, em 28 de mar\u00e7o de 2019, a norma que criou a SOF foi alterada pela&nbsp;<strong><a href=\"https:\/\/sig-arq.ufpb.br\/arquivos\/201919908378de133571943cce202222d\/consuni.07.2019.pdf\" target=\"_blank\" rel=\"noreferrer noopener\">Resolu\u00e7\u00e3o n\u00ba 07\/2019<\/a><\/strong>, quando ent\u00e3o foi criada a Coordena\u00e7\u00e3o de Licita\u00e7\u00f5es e Contratos (CLC).&nbsp;<\/p>\n\n\n\n<p>A SOF foi criada como parte de um projeto maior de reestrutura\u00e7\u00e3o administrativa, que teve como foco o desmembramento da Unidade Gestora &#8211; UG 153066 (Prefeitura Universit\u00e1ria) em v\u00e1rias Superintend\u00eancias, ficando a SOF respons\u00e1vel por essa UG ap\u00f3s tal desmembramento e tendo como&nbsp;miss\u00e3o dar suporte or\u00e7ament\u00e1rio e financeiro aos \u00d3rg\u00e3os Suplementares da reitoria da UFPB provenientes do desmembramento da estrutura da antiga Prefeitura Universit\u00e1ria da Universidade Federal da Para\u00edba \u2013 UASG 153066.<\/p>\n\n\n\n<p class=\" \"><strong>ESTRUTURA DA SOF<\/strong><\/p>\n\n\n\n<p>A Superintend\u00eancia de Or\u00e7amento e Finan\u00e7as \u2013 SOF tem a seguinte estrutura administrativa:<\/p>\n\n\n\n<ul class=\"wp-block-list\">\n<li>Superintendente;<\/li>\n\n\n\n<li>Secretaria;<\/li>\n\n\n\n<li>Ger\u00eancia de Administra\u00e7\u00e3o \u2013 GA;<\/li>\n\n\n\n<li>Coordena\u00e7\u00e3o de Or\u00e7amento e Finan\u00e7as \u2013 COF;<\/li>\n\n\n\n<li>Coordena\u00e7\u00e3o de Aquisi\u00e7\u00f5es, Contrata\u00e7\u00f5es e Conformidade \u2013 CACC<\/li>\n\n\n\n<li>Coordena\u00e7\u00e3o de Contratos e Licita\u00e7\u00f5es &#8211; CLC<\/li>\n<\/ul>\n\n\n\n<figure class=\"wp-block-image size-full\"><img loading=\"lazy\" decoding=\"async\" width=\"666\" height=\"381\" src=\"https:\/\/www.ufpb.br\/sof\/wp-content\/uploads\/sites\/79\/sites\/297\/2025\/04\/sof_organograma.png\" alt=\"\" class=\"wp-image-10\" srcset=\"https:\/\/www.ufpb.br\/sof\/wp-content\/uploads\/sites\/79\/sites\/297\/2025\/04\/sof_organograma.png 666w, https:\/\/www.ufpb.br\/sof\/wp-content\/uploads\/sites\/79\/sites\/297\/2025\/04\/sof_organograma-300x172.png 300w\" sizes=\"auto, (max-width: 666px) 100vw, 666px\" \/><\/figure>\n\n\n\n<p class=\" \"><strong>ATUA\u00c7\u00c3O<\/strong><\/p>\n\n\n\n<p>A Superintend\u00eancia de Or\u00e7amento e Finan\u00e7as \u2013 SOF atua como unidade gestora atrav\u00e9s de atividades necess\u00e1rias \u00e0 execu\u00e7\u00e3o Or\u00e7ament\u00e1ria e Financeira da Unidade Gestora 153066, incluindo a gest\u00e3o de di\u00e1rias e passagens.<\/p>\n\n\n\n<p>As atividades da SOF s\u00e3o de meio operacional para as atividades fins dos \u00d3rg\u00e3os Suplementares da Reitoria provenientes do desmembramento da estrutura da antiga Prefeitura Universit\u00e1ria da Universidade Federal da Para\u00edba, de acordo com a l\u00f3gica da segrega\u00e7\u00e3o de fun\u00e7\u00f5es da institui\u00e7\u00e3o, com foco na efici\u00eancia, efic\u00e1cia e efetividade das a\u00e7\u00f5es.<\/p>\n\n\n\n<p>Nesse sentido, as demandas da Universidade Federal da Para\u00edba s\u00e3o consolidadas atrav\u00e9s das Superintend\u00eancias provenientes do desmembramento da estrutura da antiga Prefeitura Universit\u00e1ria de acordo com sua \u00e1rea de compet\u00eancia, as quais cabem a gest\u00e3o de seus respectivos contratos e atividades final\u00edsticas.<\/p>\n\n\n\n<p>Portanto, o atendimento das demandas da comunidade universit\u00e1ria ser\u00e3o consolidadas diretamente pelas superintend\u00eancias vinculadas, cabendo a SOF as provid\u00eancias administrativas necess\u00e1rias para fomento \u00e0s suas respectivas atividades:<\/p>\n\n\n\n<ul class=\"wp-block-list\">\n<li>SUPERINTEND\u00caNCIA DE INFRAESTRUTURA \u2013 SINFRA (<strong><a href=\"https:\/\/sig-arq.ufpb.br\/arquivos\/20191070124f40128942328ef759c23e0\/consuni.03.2019.pdf\" target=\"_blank\" rel=\"noreferrer noopener\">RESOLU\u00c7\u00c3O N\u00ba 03\/2019<\/a><\/strong>);<\/li>\n\n\n\n<li>SUPERINTEND\u00caNCIA DE SERVI\u00c7OS GERAIS \u2013 SSG (<strong><a href=\"https:\/\/sig-arq.ufpb.br\/arquivos\/2019064022171811767224f7043f043ca\/Runi39_2018.pdf\" target=\"_blank\" rel=\"noreferrer noopener\">RESOLU\u00c7\u00c3O N\u00ba 39\/2018<\/a><\/strong>);<\/li>\n\n\n\n<li>SUPERINTEND\u00caNCIA DE LOG\u00cdSTICA E TRANSPORTES \u2013 SULT\u00a0<strong><a href=\"https:\/\/sig-arq.ufpb.br\/arquivos\/2019026194a17c11767269d2f2ac0059c\/Runi41_2018.pdf\" target=\"_blank\" rel=\"noreferrer noopener\">(RESOLU\u00c7\u00c3O N\u00ba 41\/2018)<\/a><\/strong>;<\/li>\n\n\n\n<li>SUPERINTEND\u00caNCIA DE SEGURAN\u00c7A INSTITUCIONAL \u2013 SSI\u00a0<strong><a href=\"https:\/\/sig-arq.ufpb.br\/arquivos\/20191261866a041176724205b9e1856d3\/Runi40_2018.pdf\" target=\"_blank\" rel=\"noreferrer noopener\">(RESOLU\u00c7\u00c3O N\u00ba 40\/2018)<\/a><\/strong>.<\/li>\n<\/ul>\n\n\n\n<p><em><strong>Superintendente:&nbsp;&nbsp;<\/strong>Quezia Alves de Souza &#8211; quezia@sof.ufpb.br&nbsp;<\/em><\/p>\n\n\n\n<p><em><strong>Superintendente Adjunta:<\/strong><\/em>&nbsp;&nbsp;<em>Lenita Pessoa de Souza &#8211;&nbsp;lenita@sof.ufpb.br<\/em><\/p>\n\n\n\n<p><em><strong>E-mail:<\/strong>&nbsp;<a href=\"mailto:gabinete@sof.ufpb.br\" target=\"_blank\" rel=\"noreferrer noopener\">gabinete@sof.ufpb.br<\/a>.<\/em><br><em><strong>Telefone:<\/strong>&nbsp;3216-7169<\/em><br><em><strong>Hor\u00e1rio de funcionamento:<\/strong>&nbsp;8h \u00e0s 17h.&nbsp;<\/em>&nbsp;&nbsp; &nbsp; &nbsp; &nbsp; &nbsp; &nbsp; &nbsp; &nbsp; &nbsp; &nbsp; &nbsp; &nbsp; &nbsp; &nbsp; &nbsp; &nbsp; &nbsp; &nbsp; &nbsp; &nbsp; &nbsp; &nbsp; &nbsp; &nbsp; &nbsp; &nbsp; &nbsp; &nbsp; &nbsp; &nbsp;&nbsp;<\/p>\n","protected":false},"excerpt":{"rendered":"<p>A SOF foi criada como parte de um projeto maior de reestrutura\u00e7\u00e3o administrativa, que teve como foco o desmembramento da Unidade Gestora &#8211; UG 153066 (Prefeitura Universit\u00e1ria) em v\u00e1rias Superintend\u00eancias, ficando a SOF respons\u00e1vel por essa UG ap\u00f3s tal desmembramento e tendo como miss\u00e3o dar suporte or\u00e7ament\u00e1rio e financeiro aos \u00d3rg\u00e3os Suplementares da reitoria da UFPB provenientes do desmembramento da estrutura da antiga Prefeitura<\/p>\n","protected":false},"author":47,"featured_media":70,"parent":96,"menu_order":0,"comment_status":"closed","ping_status":"closed","template":"","meta":{"footnotes":""},"class_list":["post-9","page","type-page","status-publish","has-post-thumbnail","hentry"],"_links":{"self":[{"href":"https:\/\/www.ufpb.br\/sof\/wp-json\/wp\/v2\/pages\/9","targetHints":{"allow":["GET"]}}],"collection":[{"href":"https:\/\/www.ufpb.br\/sof\/wp-json\/wp\/v2\/pages"}],"about":[{"href":"https:\/\/www.ufpb.br\/sof\/wp-json\/wp\/v2\/types\/page"}],"author":[{"embeddable":true,"href":"https:\/\/www.ufpb.br\/sof\/wp-json\/wp\/v2\/users\/47"}],"replies":[{"embeddable":true,"href":"https:\/\/www.ufpb.br\/sof\/wp-json\/wp\/v2\/comments?post=9"}],"version-history":[{"count":2,"href":"https:\/\/www.ufpb.br\/sof\/wp-json\/wp\/v2\/pages\/9\/revisions"}],"predecessor-version":[{"id":71,"href":"https:\/\/www.ufpb.br\/sof\/wp-json\/wp\/v2\/pages\/9\/revisions\/71"}],"up":[{"embeddable":true,"href":"https:\/\/www.ufpb.br\/sof\/wp-json\/wp\/v2\/pages\/96"}],"wp:featuredmedia":[{"embeddable":true,"href":"https:\/\/www.ufpb.br\/sof\/wp-json\/wp\/v2\/media\/70"}],"wp:attachment":[{"href":"https:\/\/www.ufpb.br\/sof\/wp-json\/wp\/v2\/media?parent=9"}],"curies":[{"name":"wp","href":"https:\/\/api.w.org\/{rel}","templated":true}]}}