{"id":32,"date":"2025-06-02T20:07:08","date_gmt":"2025-06-02T23:07:08","guid":{"rendered":"https:\/\/www.ufpb.br\/sult\/?page_id=32"},"modified":"2026-07-31T11:37:10","modified_gmt":"2026-07-31T14:37:10","slug":"informacoes-sobre-onibus-circulares","status":"publish","type":"page","link":"https:\/\/www.ufpb.br\/sult\/informacoes-sobre-onibus-circulares\/","title":{"rendered":""},"content":{"rendered":"\n<div class=\"wp-block-media-text is-stacked-on-mobile is-vertically-aligned-center\" style=\"grid-template-columns:17% auto\"><figure class=\"wp-block-media-text__media\"><img loading=\"lazy\" decoding=\"async\" width=\"480\" height=\"358\" src=\"http:\/\/www.ufpb.br\/sult\/wp-content\/uploads\/sites\/79\/sites\/313\/2026\/01\/6ab839bc-0d0c-4f09-8325-698542f409fe.png\" alt=\"\" class=\"wp-image-110 size-full\" srcset=\"https:\/\/www.ufpb.br\/sult\/wp-content\/uploads\/sites\/79\/sites\/313\/2026\/01\/6ab839bc-0d0c-4f09-8325-698542f409fe.png 480w, https:\/\/www.ufpb.br\/sult\/wp-content\/uploads\/sites\/79\/sites\/313\/2026\/01\/6ab839bc-0d0c-4f09-8325-698542f409fe-300x224.png 300w\" sizes=\"auto, (max-width: 480px) 100vw, 480px\" \/><\/figure><div class=\"wp-block-media-text__content\">\n<p class=\"has-text-align-center wp-block-paragraph\"><strong>Superintend\u00eancia de Log\u00edstica de Transporte &#8211; SULT<\/strong><\/p>\n<\/div><\/div>\n\n\n\n<h2 class=\"wp-block-heading\"><div class=\"linha-header\">Informa\u00e7\u00f5es sobre \u00d4nibus Circulares<br><br><strong>\u00d4NIBUS CIRCULAR<\/strong> \/<\/div><\/h2>\n\n\n\n<p class=\"wp-block-paragraph\"> A rota do transporte, que \u00e9 gratuito, integra a sede, localizada no Castelo Branco, \u00e0 unidade Lynaldo Cavalcanti, em Mangabeira, onde ficam o Centro de Inform\u00e1tica (CI) e o Centro de Tecnologia e Desenvolvimento Regional (CTDR), e tamb\u00e9m liga a sede \u00e0 unidade situada no munic\u00edpio de Santa Rita, onde fica o Departamento de Ci\u00eancias Jur\u00eddicas (DCJ) do Centro de Ci\u00eancias Jur\u00eddicas (CCJ).<\/p>\n\n\n\n<figure class=\"wp-block-image size-full\"><img loading=\"lazy\" decoding=\"async\" width=\"1024\" height=\"814\" src=\"https:\/\/www.ufpb.br\/sult\/wp-content\/uploads\/sites\/79\/sites\/313\/2025\/06\/230120233-1.jpeg\" alt=\"\" class=\"wp-image-64\" srcset=\"https:\/\/www.ufpb.br\/sult\/wp-content\/uploads\/sites\/79\/sites\/313\/2025\/06\/230120233-1.jpeg 1024w, https:\/\/www.ufpb.br\/sult\/wp-content\/uploads\/sites\/79\/sites\/313\/2025\/06\/230120233-1-300x238.jpeg 300w, https:\/\/www.ufpb.br\/sult\/wp-content\/uploads\/sites\/79\/sites\/313\/2025\/06\/230120233-1-768x611.jpeg 768w\" sizes=\"auto, (max-width: 1024px) 100vw, 1024px\" \/><\/figure>\n\n\n\n<p class=\"wp-block-paragraph\">O transporte gratuito&nbsp;<a href=\"https:\/\/www.ufpb.br\/ufpb\/contents\/noticias\/ufpb-vai-disponibilizar-onibus-circular-para-comunidade-universitaria-no-retorno-as-aulas\" target=\"_blank\" rel=\"noreferrer noopener\">foi implementado<\/a>&nbsp;a partir de 2021, pelo Reitor da UFPB, professor Valdiney Gouveia, facilitando o deslocamento e a mobilidade da comunidade acad\u00eamica nas depend\u00eancias da Universidade.<\/p>\n\n\n\n<p class=\"wp-block-paragraph\"><\/p>\n\n\n\n<p class=\"wp-block-paragraph\">.<\/p>\n\n\n\n<h2 class=\"wp-block-heading\"><div class=\"linha-header\"><strong>Hor\u00e1rios do \u00f4nibus circular da UFPB<\/strong><\/div><\/h2>\n\n\n\n<p class=\"wp-block-paragraph\">Rotas entre Castelo Branco (sede) e Unidade de Mangabeira (CI\/CTDR)<\/p>\n\n\n\n<p class=\"wp-block-paragraph\">06h40 &#8211; Duas voltas dentro da sede<\/p>\n\n\n\n<p class=\"wp-block-paragraph\">07h20 &#8211; Sa\u00edda do CCHLA (sede) para o CI\/CTDR<\/p>\n\n\n\n<p class=\"wp-block-paragraph\">08h00 &#8211; Sa\u00edda do CI\/CTDR para o CCHLA (sede)<\/p>\n\n\n\n<p class=\"wp-block-paragraph\">09h20 &#8211; Uma volta dentro da sede<\/p>\n\n\n\n<p class=\"wp-block-paragraph\">10h20 &#8211; Uma volta dentro da sede<\/p>\n\n\n\n<p class=\"wp-block-paragraph\">11h20 &#8211; Duas voltas dentro da sede<\/p>\n\n\n\n<p class=\"wp-block-paragraph\">12h20 &#8211; Sa\u00edda do CCHLA (sede) para o CI\/CTDR<\/p>\n\n\n\n<p class=\"wp-block-paragraph\">13h00 &#8211; Sa\u00edda do CI\/CTDR para o CCHLA (sede)<\/p>\n\n\n\n<p class=\"wp-block-paragraph\">14h20 &#8211; uma volta dentro da sede<\/p>\n\n\n\n<p class=\"wp-block-paragraph\">15h20 &#8211; uma volta dentro da sede<\/p>\n\n\n\n<p class=\"wp-block-paragraph\">16h20 &#8211; Uma volta dentro da sede<\/p>\n\n\n\n<p class=\"wp-block-paragraph\">17h20 &#8211; Duas voltas dentro da sede<\/p>\n\n\n\n<p class=\"wp-block-paragraph\">18h20 &#8211; Sa\u00edda do CCHLA (sede) para o CI\/CTDR<\/p>\n\n\n\n<p class=\"wp-block-paragraph\">19h00 &#8211; Sa\u00edda do CI\/CTDR para o CCHLA (sede)<\/p>\n\n\n\n<p class=\"wp-block-paragraph\">21h30 &#8211; Sa\u00edda do CCHLA (sede) para o CI\/CTDR<\/p>\n\n\n\n<p class=\"wp-block-paragraph\">22h00 &#8211; Sa\u00edda do CI\/CTDR para o CCHLA (sede)<\/p>\n\n\n\n<h2 class=\"wp-block-heading\"><div class=\"linha-header\"><br><strong>Hor\u00e1rios do \u00f4nibus nas rotas entre Castelo Branco (sede) e unidade do munic\u00edpio de Santa Rita (CCJ)<\/strong><\/div><\/h2>\n\n\n\n<p class=\"wp-block-paragraph\"><strong>Diurno<\/strong><\/p>\n\n\n\n<p class=\"wp-block-paragraph\">06h30<\/p>\n\n\n\n<p class=\"wp-block-paragraph\">Sa\u00edda do CCJ (sede) para o&nbsp;Departamento de Ci\u00eancias Jur\u00eddicas (DCJ\/CCJ) Santa Rita<\/p>\n\n\n\n<p class=\"wp-block-paragraph\">13h00<\/p>\n\n\n\n<p class=\"wp-block-paragraph\">Sa\u00edda do&nbsp;Departamento de Ci\u00eancias Jur\u00eddicas (DCJ)\/CCJ Santa Rita para o CCJ (sede)<\/p>\n\n\n\n<p class=\"wp-block-paragraph\"><strong>Noturno<\/strong><\/p>\n\n\n\n<p class=\"wp-block-paragraph\">16h50<\/p>\n\n\n\n<p class=\"wp-block-paragraph\">Sa\u00edda do CCJ (sede) para o&nbsp;Departamento de Ci\u00eancias Jur\u00eddicas (DCJ\/CCJ) Santa Rita<\/p>\n\n\n\n<p class=\"wp-block-paragraph\">22h20<\/p>\n\n\n\n<p class=\"wp-block-paragraph\">Sa\u00edda do&nbsp;Departamento de Ci\u00eancias Jur\u00eddicas (DCJ\/CCJ) Santa Rita para o CCJ (sede)<\/p>\n\n\n\n<p class=\"wp-block-paragraph\">* * *<\/p>\n\n\n\n<p class=\"has-medium-font-size wp-block-paragraph\"><strong>Linhas, hor\u00e1rios e itiner\u00e1rios metropolitano<\/strong><\/p>\n\n\n\n<p class=\"wp-block-paragraph\">Consulta \u00e0s Linhas, Itiner\u00e1rios e Hor\u00e1rios de \u00d4nibus<\/p>\n\n\n\n<p class=\"wp-block-paragraph\">Com o objetivo de facilitar o planejamento dos deslocamentos da comunidade acad\u00eamica da Universidade Federal da Para\u00edba (UFPB), a Superintend\u00eancia de Log\u00edstica e Transporte (SULT) disponibiliza acesso ao sistema oficial da Superintend\u00eancia Executiva de Mobilidade Urbana de Jo\u00e3o Pessoa (SEMOB\/JP).<\/p>\n\n\n\n<p class=\"wp-block-paragraph\">Por meio da consulta, \u00e9 poss\u00edvel obter informa\u00e7\u00f5es atualizadas sobre as linhas de \u00f4nibus, itiner\u00e1rios e hor\u00e1rios do transporte coletivo urbano que atendem \u00e0 UFPB, auxiliando estudantes, servidores e visitantes na organiza\u00e7\u00e3o de seus deslocamentos, especialmente no per\u00edodo noturno, quando a oferta de transporte coletivo demanda maior acompanhamento.<\/p>\n\n\n\n<p class=\"wp-block-paragraph\">A consulta \u00e9 realizada diretamente na base oficial da SEMOB\/JP, garantindo que as informa\u00e7\u00f5es disponibilizadas sejam permanentemente atualizadas pelo \u00f3rg\u00e3o respons\u00e1vel pelo sistema de transporte p\u00fablico municipal.<\/p>\n\n\n\n<p class=\"wp-block-paragraph\">Acesse a consulta de linhas, itiner\u00e1rios e hor\u00e1rios da SEMOB\/JP:<br><a href=\"https:\/\/servicos.semobjp.pb.gov.br\/linhas-de-onibus\/\">https:\/\/servicos.semobjp.pb.gov.br\/linhas-de-onibus\/<\/a><\/p>\n\n\n\n<p class=\"wp-block-paragraph\"><\/p>\n","protected":false},"excerpt":{"rendered":"<p>Superintend\u00eancia de Log\u00edstica de Transporte &#8211; SULT Informa\u00e7\u00f5es sobre \u00d4nibus Circulares \u00d4NIBUS CIRCULAR \/ A [&hellip;]<\/p>\n","protected":false},"author":47,"featured_media":0,"parent":0,"menu_order":0,"comment_status":"closed","ping_status":"closed","template":"","meta":{"footnotes":""},"class_list":["post-32","page","type-page","status-publish","hentry"],"_links":{"self":[{"href":"https:\/\/www.ufpb.br\/sult\/wp-json\/wp\/v2\/pages\/32","targetHints":{"allow":["GET"]}}],"collection":[{"href":"https:\/\/www.ufpb.br\/sult\/wp-json\/wp\/v2\/pages"}],"about":[{"href":"https:\/\/www.ufpb.br\/sult\/wp-json\/wp\/v2\/types\/page"}],"author":[{"embeddable":true,"href":"https:\/\/www.ufpb.br\/sult\/wp-json\/wp\/v2\/users\/47"}],"replies":[{"embeddable":true,"href":"https:\/\/www.ufpb.br\/sult\/wp-json\/wp\/v2\/comments?post=32"}],"version-history":[{"count":15,"href":"https:\/\/www.ufpb.br\/sult\/wp-json\/wp\/v2\/pages\/32\/revisions"}],"predecessor-version":[{"id":206,"href":"https:\/\/www.ufpb.br\/sult\/wp-json\/wp\/v2\/pages\/32\/revisions\/206"}],"wp:attachment":[{"href":"https:\/\/www.ufpb.br\/sult\/wp-json\/wp\/v2\/media?parent=32"}],"curies":[{"name":"wp","href":"https:\/\/api.w.org\/{rel}","templated":true}]}}